{"id":1608,"date":"2025-12-05T10:36:01","date_gmt":"2025-12-05T09:36:01","guid":{"rendered":"https:\/\/www.inseec.com\/?post_type=document&#038;p=1608"},"modified":"2025-12-11T17:11:31","modified_gmt":"2025-12-11T16:11:31","slug":"bachelor-digital","status":"publish","type":"document","link":"https:\/\/www.inseec.com\/bachelor\/bachelor-digital\/","title":{"rendered":"Bachelor Digital"},"content":{"rendered":"\n<header class=\"wp-block-group alignwide wp-pattern wp-pattern-hero-document-specialization has-on-surface-color has-surface-background-color has-text-color has-background has-link-color wp-elements-5cab78b73cd80e1272a575d5b5ab5823 is-nowrap is-layout-flex wp-container-core-group-is-layout-f4aabebf wp-block-group-is-layout-flex\" style=\"padding-top:0;padding-right:var(--wp--preset--spacing--6-xl);padding-bottom:0;padding-left:var(--wp--preset--spacing--6-xl)\">\n<div class=\"wp-block-group has-global-padding is-layout-constrained wp-container-core-group-is-layout-8e2ad6d4 wp-block-group-is-layout-constrained\" style=\"padding-top:var(--wp--preset--spacing--2-xl);padding-bottom:var(--wp--preset--spacing--2-xl)\">\n<div class=\"wp-block-group has-global-padding is-layout-constrained wp-container-core-group-is-layout-a82a1774 wp-block-group-is-layout-constrained\">\n<div class=\"wp-block-group has-global-padding is-layout-constrained wp-block-group-is-layout-constrained\"><h1 class=\"wp-block-post-title\">Bachelor Digital<\/h1><\/div>\n\n\n<div class=\"is-style-plain-default-lg wp-block-post-excerpt\"><p class=\"wp-block-post-excerpt__excerpt\">Les Bachelors en Digital de l\u2019INSEEC ouvrent la voie \u00e0 des carri\u00e8res solides dans le num\u00e9rique, avec des opportunit\u00e9s dans les grandes villes comme Paris, Lyon ou Marseille. <\/p><\/div><\/div>\n\n\n\n<ul class=\"wp-block-list is-style-check\">\n<li>Obtenez un titre RNCP niveau 6<\/li>\n\n\n\n<li>Profitez d\u2019un r\u00e9seau professionnel national et international<\/li>\n\n\n\n<li>Apprenez aupr\u00e8s d\u2019experts du num\u00e9rique<\/li>\n\n\n\n<li>Valorisez vos comp\u00e9tences par des projets concrets<\/li>\n<\/ul>\n<\/div>\n\n\n\n<div class=\"wp-block-group is-vertical is-layout-flex wp-container-core-group-is-layout-e7d213a0 wp-block-group-is-layout-flex\" style=\"margin-top:var(--wp--preset--spacing--4-xl)\">\n<figure class=\"wp-block-image size-full\"><img loading=\"lazy\" decoding=\"async\" width=\"480\" height=\"480\" src=\"https:\/\/www.inseec.com\/wp-content\/uploads\/sites\/32\/2025\/11\/specialisation-digital-hero-inseec-bachelor.jpg\" alt=\"\" class=\"wp-image-1609\" srcset=\"https:\/\/www.inseec.com\/wp-content\/uploads\/sites\/32\/2025\/11\/specialisation-digital-hero-inseec-bachelor.jpg 480w, https:\/\/www.inseec.com\/wp-content\/uploads\/sites\/32\/2025\/11\/specialisation-digital-hero-inseec-bachelor.jpg?resize=150,150 150w, https:\/\/www.inseec.com\/wp-content\/uploads\/sites\/32\/2025\/11\/specialisation-digital-hero-inseec-bachelor.jpg?resize=300,300 300w, https:\/\/www.inseec.com\/wp-content\/uploads\/sites\/32\/2025\/11\/specialisation-digital-hero-inseec-bachelor.jpg?resize=64,64 64w, https:\/\/www.inseec.com\/wp-content\/uploads\/sites\/32\/2025\/11\/specialisation-digital-hero-inseec-bachelor.jpg?resize=128,128 128w, https:\/\/www.inseec.com\/wp-content\/uploads\/sites\/32\/2025\/11\/specialisation-digital-hero-inseec-bachelor.jpg?resize=84,84 84w, https:\/\/www.inseec.com\/wp-content\/uploads\/sites\/32\/2025\/11\/specialisation-digital-hero-inseec-bachelor.jpg?resize=168,168 168w, https:\/\/www.inseec.com\/wp-content\/uploads\/sites\/32\/2025\/11\/specialisation-digital-hero-inseec-bachelor.jpg?resize=172,172 172w, https:\/\/www.inseec.com\/wp-content\/uploads\/sites\/32\/2025\/11\/specialisation-digital-hero-inseec-bachelor.jpg?resize=344,344 344w, https:\/\/www.inseec.com\/wp-content\/uploads\/sites\/32\/2025\/11\/specialisation-digital-hero-inseec-bachelor.jpg?resize=242,242 242w, https:\/\/www.inseec.com\/wp-content\/uploads\/sites\/32\/2025\/11\/specialisation-digital-hero-inseec-bachelor.jpg?resize=330,330 330w, https:\/\/www.inseec.com\/wp-content\/uploads\/sites\/32\/2025\/11\/specialisation-digital-hero-inseec-bachelor.jpg?resize=410,410 410w, https:\/\/www.inseec.com\/wp-content\/uploads\/sites\/32\/2025\/11\/specialisation-digital-hero-inseec-bachelor.jpg?resize=40,40 40w, https:\/\/www.inseec.com\/wp-content\/uploads\/sites\/32\/2025\/11\/specialisation-digital-hero-inseec-bachelor.jpg?resize=80,80 80w, https:\/\/www.inseec.com\/wp-content\/uploads\/sites\/32\/2025\/11\/specialisation-digital-hero-inseec-bachelor.jpg?resize=160,160 160w, https:\/\/www.inseec.com\/wp-content\/uploads\/sites\/32\/2025\/11\/specialisation-digital-hero-inseec-bachelor.jpg?resize=50,50 50w, https:\/\/www.inseec.com\/wp-content\/uploads\/sites\/32\/2025\/11\/specialisation-digital-hero-inseec-bachelor.jpg?resize=100,100 100w, https:\/\/www.inseec.com\/wp-content\/uploads\/sites\/32\/2025\/11\/specialisation-digital-hero-inseec-bachelor.jpg?resize=24,24 24w, https:\/\/www.inseec.com\/wp-content\/uploads\/sites\/32\/2025\/11\/specialisation-digital-hero-inseec-bachelor.jpg?resize=48,48 48w\" sizes=\"auto, (max-width: 480px) 100vw, 480px\" \/><\/figure>\n<\/div>\n<\/header>\n\n\n\n<div class=\"wp-block-group alignfull wp-pattern wp-pattern-metrics-cards has-global-padding is-layout-constrained wp-block-group-is-layout-constrained\" style=\"margin-top:0;margin-bottom:0;padding-top:var(--wp--preset--spacing--4-xl);padding-bottom:var(--wp--preset--spacing--4-xl)\">\n<div class=\"wp-block-group alignwide wp-pattern__inner is-layout-grid wp-container-core-group-is-layout-000af959 wp-block-group-is-layout-grid\">\n<div class=\"wp-block-group wp-pattern wp-pattern-metrics-item-card has-border-color has-outline-subtle-border-color is-vertical is-layout-flex wp-container-core-group-is-layout-ffbfb716 wp-block-group-is-layout-flex\" style=\"border-width:2px;padding-top:var(--wp--preset--spacing--2-xl);padding-right:var(--wp--preset--spacing--2-xl);padding-bottom:var(--wp--preset--spacing--2-xl);padding-left:var(--wp--preset--spacing--2-xl)\">\n<ul class=\"wp-block-beapi-icon-block is-layout-flex wp-block-icon-block-is-layout-flex\">\n<li class=\"wp-block-beapi-icon-item\"><span><svg width=\"24\" height=\"24\" viewBox=\"0 0 24 24\" version=\"1.1\" xmlns=\"http:\/\/www.w3.org\/2000\/svg\" style=\"color:var(--wp--custom--color--primary-default-primary)\" class=\"wp-block-beapi-icon-block__icon-component wp-block-beapi-icon-block__icon-component--sprite icon-building\" aria-hidden=\"true\"><use href=\"https:\/\/www.inseec.com\/wp-content\/themes\/omnes-design-system\/dist\/icons\/sprite.svg#icon-building\"><\/use><\/svg><\/span><\/li>\n<\/ul>\n\n\n\n<div class=\"wp-block-blockparty-key-figure has-on-surface-color has-text-color has-link-color wp-elements-b485f9da49fe582420099982dab6e366\"><div class=\"wp-block-blockparty-key-figure__key\"><span class=\"wp-block-blockparty-key-figure__prefix\"><\/span><span class=\"wp-block-blockparty-key-figure__number\" data-increment=\"369000\">369000<\/span><span class=\"wp-block-blockparty-key-figure__suffix\"><\/span><\/div><p class=\"wp-block-blockparty-key-figure__description\">entreprises dans le secteur du num\u00e9rique<\/p><\/div>\n<\/div>\n\n\n\n<div class=\"wp-block-group wp-pattern wp-pattern-metrics-item-card has-border-color has-outline-subtle-border-color is-vertical is-layout-flex wp-container-core-group-is-layout-ffbfb716 wp-block-group-is-layout-flex\" style=\"border-width:2px;padding-top:var(--wp--preset--spacing--2-xl);padding-right:var(--wp--preset--spacing--2-xl);padding-bottom:var(--wp--preset--spacing--2-xl);padding-left:var(--wp--preset--spacing--2-xl)\">\n<ul class=\"wp-block-beapi-icon-block is-layout-flex wp-block-icon-block-is-layout-flex\">\n<li class=\"wp-block-beapi-icon-item\"><span><svg width=\"24\" height=\"24\" viewBox=\"0 0 24 24\" version=\"1.1\" xmlns=\"http:\/\/www.w3.org\/2000\/svg\" style=\"color:var(--wp--custom--color--primary-default-primary)\" class=\"wp-block-beapi-icon-block__icon-component wp-block-beapi-icon-block__icon-component--sprite icon-send-money\" aria-hidden=\"true\"><use href=\"https:\/\/www.inseec.com\/wp-content\/themes\/omnes-design-system\/dist\/icons\/sprite.svg#icon-send-money\"><\/use><\/svg><\/span><\/li>\n<\/ul>\n\n\n\n<div class=\"wp-block-blockparty-key-figure has-on-surface-color has-text-color has-link-color wp-elements-1d2a32a46fc7fd298bd546fef43a68a6\"><div class=\"wp-block-blockparty-key-figure__key\"><span class=\"wp-block-blockparty-key-figure__prefix\"><\/span><span class=\"wp-block-blockparty-key-figure__number\" data-increment=\"43\">43<\/span><span class=\"wp-block-blockparty-key-figure__suffix\">K\u20ac<\/span><\/div><p class=\"wp-block-blockparty-key-figure__description\">de r\u00e9mun\u00e9ration annuelle moyenne pour un content manger<\/p><\/div>\n<\/div>\n\n\n\n<div class=\"wp-block-group wp-pattern wp-pattern-metrics-item-card has-border-color has-outline-subtle-border-color is-vertical is-layout-flex wp-container-core-group-is-layout-ffbfb716 wp-block-group-is-layout-flex\" style=\"border-width:2px;padding-top:var(--wp--preset--spacing--2-xl);padding-right:var(--wp--preset--spacing--2-xl);padding-bottom:var(--wp--preset--spacing--2-xl);padding-left:var(--wp--preset--spacing--2-xl)\">\n<ul class=\"wp-block-beapi-icon-block is-layout-flex wp-block-icon-block-is-layout-flex\">\n<li class=\"wp-block-beapi-icon-item\"><span><svg width=\"24\" height=\"24\" viewBox=\"0 0 24 24\" version=\"1.1\" xmlns=\"http:\/\/www.w3.org\/2000\/svg\" style=\"color:var(--wp--custom--color--primary-default-primary)\" class=\"wp-block-beapi-icon-block__icon-component wp-block-beapi-icon-block__icon-component--sprite icon-chart-line-up\" aria-hidden=\"true\"><use href=\"https:\/\/www.inseec.com\/wp-content\/themes\/omnes-design-system\/dist\/icons\/sprite.svg#icon-chart-line-up\"><\/use><\/svg><\/span><\/li>\n<\/ul>\n\n\n\n<div class=\"wp-block-blockparty-key-figure has-on-surface-color has-text-color has-link-color wp-elements-3fc48858ee9bccccbdb069ac6fc45d1a\"><div class=\"wp-block-blockparty-key-figure__key\"><span class=\"wp-block-blockparty-key-figure__prefix\">+<\/span><span class=\"wp-block-blockparty-key-figure__number\" data-increment=\"4\">4<\/span><span class=\"wp-block-blockparty-key-figure__suffix\">%<\/span><\/div><p class=\"wp-block-blockparty-key-figure__description\">de croissance du secteur<\/p><\/div>\n<\/div>\n\n\n\n<div class=\"wp-block-group wp-pattern wp-pattern-metrics-item-card has-border-color has-outline-subtle-border-color is-vertical is-layout-flex wp-container-core-group-is-layout-ffbfb716 wp-block-group-is-layout-flex\" style=\"border-width:2px;padding-top:var(--wp--preset--spacing--2-xl);padding-right:var(--wp--preset--spacing--2-xl);padding-bottom:var(--wp--preset--spacing--2-xl);padding-left:var(--wp--preset--spacing--2-xl)\">\n<ul class=\"wp-block-beapi-icon-block is-layout-flex wp-block-icon-block-is-layout-flex\">\n<li class=\"wp-block-beapi-icon-item\"><span><svg width=\"24\" height=\"24\" viewBox=\"0 0 24 24\" version=\"1.1\" xmlns=\"http:\/\/www.w3.org\/2000\/svg\" style=\"color:var(--wp--custom--color--primary-default-primary)\" class=\"wp-block-beapi-icon-block__icon-component wp-block-beapi-icon-block__icon-component--sprite icon-hands\" aria-hidden=\"true\"><use href=\"https:\/\/www.inseec.com\/wp-content\/themes\/omnes-design-system\/dist\/icons\/sprite.svg#icon-hands\"><\/use><\/svg><\/span><\/li>\n<\/ul>\n\n\n\n<div class=\"wp-block-blockparty-key-figure has-on-surface-color has-text-color has-link-color wp-elements-1816c105e914f0fa83c1904c85aa658d\"><div class=\"wp-block-blockparty-key-figure__key\"><span class=\"wp-block-blockparty-key-figure__prefix\"><\/span><span class=\"wp-block-blockparty-key-figure__number\" data-increment=\"300000\">300000<\/span><span class=\"wp-block-blockparty-key-figure__suffix\"><\/span><\/div><p class=\"wp-block-blockparty-key-figure__description\">emplois en France<\/p><\/div>\n<\/div>\n<\/div>\n<\/div>\n\n\n\n<div class=\"wp-block-group wp-pattern wp-pattern-faq-image is-layout-flow wp-block-group-is-layout-flow has-block-anchor\" style=\"margin-top:0;margin-bottom:0;padding-top:var(--wp--preset--spacing--6-xl);padding-bottom:var(--wp--preset--spacing--6-xl)\">\n<div class=\"wp-block-group is-vertical is-layout-flex wp-container-core-group-is-layout-9305dc88 wp-block-group-is-layout-flex has-block-anchor\" style=\"margin-bottom:var(--wp--preset--spacing--2-xl)\">\n<div class=\"wp-block-group is-vertical is-layout-flex wp-container-core-group-is-layout-bd7877ba wp-block-group-is-layout-flex has-block-anchor\">\n<h2 class=\"wp-block-heading is-style-heading-emphasis-h2 has-on-surface-color has-text-color has-link-color wp-elements-c4a7f6388b9e018b1d861b768d8ade42\" id=\"quest-ce-quun-bachelor-digital-a-linseec\">Qu\u2019est-ce qu\u2019un Bachelor Digital \u00e0 l\u2019INSEEC ?<\/h2>\n<\/div>\n\n\n\n<p class=\"is-style-plain-default-md has-on-surface-subtle-color has-text-color has-link-color wp-elements-52b436f70bcceff8ba624a0a3820b586\">Le Bachelor Digital vous forme aux m\u00e9tiers du num\u00e9rique et aux nouvelles technologies, dans un secteur en pleine expansion. Vous explorez les bases du marketing digital, de la communication en ligne, de l&#8217;e-commerce et de la gestion de projet, tout en d\u00e9veloppant votre cr\u00e9ativit\u00e9 et votre ma\u00eetrise des outils digitaux.\u00a0<\/p>\n\n\n\n<p>Cette sp\u00e9cialisation digitale vous apprend \u00e0 concevoir des strat\u00e9gies performantes, \u00e0 analyser des donn\u00e9es et \u00e0 piloter des campagnes multicanales. Gr\u00e2ce aux projets pratiques, aux stages, \u00e0 l\u2019alternance et \u00e0 l\u2019accompagnement par des experts, vous d\u00e9veloppez une exp\u00e9rience concr\u00e8te et recherch\u00e9e par les recruteurs.\u00a0<\/p>\n\n\n\n<p>Que vous suiviez vos \u00e9tudes digitales \u00e0 Paris, au c\u0153ur des entreprises tech, \u00e0 Lyon dans son \u00e9cosyst\u00e8me d\u2019innovation ou \u00e0 Bordeaux avec son dynamisme num\u00e9rique, chaque campus vous plonge dans un environnement connect\u00e9, cr\u00e9atif et tourn\u00e9 vers les m\u00e9tiers du futur. Cette sp\u00e9cialisation est aussi propos\u00e9e sur les campus de Chamb\u00e9ry, Rennes, Marseille et Toulouse, mais \u00e9galement en version Online.\u00a0<\/p>\n\n\n\n<p class=\"is-style-plain-default-md has-on-surface-subtle-color has-text-color has-link-color wp-elements-66e514d1902f4db0994d15fb16a05e17\">Le Bachelor Digital de l\u2019INSEEC vous permet de choisir parmi plusieurs sp\u00e9cialisations compl\u00e9mentaires, afin de d\u00e9velopper une expertise adapt\u00e9e aux diff\u00e9rents m\u00e9tiers du num\u00e9rique et aux besoins des entreprises connect\u00e9es. D\u00e9couvrez-les ci-dessous.<\/p>\n<\/div>\n\n\n\n<details class=\"wp-block-details is-style-default is-layout-flow wp-container-core-details-is-layout-9ec55b31 wp-block-details-is-layout-flow\"><summary><h3>Marketing Digital<\/h3><\/summary>\n<div class=\"wp-block-group is-vertical is-layout-flex wp-container-core-group-is-layout-a2e3e733 wp-block-group-is-layout-flex\">\n<p class=\"is-style-plain-emphasis-sm has-on-surface-color has-text-color has-link-color wp-elements-515786ab2e38075c74196599d951417f\"><strong>Strat\u00e9gies pour un monde connect\u00e9<\/strong><\/p>\n\n\n\n<p>Le marketing digital englobe les techniques permettant de promouvoir une marque, un produit ou un service en ligne. Vous apprenez \u00e0 concevoir des campagnes multicanales, \u00e0 optimiser la visibilit\u00e9 sur les moteurs de recherche et \u00e0 exploiter les outils de publicit\u00e9 digitale. Cette sp\u00e9cialisation vous pr\u00e9pare \u00e0 analyser des performances, ajuster des strat\u00e9gies et maximiser le retour sur investissement. Les d\u00e9bouch\u00e9s incluent des postes de charg\u00e9\u00b7e de marketing digital, traffic manager ou responsable acquisition.<\/p>\n<\/div>\n<\/details>\n\n\n\n<details class=\"wp-block-details is-style-default is-layout-flow wp-container-core-details-is-layout-9ec55b31 wp-block-details-is-layout-flow\"><summary><h3>Community Management<\/h3><\/summary>\n<div class=\"wp-block-group is-vertical is-layout-flex wp-container-core-group-is-layout-a2e3e733 wp-block-group-is-layout-flex\">\n<p class=\"is-style-plain-emphasis-sm has-on-surface-color has-text-color has-link-color wp-elements-a831a4d1815bd8aef227bb483f45fe49\"><strong>Cr\u00e9er et animer des communaut\u00e9s<\/strong><\/p>\n\n\n\n<p>Le community management consiste \u00e0 d\u00e9velopper et \u00e0 engager une audience sur les r\u00e9seaux sociaux. Vous apprenez \u00e0 cr\u00e9er du contenu attractif, \u00e0 g\u00e9rer la r\u00e9putation en ligne d\u2019une marque et \u00e0 interagir avec une communaut\u00e9. Cette sp\u00e9cialisation vous entra\u00eene \u00e0 d\u00e9finir une ligne \u00e9ditoriale, suivre les performances et utiliser les outils de veille digitale. Les opportunit\u00e9s professionnelles incluent des postes de community manager, social media manager ou charg\u00e9\u00b7e de communication digitale.<\/p>\n<\/div>\n<\/details>\n\n\n\n<details class=\"wp-block-details is-style-default is-layout-flow wp-container-core-details-is-layout-9ec55b31 wp-block-details-is-layout-flow\"><summary><h3>Data Management<\/h3><\/summary>\n<div class=\"wp-block-group is-vertical is-layout-flex wp-container-core-group-is-layout-a2e3e733 wp-block-group-is-layout-flex\">\n<p class=\"is-style-plain-emphasis-sm has-on-surface-color has-text-color has-link-color wp-elements-c2f0b295e4839231a1b2f83e9416972c\"><strong>Exploiter et valoriser les donn\u00e9es<\/strong><\/p>\n\n\n\n<p>La data management repose sur la collecte, l\u2019analyse et l\u2019interpr\u00e9tation des donn\u00e9es pour guider la prise de d\u00e9cision. Vous d\u00e9veloppez des comp\u00e9tences en gestion de bases de donn\u00e9es, en traitement statistique et en visualisation de r\u00e9sultats. Cette sp\u00e9cialisation vous apprend \u00e0 transformer des informations brutes en leviers d\u2019optimisation pour les entreprises. Les m\u00e9tiers accessibles incluent data analyst, responsable CRM ou charg\u00e9\u00b7e d\u2019\u00e9tudes marketing, tous essentiels dans un monde pilot\u00e9 par la donn\u00e9e.<\/p>\n<\/div>\n<\/details>\n<\/div>\n\n\n\n<div class=\"wp-block-group alignfull wp-pattern wp-pattern-programs-courses wp-pattern-programs-courses-three-columns has-surface-background-color has-background has-global-padding is-layout-constrained wp-block-group-is-layout-constrained has-block-anchor\" style=\"border-radius:0px;margin-top:0;margin-bottom:0;padding-top:var(--wp--preset--spacing--padding-y-section);padding-bottom:var(--wp--preset--spacing--padding-y-section)\">\n<div class=\"wp-block-group alignwide wp-pattern__inner is-layout-flow wp-container-core-group-is-layout-575f1b41 wp-block-group-is-layout-flow has-block-anchor\" style=\"margin-top:0;margin-bottom:0\">\n<div class=\"wp-block-group wp-pattern__header is-layout-flow wp-block-group-is-layout-flow has-block-anchor\">\n<p class=\"is-style-heading-default-eyebrow has-on-surface-color has-text-color has-link-color wp-elements-89060d89d523fceb5a057378984784c8\">Nos Formations<\/p>\n\n\n\n<h2 class=\"wp-block-heading is-style-heading-emphasis-h2 has-on-surface-color has-text-color has-link-color wp-elements-c132da2fc68f12fb9e265ecbc3a52c51\" style=\"margin-top:var(--wp--preset--spacing--xs);margin-bottom:var(--wp--preset--spacing--2-xl)\" id=\"les-bachelors-en-digital-de-linseec\">Les Bachelors en Digital de l\u2019INSEEC<\/h2>\n\n\n\n<p class=\"is-style-plain-default-md has-on-surface-subtle-color has-text-color has-link-color wp-elements-c1de80e08ffdcd4318218fc14b3f0e56\">Les Bachelors du Digital pr\u00e9parent aux m\u00e9tiers cl\u00e9s du num\u00e9rique et de la transformation digitale. Alliez apprentissages concrets, alternance et innovation pour construire une carri\u00e8re connect\u00e9e et \u00e9volutive.<\/p>\n<\/div>\n\n\n\n<div class=\"wp-block-group is-layout-flow wp-container-core-group-is-layout-3fccdef8 wp-block-group-is-layout-flow\">\n<div class=\"wp-block-group is-layout-grid wp-container-core-group-is-layout-9718aa02 wp-block-group-is-layout-grid\"><div class=\"wpgb-facet wpgb-loading wpgb-facet-25\" data-facet=\"25\" data-grid=\"wpgb-content-block\/60b999da70944ac3bbd671c1e6573b90\"><\/div><\/div>\n\n\n\n<div class=\"wp-block-query is-layout-flow wp-block-query-is-layout-flow wpgb-content-block60b999da70944ac3bbd671c1e6573b90\"><ul class=\"wp-block-post-template is-layout-grid wp-container-core-post-template-is-layout-25c06649 wp-block-post-template-is-layout-grid\"><li class=\"wp-block-post post-1485 program type-program status-publish hentry city-bordeaux city-chambery city-lyon city-marseille city-paris city-rennes city-toulouse certification-titre-rncp-niveau-6 program_language-francais admission_level-bac admission_level-bac-1 admission_level-bac-2 training_pace-alternance training_pace-initial school-bachelor specialisation-digital\">\n\n<div class=\"crd crd--program\">\n\t<ul class=\"terms-list no-list-style\"><li class=\"is-style-tag-fill-sm\">Bac<\/li><li class=\"is-style-tag-fill-sm\">Bac +1<\/li><li class=\"is-style-tag-fill-sm\">Bac +2<\/li><\/ul><h3 class=\"crd__title is-style-plain-emphasis-md\">Bachelor Digital Marketing<\/h3>\n\t<div class=\"crd__buttons\">\n\t\t<div class=\"wp-block-button is-style-outline-sm\"><a href=\"https:\/\/www.inseec.com\/demande-brochure\/\" class=\"wp-block-button__link\">Brochure<\/a><\/div><div class=\"wp-block-button is-style-subtle-sm\"><a href=\"https:\/\/www.inseec.com\/programme\/bachelor-digital-marketing\/\" class=\"wp-block-button__link\">Discover <span class=\"sr-only\">Bachelor Digital Marketing<\/span><\/a><\/div>\t<\/div>\n<\/div>\n\n<\/li><\/ul>\n\n<\/div>\n\n\n<div class=\"wpgb-facet wpgb-loading wpgb-facet-2\" data-facet=\"2\" data-grid=\"wpgb-content-block\/60b999da70944ac3bbd671c1e6573b90\"><\/div><\/div>\n<\/div>\n<\/div>\n\n\n\n<div class=\"wp-block-group alignwide wp-pattern wp-pattern-testimonials-slider wp-pattern-testimonials-slider-large is-layout-flow wp-container-core-group-is-layout-c960db89 wp-block-group-is-layout-flow has-block-anchor\" style=\"margin-top:0;margin-bottom:0;padding-top:var(--wp--preset--spacing--padding-y-section);padding-bottom:var(--wp--preset--spacing--padding-y-section)\">\n<div class=\"wp-block-group wp-pattern__header is-layout-flow wp-block-group-is-layout-flow has-block-anchor\">\n<p class=\"is-style-heading-default-eyebrow has-on-surface-color has-text-color has-link-color wp-elements-bb3ef0242b710bfda36b8894b94aceb6\">T\u00e9moignages<\/p>\n\n\n\n<h2 class=\"wp-block-heading is-style-heading-emphasis-h2 has-on-surface-color has-text-color has-link-color wp-elements-a90a4d1cd5812a142b16e405275b15d5\" style=\"margin-top:var(--wp--preset--spacing--xs);margin-bottom:var(--wp--preset--spacing--2-xl)\" id=\"lavis-de-nos-etudiants\">L\u2019avis de nos \u00e9tudiants<\/h2>\n<\/div>\n\n\n<div class=\"block block--content-picking wp-block-beapi-manual-block\" data-type=\"manual\" data-layout=\"slider-card-large\" data-post-type=\"contact\">\n\t\t\t<div class=\"block--content-picking__contact-large-slider\">\n\t\n\t<div class=\"block--content-picking__content swiper\">\n\t\t<ul class=\"swiper-wrapper\">\n\t\t\t<li class=\"swiper-slide\">\n<div class=\"crd crd--contact-classic-large\">\n\t<div class=\"crd__image-wrapper\">\n\t\t<div class=\"crd__image\"><img decoding=\"async\" width=\"421\" height=\"421\" src=\"https:\/\/www.inseec.com\/wp-content\/uploads\/sites\/32\/2025\/11\/photo-contact-inseec-bachelor-valentine-b.jpg?w=421&#038;h=421&#038;crop=1\" class=\"\" alt=\"\" data-location=\"\" loading=\"lazy\" srcset=\"https:\/\/www.inseec.com\/wp-content\/uploads\/sites\/32\/2025\/11\/photo-contact-inseec-bachelor-valentine-b.jpg 421w, https:\/\/www.inseec.com\/wp-content\/uploads\/sites\/32\/2025\/11\/photo-contact-inseec-bachelor-valentine-b.jpg?resize=150,150 150w, https:\/\/www.inseec.com\/wp-content\/uploads\/sites\/32\/2025\/11\/photo-contact-inseec-bachelor-valentine-b.jpg?resize=300,300 300w, https:\/\/www.inseec.com\/wp-content\/uploads\/sites\/32\/2025\/11\/photo-contact-inseec-bachelor-valentine-b.jpg?resize=64,64 64w, https:\/\/www.inseec.com\/wp-content\/uploads\/sites\/32\/2025\/11\/photo-contact-inseec-bachelor-valentine-b.jpg?resize=128,128 128w, https:\/\/www.inseec.com\/wp-content\/uploads\/sites\/32\/2025\/11\/photo-contact-inseec-bachelor-valentine-b.jpg?resize=84,84 84w, https:\/\/www.inseec.com\/wp-content\/uploads\/sites\/32\/2025\/11\/photo-contact-inseec-bachelor-valentine-b.jpg?resize=168,168 168w, https:\/\/www.inseec.com\/wp-content\/uploads\/sites\/32\/2025\/11\/photo-contact-inseec-bachelor-valentine-b.jpg?resize=172,172 172w, https:\/\/www.inseec.com\/wp-content\/uploads\/sites\/32\/2025\/11\/photo-contact-inseec-bachelor-valentine-b.jpg?resize=344,344 344w, https:\/\/www.inseec.com\/wp-content\/uploads\/sites\/32\/2025\/11\/photo-contact-inseec-bachelor-valentine-b.jpg?resize=242,242 242w, https:\/\/www.inseec.com\/wp-content\/uploads\/sites\/32\/2025\/11\/photo-contact-inseec-bachelor-valentine-b.jpg?resize=330,330 330w, https:\/\/www.inseec.com\/wp-content\/uploads\/sites\/32\/2025\/11\/photo-contact-inseec-bachelor-valentine-b.jpg?resize=410,410 410w, https:\/\/www.inseec.com\/wp-content\/uploads\/sites\/32\/2025\/11\/photo-contact-inseec-bachelor-valentine-b.jpg?resize=40,40 40w, https:\/\/www.inseec.com\/wp-content\/uploads\/sites\/32\/2025\/11\/photo-contact-inseec-bachelor-valentine-b.jpg?resize=80,80 80w, https:\/\/www.inseec.com\/wp-content\/uploads\/sites\/32\/2025\/11\/photo-contact-inseec-bachelor-valentine-b.jpg?resize=160,160 160w, https:\/\/www.inseec.com\/wp-content\/uploads\/sites\/32\/2025\/11\/photo-contact-inseec-bachelor-valentine-b.jpg?resize=50,50 50w, https:\/\/www.inseec.com\/wp-content\/uploads\/sites\/32\/2025\/11\/photo-contact-inseec-bachelor-valentine-b.jpg?resize=100,100 100w, https:\/\/www.inseec.com\/wp-content\/uploads\/sites\/32\/2025\/11\/photo-contact-inseec-bachelor-valentine-b.jpg?resize=24,24 24w, https:\/\/www.inseec.com\/wp-content\/uploads\/sites\/32\/2025\/11\/photo-contact-inseec-bachelor-valentine-b.jpg?resize=48,48 48w\" sizes=\"auto, (max-width: 421px) 100vw, 421px\" \/><\/div><svg class=\"icon icon-quote-rounded\" aria-hidden=\"true\" focusable=\"false\"><use href=\"https:\/\/www.inseec.com\/wp-content\/themes\/omnes-design-system\/dist\/icons\/sprite.svg#icon-quote-rounded\"><\/use><\/svg>\t<\/div>\n\n\t<blockquote class=\"crd__content\">\n\t\t<p class=\"crd__testimonial is-style-plain-emphasis-xl has-on-surface-color\">Gr\u00e2ce \u00e0 une admission parall\u00e8le, j\u2019ai pu rejoindre l\u2019INSEEC Bachelor en 2e ann\u00e9e, apr\u00e8s m\u2019\u00eatre rendue compte que la fac n\u2019\u00e9tait pas fait pour moi<\/p>\n\t\t<div class=\"crd__infos\">\n\t\t\t\t\t\t<cite class=\"crd__name\">\n\t\t\t\t<span class=\"crd__fullname is-style-plain-emphasis-sm has-on-surface-color\">Valentine B.<\/span><span class=\"crd__function is-style-plain-default-sm has-on-surface-subtle-color\">Communications assistant<\/span>\t\t\t<\/cite>\n\t\t<\/div>\n\t<\/blockquote>\n<\/div>\n<\/li>\t\t<\/ul>\n\t\t\n<div class=\"swiper__controls\">\n\t<div class=\"swiper-pagination\"><\/div>\n\n\t<div class=\"swiper__buttons\">\n\t\t\t\t\t<button class=\"swiper-button-prev\" type=\"button\">\n\t\t\t\t<svg class=\"icon icon-arrow-left\" aria-hidden=\"true\" focusable=\"false\"><use href=\"https:\/\/www.inseec.com\/wp-content\/themes\/omnes-design-system\/dist\/icons\/sprite.svg#icon-arrow-left\"><\/use><\/svg>\t\t\t<\/button>\n\t\t\t<button class=\"swiper-button-next\" type=\"button\">\n\t\t\t\t<svg class=\"icon icon-arrow-right\" aria-hidden=\"true\" focusable=\"false\"><use href=\"https:\/\/www.inseec.com\/wp-content\/themes\/omnes-design-system\/dist\/icons\/sprite.svg#icon-arrow-right\"><\/use><\/svg>\t\t\t<\/button>\n\t\t\t<\/div>\n<\/div>\n\t<\/div>\n\n\t<\/div>\n<\/div>\n<script type=\"application\/ld+json\">\n{\"@context\":\"https:\\\/\\\/schema.org\",\"@graph\":[{\"@type\":\"ContactPoint\",\"parentOrganization\":{\"@id\":\"https:\\\/\\\/www.inseec.com\\\/#organization\"},\"name\":\"B. Valentine\",\"telephone\":\"\",\"contactType\":\"Communication\",\"areaServed\":[\"Bordeaux\"],\"productSupported\":[\"Bachelor\"],\"url\":\"https:\\\/\\\/www.inseec.com\\\/wp-json\\\/wp\\\/v2\\\/document\\\/1608\"},{\"@type\":\"ContactPoint\",\"parentOrganization\":{\"@id\":\"https:\\\/\\\/www.inseec.com\\\/#organization\"},\"name\":\"B. Valentine\",\"telephone\":\"\",\"contactType\":\"Communication\",\"areaServed\":[\"Bordeaux\"],\"productSupported\":[\"Bachelor\"],\"url\":\"https:\\\/\\\/www.inseec.com\\\/wp-json\\\/wp\\\/v2\\\/document\\\/1608\"}]}\n<\/script>\n<\/div>\n\n\n\n<div class=\"wp-block-group alignfull wp-pattern wp-pattern-jobs-list has-surface-variant-background-color has-background has-global-padding is-layout-constrained wp-block-group-is-layout-constrained has-block-anchor\" style=\"margin-top:0;margin-bottom:0;padding-top:var(--wp--preset--spacing--padding-y-section);padding-bottom:var(--wp--preset--spacing--padding-y-section)\">\n<div class=\"wp-block-group alignwide wp-pattern__inner is-layout-flow wp-container-core-group-is-layout-8eee5202 wp-block-group-is-layout-flow has-block-anchor\">\n<div class=\"wp-block-columns is-layout-flex wp-container-core-columns-is-layout-28f84493 wp-block-columns-is-layout-flex has-block-anchor\">\n<div class=\"wp-block-column is-layout-flow wp-block-column-is-layout-flow\">\n<div class=\"wp-block-group is-vertical is-layout-flex wp-container-core-group-is-layout-b80b8bd4 wp-block-group-is-layout-flex has-block-anchor\">\n<div class=\"wp-block-group is-vertical is-layout-flex wp-container-core-group-is-layout-bd7877ba wp-block-group-is-layout-flex has-block-anchor\">\n<p class=\"is-style-heading-default-eyebrow has-on-surface-color has-text-color has-link-color wp-elements-4dbd32ca648bce1415159d7d857ca8b4\">Les m\u00e9tiers<\/p>\n\n\n\n<h2 class=\"wp-block-heading is-style-heading-emphasis-h2 has-on-surface-color has-text-color has-link-color wp-elements-05c3b9de825a39f916abde3dae9fb17c\" id=\"les-debouches-dun-bachelor-digital\">Les d\u00e9bouch\u00e9s d&#8217;un Bachelor Digital<\/h2>\n<\/div>\n\n\n\n<p class=\"is-style-plain-default-md has-on-surface-subtle-color has-text-color has-link-color wp-elements-a466f71200b1683c8390a6c34427ca39\">Les Bachelors en Digital ouvrent l\u2019acc\u00e8s \u00e0 des m\u00e9tiers cl\u00e9s du marketing, de la communication et de la data, avec une insertion rapide et des perspectives d\u2019\u00e9volution dans un secteur en constante \u00e9volution.<\/p>\n<\/div>\n<\/div>\n\n\n\n<div class=\"wp-block-column is-layout-flow wp-block-column-is-layout-flow\">\n<div class=\"block block--jobs-tag jobs-tag\">\n\t<ul><li><a href=\"https:\/\/www.inseec.com\/careers-guide\/chef-de-produit-marketing\/\" class=\"is-style-tag-fill-lg\">Chef de produit marketing<\/a><\/li><li><a href=\"https:\/\/www.inseec.com\/careers-guide\/chef-de-produit\/\" class=\"is-style-tag-fill-lg\">Chef de produit<\/a><\/li><li><a href=\"https:\/\/www.inseec.com\/careers-guide\/chef-de-projet-digital\/\" class=\"is-style-tag-fill-lg\">Chef de projet digital<\/a><\/li><li><a href=\"https:\/\/www.inseec.com\/careers-guide\/directeur-marketing\/\" class=\"is-style-tag-fill-lg\">Directeur marketing<\/a><\/li><li><a href=\"https:\/\/www.inseec.com\/careers-guide\/directeur-de-la-communication\/\" class=\"is-style-tag-fill-lg\">Directeur de la communication<\/a><\/li><\/ul><\/div>\n<\/div>\n<\/div>\n\n\n\n<div class=\"wp-block-group alignwide wp-pattern wp-pattern-banner-jobs wp-pattern-banner-jobs-inverse has-inverse-variant-background-color has-background is-content-justification-space-between is-nowrap is-layout-flex wp-container-core-group-is-layout-949f8704 wp-block-group-is-layout-flex\" style=\"padding-top:var(--wp--preset--spacing--padding-y-sm);padding-right:var(--wp--preset--spacing--padding-y-sm);padding-bottom:var(--wp--preset--spacing--padding-y-sm);padding-left:var(--wp--preset--spacing--padding-y-sm)\">\n<div class=\"wp-block-group is-style-heading-emphasis-h3 has-on-surface-color has-text-color has-link-color wp-elements-56d824d25b6114bc977ec50da4ea341a is-vertical is-layout-flex wp-container-core-group-is-layout-bd7877ba wp-block-group-is-layout-flex\">\n<p class=\"is-style-heading-emphasis-h3 has-inverse-on-surface-color has-text-color has-link-color wp-elements-40cbe4048d3e4fe4ad7dc267e7dd93e1\"> 1 600 \u20ac et\u00a0 3 100 \u20ac<\/p>\n\n\n\n<p class=\"is-style-plain-emphasis-md has-inverse-on-surface-color has-text-color has-link-color wp-elements-fe5f61cf5aa00d054bb4ae4c0210d88b\">salaire moyen de jeune dipl\u00f4m\u00e9 brut par mois<\/p>\n<\/div>\n\n\n\n<div class=\"wp-block-group is-nowrap is-layout-flex wp-container-core-group-is-layout-a2d696be wp-block-group-is-layout-flex\">\n<p class=\"is-style-plain-default-sm has-inverse-on-surface-color has-text-color has-link-color wp-elements-e29168e83fd4d456b825c1746eee7f38\">Vous avez des questions sur votre orientation ?<br>Prenez un rendez-vous personnalis\u00e9<\/p>\n\n\n\n<div class=\"wp-block-buttons is-content-justification-left is-layout-flex wp-container-core-buttons-is-layout-541a3246 wp-block-buttons-is-layout-flex\">\n<div class=\"wp-block-button is-style-subtle-md popmake-85128\"><a class=\"wp-block-button__link wp-element-button\">Rendez-vous personnalis\u00e9<\/a><\/div>\n<\/div>\n<\/div>\n<\/div>\n<\/div>\n<\/div>\n\n\n\n<section class=\"wp-block-group alignfull wp-pattern-presentation-tabs has-global-padding is-layout-constrained wp-block-group-is-layout-constrained has-block-anchor\" style=\"margin-top:0;margin-bottom:0;padding-top:var(--wp--preset--spacing--padding-y-section);padding-bottom:var(--wp--preset--spacing--padding-y-section)\">\n<div class=\"wp-block-group alignwide is-layout-flow wp-block-group-is-layout-flow has-block-anchor\">\n<h2 class=\"wp-block-heading alignwide is-style-display-emphasis-d3\" style=\"margin-bottom:var(--wp--preset--spacing--5-xl)\" id=\"etudiez-au-coeur-des-grandes-villes-de-france\">\u00c9tudiez au c\u0153ur des grandes villes de France<\/h2>\n\n\n\n<p class=\"alignwide has-text-align-wide is-style-heading-emphasis-h4 has-on-surface-color has-text-color has-link-color wp-elements-947dcd45fdacbf1e5a56c5220641b8ad\">Nos campus<\/p>\n\n\n\n<div class=\"wp-block-blockparty-tabs alignwide has-align-top-right\" aria-label=\"\" role=\"tablist\">\n<ul class=\"wp-block-blockparty-tabs-nav\">\n<li class=\"wp-block-blockparty-tabs-nav-item\"><a id=\"block-tab-2-0\" role=\"tab\" aria-controls=\"block-panel-2-0\" class=\"wp-block-blockparty-tabs-nav-link\" href=\"#block-tab-2-0\"><span>Lyon<\/span><\/a><\/li>\n\n\n\n<li class=\"wp-block-blockparty-tabs-nav-item\"><a id=\"block-tab-2-1\" role=\"tab\" aria-controls=\"block-panel-2-1\" class=\"wp-block-blockparty-tabs-nav-link\" href=\"#block-tab-2-1\"><span>Paris<\/span><\/a><\/li>\n\n\n\n<li class=\"wp-block-blockparty-tabs-nav-item\"><a id=\"block-tab-2-2\" role=\"tab\" aria-controls=\"block-panel-2-2\" class=\"wp-block-blockparty-tabs-nav-link\" href=\"#block-tab-2-2\"><span>Bordeaux<\/span><\/a><\/li>\n\n\n\n<li class=\"wp-block-blockparty-tabs-nav-item\"><a id=\"block-tab-2-3\" role=\"tab\" aria-controls=\"block-panel-2-3\" class=\"wp-block-blockparty-tabs-nav-link\" href=\"#block-tab-2-3\"><span>Rennes<\/span><\/a><\/li>\n\n\n\n<li class=\"wp-block-blockparty-tabs-nav-item\"><a id=\"block-tab-2-4\" role=\"tab\" aria-controls=\"block-panel-2-4\" class=\"wp-block-blockparty-tabs-nav-link\" href=\"#block-tab-2-4\"><span>Toulouse<\/span><\/a><\/li>\n\n\n\n<li class=\"wp-block-blockparty-tabs-nav-item\"><a id=\"block-tab-2-5\" role=\"tab\" aria-controls=\"block-panel-2-5\" class=\"wp-block-blockparty-tabs-nav-link\" href=\"#block-tab-2-5\"><span>Chamb\u00e9ry<\/span><\/a><\/li>\n\n\n\n<li class=\"wp-block-blockparty-tabs-nav-item\"><a id=\"block-tab-2-6\" role=\"tab\" aria-controls=\"block-panel-2-6\" class=\"wp-block-blockparty-tabs-nav-link\" href=\"#block-tab-2-6\"><span>Marseille<\/span><\/a><\/li>\n<\/ul>\n\n\n\n<section class=\"wp-block-blockparty-tabs-panels\">\n<div role=\"tabpanel\" tabindex=\"0\" class=\"wp-block-blockparty-tabs-panel-item\" id=\"block-panel-2-0\" aria-labelledby=\"block-tab-2-0\"><div class=\"wp-block-blockparty-tabs-panel-item__inner\"><article class=\"campus block block--campus block--campus-vertical align wp-block-omnes-ds-campus\">\n\t\t\t<figure class=\"block__gallery\">\n\t\t\t<figure><img loading=\"lazy\" decoding=\"async\" width=\"660\" height=\"882\" src=\"https:\/\/www.inseec.com\/wp-content\/uploads\/sites\/32\/2025\/11\/campus-lyon-inseec-photo-portrait.jpg?w=660\" class=\"\" alt=\"Photo du campus de Lyon de l\u2019\u00e9cole de commerce INSEEC dans une ancienne usine Citro\u00ebn r\u00e9nov\u00e9e\" data-location=\"\" srcset=\"https:\/\/www.inseec.com\/wp-content\/uploads\/sites\/32\/2025\/11\/campus-lyon-inseec-photo-portrait.jpg 660w, https:\/\/www.inseec.com\/wp-content\/uploads\/sites\/32\/2025\/11\/campus-lyon-inseec-photo-portrait.jpg?resize=224,300 224w, https:\/\/www.inseec.com\/wp-content\/uploads\/sites\/32\/2025\/11\/campus-lyon-inseec-photo-portrait.jpg?resize=180,240 180w, https:\/\/www.inseec.com\/wp-content\/uploads\/sites\/32\/2025\/11\/campus-lyon-inseec-photo-portrait.jpg?resize=360,480 360w, https:\/\/www.inseec.com\/wp-content\/uploads\/sites\/32\/2025\/11\/campus-lyon-inseec-photo-portrait.jpg?resize=218,291 218w, https:\/\/www.inseec.com\/wp-content\/uploads\/sites\/32\/2025\/11\/campus-lyon-inseec-photo-portrait.jpg?resize=436,582 436w, https:\/\/www.inseec.com\/wp-content\/uploads\/sites\/32\/2025\/11\/campus-lyon-inseec-photo-portrait.jpg?resize=225,300 225w, https:\/\/www.inseec.com\/wp-content\/uploads\/sites\/32\/2025\/11\/campus-lyon-inseec-photo-portrait.jpg?resize=450,600 450w, https:\/\/www.inseec.com\/wp-content\/uploads\/sites\/32\/2025\/11\/campus-lyon-inseec-photo-portrait.jpg?resize=240,320 240w, https:\/\/www.inseec.com\/wp-content\/uploads\/sites\/32\/2025\/11\/campus-lyon-inseec-photo-portrait.jpg?resize=480,640 480w, https:\/\/www.inseec.com\/wp-content\/uploads\/sites\/32\/2025\/11\/campus-lyon-inseec-photo-portrait.jpg?resize=330,440 330w, https:\/\/www.inseec.com\/wp-content\/uploads\/sites\/32\/2025\/11\/campus-lyon-inseec-photo-portrait.jpg?resize=30,40 30w, https:\/\/www.inseec.com\/wp-content\/uploads\/sites\/32\/2025\/11\/campus-lyon-inseec-photo-portrait.jpg?resize=60,80 60w, https:\/\/www.inseec.com\/wp-content\/uploads\/sites\/32\/2025\/11\/campus-lyon-inseec-photo-portrait.jpg?resize=120,160 120w, https:\/\/www.inseec.com\/wp-content\/uploads\/sites\/32\/2025\/11\/campus-lyon-inseec-photo-portrait.jpg?resize=37,50 37w, https:\/\/www.inseec.com\/wp-content\/uploads\/sites\/32\/2025\/11\/campus-lyon-inseec-photo-portrait.jpg?resize=75,100 75w, https:\/\/www.inseec.com\/wp-content\/uploads\/sites\/32\/2025\/11\/campus-lyon-inseec-photo-portrait.jpg?resize=18,24 18w, https:\/\/www.inseec.com\/wp-content\/uploads\/sites\/32\/2025\/11\/campus-lyon-inseec-photo-portrait.jpg?resize=36,48 36w\" sizes=\"auto, (max-width: 660px) 100vw, 660px\" \/><\/figure><figure><img loading=\"lazy\" decoding=\"async\" width=\"1058\" height=\"798\" src=\"https:\/\/www.inseec.com\/wp-content\/uploads\/sites\/32\/2025\/11\/campus-slider-vr-campus-lyon-inseec-dalle-detente.jpg?w=1058\" class=\"\" alt=\"Photo d\u2019une salle de d\u00e9tente du campus de Lyon de l\u2019\u00e9cole de commerce INSEEC\" data-location=\"\" srcset=\"https:\/\/www.inseec.com\/wp-content\/uploads\/sites\/32\/2025\/11\/campus-slider-vr-campus-lyon-inseec-dalle-detente.jpg 1058w, https:\/\/www.inseec.com\/wp-content\/uploads\/sites\/32\/2025\/11\/campus-slider-vr-campus-lyon-inseec-dalle-detente.jpg?resize=300,226 300w, https:\/\/www.inseec.com\/wp-content\/uploads\/sites\/32\/2025\/11\/campus-slider-vr-campus-lyon-inseec-dalle-detente.jpg?resize=768,579 768w, https:\/\/www.inseec.com\/wp-content\/uploads\/sites\/32\/2025\/11\/campus-slider-vr-campus-lyon-inseec-dalle-detente.jpg?resize=220,165 220w, https:\/\/www.inseec.com\/wp-content\/uploads\/sites\/32\/2025\/11\/campus-slider-vr-campus-lyon-inseec-dalle-detente.jpg?resize=240,180 240w, https:\/\/www.inseec.com\/wp-content\/uploads\/sites\/32\/2025\/11\/campus-slider-vr-campus-lyon-inseec-dalle-detente.jpg?resize=282,212 282w, https:\/\/www.inseec.com\/wp-content\/uploads\/sites\/32\/2025\/11\/campus-slider-vr-campus-lyon-inseec-dalle-detente.jpg?resize=564,424 564w, https:\/\/www.inseec.com\/wp-content\/uploads\/sites\/32\/2025\/11\/campus-slider-vr-campus-lyon-inseec-dalle-detente.jpg?resize=330,248 330w, https:\/\/www.inseec.com\/wp-content\/uploads\/sites\/32\/2025\/11\/campus-slider-vr-campus-lyon-inseec-dalle-detente.jpg?resize=529,399 529w, https:\/\/www.inseec.com\/wp-content\/uploads\/sites\/32\/2025\/11\/campus-slider-vr-campus-lyon-inseec-dalle-detente.jpg?resize=53,40 53w, https:\/\/www.inseec.com\/wp-content\/uploads\/sites\/32\/2025\/11\/campus-slider-vr-campus-lyon-inseec-dalle-detente.jpg?resize=106,80 106w, https:\/\/www.inseec.com\/wp-content\/uploads\/sites\/32\/2025\/11\/campus-slider-vr-campus-lyon-inseec-dalle-detente.jpg?resize=212,160 212w, https:\/\/www.inseec.com\/wp-content\/uploads\/sites\/32\/2025\/11\/campus-slider-vr-campus-lyon-inseec-dalle-detente.jpg?resize=66,50 66w, https:\/\/www.inseec.com\/wp-content\/uploads\/sites\/32\/2025\/11\/campus-slider-vr-campus-lyon-inseec-dalle-detente.jpg?resize=133,100 133w, https:\/\/www.inseec.com\/wp-content\/uploads\/sites\/32\/2025\/11\/campus-slider-vr-campus-lyon-inseec-dalle-detente.jpg?resize=24,18 24w, https:\/\/www.inseec.com\/wp-content\/uploads\/sites\/32\/2025\/11\/campus-slider-vr-campus-lyon-inseec-dalle-detente.jpg?resize=48,36 48w, https:\/\/www.inseec.com\/wp-content\/uploads\/sites\/32\/2025\/11\/campus-slider-vr-campus-lyon-inseec-dalle-detente.jpg?resize=40,30 40w, https:\/\/www.inseec.com\/wp-content\/uploads\/sites\/32\/2025\/11\/campus-slider-vr-campus-lyon-inseec-dalle-detente.jpg?resize=80,60 80w\" sizes=\"auto, (max-width: 1058px) 100vw, 1058px\" \/><\/figure><figure><img loading=\"lazy\" decoding=\"async\" width=\"1058\" height=\"798\" src=\"https:\/\/www.inseec.com\/wp-content\/uploads\/sites\/32\/2025\/11\/campus-slider-vr-campus-lyon-inseec-lion-rouge-hall.jpg?w=1058\" class=\"\" alt=\"Photo de la statue du lion rouge dans le hall du campus de Lyon de l\u2019\u00e9cole de commerce INSEEC\" data-location=\"\" srcset=\"https:\/\/www.inseec.com\/wp-content\/uploads\/sites\/32\/2025\/11\/campus-slider-vr-campus-lyon-inseec-lion-rouge-hall.jpg 1058w, https:\/\/www.inseec.com\/wp-content\/uploads\/sites\/32\/2025\/11\/campus-slider-vr-campus-lyon-inseec-lion-rouge-hall.jpg?resize=300,226 300w, https:\/\/www.inseec.com\/wp-content\/uploads\/sites\/32\/2025\/11\/campus-slider-vr-campus-lyon-inseec-lion-rouge-hall.jpg?resize=768,579 768w, https:\/\/www.inseec.com\/wp-content\/uploads\/sites\/32\/2025\/11\/campus-slider-vr-campus-lyon-inseec-lion-rouge-hall.jpg?resize=220,165 220w, https:\/\/www.inseec.com\/wp-content\/uploads\/sites\/32\/2025\/11\/campus-slider-vr-campus-lyon-inseec-lion-rouge-hall.jpg?resize=240,180 240w, https:\/\/www.inseec.com\/wp-content\/uploads\/sites\/32\/2025\/11\/campus-slider-vr-campus-lyon-inseec-lion-rouge-hall.jpg?resize=282,212 282w, https:\/\/www.inseec.com\/wp-content\/uploads\/sites\/32\/2025\/11\/campus-slider-vr-campus-lyon-inseec-lion-rouge-hall.jpg?resize=564,424 564w, https:\/\/www.inseec.com\/wp-content\/uploads\/sites\/32\/2025\/11\/campus-slider-vr-campus-lyon-inseec-lion-rouge-hall.jpg?resize=330,248 330w, https:\/\/www.inseec.com\/wp-content\/uploads\/sites\/32\/2025\/11\/campus-slider-vr-campus-lyon-inseec-lion-rouge-hall.jpg?resize=529,399 529w, https:\/\/www.inseec.com\/wp-content\/uploads\/sites\/32\/2025\/11\/campus-slider-vr-campus-lyon-inseec-lion-rouge-hall.jpg?resize=53,40 53w, https:\/\/www.inseec.com\/wp-content\/uploads\/sites\/32\/2025\/11\/campus-slider-vr-campus-lyon-inseec-lion-rouge-hall.jpg?resize=106,80 106w, https:\/\/www.inseec.com\/wp-content\/uploads\/sites\/32\/2025\/11\/campus-slider-vr-campus-lyon-inseec-lion-rouge-hall.jpg?resize=212,160 212w, https:\/\/www.inseec.com\/wp-content\/uploads\/sites\/32\/2025\/11\/campus-slider-vr-campus-lyon-inseec-lion-rouge-hall.jpg?resize=66,50 66w, https:\/\/www.inseec.com\/wp-content\/uploads\/sites\/32\/2025\/11\/campus-slider-vr-campus-lyon-inseec-lion-rouge-hall.jpg?resize=133,100 133w, https:\/\/www.inseec.com\/wp-content\/uploads\/sites\/32\/2025\/11\/campus-slider-vr-campus-lyon-inseec-lion-rouge-hall.jpg?resize=24,18 24w, https:\/\/www.inseec.com\/wp-content\/uploads\/sites\/32\/2025\/11\/campus-slider-vr-campus-lyon-inseec-lion-rouge-hall.jpg?resize=48,36 48w, https:\/\/www.inseec.com\/wp-content\/uploads\/sites\/32\/2025\/11\/campus-slider-vr-campus-lyon-inseec-lion-rouge-hall.jpg?resize=40,30 40w, https:\/\/www.inseec.com\/wp-content\/uploads\/sites\/32\/2025\/11\/campus-slider-vr-campus-lyon-inseec-lion-rouge-hall.jpg?resize=80,60 80w\" sizes=\"auto, (max-width: 1058px) 100vw, 1058px\" \/><\/figure>\t\t<\/figure>\n\t\t\t<div class=\"block__content\">\n\t\t<h2 class=\"block__eyebrow is-style-heading-default-eyebrow has-on-surface-subtle-color\">Campus de Lyon<\/h2><p class=\"block__title is-style-plain-emphasis-xl\">Rejoignez un campus historique et vivant<\/p><p class=\"block__excerpt\">Profitez d\u2019un campus historique au c\u0153ur de Lyon, ville culturelle et \u00e9tudiante parmi les plus dynamiques de France.<\/p>\t\t<div class=\"block__buttons wp-block-buttons\">\n\t\t\t<div class=\"wp-block-button is-style-outline-md\"><a title=\"D\u00e9couvrir le campus de Lyon\" href=\"https:\/\/www.inseec.com\/campus\/ecole-de-commerce-lyon\/\" class=\"wp-block-button__link\">D\u00e9couvrir<\/a><\/div><div class=\"wp-block-button is-style-default\"><a title=\"Portes Ouvertes du campus de Lyon\" href=\"https:\/\/www.inseec.com\/evenement\/?_type_devenement_unique=journee-portes-ouvertes&#038;_event_campus=832\" class=\"wp-block-button__link\">Portes Ouvertes<\/a><\/div>\t\t<\/div>\n\t<\/div>\n<\/article>\n<\/div><\/div>\n\n\n\n<div role=\"tabpanel\" tabindex=\"0\" class=\"wp-block-blockparty-tabs-panel-item\" id=\"block-panel-2-1\" aria-labelledby=\"block-tab-2-1\"><div class=\"wp-block-blockparty-tabs-panel-item__inner\"><article class=\"campus block block--campus block--campus-vertical align wp-block-omnes-ds-campus\">\n\t\t\t<figure class=\"block__gallery\">\n\t\t\t<figure><img loading=\"lazy\" decoding=\"async\" width=\"660\" height=\"770\" src=\"https:\/\/www.inseec.com\/wp-content\/uploads\/sites\/32\/2025\/11\/campus-paris-eiffel-inseec-portrait.jpg?w=660\" class=\"\" alt=\"Photo du campus Paris Eiffel de l\u2019\u00e9cole de commerce INSEEC avec la tour Eiffel en fond\" data-location=\"\" srcset=\"https:\/\/www.inseec.com\/wp-content\/uploads\/sites\/32\/2025\/11\/campus-paris-eiffel-inseec-portrait.jpg 660w, https:\/\/www.inseec.com\/wp-content\/uploads\/sites\/32\/2025\/11\/campus-paris-eiffel-inseec-portrait.jpg?resize=257,300 257w, https:\/\/www.inseec.com\/wp-content\/uploads\/sites\/32\/2025\/11\/campus-paris-eiffel-inseec-portrait.jpg?resize=34,40 34w, https:\/\/www.inseec.com\/wp-content\/uploads\/sites\/32\/2025\/11\/campus-paris-eiffel-inseec-portrait.jpg?resize=69,80 69w, https:\/\/www.inseec.com\/wp-content\/uploads\/sites\/32\/2025\/11\/campus-paris-eiffel-inseec-portrait.jpg?resize=137,160 137w, https:\/\/www.inseec.com\/wp-content\/uploads\/sites\/32\/2025\/11\/campus-paris-eiffel-inseec-portrait.jpg?resize=43,50 43w, https:\/\/www.inseec.com\/wp-content\/uploads\/sites\/32\/2025\/11\/campus-paris-eiffel-inseec-portrait.jpg?resize=86,100 86w, https:\/\/www.inseec.com\/wp-content\/uploads\/sites\/32\/2025\/11\/campus-paris-eiffel-inseec-portrait.jpg?resize=21,24 21w, https:\/\/www.inseec.com\/wp-content\/uploads\/sites\/32\/2025\/11\/campus-paris-eiffel-inseec-portrait.jpg?resize=41,48 41w\" sizes=\"auto, (max-width: 660px) 100vw, 660px\" \/><\/figure><figure><img loading=\"lazy\" decoding=\"async\" width=\"660\" height=\"361\" src=\"https:\/\/www.inseec.com\/wp-content\/uploads\/sites\/32\/2025\/11\/campus-paris-vellefaux-inseec-cafeteria.jpg?w=660\" class=\"\" alt=\"Photo de la caf\u00e9t\u00e9ria \u00e0 l\u2019int\u00e9rieur du campus r\u00e9nov\u00e9 de Paris Vellefaux de l\u2019\u00e9cole de commerce INSEEC\" data-location=\"\" srcset=\"https:\/\/www.inseec.com\/wp-content\/uploads\/sites\/32\/2025\/11\/campus-paris-vellefaux-inseec-cafeteria.jpg 660w, https:\/\/www.inseec.com\/wp-content\/uploads\/sites\/32\/2025\/11\/campus-paris-vellefaux-inseec-cafeteria.jpg?resize=300,164 300w, https:\/\/www.inseec.com\/wp-content\/uploads\/sites\/32\/2025\/11\/campus-paris-vellefaux-inseec-cafeteria.jpg?resize=73,40 73w, https:\/\/www.inseec.com\/wp-content\/uploads\/sites\/32\/2025\/11\/campus-paris-vellefaux-inseec-cafeteria.jpg?resize=146,80 146w, https:\/\/www.inseec.com\/wp-content\/uploads\/sites\/32\/2025\/11\/campus-paris-vellefaux-inseec-cafeteria.jpg?resize=293,160 293w, https:\/\/www.inseec.com\/wp-content\/uploads\/sites\/32\/2025\/11\/campus-paris-vellefaux-inseec-cafeteria.jpg?resize=91,50 91w, https:\/\/www.inseec.com\/wp-content\/uploads\/sites\/32\/2025\/11\/campus-paris-vellefaux-inseec-cafeteria.jpg?resize=183,100 183w, https:\/\/www.inseec.com\/wp-content\/uploads\/sites\/32\/2025\/11\/campus-paris-vellefaux-inseec-cafeteria.jpg?resize=24,13 24w, https:\/\/www.inseec.com\/wp-content\/uploads\/sites\/32\/2025\/11\/campus-paris-vellefaux-inseec-cafeteria.jpg?resize=48,26 48w, https:\/\/www.inseec.com\/wp-content\/uploads\/sites\/32\/2025\/11\/campus-paris-vellefaux-inseec-cafeteria.jpg?resize=40,22 40w, https:\/\/www.inseec.com\/wp-content\/uploads\/sites\/32\/2025\/11\/campus-paris-vellefaux-inseec-cafeteria.jpg?resize=80,44 80w\" sizes=\"auto, (max-width: 660px) 100vw, 660px\" \/><\/figure><figure><img loading=\"lazy\" decoding=\"async\" width=\"794\" height=\"599\" src=\"https:\/\/www.inseec.com\/wp-content\/uploads\/sites\/32\/2025\/11\/campus-slider-vr-campus-paris-la-defense-inseec-salle-detente.jpg?w=794\" class=\"\" alt=\"\" data-location=\"\" srcset=\"https:\/\/www.inseec.com\/wp-content\/uploads\/sites\/32\/2025\/11\/campus-slider-vr-campus-paris-la-defense-inseec-salle-detente.jpg 794w, https:\/\/www.inseec.com\/wp-content\/uploads\/sites\/32\/2025\/11\/campus-slider-vr-campus-paris-la-defense-inseec-salle-detente.jpg?resize=300,226 300w, https:\/\/www.inseec.com\/wp-content\/uploads\/sites\/32\/2025\/11\/campus-slider-vr-campus-paris-la-defense-inseec-salle-detente.jpg?resize=768,579 768w, https:\/\/www.inseec.com\/wp-content\/uploads\/sites\/32\/2025\/11\/campus-slider-vr-campus-paris-la-defense-inseec-salle-detente.jpg?resize=220,165 220w, https:\/\/www.inseec.com\/wp-content\/uploads\/sites\/32\/2025\/11\/campus-slider-vr-campus-paris-la-defense-inseec-salle-detente.jpg?resize=240,180 240w, https:\/\/www.inseec.com\/wp-content\/uploads\/sites\/32\/2025\/11\/campus-slider-vr-campus-paris-la-defense-inseec-salle-detente.jpg?resize=282,212 282w, https:\/\/www.inseec.com\/wp-content\/uploads\/sites\/32\/2025\/11\/campus-slider-vr-campus-paris-la-defense-inseec-salle-detente.jpg?resize=564,424 564w, https:\/\/www.inseec.com\/wp-content\/uploads\/sites\/32\/2025\/11\/campus-slider-vr-campus-paris-la-defense-inseec-salle-detente.jpg?resize=330,248 330w, https:\/\/www.inseec.com\/wp-content\/uploads\/sites\/32\/2025\/11\/campus-slider-vr-campus-paris-la-defense-inseec-salle-detente.jpg?resize=529,399 529w, https:\/\/www.inseec.com\/wp-content\/uploads\/sites\/32\/2025\/11\/campus-slider-vr-campus-paris-la-defense-inseec-salle-detente.jpg?resize=53,40 53w, https:\/\/www.inseec.com\/wp-content\/uploads\/sites\/32\/2025\/11\/campus-slider-vr-campus-paris-la-defense-inseec-salle-detente.jpg?resize=106,80 106w, https:\/\/www.inseec.com\/wp-content\/uploads\/sites\/32\/2025\/11\/campus-slider-vr-campus-paris-la-defense-inseec-salle-detente.jpg?resize=212,160 212w, https:\/\/www.inseec.com\/wp-content\/uploads\/sites\/32\/2025\/11\/campus-slider-vr-campus-paris-la-defense-inseec-salle-detente.jpg?resize=66,50 66w, https:\/\/www.inseec.com\/wp-content\/uploads\/sites\/32\/2025\/11\/campus-slider-vr-campus-paris-la-defense-inseec-salle-detente.jpg?resize=133,100 133w, https:\/\/www.inseec.com\/wp-content\/uploads\/sites\/32\/2025\/11\/campus-slider-vr-campus-paris-la-defense-inseec-salle-detente.jpg?resize=24,18 24w, https:\/\/www.inseec.com\/wp-content\/uploads\/sites\/32\/2025\/11\/campus-slider-vr-campus-paris-la-defense-inseec-salle-detente.jpg?resize=48,36 48w, https:\/\/www.inseec.com\/wp-content\/uploads\/sites\/32\/2025\/11\/campus-slider-vr-campus-paris-la-defense-inseec-salle-detente.jpg?resize=40,30 40w, https:\/\/www.inseec.com\/wp-content\/uploads\/sites\/32\/2025\/11\/campus-slider-vr-campus-paris-la-defense-inseec-salle-detente.jpg?resize=80,60 80w\" sizes=\"auto, (max-width: 794px) 100vw, 794px\" \/><\/figure>\t\t<\/figure>\n\t\t\t<div class=\"block__content\">\n\t\t<h2 class=\"block__eyebrow is-style-heading-default-eyebrow has-on-surface-subtle-color\">Campus de Paris<\/h2><p class=\"block__title is-style-plain-emphasis-xl\">\u00c9tudiez au c\u0153ur de la capitale<\/p><p class=\"block__excerpt\">D\u00e9couvrez trois campus modernes et faciles d\u2019acc\u00e8s dans des lieux embl\u00e9matiques de Paris.<\/p>\t\t<div class=\"block__buttons wp-block-buttons\">\n\t\t\t<div class=\"wp-block-button is-style-outline-md\"><a title=\"D\u00e9couvrir le campus de Paris\" href=\"https:\/\/www.inseec.com\/campus\/ecole-de-commerce-paris\/\" class=\"wp-block-button__link\">D\u00e9couvrir<\/a><\/div><div class=\"wp-block-button is-style-default\"><a title=\"Portes Ouvertes du campus de Paris\" href=\"https:\/\/www.inseec.com\/evenement\/?_type_devenement_unique=journee-portes-ouvertes&#038;_event_campus=134\" class=\"wp-block-button__link\">Portes Ouvertes<\/a><\/div>\t\t<\/div>\n\t<\/div>\n<\/article>\n<\/div><\/div>\n\n\n\n<div role=\"tabpanel\" tabindex=\"0\" class=\"wp-block-blockparty-tabs-panel-item\" id=\"block-panel-2-2\" aria-labelledby=\"block-tab-2-2\"><div class=\"wp-block-blockparty-tabs-panel-item__inner\"><article class=\"campus block block--campus block--campus-vertical align wp-block-omnes-ds-campus\">\n\t\t\t<figure class=\"block__gallery\">\n\t\t\t<figure><img loading=\"lazy\" decoding=\"async\" width=\"660\" height=\"770\" src=\"https:\/\/www.inseec.com\/wp-content\/uploads\/sites\/32\/2025\/11\/campus-bordeaux-inseec-facade.jpg?w=660\" class=\"\" alt=\"Photo du campus de Bordeaux de l\u2019\u00e9cole de commerce INSEEC\" data-location=\"\" srcset=\"https:\/\/www.inseec.com\/wp-content\/uploads\/sites\/32\/2025\/11\/campus-bordeaux-inseec-facade.jpg 660w, https:\/\/www.inseec.com\/wp-content\/uploads\/sites\/32\/2025\/11\/campus-bordeaux-inseec-facade.jpg?resize=257,300 257w, https:\/\/www.inseec.com\/wp-content\/uploads\/sites\/32\/2025\/11\/campus-bordeaux-inseec-facade.jpg?resize=34,40 34w, https:\/\/www.inseec.com\/wp-content\/uploads\/sites\/32\/2025\/11\/campus-bordeaux-inseec-facade.jpg?resize=69,80 69w, https:\/\/www.inseec.com\/wp-content\/uploads\/sites\/32\/2025\/11\/campus-bordeaux-inseec-facade.jpg?resize=137,160 137w, https:\/\/www.inseec.com\/wp-content\/uploads\/sites\/32\/2025\/11\/campus-bordeaux-inseec-facade.jpg?resize=43,50 43w, https:\/\/www.inseec.com\/wp-content\/uploads\/sites\/32\/2025\/11\/campus-bordeaux-inseec-facade.jpg?resize=86,100 86w, https:\/\/www.inseec.com\/wp-content\/uploads\/sites\/32\/2025\/11\/campus-bordeaux-inseec-facade.jpg?resize=21,24 21w, https:\/\/www.inseec.com\/wp-content\/uploads\/sites\/32\/2025\/11\/campus-bordeaux-inseec-facade.jpg?resize=41,48 41w\" sizes=\"auto, (max-width: 660px) 100vw, 660px\" \/><\/figure><figure><img loading=\"lazy\" decoding=\"async\" width=\"660\" height=\"361\" src=\"https:\/\/www.inseec.com\/wp-content\/uploads\/sites\/32\/2025\/11\/campus-bordeaux-inseec-cafeteria.jpg?w=660\" class=\"\" alt=\"Photo de la caf\u00e9t\u00e9ria \u00e0 l\u2019int\u00e9rieur du campus de Bordeaux de l\u2019\u00e9cole de commerce INSEEC\" data-location=\"\" srcset=\"https:\/\/www.inseec.com\/wp-content\/uploads\/sites\/32\/2025\/11\/campus-bordeaux-inseec-cafeteria.jpg 660w, https:\/\/www.inseec.com\/wp-content\/uploads\/sites\/32\/2025\/11\/campus-bordeaux-inseec-cafeteria.jpg?resize=300,164 300w, https:\/\/www.inseec.com\/wp-content\/uploads\/sites\/32\/2025\/11\/campus-bordeaux-inseec-cafeteria.jpg?resize=73,40 73w, https:\/\/www.inseec.com\/wp-content\/uploads\/sites\/32\/2025\/11\/campus-bordeaux-inseec-cafeteria.jpg?resize=146,80 146w, https:\/\/www.inseec.com\/wp-content\/uploads\/sites\/32\/2025\/11\/campus-bordeaux-inseec-cafeteria.jpg?resize=293,160 293w, https:\/\/www.inseec.com\/wp-content\/uploads\/sites\/32\/2025\/11\/campus-bordeaux-inseec-cafeteria.jpg?resize=91,50 91w, https:\/\/www.inseec.com\/wp-content\/uploads\/sites\/32\/2025\/11\/campus-bordeaux-inseec-cafeteria.jpg?resize=183,100 183w, https:\/\/www.inseec.com\/wp-content\/uploads\/sites\/32\/2025\/11\/campus-bordeaux-inseec-cafeteria.jpg?resize=24,13 24w, https:\/\/www.inseec.com\/wp-content\/uploads\/sites\/32\/2025\/11\/campus-bordeaux-inseec-cafeteria.jpg?resize=48,26 48w, https:\/\/www.inseec.com\/wp-content\/uploads\/sites\/32\/2025\/11\/campus-bordeaux-inseec-cafeteria.jpg?resize=40,22 40w, https:\/\/www.inseec.com\/wp-content\/uploads\/sites\/32\/2025\/11\/campus-bordeaux-inseec-cafeteria.jpg?resize=80,44 80w\" sizes=\"auto, (max-width: 660px) 100vw, 660px\" \/><\/figure><figure><img loading=\"lazy\" decoding=\"async\" width=\"660\" height=\"361\" src=\"https:\/\/www.inseec.com\/wp-content\/uploads\/sites\/32\/2025\/11\/campus-bordeaux-inseec-terrasse-bord-garonne.jpg?w=660\" class=\"\" alt=\"Photo de la terrasse en bordure de Garonne du campus de Bordeaux de l\u2019\u00e9cole de commerce INSEEC\" data-location=\"\" srcset=\"https:\/\/www.inseec.com\/wp-content\/uploads\/sites\/32\/2025\/11\/campus-bordeaux-inseec-terrasse-bord-garonne.jpg 660w, https:\/\/www.inseec.com\/wp-content\/uploads\/sites\/32\/2025\/11\/campus-bordeaux-inseec-terrasse-bord-garonne.jpg?resize=300,164 300w, https:\/\/www.inseec.com\/wp-content\/uploads\/sites\/32\/2025\/11\/campus-bordeaux-inseec-terrasse-bord-garonne.jpg?resize=73,40 73w, https:\/\/www.inseec.com\/wp-content\/uploads\/sites\/32\/2025\/11\/campus-bordeaux-inseec-terrasse-bord-garonne.jpg?resize=146,80 146w, https:\/\/www.inseec.com\/wp-content\/uploads\/sites\/32\/2025\/11\/campus-bordeaux-inseec-terrasse-bord-garonne.jpg?resize=293,160 293w, https:\/\/www.inseec.com\/wp-content\/uploads\/sites\/32\/2025\/11\/campus-bordeaux-inseec-terrasse-bord-garonne.jpg?resize=91,50 91w, https:\/\/www.inseec.com\/wp-content\/uploads\/sites\/32\/2025\/11\/campus-bordeaux-inseec-terrasse-bord-garonne.jpg?resize=183,100 183w, https:\/\/www.inseec.com\/wp-content\/uploads\/sites\/32\/2025\/11\/campus-bordeaux-inseec-terrasse-bord-garonne.jpg?resize=24,13 24w, https:\/\/www.inseec.com\/wp-content\/uploads\/sites\/32\/2025\/11\/campus-bordeaux-inseec-terrasse-bord-garonne.jpg?resize=48,26 48w, https:\/\/www.inseec.com\/wp-content\/uploads\/sites\/32\/2025\/11\/campus-bordeaux-inseec-terrasse-bord-garonne.jpg?resize=40,22 40w, https:\/\/www.inseec.com\/wp-content\/uploads\/sites\/32\/2025\/11\/campus-bordeaux-inseec-terrasse-bord-garonne.jpg?resize=80,44 80w\" sizes=\"auto, (max-width: 660px) 100vw, 660px\" \/><\/figure>\t\t<\/figure>\n\t\t\t<div class=\"block__content\">\n\t\t<h2 class=\"block__eyebrow is-style-heading-default-eyebrow has-on-surface-subtle-color\">Campus de Bordeaux<\/h2><p class=\"block__title is-style-plain-emphasis-xl\">\u00c9tudiez au bord de la Garonne<\/p><p class=\"block__excerpt\">Rejoignez un campus moderne et chaleureux en bord de Garonne, au c\u0153ur d\u2019une ville vivante et conviviale.<\/p>\t\t<div class=\"block__buttons wp-block-buttons\">\n\t\t\t<div class=\"wp-block-button is-style-outline-md\"><a title=\"D\u00e9couvrir le campus de Bordeaux\" href=\"https:\/\/www.inseec.com\/campus\/ecole-de-commerce-bordeaux\/\" class=\"wp-block-button__link\">D\u00e9couvrir<\/a><\/div><div class=\"wp-block-button is-style-default\"><a title=\"Portes Ouvertes du campus de Bordeaux\" href=\"https:\/\/www.inseec.com\/evenement\/?_type_devenement_unique=journee-portes-ouvertes&#038;_event_campus=835\" class=\"wp-block-button__link\">Portes Ouvertes<\/a><\/div>\t\t<\/div>\n\t<\/div>\n<\/article>\n<\/div><\/div>\n\n\n\n<div role=\"tabpanel\" tabindex=\"0\" class=\"wp-block-blockparty-tabs-panel-item\" id=\"block-panel-2-3\" aria-labelledby=\"block-tab-2-3\"><div class=\"wp-block-blockparty-tabs-panel-item__inner\"><article class=\"campus block block--campus block--campus-vertical align wp-block-omnes-ds-campus\">\n\t\t\t<figure class=\"block__gallery\">\n\t\t\t<figure><img loading=\"lazy\" decoding=\"async\" width=\"660\" height=\"882\" src=\"https:\/\/www.inseec.com\/wp-content\/uploads\/sites\/32\/2025\/11\/campus-rennes-inseec-photo-portrait.jpg?w=660\" class=\"\" alt=\"Photo de l\u2019int\u00e9rieur r\u00e9nov\u00e9 du campus de Rennes de l\u2019\u00e9cole de commerce INSEEC\" data-location=\"\" srcset=\"https:\/\/www.inseec.com\/wp-content\/uploads\/sites\/32\/2025\/11\/campus-rennes-inseec-photo-portrait.jpg 660w, https:\/\/www.inseec.com\/wp-content\/uploads\/sites\/32\/2025\/11\/campus-rennes-inseec-photo-portrait.jpg?resize=224,300 224w, https:\/\/www.inseec.com\/wp-content\/uploads\/sites\/32\/2025\/11\/campus-rennes-inseec-photo-portrait.jpg?resize=180,240 180w, https:\/\/www.inseec.com\/wp-content\/uploads\/sites\/32\/2025\/11\/campus-rennes-inseec-photo-portrait.jpg?resize=360,480 360w, https:\/\/www.inseec.com\/wp-content\/uploads\/sites\/32\/2025\/11\/campus-rennes-inseec-photo-portrait.jpg?resize=218,291 218w, https:\/\/www.inseec.com\/wp-content\/uploads\/sites\/32\/2025\/11\/campus-rennes-inseec-photo-portrait.jpg?resize=436,582 436w, https:\/\/www.inseec.com\/wp-content\/uploads\/sites\/32\/2025\/11\/campus-rennes-inseec-photo-portrait.jpg?resize=225,300 225w, https:\/\/www.inseec.com\/wp-content\/uploads\/sites\/32\/2025\/11\/campus-rennes-inseec-photo-portrait.jpg?resize=450,600 450w, https:\/\/www.inseec.com\/wp-content\/uploads\/sites\/32\/2025\/11\/campus-rennes-inseec-photo-portrait.jpg?resize=240,320 240w, https:\/\/www.inseec.com\/wp-content\/uploads\/sites\/32\/2025\/11\/campus-rennes-inseec-photo-portrait.jpg?resize=480,640 480w, https:\/\/www.inseec.com\/wp-content\/uploads\/sites\/32\/2025\/11\/campus-rennes-inseec-photo-portrait.jpg?resize=330,440 330w, https:\/\/www.inseec.com\/wp-content\/uploads\/sites\/32\/2025\/11\/campus-rennes-inseec-photo-portrait.jpg?resize=30,40 30w, https:\/\/www.inseec.com\/wp-content\/uploads\/sites\/32\/2025\/11\/campus-rennes-inseec-photo-portrait.jpg?resize=60,80 60w, https:\/\/www.inseec.com\/wp-content\/uploads\/sites\/32\/2025\/11\/campus-rennes-inseec-photo-portrait.jpg?resize=120,160 120w, https:\/\/www.inseec.com\/wp-content\/uploads\/sites\/32\/2025\/11\/campus-rennes-inseec-photo-portrait.jpg?resize=37,50 37w, https:\/\/www.inseec.com\/wp-content\/uploads\/sites\/32\/2025\/11\/campus-rennes-inseec-photo-portrait.jpg?resize=75,100 75w, https:\/\/www.inseec.com\/wp-content\/uploads\/sites\/32\/2025\/11\/campus-rennes-inseec-photo-portrait.jpg?resize=18,24 18w, https:\/\/www.inseec.com\/wp-content\/uploads\/sites\/32\/2025\/11\/campus-rennes-inseec-photo-portrait.jpg?resize=36,48 36w\" sizes=\"auto, (max-width: 660px) 100vw, 660px\" \/><\/figure><figure><img loading=\"lazy\" decoding=\"async\" width=\"660\" height=\"468\" src=\"https:\/\/www.inseec.com\/wp-content\/uploads\/sites\/32\/2025\/11\/campus-rennes-inseec-mosaic-alcove-repos.jpg?w=660\" class=\"\" alt=\"Groupe d\u2019\u00e9tudiants commerce INSEEC discutant et rigolant dans une alc\u00f4ve de repos du campus de Rennes\" data-location=\"\" srcset=\"https:\/\/www.inseec.com\/wp-content\/uploads\/sites\/32\/2025\/11\/campus-rennes-inseec-mosaic-alcove-repos.jpg 660w, https:\/\/www.inseec.com\/wp-content\/uploads\/sites\/32\/2025\/11\/campus-rennes-inseec-mosaic-alcove-repos.jpg?resize=300,213 300w, https:\/\/www.inseec.com\/wp-content\/uploads\/sites\/32\/2025\/11\/campus-rennes-inseec-mosaic-alcove-repos.jpg?resize=56,40 56w, https:\/\/www.inseec.com\/wp-content\/uploads\/sites\/32\/2025\/11\/campus-rennes-inseec-mosaic-alcove-repos.jpg?resize=113,80 113w, https:\/\/www.inseec.com\/wp-content\/uploads\/sites\/32\/2025\/11\/campus-rennes-inseec-mosaic-alcove-repos.jpg?resize=226,160 226w, https:\/\/www.inseec.com\/wp-content\/uploads\/sites\/32\/2025\/11\/campus-rennes-inseec-mosaic-alcove-repos.jpg?resize=71,50 71w, https:\/\/www.inseec.com\/wp-content\/uploads\/sites\/32\/2025\/11\/campus-rennes-inseec-mosaic-alcove-repos.jpg?resize=141,100 141w, https:\/\/www.inseec.com\/wp-content\/uploads\/sites\/32\/2025\/11\/campus-rennes-inseec-mosaic-alcove-repos.jpg?resize=24,17 24w, https:\/\/www.inseec.com\/wp-content\/uploads\/sites\/32\/2025\/11\/campus-rennes-inseec-mosaic-alcove-repos.jpg?resize=48,34 48w, https:\/\/www.inseec.com\/wp-content\/uploads\/sites\/32\/2025\/11\/campus-rennes-inseec-mosaic-alcove-repos.jpg?resize=40,28 40w, https:\/\/www.inseec.com\/wp-content\/uploads\/sites\/32\/2025\/11\/campus-rennes-inseec-mosaic-alcove-repos.jpg?resize=80,57 80w, https:\/\/www.inseec.com\/wp-content\/uploads\/sites\/32\/2025\/11\/campus-rennes-inseec-mosaic-alcove-repos.jpg?resize=330,234 330w\" sizes=\"auto, (max-width: 660px) 100vw, 660px\" \/><\/figure><figure><img loading=\"lazy\" decoding=\"async\" width=\"660\" height=\"361\" src=\"https:\/\/www.inseec.com\/wp-content\/uploads\/sites\/32\/2025\/11\/campus-rennes-inseec-amphitheatre-etudiantes.jpg?w=660\" class=\"\" alt=\"Photo d\u2019\u00e9tudiantes dans l\u2019amphith\u00e9\u00e2tre du campus r\u00e9nov\u00e9 de Rennes de l\u2019\u00e9cole de commerce INSEEC\" data-location=\"\" srcset=\"https:\/\/www.inseec.com\/wp-content\/uploads\/sites\/32\/2025\/11\/campus-rennes-inseec-amphitheatre-etudiantes.jpg 660w, https:\/\/www.inseec.com\/wp-content\/uploads\/sites\/32\/2025\/11\/campus-rennes-inseec-amphitheatre-etudiantes.jpg?resize=300,164 300w, https:\/\/www.inseec.com\/wp-content\/uploads\/sites\/32\/2025\/11\/campus-rennes-inseec-amphitheatre-etudiantes.jpg?resize=73,40 73w, https:\/\/www.inseec.com\/wp-content\/uploads\/sites\/32\/2025\/11\/campus-rennes-inseec-amphitheatre-etudiantes.jpg?resize=146,80 146w, https:\/\/www.inseec.com\/wp-content\/uploads\/sites\/32\/2025\/11\/campus-rennes-inseec-amphitheatre-etudiantes.jpg?resize=293,160 293w, https:\/\/www.inseec.com\/wp-content\/uploads\/sites\/32\/2025\/11\/campus-rennes-inseec-amphitheatre-etudiantes.jpg?resize=91,50 91w, https:\/\/www.inseec.com\/wp-content\/uploads\/sites\/32\/2025\/11\/campus-rennes-inseec-amphitheatre-etudiantes.jpg?resize=183,100 183w, https:\/\/www.inseec.com\/wp-content\/uploads\/sites\/32\/2025\/11\/campus-rennes-inseec-amphitheatre-etudiantes.jpg?resize=24,13 24w, https:\/\/www.inseec.com\/wp-content\/uploads\/sites\/32\/2025\/11\/campus-rennes-inseec-amphitheatre-etudiantes.jpg?resize=48,26 48w, https:\/\/www.inseec.com\/wp-content\/uploads\/sites\/32\/2025\/11\/campus-rennes-inseec-amphitheatre-etudiantes.jpg?resize=40,22 40w, https:\/\/www.inseec.com\/wp-content\/uploads\/sites\/32\/2025\/11\/campus-rennes-inseec-amphitheatre-etudiantes.jpg?resize=80,44 80w\" sizes=\"auto, (max-width: 660px) 100vw, 660px\" \/><\/figure>\t\t<\/figure>\n\t\t\t<div class=\"block__content\">\n\t\t<h2 class=\"block__eyebrow is-style-heading-default-eyebrow has-on-surface-subtle-color\">Campus de Rennes<\/h2><p class=\"block__title is-style-plain-emphasis-xl\">D\u00e9couvrez un campus moderne en Bretagne<\/p><p class=\"block__excerpt\">Int\u00e9grez un campus r\u00e9nov\u00e9 r\u00e9cemment, dans une ville accueillante et \u00e9tudiante, o\u00f9 l\u2019\u00e9nergie bretonne se vit au quotidien.<\/p>\t\t<div class=\"block__buttons wp-block-buttons\">\n\t\t\t<div class=\"wp-block-button is-style-outline-md\"><a title=\"D\u00e9couvrir le campus de Rennes\" href=\"https:\/\/www.inseec.com\/campus\/ecole-de-commerce-rennes\/\" class=\"wp-block-button__link\">D\u00e9couvrir<\/a><\/div><div class=\"wp-block-button is-style-default\"><a title=\"Portes Ouvertes du campus de Rennes\" href=\"https:\/\/www.inseec.com\/evenement\/?_type_devenement_unique=journee-portes-ouvertes&#038;_event_campus=841\" class=\"wp-block-button__link\">Portes Ouvertes<\/a><\/div>\t\t<\/div>\n\t<\/div>\n<\/article>\n<\/div><\/div>\n\n\n\n<div role=\"tabpanel\" tabindex=\"0\" class=\"wp-block-blockparty-tabs-panel-item\" id=\"block-panel-2-4\" aria-labelledby=\"block-tab-2-4\"><div class=\"wp-block-blockparty-tabs-panel-item__inner\"><article class=\"campus block block--campus block--campus-vertical align wp-block-omnes-ds-campus\">\n\t\t\t<figure class=\"block__gallery\">\n\t\t\t<figure><img loading=\"lazy\" decoding=\"async\" width=\"660\" height=\"882\" src=\"https:\/\/www.inseec.com\/wp-content\/uploads\/sites\/32\/2025\/11\/campus-toulouse-inseec-photo-portrait.jpg?w=660\" class=\"\" alt=\"Photo du campus de Marseille de l\u2019\u00e9cole de commerce INSEEC\" data-location=\"\" srcset=\"https:\/\/www.inseec.com\/wp-content\/uploads\/sites\/32\/2025\/11\/campus-toulouse-inseec-photo-portrait.jpg 660w, https:\/\/www.inseec.com\/wp-content\/uploads\/sites\/32\/2025\/11\/campus-toulouse-inseec-photo-portrait.jpg?resize=224,300 224w, https:\/\/www.inseec.com\/wp-content\/uploads\/sites\/32\/2025\/11\/campus-toulouse-inseec-photo-portrait.jpg?resize=180,240 180w, https:\/\/www.inseec.com\/wp-content\/uploads\/sites\/32\/2025\/11\/campus-toulouse-inseec-photo-portrait.jpg?resize=360,480 360w, https:\/\/www.inseec.com\/wp-content\/uploads\/sites\/32\/2025\/11\/campus-toulouse-inseec-photo-portrait.jpg?resize=218,291 218w, https:\/\/www.inseec.com\/wp-content\/uploads\/sites\/32\/2025\/11\/campus-toulouse-inseec-photo-portrait.jpg?resize=436,582 436w, https:\/\/www.inseec.com\/wp-content\/uploads\/sites\/32\/2025\/11\/campus-toulouse-inseec-photo-portrait.jpg?resize=225,300 225w, https:\/\/www.inseec.com\/wp-content\/uploads\/sites\/32\/2025\/11\/campus-toulouse-inseec-photo-portrait.jpg?resize=450,600 450w, https:\/\/www.inseec.com\/wp-content\/uploads\/sites\/32\/2025\/11\/campus-toulouse-inseec-photo-portrait.jpg?resize=240,320 240w, https:\/\/www.inseec.com\/wp-content\/uploads\/sites\/32\/2025\/11\/campus-toulouse-inseec-photo-portrait.jpg?resize=480,640 480w, https:\/\/www.inseec.com\/wp-content\/uploads\/sites\/32\/2025\/11\/campus-toulouse-inseec-photo-portrait.jpg?resize=330,440 330w, https:\/\/www.inseec.com\/wp-content\/uploads\/sites\/32\/2025\/11\/campus-toulouse-inseec-photo-portrait.jpg?resize=30,40 30w, https:\/\/www.inseec.com\/wp-content\/uploads\/sites\/32\/2025\/11\/campus-toulouse-inseec-photo-portrait.jpg?resize=60,80 60w, https:\/\/www.inseec.com\/wp-content\/uploads\/sites\/32\/2025\/11\/campus-toulouse-inseec-photo-portrait.jpg?resize=120,160 120w, https:\/\/www.inseec.com\/wp-content\/uploads\/sites\/32\/2025\/11\/campus-toulouse-inseec-photo-portrait.jpg?resize=37,50 37w, https:\/\/www.inseec.com\/wp-content\/uploads\/sites\/32\/2025\/11\/campus-toulouse-inseec-photo-portrait.jpg?resize=75,100 75w, https:\/\/www.inseec.com\/wp-content\/uploads\/sites\/32\/2025\/11\/campus-toulouse-inseec-photo-portrait.jpg?resize=18,24 18w, https:\/\/www.inseec.com\/wp-content\/uploads\/sites\/32\/2025\/11\/campus-toulouse-inseec-photo-portrait.jpg?resize=36,48 36w\" sizes=\"auto, (max-width: 660px) 100vw, 660px\" \/><\/figure><figure><img loading=\"lazy\" decoding=\"async\" width=\"1058\" height=\"798\" src=\"https:\/\/www.inseec.com\/wp-content\/uploads\/sites\/32\/2025\/11\/campus-slider-vr-campus-toulouse-inseec-projet-de-groupe.jpg?w=1058\" class=\"\" alt=\"\u00c9tudiants en projet de groupe dans une salle du campus de Toulouse de l\u2019\u00e9cole de commerce INSEEC\" data-location=\"\" srcset=\"https:\/\/www.inseec.com\/wp-content\/uploads\/sites\/32\/2025\/11\/campus-slider-vr-campus-toulouse-inseec-projet-de-groupe.jpg 1058w, https:\/\/www.inseec.com\/wp-content\/uploads\/sites\/32\/2025\/11\/campus-slider-vr-campus-toulouse-inseec-projet-de-groupe.jpg?resize=300,226 300w, https:\/\/www.inseec.com\/wp-content\/uploads\/sites\/32\/2025\/11\/campus-slider-vr-campus-toulouse-inseec-projet-de-groupe.jpg?resize=768,579 768w, https:\/\/www.inseec.com\/wp-content\/uploads\/sites\/32\/2025\/11\/campus-slider-vr-campus-toulouse-inseec-projet-de-groupe.jpg?resize=220,165 220w, https:\/\/www.inseec.com\/wp-content\/uploads\/sites\/32\/2025\/11\/campus-slider-vr-campus-toulouse-inseec-projet-de-groupe.jpg?resize=240,180 240w, https:\/\/www.inseec.com\/wp-content\/uploads\/sites\/32\/2025\/11\/campus-slider-vr-campus-toulouse-inseec-projet-de-groupe.jpg?resize=282,212 282w, https:\/\/www.inseec.com\/wp-content\/uploads\/sites\/32\/2025\/11\/campus-slider-vr-campus-toulouse-inseec-projet-de-groupe.jpg?resize=564,424 564w, https:\/\/www.inseec.com\/wp-content\/uploads\/sites\/32\/2025\/11\/campus-slider-vr-campus-toulouse-inseec-projet-de-groupe.jpg?resize=330,248 330w, https:\/\/www.inseec.com\/wp-content\/uploads\/sites\/32\/2025\/11\/campus-slider-vr-campus-toulouse-inseec-projet-de-groupe.jpg?resize=529,399 529w, https:\/\/www.inseec.com\/wp-content\/uploads\/sites\/32\/2025\/11\/campus-slider-vr-campus-toulouse-inseec-projet-de-groupe.jpg?resize=53,40 53w, https:\/\/www.inseec.com\/wp-content\/uploads\/sites\/32\/2025\/11\/campus-slider-vr-campus-toulouse-inseec-projet-de-groupe.jpg?resize=106,80 106w, https:\/\/www.inseec.com\/wp-content\/uploads\/sites\/32\/2025\/11\/campus-slider-vr-campus-toulouse-inseec-projet-de-groupe.jpg?resize=212,160 212w, https:\/\/www.inseec.com\/wp-content\/uploads\/sites\/32\/2025\/11\/campus-slider-vr-campus-toulouse-inseec-projet-de-groupe.jpg?resize=66,50 66w, https:\/\/www.inseec.com\/wp-content\/uploads\/sites\/32\/2025\/11\/campus-slider-vr-campus-toulouse-inseec-projet-de-groupe.jpg?resize=133,100 133w, https:\/\/www.inseec.com\/wp-content\/uploads\/sites\/32\/2025\/11\/campus-slider-vr-campus-toulouse-inseec-projet-de-groupe.jpg?resize=24,18 24w, https:\/\/www.inseec.com\/wp-content\/uploads\/sites\/32\/2025\/11\/campus-slider-vr-campus-toulouse-inseec-projet-de-groupe.jpg?resize=48,36 48w, https:\/\/www.inseec.com\/wp-content\/uploads\/sites\/32\/2025\/11\/campus-slider-vr-campus-toulouse-inseec-projet-de-groupe.jpg?resize=40,30 40w, https:\/\/www.inseec.com\/wp-content\/uploads\/sites\/32\/2025\/11\/campus-slider-vr-campus-toulouse-inseec-projet-de-groupe.jpg?resize=80,60 80w\" sizes=\"auto, (max-width: 1058px) 100vw, 1058px\" \/><\/figure><figure><img loading=\"lazy\" decoding=\"async\" width=\"1058\" height=\"798\" src=\"https:\/\/www.inseec.com\/wp-content\/uploads\/sites\/32\/2025\/11\/campus-slider-vr-campus-toulouse-inseec-etudiants-amphitheatre.jpg?w=1058\" class=\"\" alt=\"\u00c9tudiants dans un amphith\u00e9\u00e2tre du campus de Toulouse de l\u2019\u00e9cole de commerce INSEEC\" data-location=\"\" srcset=\"https:\/\/www.inseec.com\/wp-content\/uploads\/sites\/32\/2025\/11\/campus-slider-vr-campus-toulouse-inseec-etudiants-amphitheatre.jpg 1058w, https:\/\/www.inseec.com\/wp-content\/uploads\/sites\/32\/2025\/11\/campus-slider-vr-campus-toulouse-inseec-etudiants-amphitheatre.jpg?resize=300,226 300w, https:\/\/www.inseec.com\/wp-content\/uploads\/sites\/32\/2025\/11\/campus-slider-vr-campus-toulouse-inseec-etudiants-amphitheatre.jpg?resize=768,579 768w, https:\/\/www.inseec.com\/wp-content\/uploads\/sites\/32\/2025\/11\/campus-slider-vr-campus-toulouse-inseec-etudiants-amphitheatre.jpg?resize=220,165 220w, https:\/\/www.inseec.com\/wp-content\/uploads\/sites\/32\/2025\/11\/campus-slider-vr-campus-toulouse-inseec-etudiants-amphitheatre.jpg?resize=240,180 240w, https:\/\/www.inseec.com\/wp-content\/uploads\/sites\/32\/2025\/11\/campus-slider-vr-campus-toulouse-inseec-etudiants-amphitheatre.jpg?resize=282,212 282w, https:\/\/www.inseec.com\/wp-content\/uploads\/sites\/32\/2025\/11\/campus-slider-vr-campus-toulouse-inseec-etudiants-amphitheatre.jpg?resize=564,424 564w, https:\/\/www.inseec.com\/wp-content\/uploads\/sites\/32\/2025\/11\/campus-slider-vr-campus-toulouse-inseec-etudiants-amphitheatre.jpg?resize=330,248 330w, https:\/\/www.inseec.com\/wp-content\/uploads\/sites\/32\/2025\/11\/campus-slider-vr-campus-toulouse-inseec-etudiants-amphitheatre.jpg?resize=529,399 529w, https:\/\/www.inseec.com\/wp-content\/uploads\/sites\/32\/2025\/11\/campus-slider-vr-campus-toulouse-inseec-etudiants-amphitheatre.jpg?resize=53,40 53w, https:\/\/www.inseec.com\/wp-content\/uploads\/sites\/32\/2025\/11\/campus-slider-vr-campus-toulouse-inseec-etudiants-amphitheatre.jpg?resize=106,80 106w, https:\/\/www.inseec.com\/wp-content\/uploads\/sites\/32\/2025\/11\/campus-slider-vr-campus-toulouse-inseec-etudiants-amphitheatre.jpg?resize=212,160 212w, https:\/\/www.inseec.com\/wp-content\/uploads\/sites\/32\/2025\/11\/campus-slider-vr-campus-toulouse-inseec-etudiants-amphitheatre.jpg?resize=66,50 66w, https:\/\/www.inseec.com\/wp-content\/uploads\/sites\/32\/2025\/11\/campus-slider-vr-campus-toulouse-inseec-etudiants-amphitheatre.jpg?resize=133,100 133w, https:\/\/www.inseec.com\/wp-content\/uploads\/sites\/32\/2025\/11\/campus-slider-vr-campus-toulouse-inseec-etudiants-amphitheatre.jpg?resize=24,18 24w, https:\/\/www.inseec.com\/wp-content\/uploads\/sites\/32\/2025\/11\/campus-slider-vr-campus-toulouse-inseec-etudiants-amphitheatre.jpg?resize=48,36 48w, https:\/\/www.inseec.com\/wp-content\/uploads\/sites\/32\/2025\/11\/campus-slider-vr-campus-toulouse-inseec-etudiants-amphitheatre.jpg?resize=40,30 40w, https:\/\/www.inseec.com\/wp-content\/uploads\/sites\/32\/2025\/11\/campus-slider-vr-campus-toulouse-inseec-etudiants-amphitheatre.jpg?resize=80,60 80w\" sizes=\"auto, (max-width: 1058px) 100vw, 1058px\" \/><\/figure>\t\t<\/figure>\n\t\t\t<div class=\"block__content\">\n\t\t<h2 class=\"block__eyebrow is-style-heading-default-eyebrow has-on-surface-subtle-color\">Campus de Toulouse<\/h2><p class=\"block__title is-style-plain-emphasis-xl\">Apprenez dans la Ville Rose<\/p><p class=\"block__excerpt\">\u00c9tudiez dans un campus moderne et lumineux, proche du centre et du dynamisme \u00e9conomique toulousain.<\/p>\t\t<div class=\"block__buttons wp-block-buttons\">\n\t\t\t<div class=\"wp-block-button is-style-outline-md\"><a title=\"D\u00e9couvrir le campus de Toulouse\" href=\"https:\/\/www.inseec.com\/campus\/ecole-de-commerce-toulouse\/\" class=\"wp-block-button__link\">D\u00e9couvrir<\/a><\/div><div class=\"wp-block-button is-style-default\"><a title=\"Portes Ouvertes du campus de Toulouse\" href=\"https:\/\/www.inseec.com\/evenement\/\" class=\"wp-block-button__link\">Portes Ouvertes<\/a><\/div>\t\t<\/div>\n\t<\/div>\n<\/article>\n<\/div><\/div>\n\n\n\n<div role=\"tabpanel\" tabindex=\"0\" class=\"wp-block-blockparty-tabs-panel-item\" id=\"block-panel-2-5\" aria-labelledby=\"block-tab-2-5\"><div class=\"wp-block-blockparty-tabs-panel-item__inner\"><article class=\"campus block block--campus block--campus-vertical align wp-block-omnes-ds-campus\">\n\t\t\t<figure class=\"block__gallery\">\n\t\t\t<figure><img loading=\"lazy\" decoding=\"async\" width=\"660\" height=\"882\" src=\"https:\/\/www.inseec.com\/wp-content\/uploads\/sites\/32\/2025\/11\/campus-chambery-inseec-ville-horloge.jpg?w=660\" class=\"\" alt=\"Photo de l\u2019horloge dans le centre-ville de Chamb\u00e9ry\" data-location=\"\" srcset=\"https:\/\/www.inseec.com\/wp-content\/uploads\/sites\/32\/2025\/11\/campus-chambery-inseec-ville-horloge.jpg 660w, https:\/\/www.inseec.com\/wp-content\/uploads\/sites\/32\/2025\/11\/campus-chambery-inseec-ville-horloge.jpg?resize=224,300 224w, https:\/\/www.inseec.com\/wp-content\/uploads\/sites\/32\/2025\/11\/campus-chambery-inseec-ville-horloge.jpg?resize=180,240 180w, https:\/\/www.inseec.com\/wp-content\/uploads\/sites\/32\/2025\/11\/campus-chambery-inseec-ville-horloge.jpg?resize=360,480 360w, https:\/\/www.inseec.com\/wp-content\/uploads\/sites\/32\/2025\/11\/campus-chambery-inseec-ville-horloge.jpg?resize=218,291 218w, https:\/\/www.inseec.com\/wp-content\/uploads\/sites\/32\/2025\/11\/campus-chambery-inseec-ville-horloge.jpg?resize=436,582 436w, https:\/\/www.inseec.com\/wp-content\/uploads\/sites\/32\/2025\/11\/campus-chambery-inseec-ville-horloge.jpg?resize=225,300 225w, https:\/\/www.inseec.com\/wp-content\/uploads\/sites\/32\/2025\/11\/campus-chambery-inseec-ville-horloge.jpg?resize=450,600 450w, https:\/\/www.inseec.com\/wp-content\/uploads\/sites\/32\/2025\/11\/campus-chambery-inseec-ville-horloge.jpg?resize=240,320 240w, https:\/\/www.inseec.com\/wp-content\/uploads\/sites\/32\/2025\/11\/campus-chambery-inseec-ville-horloge.jpg?resize=480,640 480w, https:\/\/www.inseec.com\/wp-content\/uploads\/sites\/32\/2025\/11\/campus-chambery-inseec-ville-horloge.jpg?resize=330,440 330w, https:\/\/www.inseec.com\/wp-content\/uploads\/sites\/32\/2025\/11\/campus-chambery-inseec-ville-horloge.jpg?resize=30,40 30w, https:\/\/www.inseec.com\/wp-content\/uploads\/sites\/32\/2025\/11\/campus-chambery-inseec-ville-horloge.jpg?resize=60,80 60w, https:\/\/www.inseec.com\/wp-content\/uploads\/sites\/32\/2025\/11\/campus-chambery-inseec-ville-horloge.jpg?resize=120,160 120w, https:\/\/www.inseec.com\/wp-content\/uploads\/sites\/32\/2025\/11\/campus-chambery-inseec-ville-horloge.jpg?resize=37,50 37w, https:\/\/www.inseec.com\/wp-content\/uploads\/sites\/32\/2025\/11\/campus-chambery-inseec-ville-horloge.jpg?resize=75,100 75w, https:\/\/www.inseec.com\/wp-content\/uploads\/sites\/32\/2025\/11\/campus-chambery-inseec-ville-horloge.jpg?resize=18,24 18w, https:\/\/www.inseec.com\/wp-content\/uploads\/sites\/32\/2025\/11\/campus-chambery-inseec-ville-horloge.jpg?resize=36,48 36w\" sizes=\"auto, (max-width: 660px) 100vw, 660px\" \/><\/figure><figure><img loading=\"lazy\" decoding=\"async\" width=\"1058\" height=\"798\" src=\"https:\/\/www.inseec.com\/wp-content\/uploads\/sites\/32\/2025\/11\/campus-slider-vr-campus-chambery-inseec-exterieur.jpg?w=1058\" class=\"\" alt=\"Photo de l\u2019entr\u00e9e du campus de Chamb\u00e9ry de l\u2019\u00e9cole de commerce INSEEC pr\u00e8s du Lac du Bourget\" data-location=\"\" srcset=\"https:\/\/www.inseec.com\/wp-content\/uploads\/sites\/32\/2025\/11\/campus-slider-vr-campus-chambery-inseec-exterieur.jpg 1058w, https:\/\/www.inseec.com\/wp-content\/uploads\/sites\/32\/2025\/11\/campus-slider-vr-campus-chambery-inseec-exterieur.jpg?resize=300,226 300w, https:\/\/www.inseec.com\/wp-content\/uploads\/sites\/32\/2025\/11\/campus-slider-vr-campus-chambery-inseec-exterieur.jpg?resize=768,579 768w, https:\/\/www.inseec.com\/wp-content\/uploads\/sites\/32\/2025\/11\/campus-slider-vr-campus-chambery-inseec-exterieur.jpg?resize=220,165 220w, https:\/\/www.inseec.com\/wp-content\/uploads\/sites\/32\/2025\/11\/campus-slider-vr-campus-chambery-inseec-exterieur.jpg?resize=240,180 240w, https:\/\/www.inseec.com\/wp-content\/uploads\/sites\/32\/2025\/11\/campus-slider-vr-campus-chambery-inseec-exterieur.jpg?resize=282,212 282w, https:\/\/www.inseec.com\/wp-content\/uploads\/sites\/32\/2025\/11\/campus-slider-vr-campus-chambery-inseec-exterieur.jpg?resize=564,424 564w, https:\/\/www.inseec.com\/wp-content\/uploads\/sites\/32\/2025\/11\/campus-slider-vr-campus-chambery-inseec-exterieur.jpg?resize=330,248 330w, https:\/\/www.inseec.com\/wp-content\/uploads\/sites\/32\/2025\/11\/campus-slider-vr-campus-chambery-inseec-exterieur.jpg?resize=529,399 529w, https:\/\/www.inseec.com\/wp-content\/uploads\/sites\/32\/2025\/11\/campus-slider-vr-campus-chambery-inseec-exterieur.jpg?resize=53,40 53w, https:\/\/www.inseec.com\/wp-content\/uploads\/sites\/32\/2025\/11\/campus-slider-vr-campus-chambery-inseec-exterieur.jpg?resize=106,80 106w, https:\/\/www.inseec.com\/wp-content\/uploads\/sites\/32\/2025\/11\/campus-slider-vr-campus-chambery-inseec-exterieur.jpg?resize=212,160 212w, https:\/\/www.inseec.com\/wp-content\/uploads\/sites\/32\/2025\/11\/campus-slider-vr-campus-chambery-inseec-exterieur.jpg?resize=66,50 66w, https:\/\/www.inseec.com\/wp-content\/uploads\/sites\/32\/2025\/11\/campus-slider-vr-campus-chambery-inseec-exterieur.jpg?resize=133,100 133w, https:\/\/www.inseec.com\/wp-content\/uploads\/sites\/32\/2025\/11\/campus-slider-vr-campus-chambery-inseec-exterieur.jpg?resize=24,18 24w, https:\/\/www.inseec.com\/wp-content\/uploads\/sites\/32\/2025\/11\/campus-slider-vr-campus-chambery-inseec-exterieur.jpg?resize=48,36 48w, https:\/\/www.inseec.com\/wp-content\/uploads\/sites\/32\/2025\/11\/campus-slider-vr-campus-chambery-inseec-exterieur.jpg?resize=40,30 40w, https:\/\/www.inseec.com\/wp-content\/uploads\/sites\/32\/2025\/11\/campus-slider-vr-campus-chambery-inseec-exterieur.jpg?resize=80,60 80w\" sizes=\"auto, (max-width: 1058px) 100vw, 1058px\" \/><\/figure><figure><img loading=\"lazy\" decoding=\"async\" width=\"1058\" height=\"798\" src=\"https:\/\/www.inseec.com\/wp-content\/uploads\/sites\/32\/2025\/11\/campus-slider-vr-campus-chambery-inseec-salle-detente.jpg?w=1058\" class=\"\" alt=\"Salle de d\u00e9tente du campus de Chamb\u00e9ry de l\u2019\u00e9cole de commerce INSEEC\" data-location=\"\" srcset=\"https:\/\/www.inseec.com\/wp-content\/uploads\/sites\/32\/2025\/11\/campus-slider-vr-campus-chambery-inseec-salle-detente.jpg 1058w, https:\/\/www.inseec.com\/wp-content\/uploads\/sites\/32\/2025\/11\/campus-slider-vr-campus-chambery-inseec-salle-detente.jpg?resize=300,226 300w, https:\/\/www.inseec.com\/wp-content\/uploads\/sites\/32\/2025\/11\/campus-slider-vr-campus-chambery-inseec-salle-detente.jpg?resize=768,579 768w, https:\/\/www.inseec.com\/wp-content\/uploads\/sites\/32\/2025\/11\/campus-slider-vr-campus-chambery-inseec-salle-detente.jpg?resize=220,165 220w, https:\/\/www.inseec.com\/wp-content\/uploads\/sites\/32\/2025\/11\/campus-slider-vr-campus-chambery-inseec-salle-detente.jpg?resize=240,180 240w, https:\/\/www.inseec.com\/wp-content\/uploads\/sites\/32\/2025\/11\/campus-slider-vr-campus-chambery-inseec-salle-detente.jpg?resize=282,212 282w, https:\/\/www.inseec.com\/wp-content\/uploads\/sites\/32\/2025\/11\/campus-slider-vr-campus-chambery-inseec-salle-detente.jpg?resize=564,424 564w, https:\/\/www.inseec.com\/wp-content\/uploads\/sites\/32\/2025\/11\/campus-slider-vr-campus-chambery-inseec-salle-detente.jpg?resize=330,248 330w, https:\/\/www.inseec.com\/wp-content\/uploads\/sites\/32\/2025\/11\/campus-slider-vr-campus-chambery-inseec-salle-detente.jpg?resize=529,399 529w, https:\/\/www.inseec.com\/wp-content\/uploads\/sites\/32\/2025\/11\/campus-slider-vr-campus-chambery-inseec-salle-detente.jpg?resize=53,40 53w, https:\/\/www.inseec.com\/wp-content\/uploads\/sites\/32\/2025\/11\/campus-slider-vr-campus-chambery-inseec-salle-detente.jpg?resize=106,80 106w, https:\/\/www.inseec.com\/wp-content\/uploads\/sites\/32\/2025\/11\/campus-slider-vr-campus-chambery-inseec-salle-detente.jpg?resize=212,160 212w, https:\/\/www.inseec.com\/wp-content\/uploads\/sites\/32\/2025\/11\/campus-slider-vr-campus-chambery-inseec-salle-detente.jpg?resize=66,50 66w, https:\/\/www.inseec.com\/wp-content\/uploads\/sites\/32\/2025\/11\/campus-slider-vr-campus-chambery-inseec-salle-detente.jpg?resize=133,100 133w, https:\/\/www.inseec.com\/wp-content\/uploads\/sites\/32\/2025\/11\/campus-slider-vr-campus-chambery-inseec-salle-detente.jpg?resize=24,18 24w, https:\/\/www.inseec.com\/wp-content\/uploads\/sites\/32\/2025\/11\/campus-slider-vr-campus-chambery-inseec-salle-detente.jpg?resize=48,36 48w, https:\/\/www.inseec.com\/wp-content\/uploads\/sites\/32\/2025\/11\/campus-slider-vr-campus-chambery-inseec-salle-detente.jpg?resize=40,30 40w, https:\/\/www.inseec.com\/wp-content\/uploads\/sites\/32\/2025\/11\/campus-slider-vr-campus-chambery-inseec-salle-detente.jpg?resize=80,60 80w\" sizes=\"auto, (max-width: 1058px) 100vw, 1058px\" \/><\/figure>\t\t<\/figure>\n\t\t\t<div class=\"block__content\">\n\t\t<h2 class=\"block__eyebrow is-style-heading-default-eyebrow has-on-surface-subtle-color\">Campus de Chamb\u00e9ry<\/h2><p class=\"block__title is-style-plain-emphasis-xl\">\u00c9tudiez entre lac et montagnes<\/p><p class=\"block__excerpt\">\u00c9tudiez entre lac et montagnes dans un campus unique \u00e0 l\u2019am\u00e9ricaine, propice \u00e0 une exp\u00e9rience \u00e9tudiante \u00e9panouissante.<\/p>\t\t<div class=\"block__buttons wp-block-buttons\">\n\t\t\t<div class=\"wp-block-button is-style-outline-md\"><a title=\"D\u00e9couvrir le campus de Chamb\u00e9ry\" href=\"https:\/\/www.inseec.com\/campus\/ecole-de-commerce-chambery\/\" class=\"wp-block-button__link\">D\u00e9couvrir<\/a><\/div><div class=\"wp-block-button is-style-default\"><a title=\"Portes Ouvertes du campus de Chamb\u00e9ry\" href=\"https:\/\/www.inseec.com\/evenement\/?_type_devenement_unique=journee-portes-ouvertes&#038;_event_campus=839\" class=\"wp-block-button__link\">Portes Ouvertes<\/a><\/div>\t\t<\/div>\n\t<\/div>\n<\/article>\n<\/div><\/div>\n\n\n\n<div role=\"tabpanel\" tabindex=\"0\" class=\"wp-block-blockparty-tabs-panel-item\" id=\"block-panel-2-6\" aria-labelledby=\"block-tab-2-6\"><div class=\"wp-block-blockparty-tabs-panel-item__inner\"><article class=\"campus block block--campus block--campus-vertical align wp-block-omnes-ds-campus\">\n\t\t\t<figure class=\"block__gallery\">\n\t\t\t<figure><img loading=\"lazy\" decoding=\"async\" width=\"660\" height=\"882\" src=\"https:\/\/www.inseec.com\/wp-content\/uploads\/sites\/32\/2025\/11\/campus-marseille-inseec-photo-portrait.jpg?w=660\" class=\"\" alt=\"Photo du campus de Marseille de l\u2019\u00e9cole de commerce INSEEC\" data-location=\"\" srcset=\"https:\/\/www.inseec.com\/wp-content\/uploads\/sites\/32\/2025\/11\/campus-marseille-inseec-photo-portrait.jpg 660w, https:\/\/www.inseec.com\/wp-content\/uploads\/sites\/32\/2025\/11\/campus-marseille-inseec-photo-portrait.jpg?resize=224,300 224w, https:\/\/www.inseec.com\/wp-content\/uploads\/sites\/32\/2025\/11\/campus-marseille-inseec-photo-portrait.jpg?resize=180,240 180w, https:\/\/www.inseec.com\/wp-content\/uploads\/sites\/32\/2025\/11\/campus-marseille-inseec-photo-portrait.jpg?resize=360,480 360w, https:\/\/www.inseec.com\/wp-content\/uploads\/sites\/32\/2025\/11\/campus-marseille-inseec-photo-portrait.jpg?resize=218,291 218w, https:\/\/www.inseec.com\/wp-content\/uploads\/sites\/32\/2025\/11\/campus-marseille-inseec-photo-portrait.jpg?resize=436,582 436w, https:\/\/www.inseec.com\/wp-content\/uploads\/sites\/32\/2025\/11\/campus-marseille-inseec-photo-portrait.jpg?resize=225,300 225w, https:\/\/www.inseec.com\/wp-content\/uploads\/sites\/32\/2025\/11\/campus-marseille-inseec-photo-portrait.jpg?resize=450,600 450w, https:\/\/www.inseec.com\/wp-content\/uploads\/sites\/32\/2025\/11\/campus-marseille-inseec-photo-portrait.jpg?resize=240,320 240w, https:\/\/www.inseec.com\/wp-content\/uploads\/sites\/32\/2025\/11\/campus-marseille-inseec-photo-portrait.jpg?resize=480,640 480w, https:\/\/www.inseec.com\/wp-content\/uploads\/sites\/32\/2025\/11\/campus-marseille-inseec-photo-portrait.jpg?resize=330,440 330w, https:\/\/www.inseec.com\/wp-content\/uploads\/sites\/32\/2025\/11\/campus-marseille-inseec-photo-portrait.jpg?resize=30,40 30w, https:\/\/www.inseec.com\/wp-content\/uploads\/sites\/32\/2025\/11\/campus-marseille-inseec-photo-portrait.jpg?resize=60,80 60w, https:\/\/www.inseec.com\/wp-content\/uploads\/sites\/32\/2025\/11\/campus-marseille-inseec-photo-portrait.jpg?resize=120,160 120w, https:\/\/www.inseec.com\/wp-content\/uploads\/sites\/32\/2025\/11\/campus-marseille-inseec-photo-portrait.jpg?resize=37,50 37w, https:\/\/www.inseec.com\/wp-content\/uploads\/sites\/32\/2025\/11\/campus-marseille-inseec-photo-portrait.jpg?resize=75,100 75w, https:\/\/www.inseec.com\/wp-content\/uploads\/sites\/32\/2025\/11\/campus-marseille-inseec-photo-portrait.jpg?resize=18,24 18w, https:\/\/www.inseec.com\/wp-content\/uploads\/sites\/32\/2025\/11\/campus-marseille-inseec-photo-portrait.jpg?resize=36,48 36w\" sizes=\"auto, (max-width: 660px) 100vw, 660px\" \/><\/figure><figure><img loading=\"lazy\" decoding=\"async\" width=\"1058\" height=\"798\" src=\"https:\/\/www.inseec.com\/wp-content\/uploads\/sites\/32\/2025\/11\/campus-slider-vr-campus-marseille-inseec-canapes-detente.jpg?w=1058\" class=\"\" alt=\"\u00c9tudiantes discutant dans des canap\u00e9s dans un coin d\u00e9tente du campus de Marseille de l\u2019\u00e9cole de commerce INSEEC\" data-location=\"\" srcset=\"https:\/\/www.inseec.com\/wp-content\/uploads\/sites\/32\/2025\/11\/campus-slider-vr-campus-marseille-inseec-canapes-detente.jpg 1058w, https:\/\/www.inseec.com\/wp-content\/uploads\/sites\/32\/2025\/11\/campus-slider-vr-campus-marseille-inseec-canapes-detente.jpg?resize=300,226 300w, https:\/\/www.inseec.com\/wp-content\/uploads\/sites\/32\/2025\/11\/campus-slider-vr-campus-marseille-inseec-canapes-detente.jpg?resize=768,579 768w, https:\/\/www.inseec.com\/wp-content\/uploads\/sites\/32\/2025\/11\/campus-slider-vr-campus-marseille-inseec-canapes-detente.jpg?resize=220,165 220w, https:\/\/www.inseec.com\/wp-content\/uploads\/sites\/32\/2025\/11\/campus-slider-vr-campus-marseille-inseec-canapes-detente.jpg?resize=240,180 240w, https:\/\/www.inseec.com\/wp-content\/uploads\/sites\/32\/2025\/11\/campus-slider-vr-campus-marseille-inseec-canapes-detente.jpg?resize=282,212 282w, https:\/\/www.inseec.com\/wp-content\/uploads\/sites\/32\/2025\/11\/campus-slider-vr-campus-marseille-inseec-canapes-detente.jpg?resize=564,424 564w, https:\/\/www.inseec.com\/wp-content\/uploads\/sites\/32\/2025\/11\/campus-slider-vr-campus-marseille-inseec-canapes-detente.jpg?resize=330,248 330w, https:\/\/www.inseec.com\/wp-content\/uploads\/sites\/32\/2025\/11\/campus-slider-vr-campus-marseille-inseec-canapes-detente.jpg?resize=529,399 529w, https:\/\/www.inseec.com\/wp-content\/uploads\/sites\/32\/2025\/11\/campus-slider-vr-campus-marseille-inseec-canapes-detente.jpg?resize=53,40 53w, https:\/\/www.inseec.com\/wp-content\/uploads\/sites\/32\/2025\/11\/campus-slider-vr-campus-marseille-inseec-canapes-detente.jpg?resize=106,80 106w, https:\/\/www.inseec.com\/wp-content\/uploads\/sites\/32\/2025\/11\/campus-slider-vr-campus-marseille-inseec-canapes-detente.jpg?resize=212,160 212w, https:\/\/www.inseec.com\/wp-content\/uploads\/sites\/32\/2025\/11\/campus-slider-vr-campus-marseille-inseec-canapes-detente.jpg?resize=66,50 66w, https:\/\/www.inseec.com\/wp-content\/uploads\/sites\/32\/2025\/11\/campus-slider-vr-campus-marseille-inseec-canapes-detente.jpg?resize=133,100 133w, https:\/\/www.inseec.com\/wp-content\/uploads\/sites\/32\/2025\/11\/campus-slider-vr-campus-marseille-inseec-canapes-detente.jpg?resize=24,18 24w, https:\/\/www.inseec.com\/wp-content\/uploads\/sites\/32\/2025\/11\/campus-slider-vr-campus-marseille-inseec-canapes-detente.jpg?resize=48,36 48w, https:\/\/www.inseec.com\/wp-content\/uploads\/sites\/32\/2025\/11\/campus-slider-vr-campus-marseille-inseec-canapes-detente.jpg?resize=40,30 40w, https:\/\/www.inseec.com\/wp-content\/uploads\/sites\/32\/2025\/11\/campus-slider-vr-campus-marseille-inseec-canapes-detente.jpg?resize=80,60 80w\" sizes=\"auto, (max-width: 1058px) 100vw, 1058px\" \/><\/figure><figure><img loading=\"lazy\" decoding=\"async\" width=\"1058\" height=\"798\" src=\"https:\/\/www.inseec.com\/wp-content\/uploads\/sites\/32\/2025\/11\/campus-slider-vr-campus-marseille-inseec-salle-commune.jpg?w=1058\" class=\"\" alt=\"\u00c9tudiantes discutant dans un salle commune du campus de Marseille de l\u2019\u00e9cole de commerce INSEEC\" data-location=\"\" srcset=\"https:\/\/www.inseec.com\/wp-content\/uploads\/sites\/32\/2025\/11\/campus-slider-vr-campus-marseille-inseec-salle-commune.jpg 1058w, https:\/\/www.inseec.com\/wp-content\/uploads\/sites\/32\/2025\/11\/campus-slider-vr-campus-marseille-inseec-salle-commune.jpg?resize=300,226 300w, https:\/\/www.inseec.com\/wp-content\/uploads\/sites\/32\/2025\/11\/campus-slider-vr-campus-marseille-inseec-salle-commune.jpg?resize=768,579 768w, https:\/\/www.inseec.com\/wp-content\/uploads\/sites\/32\/2025\/11\/campus-slider-vr-campus-marseille-inseec-salle-commune.jpg?resize=220,165 220w, https:\/\/www.inseec.com\/wp-content\/uploads\/sites\/32\/2025\/11\/campus-slider-vr-campus-marseille-inseec-salle-commune.jpg?resize=240,180 240w, https:\/\/www.inseec.com\/wp-content\/uploads\/sites\/32\/2025\/11\/campus-slider-vr-campus-marseille-inseec-salle-commune.jpg?resize=282,212 282w, https:\/\/www.inseec.com\/wp-content\/uploads\/sites\/32\/2025\/11\/campus-slider-vr-campus-marseille-inseec-salle-commune.jpg?resize=564,424 564w, https:\/\/www.inseec.com\/wp-content\/uploads\/sites\/32\/2025\/11\/campus-slider-vr-campus-marseille-inseec-salle-commune.jpg?resize=330,248 330w, https:\/\/www.inseec.com\/wp-content\/uploads\/sites\/32\/2025\/11\/campus-slider-vr-campus-marseille-inseec-salle-commune.jpg?resize=529,399 529w, https:\/\/www.inseec.com\/wp-content\/uploads\/sites\/32\/2025\/11\/campus-slider-vr-campus-marseille-inseec-salle-commune.jpg?resize=53,40 53w, https:\/\/www.inseec.com\/wp-content\/uploads\/sites\/32\/2025\/11\/campus-slider-vr-campus-marseille-inseec-salle-commune.jpg?resize=106,80 106w, https:\/\/www.inseec.com\/wp-content\/uploads\/sites\/32\/2025\/11\/campus-slider-vr-campus-marseille-inseec-salle-commune.jpg?resize=212,160 212w, https:\/\/www.inseec.com\/wp-content\/uploads\/sites\/32\/2025\/11\/campus-slider-vr-campus-marseille-inseec-salle-commune.jpg?resize=66,50 66w, https:\/\/www.inseec.com\/wp-content\/uploads\/sites\/32\/2025\/11\/campus-slider-vr-campus-marseille-inseec-salle-commune.jpg?resize=133,100 133w, https:\/\/www.inseec.com\/wp-content\/uploads\/sites\/32\/2025\/11\/campus-slider-vr-campus-marseille-inseec-salle-commune.jpg?resize=24,18 24w, https:\/\/www.inseec.com\/wp-content\/uploads\/sites\/32\/2025\/11\/campus-slider-vr-campus-marseille-inseec-salle-commune.jpg?resize=48,36 48w, https:\/\/www.inseec.com\/wp-content\/uploads\/sites\/32\/2025\/11\/campus-slider-vr-campus-marseille-inseec-salle-commune.jpg?resize=40,30 40w, https:\/\/www.inseec.com\/wp-content\/uploads\/sites\/32\/2025\/11\/campus-slider-vr-campus-marseille-inseec-salle-commune.jpg?resize=80,60 80w\" sizes=\"auto, (max-width: 1058px) 100vw, 1058px\" \/><\/figure>\t\t<\/figure>\n\t\t\t<div class=\"block__content\">\n\t\t<h2 class=\"block__eyebrow is-style-heading-default-eyebrow has-on-surface-subtle-color\">Campus de Marseille<\/h2><p class=\"block__title is-style-plain-emphasis-xl\">Profitez d\u2019un campus neuf en M\u00e9diterran\u00e9e<\/p><p class=\"block__excerpt\">D\u00e9couvrez un campus flambant neuf au c\u0153ur de Marseille, ville m\u00e9diterran\u00e9enne \u00e9nergique et pleine de contrastes.<\/p>\t\t<div class=\"block__buttons wp-block-buttons\">\n\t\t\t<div class=\"wp-block-button is-style-outline-md\"><a title=\"D\u00e9couvrir le campus de Marseille\" href=\"https:\/\/www.inseec.com\/campus\/ecole-de-commerce-marseille\/\" class=\"wp-block-button__link\">D\u00e9couvrir<\/a><\/div><div class=\"wp-block-button is-style-default\"><a title=\"Portes Ouvertes du campus de Marseille\" href=\"https:\/\/www.inseec.com\/evenement\/?_event_campus=843&#038;_type_devenement_unique=journee-portes-ouvertes\" class=\"wp-block-button__link\">Portes Ouvertes<\/a><\/div>\t\t<\/div>\n\t<\/div>\n<\/article>\n<\/div><\/div>\n<\/section>\n<\/div>\n<\/div>\n<\/section>\n\n\n\n<div class=\"wp-block-group alignfull wp-pattern wp-pattern-specialisations-slider has-inverse-variant-background-color has-background has-global-padding is-layout-constrained wp-container-core-group-is-layout-02609ccb wp-block-group-is-layout-constrained has-block-anchor\" style=\"border-radius:0px;margin-top:0;margin-bottom:0;padding-top:var(--wp--preset--spacing--6-xl);padding-right:var(--wp--preset--spacing--padding-x-section);padding-bottom:var(--wp--preset--spacing--6-xl);padding-left:var(--wp--preset--spacing--padding-x-section)\">\n<div class=\"wp-block-group alignwide wp-pattern__inner is-layout-flow wp-container-core-group-is-layout-3fccdef8 wp-block-group-is-layout-flow has-block-anchor\">\n<div class=\"wp-block-group wp-pattern__header is-vertical is-layout-flex wp-container-core-group-is-layout-b80b8bd4 wp-block-group-is-layout-flex has-block-anchor\">\n<div class=\"wp-block-group is-vertical is-layout-flex wp-container-core-group-is-layout-bd7877ba wp-block-group-is-layout-flex has-block-anchor\">\n<p class=\"is-style-heading-default-eyebrow has-inverse-on-surface-subtle-color has-text-color has-link-color wp-elements-dd63a51d32106d43b23411e561a18948\">L\u2019offre de formation la plus compl\u00e8te<\/p>\n\n\n\n<h2 class=\"wp-block-heading is-style-heading-emphasis-h2 has-inverse-on-surface-color has-text-color has-link-color wp-elements-563fa7a9d4d45683c0a1fb8b15eea886\" id=\"les-domaines-dexpertise\">Les domaines d\u2019expertise<\/h2>\n<\/div>\n\n\n\n<p class=\"is-style-plain-default-md has-inverse-on-surface-subtle-color has-text-color has-link-color wp-elements-f8c79945573a588e813404360d26905a\">Explorez les sp\u00e9cialisations qui fa\u00e7onnent les experts de demain, entre cr\u00e9ativit\u00e9, strat\u00e9gie et innovation.<\/p>\n<\/div>\n\n\n<div class=\"block block--content-picking wp-block-beapi-dynamic-block\" data-type=\"dynamic\" data-layout=\"slider-specialisation\" data-post-type=\"document\">\n\t\t\t<div class=\"block--content-picking__document-specialisation-slider\">\n\t\n\t<div class=\"block--content-picking__content swiper embla swiper-overflow-visible\">\n\t\t<div class=\"embla__viewport\">\n\t\t\t<div class=\"embla__container\" id=\"embla__container-1\">\n\t\t\t\t<div class=\"embla__slide\"><article class=\"crd crd--document-specialisation-secondary\" data-seo-container>\n\t<div class=\"crd__image\"><img decoding=\"async\" width=\"330\" height=\"279\" src=\"https:\/\/www.inseec.com\/wp-content\/uploads\/sites\/32\/2025\/12\/specialisation-vin-inseec-bachelor.jpg?w=330&#038;h=279&#038;crop=1\" class=\"\" alt=\"Image d\u2019illustration de la sp\u00e9cialisation Vin de l\u2019INSEEC Bachelor de l\u2019\u00e9cole de commerce INSEEC\" data-location=\"\" loading=\"lazy\" \/><\/div><h3 class=\"crd__title is-style-plain-emphasis-xl\"><a href=\"https:\/\/www.inseec.com\/bachelor\/bachelor-vin\/\" data-seo-target=\"\" class=\"crd__link has-inverse-on-surface-color\">Bachelor Vin<\/a><\/h3><p class=\"crd__excerpt is-style-plain-default-sm has-inverse-on-surface-color\">Le Bachelor Vin de l\u2019INSEEC forme des experts du secteur, pr\u00eats \u00e0 \u00e9voluer dans les bassins viticoles majeurs, de Bordeaux \u00e0 Beaune, de Paris \u00e0 Lyon.<\/p>\n\t<div class=\"crd__button has-inverse-surface-color\">\n\t\t<svg class=\"icon icon-arrow-up-right\" aria-hidden=\"true\" focusable=\"false\"><use href=\"https:\/\/www.inseec.com\/wp-content\/themes\/omnes-design-system\/dist\/icons\/sprite.svg#icon-arrow-up-right\"><\/use><\/svg>\t<\/div>\n<\/article><\/div><div class=\"embla__slide\"><article class=\"crd crd--document-specialisation-secondary\" data-seo-container>\n\t<div class=\"crd__image\"><img decoding=\"async\" width=\"330\" height=\"279\" src=\"https:\/\/www.inseec.com\/wp-content\/uploads\/sites\/32\/2025\/12\/specialisation-sport-inseec-bachelor.jpg?w=330&#038;h=279&#038;crop=1\" class=\"\" alt=\"Image d\u2019illustration de la sp\u00e9cialisation Sport de l\u2019INSEEC Bachelor de l\u2019\u00e9cole de commerce INSEEC\" data-location=\"\" loading=\"lazy\" \/><\/div><h3 class=\"crd__title is-style-plain-emphasis-xl\"><a href=\"https:\/\/www.inseec.com\/bachelor\/bachelor-sport\/\" data-seo-target=\"\" class=\"crd__link has-inverse-on-surface-color\">Bachelor Sport<\/a><\/h3><p class=\"crd__excerpt is-style-plain-default-sm has-inverse-on-surface-color\">Le Bachelor Sport de l\u2019INSEEC pr\u00e9pare des experts capables de g\u00e9rer projets et \u00e9v\u00e9nements sportifs, de Paris \u00e0 Lyon en passant par Bordeaux.<\/p>\n\t<div class=\"crd__button has-inverse-surface-color\">\n\t\t<svg class=\"icon icon-arrow-up-right\" aria-hidden=\"true\" focusable=\"false\"><use href=\"https:\/\/www.inseec.com\/wp-content\/themes\/omnes-design-system\/dist\/icons\/sprite.svg#icon-arrow-up-right\"><\/use><\/svg>\t<\/div>\n<\/article><\/div><div class=\"embla__slide\"><article class=\"crd crd--document-specialisation-secondary\" data-seo-container>\n\t<div class=\"crd__image\"><img decoding=\"async\" width=\"330\" height=\"279\" src=\"https:\/\/www.inseec.com\/wp-content\/uploads\/sites\/32\/2025\/12\/specialisation-ressources-humaines-inseec-bachelor.jpg?w=330&#038;h=279&#038;crop=1\" class=\"\" alt=\"Image d\u2019illustration de la sp\u00e9cialisation Ressources Humaines de l\u2019INSEEC Bachelor de l\u2019\u00e9cole de commerce INSEEC\" data-location=\"\" loading=\"lazy\" \/><\/div><h3 class=\"crd__title is-style-plain-emphasis-xl\"><a href=\"https:\/\/www.inseec.com\/bachelor\/bachelor-rh\/\" data-seo-target=\"\" class=\"crd__link has-inverse-on-surface-color\">Bachelor Ressources Humaines<\/a><\/h3><p class=\"crd__excerpt is-style-plain-default-sm has-inverse-on-surface-color\">Le Bachelor Ressources Humaines de l\u2019INSEEC forme des experts du d\u00e9veloppement humain, pr\u00eats \u00e0 accompagner talents et organisations \u00e0 Paris, Lyon ou Bordeaux.<\/p>\n\t<div class=\"crd__button has-inverse-surface-color\">\n\t\t<svg class=\"icon icon-arrow-up-right\" aria-hidden=\"true\" focusable=\"false\"><use href=\"https:\/\/www.inseec.com\/wp-content\/themes\/omnes-design-system\/dist\/icons\/sprite.svg#icon-arrow-up-right\"><\/use><\/svg>\t<\/div>\n<\/article><\/div><div class=\"embla__slide\"><article class=\"crd crd--document-specialisation-secondary\" data-seo-container>\n\t<div class=\"crd__image\"><img decoding=\"async\" width=\"330\" height=\"279\" src=\"https:\/\/www.inseec.com\/wp-content\/uploads\/sites\/32\/2025\/12\/specialisation-marketing-inseec-bachelor.jpg?w=330&#038;h=279&#038;crop=1\" class=\"\" alt=\"\" data-location=\"\" loading=\"lazy\" \/><\/div><h3 class=\"crd__title is-style-plain-emphasis-xl\"><a href=\"https:\/\/www.inseec.com\/bachelor\/bachelor-marketing\/\" data-seo-target=\"\" class=\"crd__link has-inverse-on-surface-color\">Bachelor Marketing<\/a><\/h3><p class=\"crd__excerpt is-style-plain-default-sm has-inverse-on-surface-color\">Le Bachelor Marketing de l\u2019INSEEC forme des professionnels agiles, capables de cr\u00e9er et de piloter des strat\u00e9gies, de Paris \u00e0 Bordeaux en passant par Lyon.<\/p>\n\t<div class=\"crd__button has-inverse-surface-color\">\n\t\t<svg class=\"icon icon-arrow-up-right\" aria-hidden=\"true\" focusable=\"false\"><use href=\"https:\/\/www.inseec.com\/wp-content\/themes\/omnes-design-system\/dist\/icons\/sprite.svg#icon-arrow-up-right\"><\/use><\/svg>\t<\/div>\n<\/article><\/div><div class=\"embla__slide\"><article class=\"crd crd--document-specialisation-secondary\" data-seo-container>\n\t<div class=\"crd__image\"><img decoding=\"async\" width=\"330\" height=\"279\" src=\"https:\/\/www.inseec.com\/wp-content\/uploads\/sites\/32\/2025\/12\/specialisation-luxe-inseec-bachelor.jpg?w=330&#038;h=279&#038;crop=1\" class=\"\" alt=\"Image d\u2019illustration de la sp\u00e9cialisation Luxe de l\u2019INSEEC Bachelor de l\u2019\u00e9cole de commerce INSEEC\" data-location=\"\" loading=\"lazy\" \/><\/div><h3 class=\"crd__title is-style-plain-emphasis-xl\"><a href=\"https:\/\/www.inseec.com\/bachelor\/bachelor-luxe\/\" data-seo-target=\"\" class=\"crd__link has-inverse-on-surface-color\">Bachelor Luxe<\/a><\/h3><p class=\"crd__excerpt is-style-plain-default-sm has-inverse-on-surface-color\">Les Bachelors Luxe de l\u2019INSEEC pr\u00e9parent des talents recherch\u00e9s par les maisons de luxe, form\u00e9s sur nos campus de Paris, Lyon, Bordeaux et Marseille.<\/p>\n\t<div class=\"crd__button has-inverse-surface-color\">\n\t\t<svg class=\"icon icon-arrow-up-right\" aria-hidden=\"true\" focusable=\"false\"><use href=\"https:\/\/www.inseec.com\/wp-content\/themes\/omnes-design-system\/dist\/icons\/sprite.svg#icon-arrow-up-right\"><\/use><\/svg>\t<\/div>\n<\/article><\/div><div class=\"embla__slide\"><article class=\"crd crd--document-specialisation-secondary\" data-seo-container>\n\t<div class=\"crd__image\"><img decoding=\"async\" width=\"330\" height=\"279\" src=\"https:\/\/www.inseec.com\/wp-content\/uploads\/sites\/32\/2025\/12\/specialisation-international-inseec-bachelor.jpg?w=330&#038;h=279&#038;crop=1\" class=\"\" alt=\"Image d\u2019illustration de la sp\u00e9cialisation International de l\u2019INSEEC Bachelor de l\u2019\u00e9cole de commerce INSEEC\" data-location=\"\" loading=\"lazy\" \/><\/div><h3 class=\"crd__title is-style-plain-emphasis-xl\"><a href=\"https:\/\/www.inseec.com\/bachelor\/bachelor-international\/\" data-seo-target=\"\" class=\"crd__link has-inverse-on-surface-color\">Bachelor International<\/a><\/h3><p class=\"crd__excerpt is-style-plain-default-sm has-inverse-on-surface-color\">Les Bachelors International de l\u2019INSEEC pr\u00e9parent des professionnels ouverts au monde, capables d\u2019\u00e9voluer dans les grands p\u00f4les \u00e9conomiques fran\u00e7ais, de Paris \u00e0 Marseille en passant par Lyon et Bordeaux.<\/p>\n\t<div class=\"crd__button has-inverse-surface-color\">\n\t\t<svg class=\"icon icon-arrow-up-right\" aria-hidden=\"true\" focusable=\"false\"><use href=\"https:\/\/www.inseec.com\/wp-content\/themes\/omnes-design-system\/dist\/icons\/sprite.svg#icon-arrow-up-right\"><\/use><\/svg>\t<\/div>\n<\/article><\/div><div class=\"embla__slide\"><article class=\"crd crd--document-specialisation-secondary\" data-seo-container>\n\t<div class=\"crd__image\"><img decoding=\"async\" width=\"330\" height=\"279\" src=\"https:\/\/www.inseec.com\/wp-content\/uploads\/sites\/32\/2025\/12\/specialisation-finance-inseec-bachelor.jpg?w=330&#038;h=279&#038;crop=1\" class=\"\" alt=\"\" data-location=\"\" loading=\"lazy\" \/><\/div><h3 class=\"crd__title is-style-plain-emphasis-xl\"><a href=\"https:\/\/www.inseec.com\/bachelor\/bachelor-finance\/\" data-seo-target=\"\" class=\"crd__link has-inverse-on-surface-color\">Bachelor Finance<\/a><\/h3><p class=\"crd__excerpt is-style-plain-default-sm has-inverse-on-surface-color\">Les Bachelors Finance de l\u2019INSEEC forment des professionnels recherch\u00e9s, capables d\u2019\u00e9voluer dans les grands p\u00f4les \u00e9conomiques fran\u00e7ais, de Paris \u00e0 Lyon en passant par Bordeaux.<\/p>\n\t<div class=\"crd__button has-inverse-surface-color\">\n\t\t<svg class=\"icon icon-arrow-up-right\" aria-hidden=\"true\" focusable=\"false\"><use href=\"https:\/\/www.inseec.com\/wp-content\/themes\/omnes-design-system\/dist\/icons\/sprite.svg#icon-arrow-up-right\"><\/use><\/svg>\t<\/div>\n<\/article><\/div><div class=\"embla__slide\"><article class=\"crd crd--document-specialisation-secondary\" data-seo-container>\n\t<div class=\"crd__image\"><img decoding=\"async\" width=\"330\" height=\"186\" src=\"https:\/\/www.inseec.com\/wp-content\/uploads\/sites\/32\/2025\/12\/specialisation-immobilier-inseec-bachelor.jpg?w=330&#038;h=186&#038;crop=1\" class=\"\" alt=\"Image d\u2019illustration de la sp\u00e9cialisation Immobilier de l\u2019INSEEC Bachelor de l\u2019\u00e9cole de commerce INSEEC\" data-location=\"\" loading=\"lazy\" srcset=\"https:\/\/www.inseec.com\/wp-content\/uploads\/sites\/32\/2025\/12\/specialisation-immobilier-inseec-bachelor.jpg 330w, https:\/\/www.inseec.com\/wp-content\/uploads\/sites\/32\/2025\/12\/specialisation-immobilier-inseec-bachelor.jpg?resize=300,169 300w, https:\/\/www.inseec.com\/wp-content\/uploads\/sites\/32\/2025\/12\/specialisation-immobilier-inseec-bachelor.jpg?resize=260,146 260w, https:\/\/www.inseec.com\/wp-content\/uploads\/sites\/32\/2025\/12\/specialisation-immobilier-inseec-bachelor.jpg?resize=71,40 71w, https:\/\/www.inseec.com\/wp-content\/uploads\/sites\/32\/2025\/12\/specialisation-immobilier-inseec-bachelor.jpg?resize=142,80 142w, https:\/\/www.inseec.com\/wp-content\/uploads\/sites\/32\/2025\/12\/specialisation-immobilier-inseec-bachelor.jpg?resize=284,160 284w, https:\/\/www.inseec.com\/wp-content\/uploads\/sites\/32\/2025\/12\/specialisation-immobilier-inseec-bachelor.jpg?resize=89,50 89w, https:\/\/www.inseec.com\/wp-content\/uploads\/sites\/32\/2025\/12\/specialisation-immobilier-inseec-bachelor.jpg?resize=177,100 177w, https:\/\/www.inseec.com\/wp-content\/uploads\/sites\/32\/2025\/12\/specialisation-immobilier-inseec-bachelor.jpg?resize=24,14 24w, https:\/\/www.inseec.com\/wp-content\/uploads\/sites\/32\/2025\/12\/specialisation-immobilier-inseec-bachelor.jpg?resize=48,27 48w, https:\/\/www.inseec.com\/wp-content\/uploads\/sites\/32\/2025\/12\/specialisation-immobilier-inseec-bachelor.jpg?resize=40,23 40w, https:\/\/www.inseec.com\/wp-content\/uploads\/sites\/32\/2025\/12\/specialisation-immobilier-inseec-bachelor.jpg?resize=80,45 80w\" sizes=\"auto, (max-width: 330px) 100vw, 330px\" \/><\/div><h3 class=\"crd__title is-style-plain-emphasis-xl\"><a href=\"https:\/\/www.inseec.com\/bachelor\/bachelor-immobilier\/\" data-seo-target=\"\" class=\"crd__link has-inverse-on-surface-color\">Bachelor Immobilier<\/a><\/h3><p class=\"crd__excerpt is-style-plain-default-sm has-inverse-on-surface-color\">Les Bachelors Immobilier de l\u2019INSEEC ouvrent la voie \u00e0 des carri\u00e8res solides dans un secteur porteur, accessibles depuis Bordeaux, Paris, Lyon et Marseille.<\/p>\n\t<div class=\"crd__button has-inverse-surface-color\">\n\t\t<svg class=\"icon icon-arrow-up-right\" aria-hidden=\"true\" focusable=\"false\"><use href=\"https:\/\/www.inseec.com\/wp-content\/themes\/omnes-design-system\/dist\/icons\/sprite.svg#icon-arrow-up-right\"><\/use><\/svg>\t<\/div>\n<\/article><\/div><div class=\"embla__slide\"><article class=\"crd crd--document-specialisation-secondary\" data-seo-container>\n\t<div class=\"crd__image\"><img decoding=\"async\" width=\"330\" height=\"279\" src=\"https:\/\/www.inseec.com\/wp-content\/uploads\/sites\/32\/2025\/12\/specialisation-digital-inseec-bachelor.jpg?w=330&#038;h=279&#038;crop=1\" class=\"\" alt=\"Image d\u2019illustration de la sp\u00e9cialisation Digital de l\u2019INSEEC Bachelor de l\u2019\u00e9cole de commerce INSEEC\" data-location=\"\" loading=\"lazy\" \/><\/div><h3 class=\"crd__title is-style-plain-emphasis-xl\"><a href=\"https:\/\/www.inseec.com\/bachelor\/bachelor-digital\/\" data-seo-target=\"\" class=\"crd__link has-inverse-on-surface-color\">Bachelor Digital<\/a><\/h3><p class=\"crd__excerpt is-style-plain-default-sm has-inverse-on-surface-color\">Les Bachelors en Digital de l\u2019INSEEC ouvrent la voie \u00e0 des carri\u00e8res solides dans le num\u00e9rique, avec des opportunit\u00e9s dans les grandes villes comme Paris, Lyon ou Marseille.<\/p>\n\t<div class=\"crd__button has-inverse-surface-color\">\n\t\t<svg class=\"icon icon-arrow-up-right\" aria-hidden=\"true\" focusable=\"false\"><use href=\"https:\/\/www.inseec.com\/wp-content\/themes\/omnes-design-system\/dist\/icons\/sprite.svg#icon-arrow-up-right\"><\/use><\/svg>\t<\/div>\n<\/article><\/div><div class=\"embla__slide\"><article class=\"crd crd--document-specialisation-secondary\" data-seo-container>\n\t<div class=\"crd__image\"><img decoding=\"async\" width=\"330\" height=\"279\" src=\"https:\/\/www.inseec.com\/wp-content\/uploads\/sites\/32\/2025\/12\/specialisation-communication-inseec-bachelor.jpg?w=330&#038;h=279&#038;crop=1\" class=\"\" alt=\"\" data-location=\"\" loading=\"lazy\" \/><\/div><h3 class=\"crd__title is-style-plain-emphasis-xl\"><a href=\"https:\/\/www.inseec.com\/bachelor\/bachelor-communication\/\" data-seo-target=\"\" class=\"crd__link has-inverse-on-surface-color\">Bachelor Communication<\/a><\/h3><p class=\"crd__excerpt is-style-plain-default-sm has-inverse-on-surface-color\">Le Bachelor Communication de l\u2019INSEEC pr\u00e9pare des professionnels agiles, pr\u00eats \u00e0 \u00e9voluer dans les grands p\u00f4les \u00e9tudiants et \u00e9conomiques de Paris, Lyon, Bordeaux ou Marseille.<\/p>\n\t<div class=\"crd__button has-inverse-surface-color\">\n\t\t<svg class=\"icon icon-arrow-up-right\" aria-hidden=\"true\" focusable=\"false\"><use href=\"https:\/\/www.inseec.com\/wp-content\/themes\/omnes-design-system\/dist\/icons\/sprite.svg#icon-arrow-up-right\"><\/use><\/svg>\t<\/div>\n<\/article><\/div><div class=\"embla__slide\"><article class=\"crd crd--document-specialisation-secondary\" data-seo-container>\n\t<div class=\"crd__image\"><img decoding=\"async\" width=\"330\" height=\"279\" src=\"https:\/\/www.inseec.com\/wp-content\/uploads\/sites\/32\/2025\/12\/specialisation-business-inseec-bachelor.jpg?w=330&#038;h=279&#038;crop=1\" class=\"\" alt=\"Image d\u2019illustration de la sp\u00e9cialisation Business de l\u2019INSEEC Bachelor de l\u2019\u00e9cole de commerce INSEEC\" data-location=\"\" loading=\"lazy\" \/><\/div><h3 class=\"crd__title is-style-plain-emphasis-xl\"><a href=\"https:\/\/www.inseec.com\/bachelor\/bachelor-business\/\" data-seo-target=\"\" class=\"crd__link has-inverse-on-surface-color\">Bachelor Business<\/a><\/h3><p class=\"crd__excerpt is-style-plain-default-sm has-inverse-on-surface-color\">Les Bachelors Business de l\u2019INSEEC forment des profils polyvalents et employables, pr\u00e9par\u00e9s \u00e0 int\u00e9grer les grandes m\u00e9tropoles fran\u00e7aises et \u00e0 s\u2019adapter aux environnements \u00e9conomiques internationaux.<\/p>\n\t<div class=\"crd__button has-inverse-surface-color\">\n\t\t<svg class=\"icon icon-arrow-up-right\" aria-hidden=\"true\" focusable=\"false\"><use href=\"https:\/\/www.inseec.com\/wp-content\/themes\/omnes-design-system\/dist\/icons\/sprite.svg#icon-arrow-up-right\"><\/use><\/svg>\t<\/div>\n<\/article><\/div>\t\t\t<\/div>\n\t\t<\/div>\n\n\t\t\n<div class=\"swiper__controls\">\n\t<div class=\"swiper-pagination\"><\/div>\n\n\t<div class=\"swiper__buttons\">\n\t\t\t\t\t<button\n\t\t\t\tclass=\"embla__prev swiper-button-disabled\"\n\t\t\t\ttype=\"button\"\n\t\t\t\tdisabled\n\t\t\t\taria-disabled=\"true\"\n\t\t\t\taria-label=\"Previous slide\"\n\t\t\t\taria-controls=\"embla__container-1\">\n\t\t\t\t<svg class=\"icon icon-arrow-left\" aria-hidden=\"true\" focusable=\"false\"><use href=\"https:\/\/www.inseec.com\/wp-content\/themes\/omnes-design-system\/dist\/icons\/sprite.svg#icon-arrow-left\"><\/use><\/svg>\t\t\t<\/button>\n\t\t\t<button\n\t\t\t\tclass=\"embla__next\"\n\t\t\t\ttype=\"button\"\n\t\t\t\taria-label=\"Next slide\"\n\t\t\t\taria-controls=\"embla__container-1\">\n\t\t\t\t<svg class=\"icon icon-arrow-right\" aria-hidden=\"true\" focusable=\"false\"><use href=\"https:\/\/www.inseec.com\/wp-content\/themes\/omnes-design-system\/dist\/icons\/sprite.svg#icon-arrow-right\"><\/use><\/svg>\t\t\t<\/button>\n\t\t\t<\/div>\n<\/div>\n\t<\/div>\n<\/div>\n<\/div>\n<\/div>\n<\/div>\n\n\n\n<section class=\"wp-block-group alignfull wp-pattern wp-pattern-events-list has-global-padding is-layout-constrained wp-container-core-group-is-layout-b9dc94b5 wp-block-group-is-layout-constrained has-block-anchor\" style=\"margin-top:0;margin-bottom:0;padding-top:var(--wp--preset--spacing--padding-y-section);padding-bottom:var(--wp--preset--spacing--padding-y-section)\">\n<div class=\"wp-block-group wp-pattrern__header is-layout-flow wp-block-group-is-layout-flow has-block-anchor\">\n<p class=\"has-text-align-center is-style-heading-default-eyebrow has-on-surface-color has-text-color has-link-color wp-elements-f87c7f0167b54601ce97aaa0cdc63a70\">Rencontrez-nous<\/p>\n\n\n\n<h2 class=\"wp-block-heading has-text-align-center\" id=\"decouvrez-les-evenements-bachelor\">D\u00e9couvrez les \u00e9v\u00e8nements Bachelor<\/h2>\n<\/div>\n\n\n\n<div class=\"wp-block-group alignwide is-layout-flow wp-container-core-group-is-layout-1320b656 wp-block-group-is-layout-flow\" style=\"margin-top:var(--wp--preset--spacing--4-xl)\">\n<div class=\"wp-block-group wp-pattern__filters wp-pattern__filters-centered is-layout-grid wp-container-core-group-is-layout-4fe37c5b wp-block-group-is-layout-grid\"><div class=\"wpgb-facet wpgb-loading wpgb-facet-38\" data-facet=\"38\" data-grid=\"wpgb-content-block\/59d734fa09cf8be62aa58cd44a2af1e6\"><\/div>\n\n<div class=\"wpgb-facet wpgb-loading wpgb-facet-11\" data-facet=\"11\" data-grid=\"wpgb-content-block\/59d734fa09cf8be62aa58cd44a2af1e6\"><\/div><\/div>\n\n\n\n<div class=\"wp-block-query is-layout-flow wp-block-query-is-layout-flow wpgb-content-block59d734fa09cf8be62aa58cd44a2af1e6\"><ul class=\"wp-block-post-template is-layout-grid wp-container-core-post-template-is-layout-523fefc7 wp-block-post-template-is-layout-grid\"><li class=\"wp-block-post post-91586 event type-event status-publish hentry event_type-campus-days school-bachelor\">\n\n<div class=\"crd crd--event crd--event-large\">\n\t<span class=\"crd__program is-style-tag-fill-md\">Bachelor<\/span><p class=\"crd__date is-style-heading-emphasis-h1\">30\/01<\/p><h3 class=\"crd__title is-style-plain-emphasis-lg\">Campus Days \u00e0 Paris<\/h3>\n\t<ul class=\"crd__metas\">\n\t\t<li class=\"crd__campus is-style-plain-default-md\"><svg class=\"icon icon-marker\" aria-hidden=\"true\" focusable=\"false\"><use href=\"https:\/\/www.inseec.com\/wp-content\/themes\/omnes-design-system\/dist\/icons\/sprite.svg#icon-marker\"><\/use><\/svg><span>\u00c9cole de commerce \u00e0 Paris<\/span><\/li><li class=\"crd__hours is-style-plain-default-md\"><svg class=\"icon icon-clock\" aria-hidden=\"true\" focusable=\"false\"><use href=\"https:\/\/www.inseec.com\/wp-content\/themes\/omnes-design-system\/dist\/icons\/sprite.svg#icon-clock\"><\/use><\/svg><span>From 10h00 to 18h00<\/span><\/li>\t<\/ul>\n\n\t<div class=\"crd__buttons\">\n\t\t<div class=\"wp-block-button is-style-outline-sm\"><a href=\"https:\/\/www.inseec.com\/evenement\/campus-days-a-paris-2026-01-29-2\/\" class=\"wp-block-button__link\">More info<\/a><\/div><div class=\"wp-block-button is-style-subtle-sm\"><a href=\"https:\/\/bachelor.inseec.com\/inseecu\/salon\/13474\" class=\"wp-block-button__link\">I participate<\/a><\/div>\t<\/div>\n<\/div>\n\n<\/li><li class=\"wp-block-post post-85474 event type-event status-publish hentry event_type-journee-portes-ouvertes school-bachelor\">\n\n<div class=\"crd crd--event crd--event-large\">\n\t<span class=\"crd__program is-style-tag-fill-md\">Bachelor<\/span><p class=\"crd__date is-style-heading-emphasis-h1\">07\/02<\/p><h3 class=\"crd__title is-style-plain-emphasis-lg\">Journ\u00e9e Portes Ouvertes \u00e0 Chamb\u00e9ry<\/h3>\n\t<ul class=\"crd__metas\">\n\t\t<li class=\"crd__campus is-style-plain-default-md\"><svg class=\"icon icon-marker\" aria-hidden=\"true\" focusable=\"false\"><use href=\"https:\/\/www.inseec.com\/wp-content\/themes\/omnes-design-system\/dist\/icons\/sprite.svg#icon-marker\"><\/use><\/svg><span>\u00c9cole de commerce \u00e0 Chamb\u00e9ry<\/span><\/li><li class=\"crd__hours is-style-plain-default-md\"><svg class=\"icon icon-clock\" aria-hidden=\"true\" focusable=\"false\"><use href=\"https:\/\/www.inseec.com\/wp-content\/themes\/omnes-design-system\/dist\/icons\/sprite.svg#icon-clock\"><\/use><\/svg><span>From 9h30 to 12h00<\/span><\/li>\t<\/ul>\n\n\t<div class=\"crd__buttons\">\n\t\t<div class=\"wp-block-button is-style-outline-sm\"><a href=\"https:\/\/www.inseec.com\/evenement\/journee-portes-ouvertes-a-chambery-2026-02-06\/\" class=\"wp-block-button__link\">More info<\/a><\/div><div class=\"wp-block-button is-style-subtle-sm\"><a href=\"https:\/\/bachelor.inseec.com\/inseecu\/jpo\/13102\" class=\"wp-block-button__link\">I participate<\/a><\/div>\t<\/div>\n<\/div>\n\n<\/li><li class=\"wp-block-post post-91544 event type-event status-publish hentry event_type-journee-portes-ouvertes school-bachelor\">\n\n<div class=\"crd crd--event crd--event-large\">\n\t<span class=\"crd__program is-style-tag-fill-md\">Bachelor<\/span><p class=\"crd__date is-style-heading-emphasis-h1\">07\/02<\/p><h3 class=\"crd__title is-style-plain-emphasis-lg\">Journ\u00e9e Portes Ouvertes \u00e0 Paris<\/h3>\n\t<ul class=\"crd__metas\">\n\t\t<li class=\"crd__campus is-style-plain-default-md\"><svg class=\"icon icon-marker\" aria-hidden=\"true\" focusable=\"false\"><use href=\"https:\/\/www.inseec.com\/wp-content\/themes\/omnes-design-system\/dist\/icons\/sprite.svg#icon-marker\"><\/use><\/svg><span>\u00c9cole de commerce \u00e0 Paris<\/span><\/li><li class=\"crd__hours is-style-plain-default-md\"><svg class=\"icon icon-clock\" aria-hidden=\"true\" focusable=\"false\"><use href=\"https:\/\/www.inseec.com\/wp-content\/themes\/omnes-design-system\/dist\/icons\/sprite.svg#icon-clock\"><\/use><\/svg><span>From 10h00 to 12h30<\/span><\/li>\t<\/ul>\n\n\t<div class=\"crd__buttons\">\n\t\t<div class=\"wp-block-button is-style-outline-sm\"><a href=\"https:\/\/www.inseec.com\/evenement\/journee-portes-ouvertes-a-paris-2026-02-06\/\" class=\"wp-block-button__link\">More info<\/a><\/div><div class=\"wp-block-button is-style-subtle-sm\"><a href=\"https:\/\/bachelor.inseec.com\/inseecu\/jpo\/12479\" class=\"wp-block-button__link\">I participate<\/a><\/div>\t<\/div>\n<\/div>\n\n<\/li><\/ul>\n\n<\/div>\n<script type=\"application\/ld+json\">\n{\"@context\":\"https:\\\/\\\/schema.org\",\"@graph\":[{\"@type\":\"EducationEvent\",\"name\":\"Campus Days \\u00c3\\u00a0 Paris\",\"description\":\"Sur nos campus Autres \\u00c3\\u00a9v\\u00c3\\u00a9nements\",\"startDate\":\"2026-01-30T10:00:00+01:00\",\"endDate\":\"2026-02-01T18:00:00+01:00\",\"eventAttendanceMode\":\"https:\\\/\\\/schema.org\\\/OfflineEventAttendanceMode\",\"organizer\":{\"@id\":\"https:\\\/\\\/www.inseec.com\\\/#organization\"},\"url\":\"https:\\\/\\\/www.inseec.com\\\/evenement\\\/campus-days-a-paris-2026-01-29-2\\\/\",\"isAccessibleForFree\":true,\"location\":{\"@type\":\"Place\",\"name\":\"\\u00c3\\u0089cole de commerce \\u00c3\\u00a0 Paris\",\"address\":{\"@type\":\"PostalAddress\",\"streetAddress\":\"37 Quai de Grenelle\",\"addressLocality\":\"Paris\",\"postalCode\":\"75015\",\"addressCountry\":\"FR\"}}},{\"@type\":\"EducationEvent\",\"name\":\"Journ\\u00c3\\u00a9e Portes Ouvertes \\u00c3\\u00a0 Chamb\\u00c3\\u00a9ry\",\"description\":\"\\u00c3\\u0089cole de commerce \\u00c3\\u00a0 Chamb\\u00c3\\u00a9ry Y aller Adresse 12 Avenue du Lac d\\u00e2\\u0080\\u0099Annecy 73370 Le Bourget du Lac Transports Nous contacter Sur nos campus Autres \\u00c3\\u00a9v\\u00c3\\u00a9nements\",\"startDate\":\"2026-02-07T09:30:00+01:00\",\"endDate\":\"2026-02-07T12:00:00+01:00\",\"eventAttendanceMode\":\"https:\\\/\\\/schema.org\\\/OfflineEventAttendanceMode\",\"organizer\":{\"@id\":\"https:\\\/\\\/www.inseec.com\\\/#organization\"},\"url\":\"https:\\\/\\\/www.inseec.com\\\/evenement\\\/journee-portes-ouvertes-a-chambery-2026-02-06\\\/\",\"isAccessibleForFree\":true,\"location\":{\"@type\":\"Place\",\"name\":\"\\u00c3\\u0089cole de commerce \\u00c3\\u00a0 Chamb\\u00c3\\u00a9ry\",\"address\":{\"@type\":\"PostalAddress\",\"streetAddress\":\"12 Avenue du Lac d'Annecy\",\"addressLocality\":\"Le Bourget du Lac\",\"postalCode\":\"73370\",\"addressCountry\":\"FR\"}}},{\"@type\":\"EducationEvent\",\"name\":\"Journ\\u00c3\\u00a9e Portes Ouvertes \\u00c3\\u00a0 Paris\",\"description\":\"Sur nos campus Autres \\u00c3\\u00a9v\\u00c3\\u00a9nements\",\"startDate\":\"2026-02-07T10:00:00+01:00\",\"endDate\":\"2026-02-07T12:30:00+01:00\",\"eventAttendanceMode\":\"https:\\\/\\\/schema.org\\\/OfflineEventAttendanceMode\",\"organizer\":{\"@id\":\"https:\\\/\\\/www.inseec.com\\\/#organization\"},\"url\":\"https:\\\/\\\/www.inseec.com\\\/evenement\\\/journee-portes-ouvertes-a-paris-2026-02-06\\\/\",\"isAccessibleForFree\":true,\"location\":{\"@type\":\"Place\",\"name\":\"\\u00c3\\u0089cole de commerce \\u00c3\\u00a0 Paris\",\"address\":{\"@type\":\"PostalAddress\",\"streetAddress\":\"37 Quai de Grenelle\",\"addressLocality\":\"Paris\",\"postalCode\":\"75015\",\"addressCountry\":\"FR\"}}}]}\n<\/script>\n<\/div>\n\n\n\n<div class=\"wp-block-buttons is-content-justification-center is-layout-flex wp-container-core-buttons-is-layout-a89b3969 wp-block-buttons-is-layout-flex\">\n<div class=\"wp-block-button is-style-outline-lg\"><a class=\"wp-block-button__link wp-element-button\" href=\"https:\/\/www.inseec.com\/evenement\/?_programmes_unique=bachelor\">Voir tous les \u00e9v\u00e9nements<\/a><\/div>\n<\/div>\n<\/section>\n\n\n\n<div class=\"wp-block-group alignwide wp-pattern wp-pattern-faq-cta is-layout-flow wp-block-group-is-layout-flow has-block-anchor\" style=\"margin-top:0;margin-bottom:0;padding-top:var(--wp--preset--spacing--6-xl);padding-bottom:var(--wp--preset--spacing--6-xl)\">\n<div class=\"wp-block-columns is-layout-flex wp-container-core-columns-is-layout-b3d710c4 wp-block-columns-is-layout-flex has-block-anchor\">\n<div class=\"wp-block-column is-layout-flow wp-container-core-column-is-layout-e67eb3c6 wp-block-column-is-layout-flow\" style=\"flex-basis:40.3%\">\n<div class=\"wp-block-group is-vertical is-layout-flex wp-container-core-group-is-layout-b80b8bd4 wp-block-group-is-layout-flex has-block-anchor\">\n<div class=\"wp-block-group is-vertical is-layout-flex wp-container-core-group-is-layout-bd7877ba wp-block-group-is-layout-flex has-block-anchor\">\n<p class=\"is-style-heading-default-eyebrow has-on-surface-color has-text-color has-link-color wp-elements-7f5af9274a5957746917b1e3dc31a535\">FAQ<\/p>\n\n\n\n<h2 class=\"wp-block-heading is-style-heading-emphasis-h2 has-on-surface-color has-text-color has-link-color wp-elements-fb283a5b77004d4904487ab7a7509aaf\" id=\"des-questions-sur-les-bachelors-en-digital-de-linseec\">Des questions sur les Bachelors en Digital de l\u2019INSEEC\u00a0?<\/h2>\n<\/div>\n\n\n\n<p class=\"is-style-plain-default-md has-on-surface-subtle-color has-text-color has-link-color wp-elements-a05446dc7f118791310e3020eae88cdc\">Le top des questions les plus pos\u00e9es sur la sp\u00e9cialisation en Digital de l\u2019INSEEC. Et si vous n\u2019avez pas trouv\u00e9 toutes vos r\u00e9ponses ici, nous sommes \u00e0 votre \u00e9coute pour en parler !<\/p>\n<\/div>\n\n\n\n<div class=\"wp-block-group has-border-color is-vertical is-layout-flex wp-container-core-group-is-layout-b00cbbb9 wp-block-group-is-layout-flex has-block-anchor\" style=\"border-color:var(--wp--custom--border--outline-subtle);border-width:1px;border-radius:16px;padding-top:var(--wp--preset--spacing--padding-y-sm);padding-right:var(--wp--preset--spacing--padding-x-sm);padding-bottom:var(--wp--preset--spacing--padding-y-sm);padding-left:var(--wp--preset--spacing--padding-x-sm)\">\n<div class=\"wp-block-group is-vertical is-layout-flex wp-container-core-group-is-layout-5a6f8b2c wp-block-group-is-layout-flex has-block-anchor\">\n<h3 class=\"wp-block-heading is-style-heading-emphasis-h3 has-on-surface-color has-text-color has-link-color wp-elements-4e84f67fff53f68a65904e2d8f77c355\" id=\"des-questions-surnos-programmesen-digital\">Des questions sur<br>nos programmes<br>en Digital<\/h3>\n<\/div>\n\n\n\n<div class=\"wp-block-buttons is-layout-flex wp-container-core-buttons-is-layout-11bdec33 wp-block-buttons-is-layout-flex\">\n<div class=\"wp-block-button is-style-fill-lg popmake-22\"><a class=\"wp-block-button__link wp-element-button\">T\u00e9l\u00e9charger la brochure<\/a><\/div>\n<\/div>\n<\/div>\n<\/div>\n\n\n\n<div class=\"wp-block-column is-layout-flow wp-container-core-column-is-layout-8a368f38 wp-block-column-is-layout-flow\" style=\"flex-basis:50%\">\n<details class=\"wp-block-details is-style-default is-layout-flow wp-container-core-details-is-layout-9ec55b31 wp-block-details-is-layout-flow\"><summary><h3><span id=\"docs-internal-guid-b857feb6-7fff-1a56-65f3-4281d9d498eb\" style=\"letter-spacing: normal; white-space: normal; caret-color: rgb(0, 0, 0); color: rgb(0, 0, 0); font-weight: normal;\"><span style=\"font-size: 14pt; font-family: Arial, sans-serif; color: rgb(67, 67, 67); font-variant-ligatures: normal; font-variant-alternates: normal; font-variant-numeric: normal; font-variant-east-asian: normal; font-variant-position: normal; vertical-align: baseline; white-space: pre-wrap;\"><strong>Quels sont les avantages d\u2019un Bachelor Digital pour votre future carri\u00e8re\u00a0?<\/strong><\/span><\/span><\/h3><\/summary>\n<div class=\"wp-block-group is-vertical is-layout-flex wp-container-core-group-is-layout-a2e3e733 wp-block-group-is-layout-flex\">\n<p class=\"is-style-plain-default-sm has-on-surface-subtle-color has-text-color has-link-color wp-elements-85dbede3fc4039a284dbb4e3639ab695\">Le Bachelor Marketing Digital vous offre un ensemble de comp\u00e9tences imm\u00e9diatement op\u00e9rationnelles, un titre RNCP de niveau 6 reconnu par l\u2019\u00c9tat, correspondant \u00e0 180 cr\u00e9dits ECTS, ainsi qu\u2019une vision strat\u00e9gique du business num\u00e9rique. Ce programme professionnalisant facilite votre insertion sur le march\u00e9 du travail et ouvre la voie \u00e0 la poursuite d\u2019\u00e9tudes en Master ou MSc.<\/p>\n<\/div>\n<\/details>\n\n\n\n<details class=\"wp-block-details is-style-default is-layout-flow wp-container-core-details-is-layout-9ec55b31 wp-block-details-is-layout-flow\"><summary><h3><span id=\"docs-internal-guid-5cf27125-7fff-fcbe-7d61-a9c09f3545a3\" style=\"letter-spacing: normal; white-space: normal; caret-color: rgb(0, 0, 0); color: rgb(0, 0, 0); font-weight: normal;\"><span style=\"font-size: 14pt; font-family: Arial, sans-serif; color: rgb(67, 67, 67); font-variant-ligatures: normal; font-variant-alternates: normal; font-variant-numeric: normal; font-variant-east-asian: normal; font-variant-position: normal; vertical-align: baseline; white-space: pre-wrap;\"><strong>Faut-il \u00eatre cr\u00e9atif pour r\u00e9ussir en Bachelor Digital\u00a0?<\/strong><\/span><\/span><\/h3><\/summary>\n<div class=\"wp-block-group is-vertical is-layout-flex wp-container-core-group-is-layout-a2e3e733 wp-block-group-is-layout-flex\">\n<p class=\"is-style-plain-default-sm has-on-surface-subtle-color has-text-color has-link-color wp-elements-583136e9b989f3e750b1dba1093a96a1\">Les \u00e9tudiants curieux, motiv\u00e9s par le digital et le business, et capables de travailler en \u00e9quipe r\u00e9ussissent particuli\u00e8rement. Un go\u00fbt pour le travail cr\u00e9atif et analytique est un atout. Il est n\u00e9cessaire d\u2019\u00eatre titulaire d\u2019un Bac+ 1 ou d\u2019un Bac+2.<\/p>\n<\/div>\n<\/details>\n\n\n\n<details class=\"wp-block-details is-style-default is-layout-flow wp-container-core-details-is-layout-9ec55b31 wp-block-details-is-layout-flow\"><summary><h3><span id=\"docs-internal-guid-ebd3b57d-7fff-97de-5f76-c2b1c5e055b2\" style=\"letter-spacing: normal; white-space: normal; caret-color: rgb(0, 0, 0); color: rgb(0, 0, 0); font-weight: normal;\"><span style=\"font-size: 14pt; font-family: Arial, sans-serif; color: rgb(67, 67, 67); font-variant-ligatures: normal; font-variant-alternates: normal; font-variant-numeric: normal; font-variant-east-asian: normal; font-variant-position: normal; vertical-align: baseline; white-space: pre-wrap;\"><strong>La sp\u00e9cialisation est-elle accessible en admission parall\u00e8le\u00a0?<\/strong><\/span><\/span><\/h3><\/summary>\n<div class=\"wp-block-group is-vertical is-layout-flex wp-container-core-group-is-layout-a2e3e733 wp-block-group-is-layout-flex\">\n<p class=\"is-style-plain-default-sm has-on-surface-subtle-color has-text-color has-link-color wp-elements-0bedc675b35a0709f47951df33759b85\">Oui, elle est ouverte via dossier en 2\u1d49 ou 3\u1d49 ann\u00e9e, selon votre parcours post-bac. L\u2019ensemble des \u00e9quivalences et des comp\u00e9tences acquises est pris en compte pour l\u2019admission.<\/p>\n<\/div>\n<\/details>\n\n\n\n<details class=\"wp-block-details is-style-default is-layout-flow wp-container-core-details-is-layout-9ec55b31 wp-block-details-is-layout-flow\"><summary><h3><span id=\"docs-internal-guid-e95839d6-7fff-f8ec-54ca-50478bea773e\" style=\"letter-spacing: normal; white-space: normal; caret-color: rgb(0, 0, 0); color: rgb(0, 0, 0); font-weight: normal;\"><span style=\"font-size: 14pt; font-family: Arial, sans-serif; color: rgb(67, 67, 67); font-variant-ligatures: normal; font-variant-alternates: normal; font-variant-numeric: normal; font-variant-east-asian: normal; font-variant-position: normal; vertical-align: baseline; white-space: pre-wrap;\"><strong>Les m\u00e9tiers du Digital recrutent-ils vraiment des jeunes dipl\u00f4m\u00e9s\u00a0?<\/strong><\/span><\/span><\/h3><\/summary>\n<div class=\"wp-block-group is-vertical is-layout-flex wp-container-core-group-is-layout-a2e3e733 wp-block-group-is-layout-flex\">\n<p class=\"is-style-plain-default-sm has-on-surface-subtle-color has-text-color has-link-color wp-elements-ac8bd42897745c9e91425c5211265544\">Oui, le taux d\u2019insertion est \u00e9lev\u00e9. Gr\u00e2ce aux stages et \u00e0 l\u2019alternance, vous mettez en pratique vos connaissances et r\u00e9pondez aux besoins du march\u00e9 digital.<\/p>\n<\/div>\n<\/details>\n\n\n\n<details class=\"wp-block-details is-style-default is-layout-flow wp-container-core-details-is-layout-9ec55b31 wp-block-details-is-layout-flow\"><summary><h3>La sp\u00e9cialisation inclut-elle des certifications professionnelles ou des outils sp\u00e9cifiques\u00a0?<\/h3><\/summary>\n<div class=\"wp-block-group is-vertical is-layout-flex wp-container-core-group-is-layout-a2e3e733 wp-block-group-is-layout-flex\">\n<p class=\"is-style-plain-default-sm has-on-surface-subtle-color has-text-color has-link-color wp-elements-e9d103edb471d9f2fedc1434f2e42200\">Oui, le programme pr\u00e9voit la validation d\u2019un titre RNCP reconnu et des cours d\u00e9di\u00e9s aux outils digitaux (SEO, SEA, analytics), essentiels pour le march\u00e9.<\/p>\n<\/div>\n<\/details>\n\n\n\n<details class=\"wp-block-details is-style-default is-layout-flow wp-container-core-details-is-layout-9ec55b31 wp-block-details-is-layout-flow\"><summary><h3><span id=\"docs-internal-guid-8528d2c8-7fff-90f9-3429-c3a1e29056c6\" style=\"letter-spacing: normal; white-space: normal; caret-color: rgb(0, 0, 0); color: rgb(0, 0, 0); font-weight: normal;\"><span style=\"font-size: 14pt; font-family: Arial, sans-serif; color: rgb(67, 67, 67); font-variant-ligatures: normal; font-variant-alternates: normal; font-variant-numeric: normal; font-variant-east-asian: normal; font-variant-position: normal; vertical-align: baseline; white-space: pre-wrap;\"><strong>Le Bachelor Digital INSEEC est-il possible en alternance\u00a0?<\/strong><\/span><\/span><\/h3><\/summary>\n<div class=\"wp-block-group is-vertical is-layout-flex wp-container-core-group-is-layout-a2e3e733 wp-block-group-is-layout-flex\">\n<p class=\"is-style-plain-default-sm has-on-surface-subtle-color has-text-color has-link-color wp-elements-3bbf43d3e8cabb05b880cf3f9f81a75e\">Oui, cette formule est propos\u00e9e en alternance. Elle permet d\u2019appliquer vos connaissances en entreprise, de renforcer votre travail en conditions r\u00e9elles et d\u2019am\u00e9liorer vos perspectives professionnelles avec un excellent taux d\u2019emploi.<\/p>\n<\/div>\n<\/details>\n\n\n\n<details class=\"wp-block-details is-style-default is-layout-flow wp-container-core-details-is-layout-9ec55b31 wp-block-details-is-layout-flow\"><summary><h3><span id=\"docs-internal-guid-684992ca-7fff-e779-8645-c69bc1a68f13\" style=\"letter-spacing: normal; white-space: normal; caret-color: rgb(0, 0, 0); color: rgb(0, 0, 0); font-weight: normal;\"><span style=\"font-size: 14pt; font-family: Arial, sans-serif; color: rgb(67, 67, 67); font-variant-ligatures: normal; font-variant-alternates: normal; font-variant-numeric: normal; font-variant-east-asian: normal; font-variant-position: normal; vertical-align: baseline; white-space: pre-wrap;\"><strong>Quel est le profil des \u00e9tudiants r\u00e9ussissant en Bachelor Digital\u00a0?<\/strong><\/span><\/span><\/h3><\/summary>\n<div class=\"wp-block-group is-vertical is-layout-flex wp-container-core-group-is-layout-a2e3e733 wp-block-group-is-layout-flex\">\n<p class=\"is-style-plain-default-sm has-on-surface-subtle-color has-text-color has-link-color wp-elements-8f29669cb84c9a75964ac53913c8a528\">Les \u00e9tudiants titulaires d\u2019un bac, motiv\u00e9s par le num\u00e9rique et le business, dot\u00e9s d\u2019un esprit cr\u00e9atif et d\u2019une vision strat\u00e9gique, r\u00e9ussissent particuli\u00e8rement bien. Aimer le travail en \u00e9quipe est essentiel pour suivre ce bachelor en marketing digital.<\/p>\n<\/div>\n<\/details>\n\n\n\n<details class=\"wp-block-details is-style-default is-layout-flow wp-container-core-details-is-layout-9ec55b31 wp-block-details-is-layout-flow\"><summary><h3>Peut-on travailler \u00e0 l\u2019international avec le Bachelor Digital INSEEC\u00a0?<\/h3><\/summary>\n<div class=\"wp-block-group is-vertical is-layout-flex wp-container-core-group-is-layout-a2e3e733 wp-block-group-is-layout-flex\">\n<p class=\"is-style-plain-default-sm has-on-surface-subtle-color has-text-color has-link-color wp-elements-c9759769861a5b3c34d4127ec64c39cb\">Oui, les stages et certains cours en anglais facilitent une carri\u00e8re internationale. Vous d\u00e9veloppez une approche strat\u00e9gique et une ouverture au monde indispensables dans le domaine digital.<\/p>\n<\/div>\n<\/details>\n\n\n\n<details class=\"wp-block-details is-style-default is-layout-flow wp-container-core-details-is-layout-9ec55b31 wp-block-details-is-layout-flow\"><summary><h3><span id=\"docs-internal-guid-4ed1b8a3-7fff-a2ce-61d9-06c5c60d6fb8\" style=\"letter-spacing: normal; white-space: normal; caret-color: rgb(0, 0, 0); color: rgb(0, 0, 0); font-weight: normal;\"><span style=\"font-size: 14pt; font-family: Arial, sans-serif; color: rgb(67, 67, 67); font-variant-ligatures: normal; font-variant-alternates: normal; font-variant-numeric: normal; font-variant-east-asian: normal; font-variant-position: normal; vertical-align: baseline; white-space: pre-wrap;\"><strong>Y a-t-il des intervenants professionnels ou experts du secteur\u00a0?<\/strong><\/span><\/span><\/h3><\/summary>\n<div class=\"wp-block-group is-vertical is-layout-flex wp-container-core-group-is-layout-a2e3e733 wp-block-group-is-layout-flex\">\n<p class=\"is-style-plain-default-sm has-on-surface-subtle-color has-text-color has-link-color wp-elements-5678a97f66ee6a86267100e2c9561f7e\">Oui, des sp\u00e9cialistes du marketing digital, de la communication et de l&#8217;e-commerce animent des sessions, partageant leur exp\u00e9rience et leurs connaissances pour enrichir votre apprentissage au niveau acad\u00e9mique, mais \u00e9galement d\u2019un point de vue professionnel.<\/p>\n<\/div>\n<\/details>\n\n\n\n<details class=\"wp-block-details is-style-default is-layout-flow wp-container-core-details-is-layout-9ec55b31 wp-block-details-is-layout-flow\"><summary><h3><span id=\"docs-internal-guid-bb35675b-7fff-c42a-7b07-6d830f92505b\" style=\"letter-spacing: normal; white-space: normal; caret-color: rgb(0, 0, 0); color: rgb(0, 0, 0); font-weight: normal;\"><span style=\"font-size: 14pt; font-family: Arial, sans-serif; color: rgb(67, 67, 67); font-variant-ligatures: normal; font-variant-alternates: normal; font-variant-numeric: normal; font-variant-east-asian: normal; font-variant-position: normal; vertical-align: baseline; white-space: pre-wrap;\"><strong>Le Digital est-il un secteur d&#8217;avenir ?<\/strong><\/span><\/span><\/h3><\/summary>\n<div class=\"wp-block-group is-vertical is-layout-flex wp-container-core-group-is-layout-a2e3e733 wp-block-group-is-layout-flex\">\n<p class=\"is-style-plain-default-sm has-on-surface-subtle-color has-text-color has-link-color wp-elements-2e3d7ac499d64ad5f24fbd2d1c39294e\">Oui, ce Bachelor en Marketing Digital forme \u00e0 un secteur en plein essor, port\u00e9 par la transformation num\u00e9rique de tous les m\u00e9tiers. Les entreprises recherchent activement des profils capables d\u2019acqu\u00e9rir de nouvelles comp\u00e9tences, d\u2019adapter leurs strat\u00e9gies aux \u00e9volutions technologiques, d\u2019exploiter les donn\u00e9es, d\u2019optimiser leur visibilit\u00e9 en ligne et de piloter des projets digitaux innovants.<\/p>\n\n\n\n<p class=\"is-style-plain-default-sm has-on-surface-subtle-color has-text-color has-link-color wp-elements-20cfd77ce233e7c2c5f3d9d315e5a54c\">Avec l\u2019essor du domaine de l\u2019intelligence artificielle, de l&#8217;e-commerce et du marketing d\u2019influence, les opportunit\u00e9s d\u2019emploi sont multiples et \u00e9volutives, en France comme \u00e0 l\u2019international.<\/p>\n<\/div>\n<\/details>\n<\/div>\n<\/div>\n<\/div>\n","protected":false},"excerpt":{"rendered":"<p>Les Bachelors en Digital de l\u2019INSEEC ouvrent la voie \u00e0 des carri\u00e8res solides dans le num\u00e9rique, avec des opportunit\u00e9s dans les grandes villes comme Paris, Lyon ou Marseille.<\/p>\n","protected":false},"featured_media":87850,"parent":0,"template":"","city":[],"document_category":[],"document_tag":[],"document_type":[109],"school":[241],"specialisation":[552],"analytics_tag":[725],"class_list":["post-1608","document","type-document","status-publish","has-post-thumbnail","hentry","document_type-specialisation","school-bachelor","specialisation-digital"],"acf":[],"yoast_head":"<title>Bachelor Digital - INSEEC<\/title>\n<meta name=\"description\" content=\"D\u00e9couvrez les Bachelors en Digital de l\u2019INSEEC : une sp\u00e9cialisation concr\u00e8te en alternance sur nos campus de Paris, Bordeaux, Lyon et plus.\" \/>\n<meta name=\"robots\" content=\"index, follow, max-snippet:-1, max-image-preview:large, max-video-preview:-1\" \/>\n<link rel=\"canonical\" href=\"https:\/\/www.inseec.com\/bachelor\/bachelor-digital\/\" \/>\n<meta property=\"og:locale\" content=\"fr_FR\" \/>\n<meta property=\"og:type\" content=\"article\" \/>\n<meta property=\"og:title\" content=\"Bachelor Digital - INSEEC\" \/>\n<meta property=\"og:description\" content=\"D\u00e9couvrez les Bachelors en Digital de l\u2019INSEEC : une sp\u00e9cialisation concr\u00e8te en alternance sur nos campus de Paris, Bordeaux, Lyon et plus.\" \/>\n<meta property=\"og:url\" content=\"https:\/\/www.inseec.com\/bachelor\/bachelor-digital\/\" \/>\n<meta property=\"og:site_name\" content=\"INSEEC\" \/>\n<meta property=\"article:modified_time\" content=\"2025-12-11T16:11:31+00:00\" \/>\n<meta property=\"og:image\" content=\"https:\/\/omneseducation.net\/inseec-2025\/wp-content\/uploads\/sites\/32\/2025\/12\/specialisation-digital-inseec-bachelor.jpg\" \/>\n\t<meta property=\"og:image:width\" content=\"495\" \/>\n\t<meta property=\"og:image:height\" content=\"279\" \/>\n\t<meta property=\"og:image:type\" content=\"image\/jpeg\" \/>\n<meta name=\"twitter:card\" content=\"summary_large_image\" \/>\n<meta name=\"twitter:label1\" content=\"Est. reading time\" \/>\n\t<meta name=\"twitter:data1\" content=\"7 minutes\" \/>\n<script type=\"application\/ld+json\" class=\"yoast-schema-graph\">{\"@context\":\"https:\/\/schema.org\",\"@graph\":[{\"@type\":\"WebPage\",\"@id\":\"https:\/\/www.inseec.com\/bachelor\/bachelor-digital\/\",\"url\":\"https:\/\/www.inseec.com\/bachelor\/bachelor-digital\/\",\"name\":\"Bachelor Digital - INSEEC\",\"isPartOf\":{\"@id\":\"https:\/\/www.inseec.com\/#website\"},\"primaryImageOfPage\":{\"@id\":\"https:\/\/www.inseec.com\/bachelor\/bachelor-digital\/#primaryimage\"},\"image\":{\"@id\":\"https:\/\/www.inseec.com\/bachelor\/bachelor-digital\/#primaryimage\"},\"thumbnailUrl\":\"https:\/\/www.inseec.com\/wp-content\/uploads\/sites\/32\/2025\/12\/specialisation-digital-inseec-bachelor.jpg\",\"datePublished\":\"2025-12-05T09:36:01+00:00\",\"dateModified\":\"2025-12-11T16:11:31+00:00\",\"description\":\"D\u00e9couvrez les Bachelors en Digital de l\u2019INSEEC : une sp\u00e9cialisation concr\u00e8te en alternance sur nos campus de Paris, Bordeaux, Lyon et plus.\",\"breadcrumb\":{\"@id\":\"https:\/\/www.inseec.com\/bachelor\/bachelor-digital\/#breadcrumb\"},\"inLanguage\":\"fr-FR\",\"potentialAction\":[{\"@type\":\"ReadAction\",\"target\":[\"https:\/\/www.inseec.com\/bachelor\/bachelor-digital\/\"]}]},{\"@type\":\"ImageObject\",\"inLanguage\":\"fr-FR\",\"@id\":\"https:\/\/www.inseec.com\/bachelor\/bachelor-digital\/#primaryimage\",\"url\":\"https:\/\/www.inseec.com\/wp-content\/uploads\/sites\/32\/2025\/12\/specialisation-digital-inseec-bachelor.jpg\",\"contentUrl\":\"https:\/\/www.inseec.com\/wp-content\/uploads\/sites\/32\/2025\/12\/specialisation-digital-inseec-bachelor.jpg\",\"width\":495,\"height\":279,\"caption\":\"Image d\u2019illustration de la sp\u00e9cialisation Digital de l\u2019INSEEC Bachelor de l\u2019\u00e9cole de commerce INSEEC\"},{\"@type\":\"BreadcrumbList\",\"@id\":\"https:\/\/www.inseec.com\/bachelor\/bachelor-digital\/#breadcrumb\",\"itemListElement\":[{\"@type\":\"ListItem\",\"position\":1,\"name\":\"Home\",\"item\":\"https:\/\/www.inseec.com\/\"},{\"@type\":\"ListItem\",\"position\":2,\"name\":\"Bachelor Digital\"}]},{\"@type\":\"WebSite\",\"@id\":\"https:\/\/www.inseec.com\/#website\",\"url\":\"https:\/\/www.inseec.com\/\",\"name\":\"INSEEC\",\"description\":\"\",\"publisher\":{\"@id\":\"https:\/\/www.inseec.com\/#organization\"},\"potentialAction\":[{\"@type\":\"SearchAction\",\"target\":{\"@type\":\"EntryPoint\",\"urlTemplate\":\"https:\/\/www.inseec.com\/?s={search_term_string}\"},\"query-input\":{\"@type\":\"PropertyValueSpecification\",\"valueRequired\":true,\"valueName\":\"search_term_string\"}}],\"inLanguage\":\"fr-FR\"},{\"@type\":\"Organization\",\"@id\":\"https:\/\/www.inseec.com\/#organization\",\"name\":\"INSEEC\",\"url\":\"https:\/\/www.inseec.com\/\",\"logo\":{\"@type\":\"ImageObject\",\"inLanguage\":\"fr-FR\",\"@id\":\"https:\/\/www.inseec.com\/#\/schema\/logo\/image\/\",\"url\":\"https:\/\/www.inseec.com\/wp-content\/uploads\/sites\/32\/2025\/11\/logo.svg\",\"contentUrl\":\"https:\/\/www.inseec.com\/wp-content\/uploads\/sites\/32\/2025\/11\/logo.svg\",\"width\":173,\"height\":36,\"caption\":\"INSEEC\"},\"image\":{\"@id\":\"https:\/\/www.inseec.com\/#\/schema\/logo\/image\/\"}},{\"@context\":\"https:\/\/schema.org\",\"@type\":\"EducationalOrganization\",\"@id\":\"https:\/\/www.inseec.com\/#organization\",\"name\":\"INSEEC\",\"description\":\"\",\"url\":\"https:\/\/www.inseec.com\/\",\"logo\":\"https:\/\/www.inseec.com\/wp-content\/uploads\/sites\/32\/2025\/11\/logo.svg\",\"image\":[\"https:\/\/www.inseec.com\/wp-content\/uploads\/sites\/32\/2025\/11\/campus-hero-barcelone-inseec.jpg\",\"https:\/\/www.inseec.com\/wp-content\/uploads\/sites\/32\/2025\/11\/campus-barcelone-inseec-ville-basilique-notre-dame-de-fourviere.jpg\",\"https:\/\/www.inseec.com\/wp-content\/uploads\/sites\/32\/2025\/11\/campus-barcelone-inseec-photo-portrait.jpg\",\"https:\/\/www.inseec.com\/wp-content\/uploads\/sites\/32\/2025\/11\/campus-slider-vr-campus-barcelone-inseec-etudiants-cours-petite-salle.jpg\",\"https:\/\/www.inseec.com\/wp-content\/uploads\/sites\/32\/2025\/11\/campus-hero-munich-inseec.jpg\",\"https:\/\/www.inseec.com\/wp-content\/uploads\/sites\/32\/2025\/11\/campus-munich-inseec-ville-basilique-notre-dame-de-fourviere.jpg\",\"https:\/\/www.inseec.com\/wp-content\/uploads\/sites\/32\/2025\/11\/campus-hero-munich-inseec.jpg\",\"https:\/\/www.inseec.com\/wp-content\/uploads\/sites\/32\/2025\/11\/campus-slider-vr-campus-munich-inseec-etudiants-theatre-les-celestins.jpg\",\"https:\/\/www.inseec.com\/wp-content\/uploads\/sites\/32\/2025\/11\/campus-hero-londres-inseec.jpg\",\"https:\/\/www.inseec.com\/wp-content\/uploads\/sites\/32\/2025\/11\/campus-londres-inseec-ville-basilique-notre-dame-de-fourviere.jpg\",\"https:\/\/www.inseec.com\/wp-content\/uploads\/sites\/32\/2025\/11\/campus-hero-londres-inseec.jpg\",\"https:\/\/www.inseec.com\/wp-content\/uploads\/sites\/32\/2025\/12\/campus-slider-vr-campus-londres-inseec-bibliotheque.jpg\",\"https:\/\/www.inseec.com\/wp-content\/uploads\/sites\/32\/2025\/11\/campus-hero-chambery-inseec-resize.jpg\",\"https:\/\/www.inseec.com\/wp-content\/uploads\/sites\/32\/2025\/11\/campus-chambery-inseec-ville-horloge.jpg\",\"https:\/\/www.inseec.com\/wp-content\/uploads\/sites\/32\/2025\/11\/campus-slider-vr-campus-chambery-inseec-exterieur.jpg\",\"https:\/\/www.inseec.com\/wp-content\/uploads\/sites\/32\/2025\/11\/campus-slider-vr-campus-chambery-inseec-salle-detente.jpg\",\"https:\/\/www.inseec.com\/wp-content\/uploads\/sites\/32\/2025\/11\/campus-hero-toulouse-inseec.jpg\",\"https:\/\/www.inseec.com\/wp-content\/uploads\/sites\/32\/2025\/11\/campus-toulouse-inseec-photo-portrait.jpg\",\"https:\/\/www.inseec.com\/wp-content\/uploads\/sites\/32\/2025\/11\/campus-slider-vr-campus-toulouse-inseec-projet-de-groupe.jpg\",\"https:\/\/www.inseec.com\/wp-content\/uploads\/sites\/32\/2025\/11\/campus-slider-vr-campus-toulouse-inseec-etudiants-amphitheatre.jpg\",\"https:\/\/www.inseec.com\/wp-content\/uploads\/sites\/32\/2025\/11\/campus-hero-monaco-inseec.jpg\",\"https:\/\/www.inseec.com\/wp-content\/uploads\/sites\/32\/2025\/12\/INSEEC-Monaco-campus.webp\",\"https:\/\/www.inseec.com\/wp-content\/uploads\/sites\/32\/2025\/11\/campus-hero-monaco-inseec.jpg\",\"https:\/\/www.inseec.com\/wp-content\/uploads\/sites\/32\/2025\/11\/campus-monaco-inseec-mosaic-amis.jpg\",\"https:\/\/www.inseec.com\/wp-content\/uploads\/sites\/32\/2025\/11\/campus-hero-online-inseec.jpg\",\"https:\/\/www.inseec.com\/wp-content\/uploads\/sites\/32\/2025\/11\/guide-metier-inseec-photo-illustration-chef-de-publicite_d1bf22.jpg\",\"https:\/\/www.inseec.com\/wp-content\/uploads\/sites\/32\/2025\/11\/guide-metier-inseec-hero-chef-de-projet-evenementiel.jpg\",\"https:\/\/www.inseec.com\/wp-content\/uploads\/sites\/32\/2025\/11\/guide-metier-inseec-hero-chef-de-produit-sportif.jpg\",\"https:\/\/www.inseec.com\/wp-content\/uploads\/sites\/32\/2025\/11\/campus-hero-beaune-inseec.jpg\",\"https:\/\/www.inseec.com\/wp-content\/uploads\/sites\/32\/2025\/11\/campus-beaune-inseec-ville-cave-a-vin.jpg\",\"https:\/\/www.inseec.com\/wp-content\/uploads\/sites\/32\/2025\/11\/campus-slider-vr-campus-beaune-inseec-groupe-etudiants.jpg\",\"https:\/\/www.inseec.com\/wp-content\/uploads\/sites\/32\/2025\/11\/campus-slider-vr-campus-beaune-inseec-etudiants-1.jpg\",\"https:\/\/www.inseec.com\/wp-content\/uploads\/sites\/32\/2025\/11\/campus-hero-marseille-inseec.jpg\",\"https:\/\/www.inseec.com\/wp-content\/uploads\/sites\/32\/2023\/07\/campus2025-marseille.png\",\"https:\/\/www.inseec.com\/wp-content\/uploads\/sites\/32\/2025\/11\/campus-slider-vr-campus-marseille-inseec-canapes-detente.jpg\",\"https:\/\/www.inseec.com\/wp-content\/uploads\/sites\/32\/2025\/11\/campus-slider-vr-campus-marseille-inseec-salle-commune.jpg\",\"https:\/\/www.inseec.com\/wp-content\/uploads\/sites\/32\/2025\/11\/campus-hero-rennes-inseec.jpg\",\"https:\/\/www.inseec.com\/wp-content\/uploads\/sites\/32\/2025\/11\/campus-rennes-inseec-photo-portrait.jpg\",\"https:\/\/www.inseec.com\/wp-content\/uploads\/sites\/32\/2025\/11\/campus-rennes-inseec-mosaic-alcove-repos.jpg\",\"https:\/\/www.inseec.com\/wp-content\/uploads\/sites\/32\/2025\/11\/campus-rennes-inseec-amphitheatre-etudiantes.jpg\",\"https:\/\/www.inseec.com\/wp-content\/uploads\/sites\/32\/2025\/11\/campus-hero-lyon-inseec.webp\",\"https:\/\/www.inseec.com\/wp-content\/uploads\/sites\/32\/2025\/11\/campus-lyon-inseec-photo-portrait.jpg\",\"https:\/\/www.inseec.com\/wp-content\/uploads\/sites\/32\/2025\/11\/campus-slider-vr-campus-lyon-inseec-dalle-detente.jpg\",\"https:\/\/www.inseec.com\/wp-content\/uploads\/sites\/32\/2025\/11\/campus-slider-vr-campus-lyon-inseec-lion-rouge-hall.jpg\",\"https:\/\/www.inseec.com\/wp-content\/uploads\/sites\/32\/2025\/11\/campus-hero-bordeaux-inseec.jpg\",\"https:\/\/www.inseec.com\/wp-content\/uploads\/sites\/32\/2024\/03\/Campus-Bordeaux-Photo-1.jpg\",\"https:\/\/www.inseec.com\/wp-content\/uploads\/sites\/32\/2025\/11\/campus-bordeaux-inseec-cafeteria.jpg\",\"https:\/\/www.inseec.com\/wp-content\/uploads\/sites\/32\/2025\/11\/campus-bordeaux-inseec-terrasse-bord-garonne.jpg\",\"https:\/\/www.inseec.com\/wp-content\/uploads\/sites\/32\/2025\/11\/campus-paris.jpg\",\"https:\/\/www.inseec.com\/wp-content\/uploads\/sites\/32\/2025\/11\/campus-paris-eiffel-inseec-portrait.jpg\",\"https:\/\/www.inseec.com\/wp-content\/uploads\/sites\/32\/2025\/11\/campus-paris-vellefaux-inseec-cafeteria.jpg\",\"https:\/\/www.inseec.com\/wp-content\/uploads\/sites\/32\/2025\/11\/campus-slider-vr-campus-paris-la-defense-inseec-salle-detente.jpg\",\"https:\/\/www.inseec.com\/wp-content\/uploads\/sites\/32\/2025\/11\/campus-hero-londres-inseec.jpg\",\"https:\/\/www.inseec.com\/wp-content\/uploads\/sites\/32\/2025\/11\/campus-londres-inseec-ville-basilique-notre-dame-de-fourviere.jpg\",\"https:\/\/www.inseec.com\/wp-content\/uploads\/sites\/32\/2025\/11\/campus-hero-londres-inseec.jpg\",\"https:\/\/www.inseec.com\/wp-content\/uploads\/sites\/32\/2025\/12\/campus-slider-vr-campus-londres-inseec-bibliotheque.jpg\",\"https:\/\/www.inseec.com\/wp-content\/uploads\/sites\/32\/2025\/11\/campus-hero-monaco-inseec.jpg\",\"https:\/\/www.inseec.com\/wp-content\/uploads\/sites\/32\/2025\/12\/INSEEC-Monaco-campus.webp\",\"https:\/\/www.inseec.com\/wp-content\/uploads\/sites\/32\/2025\/11\/campus-hero-monaco-inseec.jpg\",\"https:\/\/www.inseec.com\/wp-content\/uploads\/sites\/32\/2025\/11\/campus-monaco-inseec-mosaic-amis.jpg\",\"https:\/\/www.inseec.com\/wp-content\/uploads\/sites\/32\/2025\/11\/campus-hero-munich-inseec.jpg\",\"https:\/\/www.inseec.com\/wp-content\/uploads\/sites\/32\/2025\/11\/campus-munich-inseec-ville-basilique-notre-dame-de-fourviere.jpg\",\"https:\/\/www.inseec.com\/wp-content\/uploads\/sites\/32\/2025\/11\/campus-hero-munich-inseec.jpg\",\"https:\/\/www.inseec.com\/wp-content\/uploads\/sites\/32\/2025\/11\/campus-slider-vr-campus-munich-inseec-etudiants-theatre-les-celestins.jpg\",\"https:\/\/www.inseec.com\/wp-content\/uploads\/sites\/32\/2025\/11\/campus-hero-barcelone-inseec.jpg\",\"https:\/\/www.inseec.com\/wp-content\/uploads\/sites\/32\/2025\/11\/campus-barcelone-inseec-ville-basilique-notre-dame-de-fourviere.jpg\",\"https:\/\/www.inseec.com\/wp-content\/uploads\/sites\/32\/2025\/11\/campus-barcelone-inseec-photo-portrait.jpg\",\"https:\/\/www.inseec.com\/wp-content\/uploads\/sites\/32\/2025\/11\/campus-slider-vr-campus-barcelone-inseec-etudiants-cours-petite-salle.jpg\",\"https:\/\/www.inseec.com\/wp-content\/uploads\/sites\/32\/2025\/11\/campus-hero-online-inseec.jpg\",\"https:\/\/www.inseec.com\/wp-content\/uploads\/sites\/32\/2025\/11\/guide-metier-inseec-photo-illustration-chef-de-publicite_d1bf22.jpg\",\"https:\/\/www.inseec.com\/wp-content\/uploads\/sites\/32\/2025\/11\/guide-metier-inseec-hero-chef-de-projet-evenementiel.jpg\",\"https:\/\/www.inseec.com\/wp-content\/uploads\/sites\/32\/2025\/11\/guide-metier-inseec-hero-chef-de-produit-sportif.jpg\",\"https:\/\/www.inseec.com\/wp-content\/uploads\/sites\/32\/2025\/11\/campus-hero-toulouse-inseec.jpg\",\"https:\/\/www.inseec.com\/wp-content\/uploads\/sites\/32\/2025\/11\/campus-toulouse-inseec-photo-portrait.jpg\",\"https:\/\/www.inseec.com\/wp-content\/uploads\/sites\/32\/2025\/11\/campus-slider-vr-campus-toulouse-inseec-projet-de-groupe.jpg\",\"https:\/\/www.inseec.com\/wp-content\/uploads\/sites\/32\/2025\/11\/campus-slider-vr-campus-toulouse-inseec-etudiants-amphitheatre.jpg\",\"https:\/\/www.inseec.com\/wp-content\/uploads\/sites\/32\/2025\/11\/campus-hero-marseille-inseec.jpg\",\"https:\/\/www.inseec.com\/wp-content\/uploads\/sites\/32\/2025\/11\/campus-marseille-inseec-photo-portrait.jpg\",\"https:\/\/www.inseec.com\/wp-content\/uploads\/sites\/32\/2025\/11\/campus-slider-vr-campus-marseille-inseec-canapes-detente.jpg\",\"https:\/\/www.inseec.com\/wp-content\/uploads\/sites\/32\/2025\/11\/campus-slider-vr-campus-marseille-inseec-salle-commune.jpg\",\"https:\/\/www.inseec.com\/wp-content\/uploads\/sites\/32\/2025\/11\/campus-hero-rennes-inseec.jpg\",\"https:\/\/www.inseec.com\/wp-content\/uploads\/sites\/32\/2025\/11\/campus-rennes-inseec-photo-portrait.jpg\",\"https:\/\/www.inseec.com\/wp-content\/uploads\/sites\/32\/2025\/11\/campus-rennes-inseec-mosaic-alcove-repos.jpg\",\"https:\/\/www.inseec.com\/wp-content\/uploads\/sites\/32\/2025\/11\/campus-rennes-inseec-amphitheatre-etudiantes.jpg\",\"https:\/\/www.inseec.com\/wp-content\/uploads\/sites\/32\/2025\/11\/campus-hero-chambery-inseec-resize.jpg\",\"https:\/\/www.inseec.com\/wp-content\/uploads\/sites\/32\/2025\/11\/campus-chambery-inseec-ville-horloge.jpg\",\"https:\/\/www.inseec.com\/wp-content\/uploads\/sites\/32\/2025\/11\/campus-slider-vr-campus-chambery-inseec-exterieur.jpg\",\"https:\/\/www.inseec.com\/wp-content\/uploads\/sites\/32\/2025\/11\/campus-slider-vr-campus-chambery-inseec-salle-detente.jpg\",\"https:\/\/www.inseec.com\/wp-content\/uploads\/sites\/32\/2025\/11\/campus-hero-beaune-inseec.jpg\",\"https:\/\/www.inseec.com\/wp-content\/uploads\/sites\/32\/2025\/11\/campus-beaune-inseec-ville-cave-a-vin.jpg\",\"https:\/\/www.inseec.com\/wp-content\/uploads\/sites\/32\/2025\/11\/campus-slider-vr-campus-beaune-inseec-groupe-etudiants.jpg\",\"https:\/\/www.inseec.com\/wp-content\/uploads\/sites\/32\/2025\/11\/campus-slider-vr-campus-beaune-inseec-etudiants-1.jpg\",\"https:\/\/www.inseec.com\/wp-content\/uploads\/sites\/32\/2025\/11\/campus-hero-bordeaux-inseec.jpg\",\"https:\/\/www.inseec.com\/wp-content\/uploads\/sites\/32\/2025\/11\/campus-bordeaux-inseec-facade.jpg\",\"https:\/\/www.inseec.com\/wp-content\/uploads\/sites\/32\/2025\/11\/campus-bordeaux-inseec-cafeteria.jpg\",\"https:\/\/www.inseec.com\/wp-content\/uploads\/sites\/32\/2025\/11\/campus-bordeaux-inseec-terrasse-bord-garonne.jpg\",\"https:\/\/www.inseec.com\/wp-content\/uploads\/sites\/32\/2025\/11\/campus-hero-lyon-inseec.webp\",\"https:\/\/www.inseec.com\/wp-content\/uploads\/sites\/32\/2025\/11\/campus-lyon-inseec-photo-portrait.jpg\",\"https:\/\/www.inseec.com\/wp-content\/uploads\/sites\/32\/2025\/11\/campus-slider-vr-campus-lyon-inseec-dalle-detente.jpg\",\"https:\/\/www.inseec.com\/wp-content\/uploads\/sites\/32\/2025\/11\/campus-slider-vr-campus-lyon-inseec-lion-rouge-hall.jpg\",\"https:\/\/www.inseec.com\/wp-content\/uploads\/sites\/32\/2025\/11\/campus-paris.jpg\",\"https:\/\/www.inseec.com\/wp-content\/uploads\/sites\/32\/2025\/11\/campus-paris-eiffel-inseec-portrait.jpg\",\"https:\/\/www.inseec.com\/wp-content\/uploads\/sites\/32\/2025\/11\/campus-paris-vellefaux-inseec-cafeteria.jpg\",\"https:\/\/www.inseec.com\/wp-content\/uploads\/sites\/32\/2025\/11\/campus-slider-vr-campus-paris-la-defense-inseec-salle-detente.jpg\"],\"foundingDate\":\"\",\"memberOf\":\"OMNES Education\",\"alumni\":[{\"@type\":\"Person\",\"name\":\"Lasmak Said\",\"description\":\"CEO & Cofounder\"},{\"@type\":\"Person\",\"name\":\"Dauchy Xavier\",\"description\":\"Chief Financial Officer\"},{\"@type\":\"Person\",\"name\":\"Bordeaux Thomas\",\"description\":\"Regional Manager Grand Lyon\"},{\"@type\":\"Person\",\"name\":\"Quillot Romain\",\"description\":\"Co-founder\"},{\"@type\":\"Person\",\"name\":\"Rakotomalala Rindra\",\"description\":\"Head of International Relations\"},{\"@type\":\"Person\",\"name\":\"Lacroix Oscar\",\"description\":\"Partner\"},{\"@type\":\"Person\",\"name\":\"Moderan Olivia\",\"description\":\"Manager for the Paris-South area\"},{\"@type\":\"Person\",\"name\":\"Abdelhalim Nabil\",\"description\":\"Industry Manager\"},{\"@type\":\"Person\",\"name\":\"Duhalde M\u00e9lissa\",\"description\":\"Operational Marketing Product Manager \"},{\"@type\":\"Person\",\"name\":\"M. Matthieu\",\"description\":\"Commercial real estate consultant\"},{\"@type\":\"Person\",\"name\":\"Lusset Marie-Amandine\",\"description\":\"Communications consultant\"},{\"@type\":\"Person\",\"name\":\"R. Lo\u00efc\",\"description\":\"Entrepreneur\"},{\"@type\":\"Person\",\"name\":\"Soskin Lise\",\"description\":\"RevOps\"},{\"@type\":\"Person\",\"name\":\"Estrade Guillaume\",\"description\":\"Regional Manager Grand Lyon\"},{\"@type\":\"Person\",\"name\":\"P. Clara\",\"description\":\"Head of Digital Communications EMEA\"},{\"@type\":\"Person\",\"name\":\"Serryus C\u00e9sar\",\"description\":\"Founder\"},{\"@type\":\"Person\",\"name\":\"Onimus Aur\u00e9lien\",\"description\":\"CEO\"},{\"@type\":\"Person\",\"name\":\"B. Anne-Caroline B.\",\"description\":\"Marketing & Communications Project Manager\"},{\"@type\":\"Person\",\"name\":\"Azim Ana\u00efs\",\"description\":\"Business Controller - Industry Unit\"},{\"@type\":\"Person\",\"name\":\"Viallet Nouhant Alexandre\",\"description\":\"Chief Executive Officer\"},{\"@type\":\"Person\",\"name\":\"Ikouirene Adam\",\"description\":\"Student commercial placement\"}],\"department\":[\"Bachelor\",\"Bachelor\",\"BBA\",\"BBA\",\"BTS\",\"BTS\",\"Grande \u00c9cole\",\"Grande \u00c9cole\",\"International\",\"International\",\"MSc\",\"MSc\"],\"hasCredential\":[\"Bachelor\",\"Bachelor\",\"BBA\",\"BBA\",\"BTS\",\"BTS\",\"Grande \u00c9cole\",\"Grande \u00c9cole\",\"International\",\"International\",\"MSc\",\"MSc\"]}]}<\/script>","yoast_head_json":{"title":"Bachelor Digital - INSEEC","description":"D\u00e9couvrez les Bachelors en Digital de l\u2019INSEEC : une sp\u00e9cialisation concr\u00e8te en alternance sur nos campus de Paris, Bordeaux, Lyon et plus.","robots":{"index":"index","follow":"follow","max-snippet":"max-snippet:-1","max-image-preview":"max-image-preview:large","max-video-preview":"max-video-preview:-1"},"canonical":"https:\/\/www.inseec.com\/bachelor\/bachelor-digital\/","og_locale":"fr_FR","og_type":"article","og_title":"Bachelor Digital - INSEEC","og_description":"D\u00e9couvrez les Bachelors en Digital de l\u2019INSEEC : une sp\u00e9cialisation concr\u00e8te en alternance sur nos campus de Paris, Bordeaux, Lyon et plus.","og_url":"https:\/\/www.inseec.com\/bachelor\/bachelor-digital\/","og_site_name":"INSEEC","article_modified_time":"2025-12-11T16:11:31+00:00","og_image":[{"width":495,"height":279,"url":"https:\/\/omneseducation.net\/inseec-2025\/wp-content\/uploads\/sites\/32\/2025\/12\/specialisation-digital-inseec-bachelor.jpg","type":"image\/jpeg"}],"twitter_card":"summary_large_image","twitter_misc":{"Est. reading time":"7 minutes"},"schema":{"@context":"https:\/\/schema.org","@graph":[{"@type":"WebPage","@id":"https:\/\/www.inseec.com\/bachelor\/bachelor-digital\/","url":"https:\/\/www.inseec.com\/bachelor\/bachelor-digital\/","name":"Bachelor Digital - INSEEC","isPartOf":{"@id":"https:\/\/www.inseec.com\/#website"},"primaryImageOfPage":{"@id":"https:\/\/www.inseec.com\/bachelor\/bachelor-digital\/#primaryimage"},"image":{"@id":"https:\/\/www.inseec.com\/bachelor\/bachelor-digital\/#primaryimage"},"thumbnailUrl":"https:\/\/www.inseec.com\/wp-content\/uploads\/sites\/32\/2025\/12\/specialisation-digital-inseec-bachelor.jpg","datePublished":"2025-12-05T09:36:01+00:00","dateModified":"2025-12-11T16:11:31+00:00","description":"D\u00e9couvrez les Bachelors en Digital de l\u2019INSEEC : une sp\u00e9cialisation concr\u00e8te en alternance sur nos campus de Paris, Bordeaux, Lyon et plus.","breadcrumb":{"@id":"https:\/\/www.inseec.com\/bachelor\/bachelor-digital\/#breadcrumb"},"inLanguage":"fr-FR","potentialAction":[{"@type":"ReadAction","target":["https:\/\/www.inseec.com\/bachelor\/bachelor-digital\/"]}]},{"@type":"ImageObject","inLanguage":"fr-FR","@id":"https:\/\/www.inseec.com\/bachelor\/bachelor-digital\/#primaryimage","url":"https:\/\/www.inseec.com\/wp-content\/uploads\/sites\/32\/2025\/12\/specialisation-digital-inseec-bachelor.jpg","contentUrl":"https:\/\/www.inseec.com\/wp-content\/uploads\/sites\/32\/2025\/12\/specialisation-digital-inseec-bachelor.jpg","width":495,"height":279,"caption":"Image d\u2019illustration de la sp\u00e9cialisation Digital de l\u2019INSEEC Bachelor de l\u2019\u00e9cole de commerce INSEEC"},{"@type":"BreadcrumbList","@id":"https:\/\/www.inseec.com\/bachelor\/bachelor-digital\/#breadcrumb","itemListElement":[{"@type":"ListItem","position":1,"name":"Home","item":"https:\/\/www.inseec.com\/"},{"@type":"ListItem","position":2,"name":"Bachelor Digital"}]},{"@type":"WebSite","@id":"https:\/\/www.inseec.com\/#website","url":"https:\/\/www.inseec.com\/","name":"INSEEC","description":"","publisher":{"@id":"https:\/\/www.inseec.com\/#organization"},"potentialAction":[{"@type":"SearchAction","target":{"@type":"EntryPoint","urlTemplate":"https:\/\/www.inseec.com\/?s={search_term_string}"},"query-input":{"@type":"PropertyValueSpecification","valueRequired":true,"valueName":"search_term_string"}}],"inLanguage":"fr-FR"},{"@type":"Organization","@id":"https:\/\/www.inseec.com\/#organization","name":"INSEEC","url":"https:\/\/www.inseec.com\/","logo":{"@type":"ImageObject","inLanguage":"fr-FR","@id":"https:\/\/www.inseec.com\/#\/schema\/logo\/image\/","url":"https:\/\/www.inseec.com\/wp-content\/uploads\/sites\/32\/2025\/11\/logo.svg","contentUrl":"https:\/\/www.inseec.com\/wp-content\/uploads\/sites\/32\/2025\/11\/logo.svg","width":173,"height":36,"caption":"INSEEC"},"image":{"@id":"https:\/\/www.inseec.com\/#\/schema\/logo\/image\/"}},{"@context":"https:\/\/schema.org","@type":"EducationalOrganization","@id":"https:\/\/www.inseec.com\/#organization","name":"INSEEC","description":"","url":"https:\/\/www.inseec.com\/","logo":"https:\/\/www.inseec.com\/wp-content\/uploads\/sites\/32\/2025\/11\/logo.svg","image":["https:\/\/www.inseec.com\/wp-content\/uploads\/sites\/32\/2025\/11\/campus-hero-barcelone-inseec.jpg","https:\/\/www.inseec.com\/wp-content\/uploads\/sites\/32\/2025\/11\/campus-barcelone-inseec-ville-basilique-notre-dame-de-fourviere.jpg","https:\/\/www.inseec.com\/wp-content\/uploads\/sites\/32\/2025\/11\/campus-barcelone-inseec-photo-portrait.jpg","https:\/\/www.inseec.com\/wp-content\/uploads\/sites\/32\/2025\/11\/campus-slider-vr-campus-barcelone-inseec-etudiants-cours-petite-salle.jpg","https:\/\/www.inseec.com\/wp-content\/uploads\/sites\/32\/2025\/11\/campus-hero-munich-inseec.jpg","https:\/\/www.inseec.com\/wp-content\/uploads\/sites\/32\/2025\/11\/campus-munich-inseec-ville-basilique-notre-dame-de-fourviere.jpg","https:\/\/www.inseec.com\/wp-content\/uploads\/sites\/32\/2025\/11\/campus-hero-munich-inseec.jpg","https:\/\/www.inseec.com\/wp-content\/uploads\/sites\/32\/2025\/11\/campus-slider-vr-campus-munich-inseec-etudiants-theatre-les-celestins.jpg","https:\/\/www.inseec.com\/wp-content\/uploads\/sites\/32\/2025\/11\/campus-hero-londres-inseec.jpg","https:\/\/www.inseec.com\/wp-content\/uploads\/sites\/32\/2025\/11\/campus-londres-inseec-ville-basilique-notre-dame-de-fourviere.jpg","https:\/\/www.inseec.com\/wp-content\/uploads\/sites\/32\/2025\/11\/campus-hero-londres-inseec.jpg","https:\/\/www.inseec.com\/wp-content\/uploads\/sites\/32\/2025\/12\/campus-slider-vr-campus-londres-inseec-bibliotheque.jpg","https:\/\/www.inseec.com\/wp-content\/uploads\/sites\/32\/2025\/11\/campus-hero-chambery-inseec-resize.jpg","https:\/\/www.inseec.com\/wp-content\/uploads\/sites\/32\/2025\/11\/campus-chambery-inseec-ville-horloge.jpg","https:\/\/www.inseec.com\/wp-content\/uploads\/sites\/32\/2025\/11\/campus-slider-vr-campus-chambery-inseec-exterieur.jpg","https:\/\/www.inseec.com\/wp-content\/uploads\/sites\/32\/2025\/11\/campus-slider-vr-campus-chambery-inseec-salle-detente.jpg","https:\/\/www.inseec.com\/wp-content\/uploads\/sites\/32\/2025\/11\/campus-hero-toulouse-inseec.jpg","https:\/\/www.inseec.com\/wp-content\/uploads\/sites\/32\/2025\/11\/campus-toulouse-inseec-photo-portrait.jpg","https:\/\/www.inseec.com\/wp-content\/uploads\/sites\/32\/2025\/11\/campus-slider-vr-campus-toulouse-inseec-projet-de-groupe.jpg","https:\/\/www.inseec.com\/wp-content\/uploads\/sites\/32\/2025\/11\/campus-slider-vr-campus-toulouse-inseec-etudiants-amphitheatre.jpg","https:\/\/www.inseec.com\/wp-content\/uploads\/sites\/32\/2025\/11\/campus-hero-monaco-inseec.jpg","https:\/\/www.inseec.com\/wp-content\/uploads\/sites\/32\/2025\/12\/INSEEC-Monaco-campus.webp","https:\/\/www.inseec.com\/wp-content\/uploads\/sites\/32\/2025\/11\/campus-hero-monaco-inseec.jpg","https:\/\/www.inseec.com\/wp-content\/uploads\/sites\/32\/2025\/11\/campus-monaco-inseec-mosaic-amis.jpg","https:\/\/www.inseec.com\/wp-content\/uploads\/sites\/32\/2025\/11\/campus-hero-online-inseec.jpg","https:\/\/www.inseec.com\/wp-content\/uploads\/sites\/32\/2025\/11\/guide-metier-inseec-photo-illustration-chef-de-publicite_d1bf22.jpg","https:\/\/www.inseec.com\/wp-content\/uploads\/sites\/32\/2025\/11\/guide-metier-inseec-hero-chef-de-projet-evenementiel.jpg","https:\/\/www.inseec.com\/wp-content\/uploads\/sites\/32\/2025\/11\/guide-metier-inseec-hero-chef-de-produit-sportif.jpg","https:\/\/www.inseec.com\/wp-content\/uploads\/sites\/32\/2025\/11\/campus-hero-beaune-inseec.jpg","https:\/\/www.inseec.com\/wp-content\/uploads\/sites\/32\/2025\/11\/campus-beaune-inseec-ville-cave-a-vin.jpg","https:\/\/www.inseec.com\/wp-content\/uploads\/sites\/32\/2025\/11\/campus-slider-vr-campus-beaune-inseec-groupe-etudiants.jpg","https:\/\/www.inseec.com\/wp-content\/uploads\/sites\/32\/2025\/11\/campus-slider-vr-campus-beaune-inseec-etudiants-1.jpg","https:\/\/www.inseec.com\/wp-content\/uploads\/sites\/32\/2025\/11\/campus-hero-marseille-inseec.jpg","https:\/\/www.inseec.com\/wp-content\/uploads\/sites\/32\/2023\/07\/campus2025-marseille.png","https:\/\/www.inseec.com\/wp-content\/uploads\/sites\/32\/2025\/11\/campus-slider-vr-campus-marseille-inseec-canapes-detente.jpg","https:\/\/www.inseec.com\/wp-content\/uploads\/sites\/32\/2025\/11\/campus-slider-vr-campus-marseille-inseec-salle-commune.jpg","https:\/\/www.inseec.com\/wp-content\/uploads\/sites\/32\/2025\/11\/campus-hero-rennes-inseec.jpg","https:\/\/www.inseec.com\/wp-content\/uploads\/sites\/32\/2025\/11\/campus-rennes-inseec-photo-portrait.jpg","https:\/\/www.inseec.com\/wp-content\/uploads\/sites\/32\/2025\/11\/campus-rennes-inseec-mosaic-alcove-repos.jpg","https:\/\/www.inseec.com\/wp-content\/uploads\/sites\/32\/2025\/11\/campus-rennes-inseec-amphitheatre-etudiantes.jpg","https:\/\/www.inseec.com\/wp-content\/uploads\/sites\/32\/2025\/11\/campus-hero-lyon-inseec.webp","https:\/\/www.inseec.com\/wp-content\/uploads\/sites\/32\/2025\/11\/campus-lyon-inseec-photo-portrait.jpg","https:\/\/www.inseec.com\/wp-content\/uploads\/sites\/32\/2025\/11\/campus-slider-vr-campus-lyon-inseec-dalle-detente.jpg","https:\/\/www.inseec.com\/wp-content\/uploads\/sites\/32\/2025\/11\/campus-slider-vr-campus-lyon-inseec-lion-rouge-hall.jpg","https:\/\/www.inseec.com\/wp-content\/uploads\/sites\/32\/2025\/11\/campus-hero-bordeaux-inseec.jpg","https:\/\/www.inseec.com\/wp-content\/uploads\/sites\/32\/2024\/03\/Campus-Bordeaux-Photo-1.jpg","https:\/\/www.inseec.com\/wp-content\/uploads\/sites\/32\/2025\/11\/campus-bordeaux-inseec-cafeteria.jpg","https:\/\/www.inseec.com\/wp-content\/uploads\/sites\/32\/2025\/11\/campus-bordeaux-inseec-terrasse-bord-garonne.jpg","https:\/\/www.inseec.com\/wp-content\/uploads\/sites\/32\/2025\/11\/campus-paris.jpg","https:\/\/www.inseec.com\/wp-content\/uploads\/sites\/32\/2025\/11\/campus-paris-eiffel-inseec-portrait.jpg","https:\/\/www.inseec.com\/wp-content\/uploads\/sites\/32\/2025\/11\/campus-paris-vellefaux-inseec-cafeteria.jpg","https:\/\/www.inseec.com\/wp-content\/uploads\/sites\/32\/2025\/11\/campus-slider-vr-campus-paris-la-defense-inseec-salle-detente.jpg","https:\/\/www.inseec.com\/wp-content\/uploads\/sites\/32\/2025\/11\/campus-hero-londres-inseec.jpg","https:\/\/www.inseec.com\/wp-content\/uploads\/sites\/32\/2025\/11\/campus-londres-inseec-ville-basilique-notre-dame-de-fourviere.jpg","https:\/\/www.inseec.com\/wp-content\/uploads\/sites\/32\/2025\/11\/campus-hero-londres-inseec.jpg","https:\/\/www.inseec.com\/wp-content\/uploads\/sites\/32\/2025\/12\/campus-slider-vr-campus-londres-inseec-bibliotheque.jpg","https:\/\/www.inseec.com\/wp-content\/uploads\/sites\/32\/2025\/11\/campus-hero-monaco-inseec.jpg","https:\/\/www.inseec.com\/wp-content\/uploads\/sites\/32\/2025\/12\/INSEEC-Monaco-campus.webp","https:\/\/www.inseec.com\/wp-content\/uploads\/sites\/32\/2025\/11\/campus-hero-monaco-inseec.jpg","https:\/\/www.inseec.com\/wp-content\/uploads\/sites\/32\/2025\/11\/campus-monaco-inseec-mosaic-amis.jpg","https:\/\/www.inseec.com\/wp-content\/uploads\/sites\/32\/2025\/11\/campus-hero-munich-inseec.jpg","https:\/\/www.inseec.com\/wp-content\/uploads\/sites\/32\/2025\/11\/campus-munich-inseec-ville-basilique-notre-dame-de-fourviere.jpg","https:\/\/www.inseec.com\/wp-content\/uploads\/sites\/32\/2025\/11\/campus-hero-munich-inseec.jpg","https:\/\/www.inseec.com\/wp-content\/uploads\/sites\/32\/2025\/11\/campus-slider-vr-campus-munich-inseec-etudiants-theatre-les-celestins.jpg","https:\/\/www.inseec.com\/wp-content\/uploads\/sites\/32\/2025\/11\/campus-hero-barcelone-inseec.jpg","https:\/\/www.inseec.com\/wp-content\/uploads\/sites\/32\/2025\/11\/campus-barcelone-inseec-ville-basilique-notre-dame-de-fourviere.jpg","https:\/\/www.inseec.com\/wp-content\/uploads\/sites\/32\/2025\/11\/campus-barcelone-inseec-photo-portrait.jpg","https:\/\/www.inseec.com\/wp-content\/uploads\/sites\/32\/2025\/11\/campus-slider-vr-campus-barcelone-inseec-etudiants-cours-petite-salle.jpg","https:\/\/www.inseec.com\/wp-content\/uploads\/sites\/32\/2025\/11\/campus-hero-online-inseec.jpg","https:\/\/www.inseec.com\/wp-content\/uploads\/sites\/32\/2025\/11\/guide-metier-inseec-photo-illustration-chef-de-publicite_d1bf22.jpg","https:\/\/www.inseec.com\/wp-content\/uploads\/sites\/32\/2025\/11\/guide-metier-inseec-hero-chef-de-projet-evenementiel.jpg","https:\/\/www.inseec.com\/wp-content\/uploads\/sites\/32\/2025\/11\/guide-metier-inseec-hero-chef-de-produit-sportif.jpg","https:\/\/www.inseec.com\/wp-content\/uploads\/sites\/32\/2025\/11\/campus-hero-toulouse-inseec.jpg","https:\/\/www.inseec.com\/wp-content\/uploads\/sites\/32\/2025\/11\/campus-toulouse-inseec-photo-portrait.jpg","https:\/\/www.inseec.com\/wp-content\/uploads\/sites\/32\/2025\/11\/campus-slider-vr-campus-toulouse-inseec-projet-de-groupe.jpg","https:\/\/www.inseec.com\/wp-content\/uploads\/sites\/32\/2025\/11\/campus-slider-vr-campus-toulouse-inseec-etudiants-amphitheatre.jpg","https:\/\/www.inseec.com\/wp-content\/uploads\/sites\/32\/2025\/11\/campus-hero-marseille-inseec.jpg","https:\/\/www.inseec.com\/wp-content\/uploads\/sites\/32\/2025\/11\/campus-marseille-inseec-photo-portrait.jpg","https:\/\/www.inseec.com\/wp-content\/uploads\/sites\/32\/2025\/11\/campus-slider-vr-campus-marseille-inseec-canapes-detente.jpg","https:\/\/www.inseec.com\/wp-content\/uploads\/sites\/32\/2025\/11\/campus-slider-vr-campus-marseille-inseec-salle-commune.jpg","https:\/\/www.inseec.com\/wp-content\/uploads\/sites\/32\/2025\/11\/campus-hero-rennes-inseec.jpg","https:\/\/www.inseec.com\/wp-content\/uploads\/sites\/32\/2025\/11\/campus-rennes-inseec-photo-portrait.jpg","https:\/\/www.inseec.com\/wp-content\/uploads\/sites\/32\/2025\/11\/campus-rennes-inseec-mosaic-alcove-repos.jpg","https:\/\/www.inseec.com\/wp-content\/uploads\/sites\/32\/2025\/11\/campus-rennes-inseec-amphitheatre-etudiantes.jpg","https:\/\/www.inseec.com\/wp-content\/uploads\/sites\/32\/2025\/11\/campus-hero-chambery-inseec-resize.jpg","https:\/\/www.inseec.com\/wp-content\/uploads\/sites\/32\/2025\/11\/campus-chambery-inseec-ville-horloge.jpg","https:\/\/www.inseec.com\/wp-content\/uploads\/sites\/32\/2025\/11\/campus-slider-vr-campus-chambery-inseec-exterieur.jpg","https:\/\/www.inseec.com\/wp-content\/uploads\/sites\/32\/2025\/11\/campus-slider-vr-campus-chambery-inseec-salle-detente.jpg","https:\/\/www.inseec.com\/wp-content\/uploads\/sites\/32\/2025\/11\/campus-hero-beaune-inseec.jpg","https:\/\/www.inseec.com\/wp-content\/uploads\/sites\/32\/2025\/11\/campus-beaune-inseec-ville-cave-a-vin.jpg","https:\/\/www.inseec.com\/wp-content\/uploads\/sites\/32\/2025\/11\/campus-slider-vr-campus-beaune-inseec-groupe-etudiants.jpg","https:\/\/www.inseec.com\/wp-content\/uploads\/sites\/32\/2025\/11\/campus-slider-vr-campus-beaune-inseec-etudiants-1.jpg","https:\/\/www.inseec.com\/wp-content\/uploads\/sites\/32\/2025\/11\/campus-hero-bordeaux-inseec.jpg","https:\/\/www.inseec.com\/wp-content\/uploads\/sites\/32\/2025\/11\/campus-bordeaux-inseec-facade.jpg","https:\/\/www.inseec.com\/wp-content\/uploads\/sites\/32\/2025\/11\/campus-bordeaux-inseec-cafeteria.jpg","https:\/\/www.inseec.com\/wp-content\/uploads\/sites\/32\/2025\/11\/campus-bordeaux-inseec-terrasse-bord-garonne.jpg","https:\/\/www.inseec.com\/wp-content\/uploads\/sites\/32\/2025\/11\/campus-hero-lyon-inseec.webp","https:\/\/www.inseec.com\/wp-content\/uploads\/sites\/32\/2025\/11\/campus-lyon-inseec-photo-portrait.jpg","https:\/\/www.inseec.com\/wp-content\/uploads\/sites\/32\/2025\/11\/campus-slider-vr-campus-lyon-inseec-dalle-detente.jpg","https:\/\/www.inseec.com\/wp-content\/uploads\/sites\/32\/2025\/11\/campus-slider-vr-campus-lyon-inseec-lion-rouge-hall.jpg","https:\/\/www.inseec.com\/wp-content\/uploads\/sites\/32\/2025\/11\/campus-paris.jpg","https:\/\/www.inseec.com\/wp-content\/uploads\/sites\/32\/2025\/11\/campus-paris-eiffel-inseec-portrait.jpg","https:\/\/www.inseec.com\/wp-content\/uploads\/sites\/32\/2025\/11\/campus-paris-vellefaux-inseec-cafeteria.jpg","https:\/\/www.inseec.com\/wp-content\/uploads\/sites\/32\/2025\/11\/campus-slider-vr-campus-paris-la-defense-inseec-salle-detente.jpg"],"foundingDate":"","memberOf":"OMNES Education","alumni":[{"@type":"Person","name":"Lasmak Said","description":"CEO & Cofounder"},{"@type":"Person","name":"Dauchy Xavier","description":"Chief Financial Officer"},{"@type":"Person","name":"Bordeaux Thomas","description":"Regional Manager Grand Lyon"},{"@type":"Person","name":"Quillot Romain","description":"Co-founder"},{"@type":"Person","name":"Rakotomalala Rindra","description":"Head of International Relations"},{"@type":"Person","name":"Lacroix Oscar","description":"Partner"},{"@type":"Person","name":"Moderan Olivia","description":"Manager for the Paris-South area"},{"@type":"Person","name":"Abdelhalim Nabil","description":"Industry Manager"},{"@type":"Person","name":"Duhalde M\u00e9lissa","description":"Operational Marketing Product Manager "},{"@type":"Person","name":"M. Matthieu","description":"Commercial real estate consultant"},{"@type":"Person","name":"Lusset Marie-Amandine","description":"Communications consultant"},{"@type":"Person","name":"R. Lo\u00efc","description":"Entrepreneur"},{"@type":"Person","name":"Soskin Lise","description":"RevOps"},{"@type":"Person","name":"Estrade Guillaume","description":"Regional Manager Grand Lyon"},{"@type":"Person","name":"P. Clara","description":"Head of Digital Communications EMEA"},{"@type":"Person","name":"Serryus C\u00e9sar","description":"Founder"},{"@type":"Person","name":"Onimus Aur\u00e9lien","description":"CEO"},{"@type":"Person","name":"B. Anne-Caroline B.","description":"Marketing & Communications Project Manager"},{"@type":"Person","name":"Azim Ana\u00efs","description":"Business Controller - Industry Unit"},{"@type":"Person","name":"Viallet Nouhant Alexandre","description":"Chief Executive Officer"},{"@type":"Person","name":"Ikouirene Adam","description":"Student commercial placement"}],"department":["Bachelor","Bachelor","BBA","BBA","BTS","BTS","Grande \u00c9cole","Grande \u00c9cole","International","International","MSc","MSc"],"hasCredential":["Bachelor","Bachelor","BBA","BBA","BTS","BTS","Grande \u00c9cole","Grande \u00c9cole","International","International","MSc","MSc"]}]}},"lang":"fr","translations":{"fr":1608,"en":87856},"jetpack_sharing_enabled":true,"pll_sync_post":[],"_links":{"self":[{"href":"https:\/\/www.inseec.com\/wp-json\/wp\/v2\/document\/1608","targetHints":{"allow":["GET"]}}],"collection":[{"href":"https:\/\/www.inseec.com\/wp-json\/wp\/v2\/document"}],"about":[{"href":"https:\/\/www.inseec.com\/wp-json\/wp\/v2\/types\/document"}],"wp:featuredmedia":[{"embeddable":true,"href":"https:\/\/www.inseec.com\/wp-json\/wp\/v2\/media\/87850"}],"wp:attachment":[{"href":"https:\/\/www.inseec.com\/wp-json\/wp\/v2\/media?parent=1608"}],"wp:term":[{"taxonomy":"city","embeddable":true,"href":"https:\/\/www.inseec.com\/wp-json\/wp\/v2\/city?post=1608"},{"taxonomy":"document_category","embeddable":true,"href":"https:\/\/www.inseec.com\/wp-json\/wp\/v2\/document_category?post=1608"},{"taxonomy":"document_tag","embeddable":true,"href":"https:\/\/www.inseec.com\/wp-json\/wp\/v2\/document_tag?post=1608"},{"taxonomy":"document_type","embeddable":true,"href":"https:\/\/www.inseec.com\/wp-json\/wp\/v2\/document_type?post=1608"},{"taxonomy":"school","embeddable":true,"href":"https:\/\/www.inseec.com\/wp-json\/wp\/v2\/school?post=1608"},{"taxonomy":"specialisation","embeddable":true,"href":"https:\/\/www.inseec.com\/wp-json\/wp\/v2\/specialisation?post=1608"},{"taxonomy":"analytics_tag","embeddable":true,"href":"https:\/\/www.inseec.com\/wp-json\/wp\/v2\/analytics_tag?post=1608"}],"curies":[{"name":"wp","href":"https:\/\/api.w.org\/{rel}","templated":true}]}}