{"id":80872,"date":"2025-12-05T10:28:43","date_gmt":"2025-12-05T09:28:43","guid":{"rendered":"https:\/\/www.inseec.com\/?post_type=program&#038;p=80872"},"modified":"2026-01-07T17:13:12","modified_gmt":"2026-01-07T16:13:12","slug":"bba-international-marketing-data-management","status":"publish","type":"program","link":"https:\/\/www.inseec.com\/programme\/bba-international-marketing-data-management\/","title":{"rendered":"BBA \u2013 Majeure International Marketing &amp; Data Management"},"content":{"rendered":"\n<div class=\"wp-block-group alignfull wp-pattern wp-pattern-anchors has-white-background-color has-background has-global-padding is-layout-constrained wp-block-group-is-layout-constrained\" style=\"margin-top:0;margin-bottom:0;padding-top:0;padding-bottom:0\">\n<div class=\"wp-block-group alignwide is-content-justification-space-between is-nowrap is-layout-flex wp-container-core-group-is-layout-4502859d wp-block-group-is-layout-flex\"><div class=\"anchor-list wp-block-beapi-anchor-list\">\n\t<div class=\"anchor-list__content\">\n\t\t<div role=\"heading\" aria-level=\"2\" class=\"anchor-list__title\">Acc\u00e8s rapide<\/div>\n\t\t<div class=\"anchor-list__scroll\">\n\t\t\t<ul class=\"anchor-list__items no-list-style\">\n\t\t\t\t\t\t\t\t\t<li class=\"anchor-list__item\">\n\t\t\t\t\t\t<a href=\"#anchor-presentation\">Pr\u00e9sentation<\/a>\t\t\t\t\t<\/li>\n\t\t\t\t\t\t\t\t\t<li class=\"anchor-list__item\">\n\t\t\t\t\t\t<a href=\"#anchor-campus\">Campus<\/a>\t\t\t\t\t<\/li>\n\t\t\t\t\t\t\t\t\t<li class=\"anchor-list__item\">\n\t\t\t\t\t\t<a href=\"#anchor-temoignage\">T\u00e9moignages<\/a>\t\t\t\t\t<\/li>\n\t\t\t\t\t\t\t\t\t<li class=\"anchor-list__item\">\n\t\t\t\t\t\t<a href=\"#anchor-alternance\">Alternance<\/a>\t\t\t\t\t<\/li>\n\t\t\t\t\t\t\t\t\t<li class=\"anchor-list__item\">\n\t\t\t\t\t\t<a href=\"#anchor-metiers\">M\u00e9tiers<\/a>\t\t\t\t\t<\/li>\n\t\t\t\t\t\t\t\t\t<li class=\"anchor-list__item\">\n\t\t\t\t\t\t<a href=\"#anchor-candidature\">Candidature<\/a>\t\t\t\t\t<\/li>\n\t\t\t\t\t\t\t\t\t<li class=\"anchor-list__item\">\n\t\t\t\t\t\t<a href=\"#anchor-frais\">Frais de scolarit\u00e9<\/a>\t\t\t\t\t<\/li>\n\t\t\t\t\t\t\t\t\t<li class=\"anchor-list__item\">\n\t\t\t\t\t\t<a href=\"#anchor-faq\">FAQ<\/a>\t\t\t\t\t<\/li>\n\t\t\t\t\t\t\t<\/ul>\n\t\t<\/div>\n\t<\/div>\n<\/div>\n\n\n\n<div class=\"wp-block-buttons is-nowrap is-layout-flex wp-container-core-buttons-is-layout-6c531013 wp-block-buttons-is-layout-flex\">\n<div class=\"wp-block-button is-style-fill-sm\"><a class=\"wp-block-button__link wp-element-button\" href=\"https:\/\/www.inseec.com\/procedure-admission-bba-rentree-septembre\/\">Je candidate<\/a><\/div>\n<\/div>\n<\/div>\n<\/div>\n\n\n<span class=\"wp-block-beapi-anchor\" aria-hidden=\"true\" id=\"anchor-presentation\"><\/span>\n\n\n\n<div class=\"wp-block-group wp-pattern wp-pattern-faq-image is-layout-flow wp-block-group-is-layout-flow has-block-anchor\" style=\"margin-top:0;margin-bottom:0;padding-top:var(--wp--preset--spacing--6-xl);padding-bottom:var(--wp--preset--spacing--6-xl)\">\n<div class=\"wp-block-group has-global-padding is-layout-constrained wp-block-group-is-layout-constrained has-block-anchor\">\n<div class=\"wp-block-group is-vertical is-layout-flex wp-container-core-group-is-layout-bd7877ba wp-block-group-is-layout-flex has-block-anchor\">\n<p class=\"is-style-heading-default-eyebrow has-on-surface-color has-text-color has-link-color wp-elements-52e5ab584d4efb74080cdddff789e92a\">Pr\u00e9sentation<\/p>\n\n\n\n<h2 class=\"wp-block-heading is-style-heading-emphasis-h2 has-on-surface-color has-text-color has-link-color wp-elements-044e3fd74f83e39d063fe2e355a1b152\" id=\"quest-ce-quun-bba-majeure-international-marketing-data-management\">Qu&#8217;est-ce qu&#8217;un BBA \u2013 Majeure International Marketing &#038; Data Management\u00a0?<\/h2>\n<\/div>\n\n\n\n<p class=\"is-style-plain-default-md has-on-surface-subtle-color has-text-color has-link-color wp-elements-ad20d386c1684c40c28b859684a832f7\">Le BBA \u2013 Majeure International Marketing &#038; Data Management est une sp\u00e9cialisation de 4\u1d49 ann\u00e9e du programme BBA INSEEC, enti\u00e8rement enseign\u00e9e en anglais. Cette majeure forme aux m\u00e9tiers du marketing digital, de l&#8217;analyse de donn\u00e9es et de la communication digitale. Le programme d\u00e9veloppe les comp\u00e9tences en strat\u00e9gies digitales, data analytics et UX design. Ce parcours professionnalisant, disponible en alternance ou en initial, pr\u00e9pare \u00e0 piloter des projets digitaux et \u00e0 exploiter les donn\u00e9es pour optimiser les performances marketing. Une telle expertise se forge id\u00e9alement par une <a href=\"https:\/\/www.inseec.com\/bba\/bba-marketing\/\">formation BBA en marketing<\/a> qui apporte les bases strat\u00e9giques n\u00e9cessaires. Ce BBA est un dipl\u00f4me vis\u00e9 bac +4 d\u00e9livr\u00e9 par le Minist\u00e8re de l&#8217;Enseignement Sup\u00e9rieur et de la Recherche, certifi\u00e9 RNCP niveau 6 par le Minist\u00e8re du Travail.<\/p>\n<\/div>\n\n\n\n<div class=\"wp-block-group has-global-padding is-layout-constrained wp-block-group-is-layout-constrained has-block-anchor\">\n<h3 class=\"wp-block-heading\" id=\"diplome-et-certification-professionnelle-visee\">Dipl\u00f4me et certification professionnelle vis\u00e9e<\/h3>\n\n\n\n<p>Dipl\u00f4me de Manager International vis\u00e9 par le Minist\u00e8re de l&#8217;Enseignement Sup\u00e9rieur et de la Recherche.<\/p>\n\n\n\n<p>Certification professionnelle de Manager International de niveau 6 (EU), code(s) NSF 310, 312, 313 d\u00e9livr\u00e9e par l&#8217;INSEEC BBA, enregistr\u00e9e sous le num\u00e9ro 41048 au RNCP (R\u00e9pertoire National des Certifications Professionnelles) sur d\u00e9cision du Directeur g\u00e9n\u00e9ral de France Comp\u00e9tences.<\/p>\n\n\n\n<div class=\"wp-block-buttons is-layout-flex wp-block-buttons-is-layout-flex\">\n<div class=\"wp-block-button is-style-link-arrow-left\"><a class=\"wp-block-button__link wp-element-button\" href=\"https:\/\/www.francecompetences.fr\/recherche\/rncp\/41048\/\" target=\"_blank\" rel=\"noreferrer noopener\">Manager International<\/a><\/div>\n<\/div>\n<\/div>\n\n\n\n<div class=\"wp-block-group has-global-padding is-layout-constrained wp-block-group-is-layout-constrained has-block-anchor\">\n<h3 class=\"wp-block-heading\" id=\"les-objectifs-et-competences\">Les objectifs et comp\u00e9tences<\/h3>\n\n\n\n<p>L&#8217;objectif du BBA \u2013 Majeure International Marketing &#038; Data Management est de former des professionnels capables de piloter des strat\u00e9gies digitales et d&#8217;exploiter les donn\u00e9es pour optimiser les performances marketing. De plus, il est possible de <a href=\"https:\/\/www.inseec.com\/bba\/bba-data\/\">rejoindre ce parcours BBA sp\u00e9cialis\u00e9 en data<\/a> pour approfondir l&#8217;exploitation des indicateurs cl\u00e9s. Vous apprenez \u00e0 concevoir des campagnes digitales, \u00e0 analyser les comportements utilisateurs et \u00e0 cr\u00e9er des exp\u00e9riences digitales engageantes.<\/p>\n\n\n\n<p>Le programme d\u00e9veloppe les comp\u00e9tences cl\u00e9s en :<\/p>\n\n\n\n<div class=\"wp-block-group is-style-plain-default-sm is-content-justification-left is-nowrap is-layout-flex wp-container-core-group-is-layout-ad52996e wp-block-group-is-layout-flex\">\n<ul class=\"wp-block-list is-style-check has-on-surface-color has-text-color has-link-color wp-elements-1fd0aa4cb4e3264cbf365b7ffed36938 wp-container-content-9cfa9a5a\">\n<li>Strat\u00e9gies digitales et communication en ligne<\/li>\n\n\n\n<li>Data mining et data analytics<\/li>\n<\/ul>\n\n\n\n<ul class=\"wp-block-list is-style-check has-on-surface-color has-text-color has-link-color wp-elements-3efbe4241ab42131ccd98ba4b1f32cbc wp-container-content-9cfa9a5a\">\n<li>UX design et optimisation de l&#8217;exp\u00e9rience utilisateur<\/li>\n\n\n\n<li>Gestion de projets digitaux en mode agile<\/li>\n<\/ul>\n<\/div>\n<\/div>\n\n\n\n<div class=\"wp-block-group has-global-padding is-layout-constrained wp-block-group-is-layout-constrained has-block-anchor\">\n<h3 class=\"wp-block-heading\" id=\"le-contenu\">Le contenu<\/h3>\n\n\n\n<p>Les cours pr\u00e9sent\u00e9s ci-dessous sont donn\u00e9s \u00e0 titre d&#8217;exemple. Le contenu des cours est adapt\u00e9 chaque ann\u00e9e aux innovations digitales et aux nouveaux outils du data marketing.<\/p>\n<\/div>\n\n\n\n<details class=\"wp-block-details is-style-default is-layout-flow wp-container-core-details-is-layout-9ec55b31 wp-block-details-is-layout-flow\"><summary><h3>Tronc commun<\/h3><\/summary>\n<div class=\"wp-block-group is-vertical is-layout-flex wp-container-core-group-is-layout-a2e3e733 wp-block-group-is-layout-flex\">\n<p class=\"is-style-plain-default-sm has-on-surface-subtle-color has-text-color has-link-color wp-elements-d231bf629c4e4e9478ebfc8ad1e55ccd\">60 cr\u00e9dits ECTS\u00a0<\/p>\n\n\n\n<p class=\"is-style-plain-default-sm has-on-surface-subtle-color has-text-color has-link-color wp-elements-23db012a8ba6052388d6428aa3481d85\">Les cours du tronc commun d\u00e9veloppent les comp\u00e9tences transversales essentielles \u00e0 tout manager du digital.<\/p>\n<\/div>\n\n\n\n<div class=\"wp-block-group is-style-plain-default-sm is-content-justification-space-between is-nowrap is-layout-flex wp-container-core-group-is-layout-03b2c0d6 wp-block-group-is-layout-flex\">\n<ul class=\"wp-block-list is-style-check has-on-surface-color has-text-color has-link-color wp-elements-3bfa0ac0ad99fd12efa604182a163d7e\">\n<li>S\u00e9minaire de rentr\u00e9e : Professional project<\/li>\n\n\n\n<li>workshop<\/li>\n\n\n\n<li>Global Exam preparation TOEIC<\/li>\n\n\n\n<li>M\u00e9thologie de recherche<\/li>\n\n\n\n<li>Corporate strategy<\/li>\n<\/ul>\n\n\n\n<ul class=\"wp-block-list is-style-check has-on-surface-color has-text-color has-link-color wp-elements-10191baf23c14f4d454e41bdbb455a3b\">\n<li>Save my business<\/li>\n\n\n\n<li>M\u00e9moire de recherche appliqu\u00e9e<\/li>\n\n\n\n<li>CP \u2013 International Career Project + Bilan<\/li>\n\n\n\n<li>comp\u00e9tences<\/li>\n\n\n\n<li>PGE \u2013 Politique G\u00e9n\u00e9rale d\u2019Entreprise<\/li>\n<\/ul>\n<\/div>\n<\/details>\n\n\n\n<details class=\"wp-block-details is-style-default is-layout-flow wp-container-core-details-is-layout-9ec55b31 wp-block-details-is-layout-flow\"><summary><h3>Cours de Sp\u00e9cialit\u00e9<\/h3><\/summary>\n<div class=\"wp-block-group is-vertical is-layout-flex wp-container-core-group-is-layout-a2e3e733 wp-block-group-is-layout-flex\">\n<p class=\"is-style-plain-default-sm has-on-surface-subtle-color has-text-color has-link-color wp-elements-8107364f70babd4039996dfa050f1b06\">Les enseignements de sp\u00e9cialit\u00e9 d\u00e9veloppent l&#8217;expertise en marketing digital, data analytics et design d&#8217;exp\u00e9rience utilisateur.<\/p>\n<\/div>\n\n\n\n<div class=\"wp-block-group is-style-plain-default-sm is-content-justification-space-between is-nowrap is-layout-flex wp-container-core-group-is-layout-03b2c0d6 wp-block-group-is-layout-flex\">\n<ul class=\"wp-block-list is-style-check has-on-surface-color has-text-color has-link-color wp-elements-04151e098461972ddf60981ccaaeec36\">\n<li>Langages de programmation (Excel pour le Marketing Digital, Python 2, Langage SQL pour Data Analyse&#8230;)<\/li>\n\n\n\n<li>Gestion de projet et conduite du changement (La m\u00e9thode Agile)<\/li>\n\n\n\n<li>Introduction \u00e0 la Business Intelligence (Power BI, Make, SQL)<\/li>\n<\/ul>\n\n\n\n<ul class=\"wp-block-list is-style-check has-on-surface-color has-text-color has-link-color wp-elements-2aaf999397dc443171ef15842fccb453\">\n<li>Tracking &#038; analyse de donn\u00e9es : Les fondamentaux du tracking (Google Analytics)<\/li>\n\n\n\n<li>Introduction aux enjeux soci\u00e9taux et \u00e9thiques<\/li>\n<\/ul>\n<\/div>\n<\/details>\n\n\n\n<div class=\"wp-block-group has-global-padding is-layout-constrained wp-block-group-is-layout-constrained has-block-anchor\">\n<h3 class=\"wp-block-heading\" id=\"les-modalites-devaluation\">Les modalit\u00e9s d&#8217;\u00e9valuation<\/h3>\n\n\n\n<p>Les comp\u00e9tences sont \u00e9valu\u00e9es en pr\u00e9sentiel selon diverses modalit\u00e9s\u00a0:<\/p>\n<\/div>\n\n\n\n<ul class=\"wp-block-list is-style-check has-on-surface-color has-text-color has-link-color wp-elements-8f10fdb23cda3e4e6d4a737e724333eb\">\n<li>Contr\u00f4le continu durant l&#8217;ann\u00e9e universitaire.<\/li>\n\n\n\n<li>Examens finaux sous forme de partiels.<\/li>\n\n\n\n<li>\u00c9tudes de cas entrepreneuriales individuelles ou r\u00e9alis\u00e9es en groupe.<\/li>\n\n\n\n<li>Pr\u00e9sentations orales individuelles et en groupe.<\/li>\n\n\n\n<li>Dossiers individuels et en groupe.<\/li>\n<\/ul>\n\n\n\n<p>Cette diversit\u00e9 de formats garantit la validation de vos comp\u00e9tences et \u00e9value votre capacit\u00e9 \u00e0 concevoir et \u00e0 piloter des strat\u00e9gies digitales performantes dans un environnement international.<\/p>\n<\/div>\n\n\n\n<div class=\"wp-block-group alignfull wp-pattern wp-pattern-banner-certification-single has-global-padding is-layout-constrained wp-block-group-is-layout-constrained has-block-anchor\" style=\"margin-top:0;margin-bottom:0;padding-top:var(--wp--preset--spacing--padding-y-sm);padding-bottom:var(--wp--preset--spacing--padding-y-sm)\">\n<div class=\"wp-block-group alignwide wp-pattern__inner has-border-color has-surface-variant-background-color has-background is-layout-flex wp-container-core-group-is-layout-801b8a03 wp-block-group-is-layout-flex has-block-anchor\" style=\"border-color:var(--wp--custom--border--outline-subtle);border-width:1px;padding-top:var(--wp--preset--spacing--2-xl);padding-right:var(--wp--preset--spacing--2-xl);padding-bottom:var(--wp--preset--spacing--2-xl);padding-left:var(--wp--preset--spacing--2-xl)\">\n<figure class=\"wp-block-image size-full is-resized\"><img loading=\"lazy\" decoding=\"async\" width=\"261\" height=\"300\" src=\"https:\/\/www.inseec.com\/wp-content\/uploads\/sites\/32\/2025\/12\/logo-diplome-vise.webp\" alt=\"\" class=\"wp-image-90278\" style=\"width:289px\" srcset=\"https:\/\/www.inseec.com\/wp-content\/uploads\/sites\/32\/2025\/12\/logo-diplome-vise.webp 261w, https:\/\/www.inseec.com\/wp-content\/uploads\/sites\/32\/2025\/12\/logo-diplome-vise.webp?resize=35,40 35w, https:\/\/www.inseec.com\/wp-content\/uploads\/sites\/32\/2025\/12\/logo-diplome-vise.webp?resize=70,80 70w, https:\/\/www.inseec.com\/wp-content\/uploads\/sites\/32\/2025\/12\/logo-diplome-vise.webp?resize=139,160 139w, https:\/\/www.inseec.com\/wp-content\/uploads\/sites\/32\/2025\/12\/logo-diplome-vise.webp?resize=44,50 44w, https:\/\/www.inseec.com\/wp-content\/uploads\/sites\/32\/2025\/12\/logo-diplome-vise.webp?resize=87,100 87w, https:\/\/www.inseec.com\/wp-content\/uploads\/sites\/32\/2025\/12\/logo-diplome-vise.webp?resize=21,24 21w, https:\/\/www.inseec.com\/wp-content\/uploads\/sites\/32\/2025\/12\/logo-diplome-vise.webp?resize=42,48 42w\" sizes=\"auto, (max-width: 261px) 100vw, 261px\" \/><\/figure>\n\n\n\n<div class=\"wp-block-group wp-pattern__content is-vertical is-layout-flex wp-container-core-group-is-layout-5a6f8b2c wp-block-group-is-layout-flex has-block-anchor\">\n<div class=\"wp-block-group is-vertical is-layout-flex wp-container-core-group-is-layout-a2e3e733 wp-block-group-is-layout-flex has-block-anchor\">\n<h2 class=\"wp-block-heading is-style-heading-emphasis-h4 has-on-surface-color has-text-color has-link-color wp-elements-2e95d5c6e10f21bd2e8c627e4cd16a51\" id=\"ce-diplome-est-il-reconnu-par-letat\">Ce dipl\u00f4me est-il reconnu par l&#8217;\u00c9tat ?<\/h2>\n\n\n\n<p class=\"is-style-plain-default-md has-on-surface-color has-text-color has-link-color wp-elements-a051e3f19377fcc8abc731f9c667abac\">Notre dipl\u00f4me est vis\u00e9 par le Minist\u00e8re de l&#8217;Enseignement Sup\u00e9rieur et de la Recherche, reconnu en France et \u00e0 l&#8217;international.<\/p>\n\n\n\n<p>Ce programme est \u00e9galement reconnu par le Minist\u00e8re du Travail gr\u00e2ce \u00e0 son <a href=\"https:\/\/www.francecompetences.fr\/recherche\/rncp\/41048\/\">titre RNCP Manager de Projets International de niveau 6<\/a>.  <\/p>\n<\/div>\n<\/div>\n<\/div>\n<\/div>\n\n\n<span class=\"wp-block-beapi-anchor\" aria-hidden=\"true\" id=\"anchor-campus\"><\/span>\n\n\n\n<div class=\"wp-block-group alignfull wp-pattern wp-pattern-campus-locations has-global-padding is-layout-constrained wp-block-group-is-layout-constrained has-block-anchor\" style=\"margin-top:0;margin-bottom:0\">\n<div class=\"wp-block-group alignwide wp-pattern__inner is-layout-flow wp-container-core-group-is-layout-d195d09a wp-block-group-is-layout-flow has-block-anchor\" style=\"padding-top:var(--wp--preset--spacing--padding-y-section);padding-bottom:var(--wp--preset--spacing--padding-y-section)\">\n<div class=\"block block--campus-locations swiper-overflow-visible campus-locations alignfull\">\n\t\t<div\n\t\tclass=\"block__live-region\"\n\t\taria-live=\"polite\"\n\t\taria-atomic=\"true\"\n\t>\u00c9cole de commerce \u00e0 Paris (1\/3)<\/div>\n\n\t<div class=\"block__left\">\n\t\t<div class=\"block__header\">\n\t\t\t<div class=\"block__heading\">\n\t\t\t\t<p class=\"is-style-heading-default-eyebrow has-on-surface-color\">Nos Campus<\/p><h2 class=\"has-on-surface-color is-style-heading-emphasis-h2\">Partout en France<\/h2>\t\t\t<\/div>\n\n\t\t\t<div\n\t\t\t\tclass=\"block__nav\"\n\t\t\t\trole=\"tablist\"\n\t\t\t\taria-label=\"Campus locations navigation\"\n\t\t\t>\n\t\t\t\t\t\t\t\t\t<button\n\t\t\t\t\t\tclass=\"block__btn block__pause-timer has-on-surface-color is-active\"\n\t\t\t\t\t\ttype=\"button\"\n\t\t\t\t\t\trole=\"tab\"\n\t\t\t\t\t\tid=\"tab-campus-134-2\"\n\t\t\t\t\t\taria-label=\"Paris\"\n\t\t\t\t\t\taria-controls=\"campus-134-2\"\n\t\t\t\t\t\taria-selected=\"true\"\n\t\t\t\t\t\ttabindex=\"0\"\n\t\t\t\t\t>\n\t\t\t\t\t<svg class=\"icon icon-paris\" aria-hidden=\"true\" focusable=\"false\"><use href=\"https:\/\/www.inseec.com\/wp-content\/themes\/omnes-design-system\/dist\/icons\/sprite.svg#icon-paris\"><\/use><\/svg><span class=\"is-style-plain-emphasis-xs\">Paris<\/span>\t\t\t\t\t<\/button>\n\t\t\t\t\t\t\t\t\t\t<button\n\t\t\t\t\t\tclass=\"block__btn block__pause-timer has-on-surface-color\"\n\t\t\t\t\t\ttype=\"button\"\n\t\t\t\t\t\trole=\"tab\"\n\t\t\t\t\t\tid=\"tab-campus-835-3\"\n\t\t\t\t\t\taria-label=\"Bordeaux\"\n\t\t\t\t\t\taria-controls=\"campus-835-3\"\n\t\t\t\t\t\taria-selected=\"false\"\n\t\t\t\t\t\ttabindex=\"-1\"\n\t\t\t\t\t>\n\t\t\t\t\t<svg class=\"icon icon-bordeaux\" aria-hidden=\"true\" focusable=\"false\"><use href=\"https:\/\/www.inseec.com\/wp-content\/themes\/omnes-design-system\/dist\/icons\/sprite.svg#icon-bordeaux\"><\/use><\/svg><span class=\"is-style-plain-emphasis-xs\">Bordeaux<\/span>\t\t\t\t\t<\/button>\n\t\t\t\t\t\t\t\t\t\t<button\n\t\t\t\t\t\tclass=\"block__btn block__pause-timer has-on-surface-color\"\n\t\t\t\t\t\ttype=\"button\"\n\t\t\t\t\t\trole=\"tab\"\n\t\t\t\t\t\tid=\"tab-campus-832-4\"\n\t\t\t\t\t\taria-label=\"Lyon\"\n\t\t\t\t\t\taria-controls=\"campus-832-4\"\n\t\t\t\t\t\taria-selected=\"false\"\n\t\t\t\t\t\ttabindex=\"-1\"\n\t\t\t\t\t>\n\t\t\t\t\t<svg class=\"icon icon-lyon\" aria-hidden=\"true\" focusable=\"false\"><use href=\"https:\/\/www.inseec.com\/wp-content\/themes\/omnes-design-system\/dist\/icons\/sprite.svg#icon-lyon\"><\/use><\/svg><span class=\"is-style-plain-emphasis-xs\">Lyon<\/span>\t\t\t\t\t<\/button>\n\t\t\t\t\t\t\t\t<\/div>\n\t\t<\/div>\n\n\t\t<div class=\"block__map has-surface-color block__pause-timer\">\n\t\t\t<svg class=\"icon icon-france block__map-svg\" aria-hidden=\"true\" focusable=\"false\"><use href=\"https:\/\/www.inseec.com\/wp-content\/themes\/omnes-design-system\/dist\/icons\/sprite.svg#icon-france\"><\/use><\/svg>\n\t\t\t<div\n\t\t\t\tclass=\"block__pins\"\n\t\t\t\trole=\"tablist\"\n\t\t\t\taria-label=\"Campus locations navigation\"\n\t\t\t>\n\t\t\t\t\t\t\t\t\t<button\n\t\t\t\t\t\ttabindex=\"-1\"\n\t\t\t\t\t\ttype=\"button\"\n\t\t\t\t\t\trole=\"tab\"\n\t\t\t\t\t\tclass=\"block__pin is-active\"\n\t\t\t\t\t\tstyle=\"top: 25.85%; left: 50.52%;\"\n\t\t\t\t\t\taria-label=\"Paris\"\n\t\t\t\t\t\taria-controls=\"campus-134-2\"\n\t\t\t\t\t\taria-selected=\"true\"\n\t\t\t\t\t>\n\t\t\t\t\t\t<svg class=\"icon icon-map-marker\" aria-hidden=\"true\" focusable=\"false\"><use href=\"https:\/\/www.inseec.com\/wp-content\/themes\/omnes-design-system\/dist\/icons\/sprite.svg#icon-map-marker\"><\/use><\/svg>\t\t\t\t\t<\/button>\n\t\t\t\t\t\t\t\t\t\t<button\n\t\t\t\t\t\ttabindex=\"-1\"\n\t\t\t\t\t\ttype=\"button\"\n\t\t\t\t\t\trole=\"tab\"\n\t\t\t\t\t\tclass=\"block__pin\"\n\t\t\t\t\t\tstyle=\"top: 71.29%; left: 31.14%;\"\n\t\t\t\t\t\taria-label=\"Bordeaux\"\n\t\t\t\t\t\taria-controls=\"campus-835-3\"\n\t\t\t\t\t\taria-selected=\"false\"\n\t\t\t\t\t>\n\t\t\t\t\t\t<svg class=\"icon icon-map-marker\" aria-hidden=\"true\" focusable=\"false\"><use href=\"https:\/\/www.inseec.com\/wp-content\/themes\/omnes-design-system\/dist\/icons\/sprite.svg#icon-map-marker\"><\/use><\/svg>\t\t\t\t\t<\/button>\n\t\t\t\t\t\t\t\t\t\t<button\n\t\t\t\t\t\ttabindex=\"-1\"\n\t\t\t\t\t\ttype=\"button\"\n\t\t\t\t\t\trole=\"tab\"\n\t\t\t\t\t\tclass=\"block__pin\"\n\t\t\t\t\t\tstyle=\"top: 61.12%; left: 67.89%;\"\n\t\t\t\t\t\taria-label=\"Lyon\"\n\t\t\t\t\t\taria-controls=\"campus-832-4\"\n\t\t\t\t\t\taria-selected=\"false\"\n\t\t\t\t\t>\n\t\t\t\t\t\t<svg class=\"icon icon-map-marker\" aria-hidden=\"true\" focusable=\"false\"><use href=\"https:\/\/www.inseec.com\/wp-content\/themes\/omnes-design-system\/dist\/icons\/sprite.svg#icon-map-marker\"><\/use><\/svg>\t\t\t\t\t<\/button>\n\t\t\t\t\t\t\t\t<\/div>\n\t\t<\/div>\n\t<\/div>\n\n\t<div class=\"block__right\">\n\t\t<div\n\t\t\tclass=\"block__cards block__pause-timer\"\n\t\t\tid=\"block-campus-locations-5\"\n\t\t>\n\t\t\t\t\t\t\t<div\n\t\t\t\t\tclass=\"block__card is-active\"\n\t\t\t\t\tid=\"campus-134-2\"\n\t\t\t\t\trole=\"tabpanel\"\n\t\t\t\t\ttabindex=\"0\"\n\t\t\t\t\taria-labelledby=\"tab-campus-134-2\"\n\t\t\t\t>\n\t\t\t\t\t\n<article class=\"crd crd--campus-slider\">\n\t<div class=\"crd__image\"><img decoding=\"async\" width=\"428\" height=\"321\" src=\"https:\/\/www.inseec.com\/wp-content\/uploads\/sites\/32\/2025\/11\/campus-paris.jpg?w=428&#038;h=321&#038;crop=1\" class=\"\" alt=\"\" data-location=\"\" loading=\"lazy\" srcset=\"https:\/\/www.inseec.com\/wp-content\/uploads\/sites\/32\/2025\/11\/campus-paris.jpg?resize=220,165 220w, https:\/\/www.inseec.com\/wp-content\/uploads\/sites\/32\/2025\/11\/campus-paris.jpg?resize=440,330 440w, https:\/\/www.inseec.com\/wp-content\/uploads\/sites\/32\/2025\/11\/campus-paris.jpg?resize=240,180 240w, https:\/\/www.inseec.com\/wp-content\/uploads\/sites\/32\/2025\/11\/campus-paris.jpg?resize=480,360 480w, https:\/\/www.inseec.com\/wp-content\/uploads\/sites\/32\/2025\/11\/campus-paris.jpg?resize=282,212 282w, https:\/\/www.inseec.com\/wp-content\/uploads\/sites\/32\/2025\/11\/campus-paris.jpg?resize=564,424 564w, https:\/\/www.inseec.com\/wp-content\/uploads\/sites\/32\/2025\/11\/campus-paris.jpg?resize=330,248 330w, https:\/\/www.inseec.com\/wp-content\/uploads\/sites\/32\/2025\/11\/campus-paris.jpg?resize=660,496 660w, https:\/\/www.inseec.com\/wp-content\/uploads\/sites\/32\/2025\/11\/campus-paris.jpg?resize=428,321 428w, https:\/\/www.inseec.com\/wp-content\/uploads\/sites\/32\/2025\/11\/campus-paris.jpg?resize=856,642 856w, https:\/\/www.inseec.com\/wp-content\/uploads\/sites\/32\/2025\/11\/campus-paris.jpg?resize=600,450 600w, https:\/\/www.inseec.com\/wp-content\/uploads\/sites\/32\/2025\/11\/campus-paris.jpg?resize=1200,900 1200w, https:\/\/www.inseec.com\/wp-content\/uploads\/sites\/32\/2025\/11\/campus-paris.jpg?resize=686,515 686w, https:\/\/www.inseec.com\/wp-content\/uploads\/sites\/32\/2025\/11\/campus-paris.jpg?resize=1372,1030 1372w\" sizes=\"auto, (max-width: 428px) 100vw, 428px\" \/><\/div>\n\t<div class=\"crd__header\">\n\t<h3 class=\"crd__title is-style-heading-emphasis-h4 has-on-surface-color\">\u00c9cole de commerce \u00e0 Paris<\/h3><p class=\"crd__excerpt is-style-plain-default-md has-on-surface-subtle-color\">D\u00e9couvrez trois campus modernes et faciles d\u2019acc\u00e8s dans des lieux embl\u00e9matiques de Paris.<\/p>\t<\/div>\n\n\t<div class=\"crd__buttons\">\n\t\t<div class=\"wp-block-button is-style-outline-md\"><a href=\"https:\/\/www.inseec.com\/campus\/ecole-de-commerce-paris\/\" class=\"wp-block-button__link\">Discover<\/a><\/div>\t<\/div>\n<\/article>\n\t\t\t\t<\/div>\n\t\t\t\t\t\t\t\t<div\n\t\t\t\t\tclass=\"block__card\"\n\t\t\t\t\tid=\"campus-835-3\"\n\t\t\t\t\trole=\"tabpanel\"\n\t\t\t\t\ttabindex=\"0\"\n\t\t\t\t\taria-labelledby=\"tab-campus-835-3\"\n\t\t\t\t>\n\t\t\t\t\t\n<article class=\"crd crd--campus-slider\">\n\t<div class=\"crd__image\"><img decoding=\"async\" width=\"428\" height=\"321\" src=\"https:\/\/www.inseec.com\/wp-content\/uploads\/sites\/32\/2025\/11\/campus-hero-bordeaux-inseec.jpg?w=428&#038;h=321&#038;crop=1\" class=\"\" alt=\"Photo du campus de Bordeaux de l\u2019\u00e9cole de commerce INSEEC dans l\u2019ancien H\u00f4tel des Ventes des Chartrons\" data-location=\"\" loading=\"lazy\" srcset=\"https:\/\/www.inseec.com\/wp-content\/uploads\/sites\/32\/2025\/11\/campus-hero-bordeaux-inseec.jpg?resize=220,165 220w, https:\/\/www.inseec.com\/wp-content\/uploads\/sites\/32\/2025\/11\/campus-hero-bordeaux-inseec.jpg?resize=440,330 440w, https:\/\/www.inseec.com\/wp-content\/uploads\/sites\/32\/2025\/11\/campus-hero-bordeaux-inseec.jpg?resize=240,180 240w, https:\/\/www.inseec.com\/wp-content\/uploads\/sites\/32\/2025\/11\/campus-hero-bordeaux-inseec.jpg?resize=480,360 480w, https:\/\/www.inseec.com\/wp-content\/uploads\/sites\/32\/2025\/11\/campus-hero-bordeaux-inseec.jpg?resize=282,212 282w, https:\/\/www.inseec.com\/wp-content\/uploads\/sites\/32\/2025\/11\/campus-hero-bordeaux-inseec.jpg?resize=564,424 564w, https:\/\/www.inseec.com\/wp-content\/uploads\/sites\/32\/2025\/11\/campus-hero-bordeaux-inseec.jpg?resize=330,248 330w, https:\/\/www.inseec.com\/wp-content\/uploads\/sites\/32\/2025\/11\/campus-hero-bordeaux-inseec.jpg?resize=660,496 660w, https:\/\/www.inseec.com\/wp-content\/uploads\/sites\/32\/2025\/11\/campus-hero-bordeaux-inseec.jpg?resize=428,321 428w, https:\/\/www.inseec.com\/wp-content\/uploads\/sites\/32\/2025\/11\/campus-hero-bordeaux-inseec.jpg?resize=856,642 856w, https:\/\/www.inseec.com\/wp-content\/uploads\/sites\/32\/2025\/11\/campus-hero-bordeaux-inseec.jpg?resize=600,450 600w, https:\/\/www.inseec.com\/wp-content\/uploads\/sites\/32\/2025\/11\/campus-hero-bordeaux-inseec.jpg?resize=1200,900 1200w, https:\/\/www.inseec.com\/wp-content\/uploads\/sites\/32\/2025\/11\/campus-hero-bordeaux-inseec.jpg?resize=686,515 686w, https:\/\/www.inseec.com\/wp-content\/uploads\/sites\/32\/2025\/11\/campus-hero-bordeaux-inseec.jpg?resize=1372,1030 1372w\" sizes=\"auto, (max-width: 428px) 100vw, 428px\" \/><\/div>\n\t<div class=\"crd__header\">\n\t<h3 class=\"crd__title is-style-heading-emphasis-h4 has-on-surface-color\">\u00c9cole de commerce \u00e0 Bordeaux<\/h3><p class=\"crd__excerpt is-style-plain-default-md has-on-surface-subtle-color\">Rejoignez un campus moderne et chaleureux en bord de Garonne, au c\u0153ur d\u2019une ville vivante et conviviale.<\/p>\t<\/div>\n\n\t<div class=\"crd__buttons\">\n\t\t<div class=\"wp-block-button is-style-outline-md\"><a href=\"https:\/\/www.inseec.com\/campus\/ecole-de-commerce-bordeaux\/\" class=\"wp-block-button__link\">Discover<\/a><\/div>\t<\/div>\n<\/article>\n\t\t\t\t<\/div>\n\t\t\t\t\t\t\t\t<div\n\t\t\t\t\tclass=\"block__card\"\n\t\t\t\t\tid=\"campus-832-4\"\n\t\t\t\t\trole=\"tabpanel\"\n\t\t\t\t\ttabindex=\"0\"\n\t\t\t\t\taria-labelledby=\"tab-campus-832-4\"\n\t\t\t\t>\n\t\t\t\t\t\n<article class=\"crd crd--campus-slider\">\n\t<div class=\"crd__image\"><img decoding=\"async\" width=\"428\" height=\"321\" src=\"https:\/\/www.inseec.com\/wp-content\/uploads\/sites\/32\/2025\/11\/campus-hero-lyon-inseec.webp?w=428&#038;h=321&#038;crop=1\" class=\"\" alt=\"Photo du campus de Lyon de l\u2019\u00e9cole de commerce INSEEC dans une ancienne usine Citro\u00ebn r\u00e9nov\u00e9e\" data-location=\"\" loading=\"lazy\" srcset=\"https:\/\/www.inseec.com\/wp-content\/uploads\/sites\/32\/2025\/11\/campus-hero-lyon-inseec.webp?resize=220,165 220w, https:\/\/www.inseec.com\/wp-content\/uploads\/sites\/32\/2025\/11\/campus-hero-lyon-inseec.webp?resize=440,330 440w, https:\/\/www.inseec.com\/wp-content\/uploads\/sites\/32\/2025\/11\/campus-hero-lyon-inseec.webp?resize=240,180 240w, https:\/\/www.inseec.com\/wp-content\/uploads\/sites\/32\/2025\/11\/campus-hero-lyon-inseec.webp?resize=480,360 480w, https:\/\/www.inseec.com\/wp-content\/uploads\/sites\/32\/2025\/11\/campus-hero-lyon-inseec.webp?resize=282,212 282w, https:\/\/www.inseec.com\/wp-content\/uploads\/sites\/32\/2025\/11\/campus-hero-lyon-inseec.webp?resize=564,424 564w, https:\/\/www.inseec.com\/wp-content\/uploads\/sites\/32\/2025\/11\/campus-hero-lyon-inseec.webp?resize=330,248 330w, https:\/\/www.inseec.com\/wp-content\/uploads\/sites\/32\/2025\/11\/campus-hero-lyon-inseec.webp?resize=660,496 660w, https:\/\/www.inseec.com\/wp-content\/uploads\/sites\/32\/2025\/11\/campus-hero-lyon-inseec.webp?resize=428,321 428w, https:\/\/www.inseec.com\/wp-content\/uploads\/sites\/32\/2025\/11\/campus-hero-lyon-inseec.webp?resize=856,642 856w, https:\/\/www.inseec.com\/wp-content\/uploads\/sites\/32\/2025\/11\/campus-hero-lyon-inseec.webp?resize=600,450 600w, https:\/\/www.inseec.com\/wp-content\/uploads\/sites\/32\/2025\/11\/campus-hero-lyon-inseec.webp?resize=686,515 686w\" sizes=\"auto, (max-width: 428px) 100vw, 428px\" \/><\/div>\n\t<div class=\"crd__header\">\n\t<h3 class=\"crd__title is-style-heading-emphasis-h4 has-on-surface-color\">\u00c9cole de commerce \u00e0 Lyon<\/h3><p class=\"crd__excerpt is-style-plain-default-md has-on-surface-subtle-color\">Profitez d\u2019un campus historique au c\u0153ur de Lyon, ville culturelle et \u00e9tudiante parmi les plus dynamiques de France.<\/p>\t<\/div>\n\n\t<div class=\"crd__buttons\">\n\t\t<div class=\"wp-block-button is-style-outline-md\"><a href=\"https:\/\/www.inseec.com\/campus\/ecole-de-commerce-lyon\/\" class=\"wp-block-button__link\">Discover<\/a><\/div>\t<\/div>\n<\/article>\n\t\t\t\t<\/div>\n\t\t\t\t\t\t<\/div>\n\n\t\t\t\t<div class=\"block__controls swiper__controls\">\n\t\t\t<div class=\"swiper__buttons\">\n\t\t\t\t<button\n\t\t\t\t\tclass=\"block__prev\"\n\t\t\t\t\ttype=\"button\"\n\t\t\t\t\taria-label=\"Previous slide\"\n\t\t\t\t\taria-controls=\"block-campus-locations-5\">\n\t\t\t\t\t<svg class=\"icon icon-arrow-left\" aria-hidden=\"true\" focusable=\"false\"><use href=\"https:\/\/www.inseec.com\/wp-content\/themes\/omnes-design-system\/dist\/icons\/sprite.svg#icon-arrow-left\"><\/use><\/svg>\t\t\t\t<\/button>\n\t\t\t\t<button\n\t\t\t\t\tclass=\"block__next\"\n\t\t\t\t\ttype=\"button\"\n\t\t\t\t\taria-label=\"Next slide\"\n\t\t\t\t\taria-controls=\"block-campus-locations-5\">\n\t\t\t\t\t<svg class=\"icon icon-arrow-right\" aria-hidden=\"true\" focusable=\"false\"><use href=\"https:\/\/www.inseec.com\/wp-content\/themes\/omnes-design-system\/dist\/icons\/sprite.svg#icon-arrow-right\"><\/use><\/svg>\t\t\t\t<\/button>\n\t\t\t<\/div>\n\n\t\t\t<div class=\"block__pager\">\n\t\t\t\t<p class=\"has-on-surface-color is-style-plain-default-md\">\n\t\t\t\t\t<span class=\"block__counter\">1<\/span>\/<span>3<\/span>\n\t\t\t\t<\/p>\n\n\t\t\t\t<div\n\t\t\t\t\tclass=\"block__timer\"\n\t\t\t\t\trole=\"progressbar\"\n\t\t\t\t\taria-valuenow=\"0\"\n\t\t\t\t\taria-valuemin=\"0\"\n\t\t\t\t\taria-valuemax=\"100\"\n\t\t\t\t\taria-label=\"Campus locations progress\"\n\t\t\t\t>\n\t\t\t\t\t<svg class=\"block__timer-bg\" viewBox=\"0 0 24 24\" stroke=\"currentColor\" fill=\"none\" xmlns=\"http:\/\/www.w3.org\/2000\/svg\" aria-hidden=\"true\">\n\t\t\t\t\t\t<path d=\"M22 12C22 13.3132 21.7413 14.6136 21.2388 15.8268C20.7362 17.0401 19.9997 18.1425 19.0711 19.0711C18.1425 19.9997 17.0401 20.7362 15.8268 21.2388C14.6136 21.7413 13.3132 22 12 22C10.6868 22 9.38642 21.7413 8.17317 21.2388C6.95991 20.7362 5.85752 19.9997 4.92893 19.0711C4.00035 18.1425 3.26375 17.0401 2.7612 15.8268C2.25866 14.6136 2 13.3132 2 12C2 10.6868 2.25866 9.38642 2.76121 8.17316C3.26375 6.95991 4.00035 5.85752 4.92893 4.92893C5.85752 4.00035 6.95991 3.26375 8.17317 2.7612C9.38642 2.25866 10.6868 2 12 2C13.3132 2 14.6136 2.25866 15.8268 2.76121C17.0401 3.26375 18.1425 4.00035 19.0711 4.92893C19.9997 5.85752 20.7362 6.95991 21.2388 8.17317C21.7413 9.38642 22 10.6868 22 12L22 12Z\" stroke-width=\"4\" stroke-linecap=\"round\"\/>\n\t\t\t\t\t<\/svg>\n\n\t\t\t\t\t<svg class=\"block__timer-progress\" viewBox=\"0 0 24 24\" stroke=\"currentColor\" fill=\"none\" xmlns=\"http:\/\/www.w3.org\/2000\/svg\" aria-hidden=\"true\">\n\t\t\t\t\t\t<path d=\"M12 2C13.3132 2 14.6136 2.25866 15.8268 2.7612C17.0401 3.26375 18.1425 4.00035 19.0711 4.92893C19.9997 5.85752 20.7362 6.95991 21.2388 8.17317C21.7413 9.38642 22 10.6868 22 12C22 13.3132 21.7413 14.6136 21.2388 15.8268C20.7362 17.0401 19.9997 18.1425 19.0711 19.0711C18.1425 19.9997 17.0401 20.7362 15.8268 21.2388C14.6136 21.7413 13.3132 22 12 22C10.6868 22 9.38642 21.7413 8.17316 21.2388C6.95991 20.7362 5.85751 19.9997 4.92893 19.0711C4.00034 18.1425 3.26375 17.0401 2.7612 15.8268C2.25866 14.6136 2 13.3132 2 12C2 10.6868 2.25866 9.38642 2.76121 8.17316C3.26375 6.9599 4.00035 5.85751 4.92894 4.92893C5.85752 4.00034 6.95992 3.26375 8.17317 2.7612C9.38643 2.25866 10.6868 2 12 2L12 2Z\" stroke-width=\"4\" stroke-linecap=\"round\"\/>\n\t\t\t\t\t<\/svg>\n\t\t\t\t<\/div>\n\t\t\t<\/div>\n\t\t<\/div>\n\t\t\t\t<\/div>\n\t\t<\/div>\n<\/div>\n<\/div>\n\n\n<span class=\"wp-block-beapi-anchor\" aria-hidden=\"true\" id=\"anchor-temoignage\"><\/span>\n\n\n\n<div class=\"wp-block-group alignwide wp-pattern wp-pattern-testimonials-text-three-columns is-layout-flow wp-container-core-group-is-layout-61d1661b wp-block-group-is-layout-flow has-block-anchor\" style=\"margin-top:0;margin-bottom:0;padding-top:var(--wp--preset--spacing--padding-y-section);padding-bottom:var(--wp--preset--spacing--padding-y-section)\">\n<div class=\"wp-block-group wp-pattern__header is-vertical is-content-justification-left is-layout-flex wp-container-core-group-is-layout-ec2f9384 wp-block-group-is-layout-flex has-block-anchor\">\n<div class=\"wp-block-group is-vertical is-layout-flex wp-container-core-group-is-layout-bd7877ba wp-block-group-is-layout-flex has-block-anchor\">\n<p class=\"is-style-heading-default-eyebrow has-on-surface-color has-text-color has-link-color wp-elements-6dd0592dec8ac27f7510d932829c4c8b\">T\u00e9moignages<\/p>\n\n\n\n<h2 class=\"wp-block-heading is-style-heading-emphasis-h2 has-on-surface-color has-text-color has-link-color wp-elements-04a2d3b3bfa86d98001f2ce391a3b390\" id=\"nos-etudiants-en-sont-satisfaits\">Nos \u00e9tudiants en sont satisfaits<\/h2>\n<\/div>\n<\/div>\n\n\n<div class=\"block block--content-picking wp-block-beapi-dynamic-block\" data-type=\"dynamic\" data-layout=\"grid-card-text\" data-post-type=\"contact\">\n\t\t\t<div class=\"block--content-picking__contact-grid-card-text block--content-picking__mobile-slider\"\n\t data-grid=\"3\" style=\"--grid-columns:3\">\n\t\n\t<div class=\"block--content-picking__content swiper swiper-overflow-visible swiper-has-disabled\">\n\t\t<ul class=\"swiper-wrapper\">\n\t\t\t<li class=\"swiper-slide\">\n<blockquote class=\"crd crd--contact-text\">\n\t<div class=\"crd__testimonial-wrapper\">\n\t\t<svg class=\"icon icon-quote\" aria-hidden=\"true\" focusable=\"false\"><use href=\"https:\/\/www.inseec.com\/wp-content\/themes\/omnes-design-system\/dist\/icons\/sprite.svg#icon-quote\"><\/use><\/svg><p class=\"crd__testimonial is-style-quote-default has-on-surface-color\">Pour d\u00e9buter ma 3e ann\u00e9e, j\u2019ai d\u00e9cid\u00e9 de partir \u00e0 Londres avec l\u2019INSEEC BBA. Cette exp\u00e9rience a \u00e9largi mes horizons, m\u2019a fait d\u00e9couvrir un nouvel environnement acad\u00e9mique et culturel et a renforc\u00e9 mes comp\u00e9tences internationales.<\/p>\t<\/div>\n\n\t<div class=\"crd__content\">\n\t\t<div class=\"crd__image\"><img decoding=\"async\" width=\"64\" height=\"64\" src=\"https:\/\/www.inseec.com\/wp-content\/uploads\/sites\/32\/2025\/11\/photo-contact-inseec-bba-angelina-c.jpeg?w=64&#038;h=64&#038;crop=1\" class=\"\" alt=\"\" data-location=\"\" loading=\"lazy\" srcset=\"https:\/\/www.inseec.com\/wp-content\/uploads\/sites\/32\/2025\/11\/photo-contact-inseec-bba-angelina-c.jpeg 200w, https:\/\/www.inseec.com\/wp-content\/uploads\/sites\/32\/2025\/11\/photo-contact-inseec-bba-angelina-c.jpeg?resize=150,150 150w, https:\/\/www.inseec.com\/wp-content\/uploads\/sites\/32\/2025\/11\/photo-contact-inseec-bba-angelina-c.jpeg?resize=64,64 64w, https:\/\/www.inseec.com\/wp-content\/uploads\/sites\/32\/2025\/11\/photo-contact-inseec-bba-angelina-c.jpeg?resize=128,128 128w, https:\/\/www.inseec.com\/wp-content\/uploads\/sites\/32\/2025\/11\/photo-contact-inseec-bba-angelina-c.jpeg?resize=84,84 84w, https:\/\/www.inseec.com\/wp-content\/uploads\/sites\/32\/2025\/11\/photo-contact-inseec-bba-angelina-c.jpeg?resize=168,168 168w, https:\/\/www.inseec.com\/wp-content\/uploads\/sites\/32\/2025\/11\/photo-contact-inseec-bba-angelina-c.jpeg?resize=172,172 172w, https:\/\/www.inseec.com\/wp-content\/uploads\/sites\/32\/2025\/11\/photo-contact-inseec-bba-angelina-c.jpeg?resize=40,40 40w, https:\/\/www.inseec.com\/wp-content\/uploads\/sites\/32\/2025\/11\/photo-contact-inseec-bba-angelina-c.jpeg?resize=80,80 80w, https:\/\/www.inseec.com\/wp-content\/uploads\/sites\/32\/2025\/11\/photo-contact-inseec-bba-angelina-c.jpeg?resize=160,160 160w, https:\/\/www.inseec.com\/wp-content\/uploads\/sites\/32\/2025\/11\/photo-contact-inseec-bba-angelina-c.jpeg?resize=50,50 50w, https:\/\/www.inseec.com\/wp-content\/uploads\/sites\/32\/2025\/11\/photo-contact-inseec-bba-angelina-c.jpeg?resize=100,100 100w, https:\/\/www.inseec.com\/wp-content\/uploads\/sites\/32\/2025\/11\/photo-contact-inseec-bba-angelina-c.jpeg?resize=24,24 24w, https:\/\/www.inseec.com\/wp-content\/uploads\/sites\/32\/2025\/11\/photo-contact-inseec-bba-angelina-c.jpeg?resize=48,48 48w\" sizes=\"auto, (max-width: 64px) 100vw, 64px\" \/><\/div>\n\t\t<cite class=\"crd__name\">\n\t\t\t<span class=\"crd__fullname is-style-plain-emphasis-md\">Angelina  Cavalli<\/span>\t\t<\/cite>\n\t<\/div>\n<\/blockquote>\n\n<\/li><li class=\"swiper-slide\">\n<blockquote class=\"crd crd--contact-text\">\n\t<div class=\"crd__testimonial-wrapper\">\n\t\t<svg class=\"icon icon-quote\" aria-hidden=\"true\" focusable=\"false\"><use href=\"https:\/\/www.inseec.com\/wp-content\/themes\/omnes-design-system\/dist\/icons\/sprite.svg#icon-quote\"><\/use><\/svg><p class=\"crd__testimonial is-style-quote-default has-on-surface-color\">\u00c9tudiante en 3e ann\u00e9e \u00e0 l\u2019INSEEC BBA, je suis en \u00e9change pour six mois \u00e0 Brno, en R\u00e9publique tch\u00e8que, une exp\u00e9rience internationale unique au c\u0153ur de l\u2019Europe.<\/p>\t<\/div>\n\n\t<div class=\"crd__content\">\n\t\t<div class=\"crd__image\"><img decoding=\"async\" width=\"64\" height=\"64\" src=\"https:\/\/www.inseec.com\/wp-content\/uploads\/sites\/32\/2025\/11\/photo-contact-inseec-bba-romane-t.jpeg?w=64&#038;h=64&#038;crop=1\" class=\"\" alt=\"\" data-location=\"\" loading=\"lazy\" srcset=\"https:\/\/www.inseec.com\/wp-content\/uploads\/sites\/32\/2025\/11\/photo-contact-inseec-bba-romane-t.jpeg 800w, https:\/\/www.inseec.com\/wp-content\/uploads\/sites\/32\/2025\/11\/photo-contact-inseec-bba-romane-t.jpeg?resize=150,150 150w, https:\/\/www.inseec.com\/wp-content\/uploads\/sites\/32\/2025\/11\/photo-contact-inseec-bba-romane-t.jpeg?resize=300,300 300w, https:\/\/www.inseec.com\/wp-content\/uploads\/sites\/32\/2025\/11\/photo-contact-inseec-bba-romane-t.jpeg?resize=768,768 768w, https:\/\/www.inseec.com\/wp-content\/uploads\/sites\/32\/2025\/11\/photo-contact-inseec-bba-romane-t.jpeg?resize=64,64 64w, https:\/\/www.inseec.com\/wp-content\/uploads\/sites\/32\/2025\/11\/photo-contact-inseec-bba-romane-t.jpeg?resize=128,128 128w, https:\/\/www.inseec.com\/wp-content\/uploads\/sites\/32\/2025\/11\/photo-contact-inseec-bba-romane-t.jpeg?resize=84,84 84w, https:\/\/www.inseec.com\/wp-content\/uploads\/sites\/32\/2025\/11\/photo-contact-inseec-bba-romane-t.jpeg?resize=168,168 168w, https:\/\/www.inseec.com\/wp-content\/uploads\/sites\/32\/2025\/11\/photo-contact-inseec-bba-romane-t.jpeg?resize=172,172 172w, https:\/\/www.inseec.com\/wp-content\/uploads\/sites\/32\/2025\/11\/photo-contact-inseec-bba-romane-t.jpeg?resize=344,344 344w, https:\/\/www.inseec.com\/wp-content\/uploads\/sites\/32\/2025\/11\/photo-contact-inseec-bba-romane-t.jpeg?resize=242,242 242w, https:\/\/www.inseec.com\/wp-content\/uploads\/sites\/32\/2025\/11\/photo-contact-inseec-bba-romane-t.jpeg?resize=484,484 484w, https:\/\/www.inseec.com\/wp-content\/uploads\/sites\/32\/2025\/11\/photo-contact-inseec-bba-romane-t.jpeg?resize=600,600 600w, https:\/\/www.inseec.com\/wp-content\/uploads\/sites\/32\/2025\/11\/photo-contact-inseec-bba-romane-t.jpeg?resize=330,330 330w, https:\/\/www.inseec.com\/wp-content\/uploads\/sites\/32\/2025\/11\/photo-contact-inseec-bba-romane-t.jpeg?resize=660,660 660w, https:\/\/www.inseec.com\/wp-content\/uploads\/sites\/32\/2025\/11\/photo-contact-inseec-bba-romane-t.jpeg?resize=410,410 410w, https:\/\/www.inseec.com\/wp-content\/uploads\/sites\/32\/2025\/11\/photo-contact-inseec-bba-romane-t.jpeg?resize=40,40 40w, https:\/\/www.inseec.com\/wp-content\/uploads\/sites\/32\/2025\/11\/photo-contact-inseec-bba-romane-t.jpeg?resize=80,80 80w, https:\/\/www.inseec.com\/wp-content\/uploads\/sites\/32\/2025\/11\/photo-contact-inseec-bba-romane-t.jpeg?resize=160,160 160w, https:\/\/www.inseec.com\/wp-content\/uploads\/sites\/32\/2025\/11\/photo-contact-inseec-bba-romane-t.jpeg?resize=50,50 50w, https:\/\/www.inseec.com\/wp-content\/uploads\/sites\/32\/2025\/11\/photo-contact-inseec-bba-romane-t.jpeg?resize=100,100 100w, https:\/\/www.inseec.com\/wp-content\/uploads\/sites\/32\/2025\/11\/photo-contact-inseec-bba-romane-t.jpeg?resize=24,24 24w, https:\/\/www.inseec.com\/wp-content\/uploads\/sites\/32\/2025\/11\/photo-contact-inseec-bba-romane-t.jpeg?resize=48,48 48w\" sizes=\"auto, (max-width: 64px) 100vw, 64px\" \/><\/div>\n\t\t<cite class=\"crd__name\">\n\t\t\t<span class=\"crd__fullname is-style-plain-emphasis-md\">Romane  Th\u00e9as<\/span>\t\t<\/cite>\n\t<\/div>\n<\/blockquote>\n\n<\/li><li class=\"swiper-slide\">\n<blockquote class=\"crd crd--contact-text\">\n\t<div class=\"crd__testimonial-wrapper\">\n\t\t<svg class=\"icon icon-quote\" aria-hidden=\"true\" focusable=\"false\"><use href=\"https:\/\/www.inseec.com\/wp-content\/themes\/omnes-design-system\/dist\/icons\/sprite.svg#icon-quote\"><\/use><\/svg><p class=\"crd__testimonial is-style-quote-default has-on-surface-color\">Je suis en 3e ann\u00e9e \u00e0 l\u2019INSEEC BBA et en \u00e9change pour six mois \u00e0 Brno, en R\u00e9publique tch\u00e8que, \u00e0 la Faculty of Business and Management. Vivre ici, entre cultures d\u2019Europe de l\u2019Est et de l\u2019Ouest, est une exp\u00e9rience riche que me permet le BBA de l\u2019INSEEC.<\/p>\t<\/div>\n\n\t<div class=\"crd__content\">\n\t\t<div class=\"crd__image\"><img decoding=\"async\" width=\"64\" height=\"64\" src=\"https:\/\/www.inseec.com\/wp-content\/uploads\/sites\/32\/2025\/11\/photo-contact-inseec-bba-antoine-c.jpeg?w=64&#038;h=64&#038;crop=1\" class=\"\" alt=\"\" data-location=\"\" loading=\"lazy\" srcset=\"https:\/\/www.inseec.com\/wp-content\/uploads\/sites\/32\/2025\/11\/photo-contact-inseec-bba-antoine-c.jpeg 800w, https:\/\/www.inseec.com\/wp-content\/uploads\/sites\/32\/2025\/11\/photo-contact-inseec-bba-antoine-c.jpeg?resize=150,150 150w, https:\/\/www.inseec.com\/wp-content\/uploads\/sites\/32\/2025\/11\/photo-contact-inseec-bba-antoine-c.jpeg?resize=300,300 300w, https:\/\/www.inseec.com\/wp-content\/uploads\/sites\/32\/2025\/11\/photo-contact-inseec-bba-antoine-c.jpeg?resize=768,768 768w, https:\/\/www.inseec.com\/wp-content\/uploads\/sites\/32\/2025\/11\/photo-contact-inseec-bba-antoine-c.jpeg?resize=64,64 64w, https:\/\/www.inseec.com\/wp-content\/uploads\/sites\/32\/2025\/11\/photo-contact-inseec-bba-antoine-c.jpeg?resize=128,128 128w, https:\/\/www.inseec.com\/wp-content\/uploads\/sites\/32\/2025\/11\/photo-contact-inseec-bba-antoine-c.jpeg?resize=84,84 84w, https:\/\/www.inseec.com\/wp-content\/uploads\/sites\/32\/2025\/11\/photo-contact-inseec-bba-antoine-c.jpeg?resize=168,168 168w, https:\/\/www.inseec.com\/wp-content\/uploads\/sites\/32\/2025\/11\/photo-contact-inseec-bba-antoine-c.jpeg?resize=172,172 172w, https:\/\/www.inseec.com\/wp-content\/uploads\/sites\/32\/2025\/11\/photo-contact-inseec-bba-antoine-c.jpeg?resize=344,344 344w, https:\/\/www.inseec.com\/wp-content\/uploads\/sites\/32\/2025\/11\/photo-contact-inseec-bba-antoine-c.jpeg?resize=242,242 242w, https:\/\/www.inseec.com\/wp-content\/uploads\/sites\/32\/2025\/11\/photo-contact-inseec-bba-antoine-c.jpeg?resize=484,484 484w, https:\/\/www.inseec.com\/wp-content\/uploads\/sites\/32\/2025\/11\/photo-contact-inseec-bba-antoine-c.jpeg?resize=600,600 600w, https:\/\/www.inseec.com\/wp-content\/uploads\/sites\/32\/2025\/11\/photo-contact-inseec-bba-antoine-c.jpeg?resize=330,330 330w, https:\/\/www.inseec.com\/wp-content\/uploads\/sites\/32\/2025\/11\/photo-contact-inseec-bba-antoine-c.jpeg?resize=660,660 660w, https:\/\/www.inseec.com\/wp-content\/uploads\/sites\/32\/2025\/11\/photo-contact-inseec-bba-antoine-c.jpeg?resize=410,410 410w, https:\/\/www.inseec.com\/wp-content\/uploads\/sites\/32\/2025\/11\/photo-contact-inseec-bba-antoine-c.jpeg?resize=40,40 40w, https:\/\/www.inseec.com\/wp-content\/uploads\/sites\/32\/2025\/11\/photo-contact-inseec-bba-antoine-c.jpeg?resize=80,80 80w, https:\/\/www.inseec.com\/wp-content\/uploads\/sites\/32\/2025\/11\/photo-contact-inseec-bba-antoine-c.jpeg?resize=160,160 160w, https:\/\/www.inseec.com\/wp-content\/uploads\/sites\/32\/2025\/11\/photo-contact-inseec-bba-antoine-c.jpeg?resize=50,50 50w, https:\/\/www.inseec.com\/wp-content\/uploads\/sites\/32\/2025\/11\/photo-contact-inseec-bba-antoine-c.jpeg?resize=100,100 100w, https:\/\/www.inseec.com\/wp-content\/uploads\/sites\/32\/2025\/11\/photo-contact-inseec-bba-antoine-c.jpeg?resize=24,24 24w, https:\/\/www.inseec.com\/wp-content\/uploads\/sites\/32\/2025\/11\/photo-contact-inseec-bba-antoine-c.jpeg?resize=48,48 48w\" sizes=\"auto, (max-width: 64px) 100vw, 64px\" \/><\/div>\n\t\t<cite class=\"crd__name\">\n\t\t\t<span class=\"crd__fullname is-style-plain-emphasis-md\">Antoine  Calmels<\/span>\t\t<\/cite>\n\t<\/div>\n<\/blockquote>\n\n<\/li>\t\t<\/ul>\n\t\t\n<div class=\"swiper__controls\">\n\t<div class=\"swiper-pagination\"><\/div>\n\n\t<div class=\"swiper__buttons\">\n\t\t\t\t\t<button class=\"swiper-button-prev\" type=\"button\">\n\t\t\t\t<svg class=\"icon icon-arrow-left\" aria-hidden=\"true\" focusable=\"false\"><use href=\"https:\/\/www.inseec.com\/wp-content\/themes\/omnes-design-system\/dist\/icons\/sprite.svg#icon-arrow-left\"><\/use><\/svg>\t\t\t<\/button>\n\t\t\t<button class=\"swiper-button-next\" type=\"button\">\n\t\t\t\t<svg class=\"icon icon-arrow-right\" aria-hidden=\"true\" focusable=\"false\"><use href=\"https:\/\/www.inseec.com\/wp-content\/themes\/omnes-design-system\/dist\/icons\/sprite.svg#icon-arrow-right\"><\/use><\/svg>\t\t\t<\/button>\n\t\t\t<\/div>\n<\/div>\n\t<\/div>\n\n\t<\/div>\n<\/div>\n<script type=\"application\/ld+json\">\n{\"@context\":\"https:\\\/\\\/schema.org\",\"@graph\":[{\"name\":\"Cavalli Angelina\",\"@type\":\"Person\",\"jobTitle\":\"\",\"worksFor\":{\"@type\":\"Organization\",\"name\":\"\"},\"image\":\"https:\\\/\\\/www.inseec.com\\\/wp-content\\\/uploads\\\/sites\\\/32\\\/2025\\\/11\\\/photo-contact-inseec-bba-angelina-c.jpeg\",\"description\":\"Pour d\\u00c3\\u00a9buter ma 3e ann\\u00c3\\u00a9e, j\\u00e2\\u0080\\u0099ai d\\u00c3\\u00a9cid\\u00c3\\u00a9 de partir \\u00c3\\u00a0 Londres avec l\\u00e2\\u0080\\u0099INSEEC BBA. Cette exp\\u00c3\\u00a9rience a \\u00c3\\u00a9largi mes horizons, m\\u00e2\\u0080\\u0099a fait d\\u00c3\\u00a9couvrir un nouvel environnement acad\\u00c3\\u00a9mique et culturel et a renforc\\u00c3\\u00a9 mes comp\\u00c3\\u00a9tences internationales.\",\"alumniOf\":{\"@id\":\"https:\\\/\\\/www.inseec.com\\\/#organization\"},\"sameAs\":[]},{\"name\":\"Th\\u00c3\\u00a9as Romane\",\"@type\":\"Person\",\"jobTitle\":\"\",\"worksFor\":{\"@type\":\"Organization\",\"name\":\"\"},\"image\":\"https:\\\/\\\/www.inseec.com\\\/wp-content\\\/uploads\\\/sites\\\/32\\\/2025\\\/11\\\/photo-contact-inseec-bba-romane-t.jpeg\",\"description\":\"\\u00c3\\u0089tudiante en 3e ann\\u00c3\\u00a9e \\u00c3\\u00a0 l\\u00e2\\u0080\\u0099INSEEC BBA, je suis en \\u00c3\\u00a9change pour six mois \\u00c3\\u00a0 Brno, en R\\u00c3\\u00a9publique tch\\u00c3\\u00a8que, une exp\\u00c3\\u00a9rience internationale unique au c\\u00c5\\u0093ur de l\\u00e2\\u0080\\u0099Europe.\",\"alumniOf\":{\"@id\":\"https:\\\/\\\/www.inseec.com\\\/#organization\"},\"sameAs\":[]},{\"name\":\"Calmels Antoine\",\"@type\":\"Person\",\"jobTitle\":\"\",\"worksFor\":{\"@type\":\"Organization\",\"name\":\"\"},\"image\":\"https:\\\/\\\/www.inseec.com\\\/wp-content\\\/uploads\\\/sites\\\/32\\\/2025\\\/11\\\/photo-contact-inseec-bba-antoine-c.jpeg\",\"description\":\"Je suis en 3e ann\\u00c3\\u00a9e \\u00c3\\u00a0 l\\u00e2\\u0080\\u0099INSEEC BBA et en \\u00c3\\u00a9change pour six mois \\u00c3\\u00a0 Brno, en R\\u00c3\\u00a9publique tch\\u00c3\\u00a8que, \\u00c3\\u00a0 la Faculty of Business and Management. Vivre ici, entre cultures d\\u00e2\\u0080\\u0099Europe de l\\u00e2\\u0080\\u0099Est et de l\\u00e2\\u0080\\u0099Ouest, est une exp\\u00c3\\u00a9rience riche que me permet le BBA de l\\u00e2\\u0080\\u0099INSEEC.\",\"alumniOf\":{\"@id\":\"https:\\\/\\\/www.inseec.com\\\/#organization\"},\"sameAs\":[]}]}\n<\/script>\n<\/div>\n\n\n\n<div class=\"wp-block-group alignfull wp-pattern wp-pattern-metrics-cards-grid-with-text has-global-padding is-layout-constrained wp-block-group-is-layout-constrained has-block-anchor\" style=\"margin-top:0;margin-bottom:0;padding-top:var(--wp--preset--spacing--padding-y-section);padding-bottom:var(--wp--preset--spacing--padding-y-section)\">\n<div class=\"wp-block-group alignwide wp-pattern__inner is-layout-flow wp-container-core-group-is-layout-3fccdef8 wp-block-group-is-layout-flow has-block-anchor\">\n<div class=\"wp-block-group wp-pattern__header is-vertical is-content-justification-left is-layout-flex wp-container-core-group-is-layout-ec2f9384 wp-block-group-is-layout-flex has-block-anchor\">\n<div class=\"wp-block-group is-vertical is-layout-flex wp-container-core-group-is-layout-bd7877ba wp-block-group-is-layout-flex has-block-anchor\">\n<p class=\"is-style-heading-default-eyebrow has-on-surface-color has-text-color has-link-color wp-elements-cc69c7651b7c3ed8ad328a85a1c946b7\">Les chiffres-cl\u00e9s promo 2024<\/p>\n\n\n\n<h2 class=\"wp-block-heading is-style-heading-emphasis-h2 has-on-surface-color has-text-color has-link-color wp-elements-5cdfd37a4afd20fdb9975bfbd1d13e88\" id=\"diplome-vise\">Dipl\u00f4me Vis\u00e9<\/h2>\n<\/div>\n<\/div>\n\n\n\n<div class=\"wp-block-group alignwide is-layout-grid wp-container-core-group-is-layout-000af959 wp-block-group-is-layout-grid\">\n<div class=\"wp-block-group wp-pattern wp-pattern-metrics-item-card has-border-color has-outline-subtle-border-color is-vertical is-layout-flex wp-container-core-group-is-layout-ffbfb716 wp-block-group-is-layout-flex\" style=\"border-width:2px;padding-top:var(--wp--preset--spacing--2-xl);padding-right:var(--wp--preset--spacing--2-xl);padding-bottom:var(--wp--preset--spacing--2-xl);padding-left:var(--wp--preset--spacing--2-xl)\">\n<ul class=\"wp-block-beapi-icon-block is-layout-flex wp-block-icon-block-is-layout-flex\">\n<li class=\"wp-block-beapi-icon-item\"><span><svg width=\"24\" height=\"24\" viewBox=\"0 0 24 24\" version=\"1.1\" xmlns=\"http:\/\/www.w3.org\/2000\/svg\" style=\"color:var(--wp--custom--color--primary-default-primary)\" class=\"wp-block-beapi-icon-block__icon-component wp-block-beapi-icon-block__icon-component--sprite icon-suitcase\" aria-hidden=\"true\"><use href=\"https:\/\/www.inseec.com\/wp-content\/themes\/omnes-design-system\/dist\/icons\/sprite.svg#icon-suitcase\"><\/use><\/svg><\/span><\/li>\n<\/ul>\n\n\n\n<div class=\"wp-block-blockparty-key-figure has-on-surface-color has-text-color has-link-color wp-elements-6e97ec2d8caf338f73109e86f1c06b72\"><div class=\"wp-block-blockparty-key-figure__key\"><span class=\"wp-block-blockparty-key-figure__prefix\"><\/span><span class=\"wp-block-blockparty-key-figure__number\" data-increment=\"77\">77<\/span><span class=\"wp-block-blockparty-key-figure__suffix\">%<\/span><\/div><p class=\"wp-block-blockparty-key-figure__description\">des \u00e9tudiants en emploi 6 mois apr\u00e8s le dipl\u00f4me<\/p><\/div>\n<\/div>\n\n\n\n<div class=\"wp-block-group wp-pattern wp-pattern-metrics-item-card has-border-color has-outline-subtle-border-color is-vertical is-layout-flex wp-container-core-group-is-layout-ffbfb716 wp-block-group-is-layout-flex\" style=\"border-width:2px;padding-top:var(--wp--preset--spacing--2-xl);padding-right:var(--wp--preset--spacing--2-xl);padding-bottom:var(--wp--preset--spacing--2-xl);padding-left:var(--wp--preset--spacing--2-xl)\">\n<ul class=\"wp-block-beapi-icon-block is-layout-flex wp-block-icon-block-is-layout-flex\">\n<li class=\"wp-block-beapi-icon-item\"><span><svg width=\"24\" height=\"24\" viewBox=\"0 0 24 24\" version=\"1.1\" xmlns=\"http:\/\/www.w3.org\/2000\/svg\" style=\"color:var(--wp--custom--color--primary-default-primary)\" class=\"wp-block-beapi-icon-block__icon-component wp-block-beapi-icon-block__icon-component--sprite icon-world\" aria-hidden=\"true\"><use href=\"https:\/\/www.inseec.com\/wp-content\/themes\/omnes-design-system\/dist\/icons\/sprite.svg#icon-world\"><\/use><\/svg><\/span><\/li>\n<\/ul>\n\n\n\n<div class=\"wp-block-blockparty-key-figure has-on-surface-color has-text-color has-link-color wp-elements-03712db50b00b59710f6bad26827724f\"><div class=\"wp-block-blockparty-key-figure__key\"><span class=\"wp-block-blockparty-key-figure__prefix\"><\/span><span class=\"wp-block-blockparty-key-figure__number\" data-increment=\"36\">36<\/span><span class=\"wp-block-blockparty-key-figure__suffix\">%<\/span><\/div><p class=\"wp-block-blockparty-key-figure__description\">des dipl\u00f4mes travaillent \u00e0 l&#8217;\u00e9tranger<\/p><\/div>\n<\/div>\n\n\n\n<div class=\"wp-block-group wp-pattern wp-pattern-metrics-item-card has-border-color has-outline-subtle-border-color is-vertical is-layout-flex wp-container-core-group-is-layout-ffbfb716 wp-block-group-is-layout-flex\" style=\"border-width:2px;padding-top:var(--wp--preset--spacing--2-xl);padding-right:var(--wp--preset--spacing--2-xl);padding-bottom:var(--wp--preset--spacing--2-xl);padding-left:var(--wp--preset--spacing--2-xl)\">\n<ul class=\"wp-block-beapi-icon-block is-layout-flex wp-block-icon-block-is-layout-flex\">\n<li class=\"wp-block-beapi-icon-item\"><span><svg width=\"24\" height=\"24\" viewBox=\"0 0 24 24\" version=\"1.1\" xmlns=\"http:\/\/www.w3.org\/2000\/svg\" style=\"color:var(--wp--custom--color--primary-default-primary)\" class=\"wp-block-beapi-icon-block__icon-component wp-block-beapi-icon-block__icon-component--sprite icon-student-cap\" aria-hidden=\"true\"><use href=\"https:\/\/www.inseec.com\/wp-content\/themes\/omnes-design-system\/dist\/icons\/sprite.svg#icon-student-cap\"><\/use><\/svg><\/span><\/li>\n<\/ul>\n\n\n\n<div class=\"wp-block-blockparty-key-figure has-on-surface-color has-text-color has-link-color wp-elements-86ce97256ad5b41387d0e437d6916527\"><div class=\"wp-block-blockparty-key-figure__key\"><span class=\"wp-block-blockparty-key-figure__prefix\"><\/span><span class=\"wp-block-blockparty-key-figure__number\" data-increment=\"13\">13<\/span><span class=\"wp-block-blockparty-key-figure__suffix\">%<\/span><\/div><p class=\"wp-block-blockparty-key-figure__description\">des \u00e9tudiants poursuivent leurs \u00e9tudes apr\u00e8s le BBA<\/p><\/div>\n<\/div>\n\n\n\n<div class=\"wp-block-group wp-pattern wp-pattern-metrics-item-card has-border-color has-outline-subtle-border-color is-vertical is-layout-flex wp-container-core-group-is-layout-ffbfb716 wp-block-group-is-layout-flex\" style=\"border-width:2px;padding-top:var(--wp--preset--spacing--2-xl);padding-right:var(--wp--preset--spacing--2-xl);padding-bottom:var(--wp--preset--spacing--2-xl);padding-left:var(--wp--preset--spacing--2-xl)\">\n<ul class=\"wp-block-beapi-icon-block is-layout-flex wp-block-icon-block-is-layout-flex\">\n<li class=\"wp-block-beapi-icon-item\"><span><svg width=\"24\" height=\"24\" viewBox=\"0 0 24 24\" version=\"1.1\" xmlns=\"http:\/\/www.w3.org\/2000\/svg\" style=\"color:var(--wp--custom--color--primary-default-primary)\" class=\"wp-block-beapi-icon-block__icon-component wp-block-beapi-icon-block__icon-component--sprite icon-student-cap\" aria-hidden=\"true\"><use href=\"https:\/\/www.inseec.com\/wp-content\/themes\/omnes-design-system\/dist\/icons\/sprite.svg#icon-student-cap\"><\/use><\/svg><\/span><\/li>\n<\/ul>\n\n\n\n<div class=\"wp-block-blockparty-key-figure has-on-surface-color has-text-color has-link-color wp-elements-73ea78c1f88d47b96dbe5f95c39f9025\"><div class=\"wp-block-blockparty-key-figure__key\"><span class=\"wp-block-blockparty-key-figure__prefix\"><\/span><span class=\"wp-block-blockparty-key-figure__number\" data-increment=\"6\">6<\/span><span class=\"wp-block-blockparty-key-figure__suffix\"><\/span><\/div><p class=\"wp-block-blockparty-key-figure__description\">double dipl\u00f4mes internationaux<\/p><\/div>\n<\/div>\n<\/div>\n<\/div>\n<\/div>\n\n\n<span class=\"wp-block-beapi-anchor\" aria-hidden=\"true\" id=\"anchor-alternance\"><\/span>\n\n\n\n<div class=\"wp-block-group alignwide wp-pattern wp-pattern-features-slider is-layout-flow wp-container-core-group-is-layout-1a58ddf4 wp-block-group-is-layout-flow has-block-anchor\" style=\"margin-top:0;margin-bottom:0;padding-top:var(--wp--preset--spacing--padding-y-section);padding-bottom:var(--wp--preset--spacing--padding-y-section)\">\n<div class=\"wp-block-group wp-pattern__header is-layout-flow wp-block-group-is-layout-flow has-block-anchor\">\n<p class=\"is-style-heading-default-eyebrow has-on-surface-color has-text-color has-link-color wp-elements-e579a3493c2d3e2dae6486f5cdb86958\">Exp\u00e9rience professionnelle<\/p>\n\n\n\n<h2 class=\"wp-block-heading is-style-heading-emphasis-h2 has-on-surface-color has-text-color has-link-color wp-elements-6c4837ea2488e9e6164bc1a582737552\" style=\"margin-top:var(--wp--preset--spacing--xs);margin-bottom:var(--wp--preset--spacing--2-xl)\" id=\"lalternance\">L&#8217;Alternance<\/h2>\n\n\n\n<p class=\"is-style-plain-default-md has-on-surface-subtle-color has-text-color has-link-color wp-elements-1f22eda22351655b01f00db4d9481806\">Ce programme en alternance vous permet de piloter des projets de marketing digital et data au sein d&#8217;agences, d&#8217;entreprises ou de start-ups. Vous d\u00e9veloppez des strat\u00e9gies digitales, analysez les donn\u00e9es et optimisez l&#8217;exp\u00e9rience utilisateur pour d\u00e9velopper votre expertise et acc\u00e9l\u00e9rer votre insertion dans les fonctions du marketing digital.<\/p>\n<\/div>\n\n\n\n<div class=\"block block--features-slider features-slider alignwide\">\n\t<div class=\"swiper swiper-overflow-visible\">\n\t\t<div class=\"swiper-wrapper\">\n\t\t\t\t\t\t\t\t<div class=\"swiper-slide\">\n\t\t\t\t\t\t\n<div class=\"crd crd--feature\">\n\t<div class=\"crd__icon\"><img loading=\"lazy\" decoding=\"async\" width=\"40\" height=\"40\" src=\"https:\/\/www.inseec.com\/wp-content\/uploads\/sites\/32\/2025\/12\/icone-inseec-arc-omnes-education.webp?w=40\" class=\"\" alt=\"\" data-location=\"\" srcset=\"https:\/\/www.inseec.com\/wp-content\/uploads\/sites\/32\/2025\/12\/icone-inseec-arc-omnes-education.webp 40w, https:\/\/www.inseec.com\/wp-content\/uploads\/sites\/32\/2025\/12\/icone-inseec-arc-omnes-education.webp?resize=24,24 24w\" sizes=\"auto, (max-width: 40px) 100vw, 40px\" \/><\/div><h3 class=\"crd__title is-style-plain-emphasis-lg has-on-surface-color\"><a href=\"https:\/\/www.inseec.com\/accompagnement-stage-alternance\/\" class=\"crd__link has-on-surface-color\">L&#8217;INSEEC vous accompagne<\/a><\/h3><p class=\"crd__description is-style-plain-default-md has-on-surface-subtle-color\">Un accompagnement personnalis\u00e9 dans votre recherche d&#8217;alternance ou de stage en marketing digital et data analytics.<\/p><div aria-hidden=\"true\" class=\"crd__link-text wp-block-button is-style-link-arrow-right\"><span class=\"wp-block-button__link\">En savoir plus<\/span><\/div><\/div>\n\t\t\t\t\t<\/div>\n\t\t\t\t\t\t\t\t\t\t<div class=\"swiper-slide\">\n\t\t\t\t\t\t\n<div class=\"crd crd--feature\">\n\t<div class=\"crd__icon\"><img loading=\"lazy\" decoding=\"async\" width=\"64\" height=\"64\" src=\"https:\/\/www.inseec.com\/wp-content\/uploads\/sites\/32\/2025\/12\/icone-job.svg?w=40\" class=\"\" alt=\"\" data-location=\"\" \/><\/div><h3 class=\"crd__title is-style-plain-emphasis-lg has-on-surface-color\">Job dating<\/h3><p class=\"crd__description is-style-plain-default-md has-on-surface-subtle-color\">Des rendez-vous mensuels pour rencontrer nos entreprises partenaires : agences digitales, start-ups tech et directions marketing.<\/p><\/div>\n\t\t\t\t\t<\/div>\n\t\t\t\t\t\t\t\t\t\t<div class=\"swiper-slide\">\n\t\t\t\t\t\t\n<div class=\"crd crd--feature\">\n\t<div class=\"crd__icon\"><img loading=\"lazy\" decoding=\"async\" width=\"64\" height=\"64\" src=\"https:\/\/www.inseec.com\/wp-content\/uploads\/sites\/32\/2025\/12\/icone-Matchup.svg?w=40\" class=\"\" alt=\"\" data-location=\"\" \/><\/div><h3 class=\"crd__title is-style-plain-emphasis-lg has-on-surface-color\"><a target=\"_blank\" href=\"https:\/\/matchup.omneseducation.com\/\" class=\"crd__link has-on-surface-color\" rel=\"noopener\"><span class=\"sr-only\">New window<\/span>Plateforme Match&#8217;Up<\/a><\/h3><p class=\"crd__description is-style-plain-default-md has-on-surface-subtle-color\">Des milliers d&#8217;offres d&#8217;alternance et stages en marketing digital, UX design et data management.<\/p><div aria-hidden=\"true\" class=\"crd__link-text wp-block-button is-style-link-arrow-right\"><span class=\"wp-block-button__link\">D\u00e9couvrir les offres<\/span><\/div><\/div>\n\t\t\t\t\t<\/div>\n\t\t\t\t\t\t\t\t\t\t<div class=\"swiper-slide\">\n\t\t\t\t\t\t\n<div class=\"crd crd--feature\">\n\t<div class=\"crd__icon\"><img loading=\"lazy\" decoding=\"async\" width=\"40\" height=\"40\" src=\"https:\/\/www.inseec.com\/wp-content\/uploads\/sites\/32\/2025\/12\/icone-inseec-srea-networking.webp?w=40\" class=\"\" alt=\"\" data-location=\"\" srcset=\"https:\/\/www.inseec.com\/wp-content\/uploads\/sites\/32\/2025\/12\/icone-inseec-srea-networking.webp 40w, https:\/\/www.inseec.com\/wp-content\/uploads\/sites\/32\/2025\/12\/icone-inseec-srea-networking.webp?resize=24,24 24w\" sizes=\"auto, (max-width: 40px) 100vw, 40px\" \/><\/div><h3 class=\"crd__title is-style-plain-emphasis-lg has-on-surface-color\">Service Relations Entreprises<\/h3><p class=\"crd__description is-style-plain-default-md has-on-surface-subtle-color\">Un r\u00e9seau de 10 000 entreprises partenaires et 115 000 anciens dipl\u00f4m\u00e9s pour favoriser votre acc\u00e8s aux m\u00e9tiers du marketing digital.<\/p><\/div>\n\t\t\t\t\t<\/div>\n\t\t\t\t\t\t\t\t\t\t<div class=\"swiper-slide\">\n\t\t\t\t\t\t\n<div class=\"crd crd--feature\">\n\t<div class=\"crd__icon\"><img loading=\"lazy\" decoding=\"async\" width=\"64\" height=\"64\" src=\"https:\/\/www.inseec.com\/wp-content\/uploads\/sites\/32\/2025\/12\/icone-Ateliers.svg?w=40\" class=\"\" alt=\"\" data-location=\"\" \/><\/div><h3 class=\"crd__title is-style-plain-emphasis-lg has-on-surface-color\">Ateliers coaching<\/h3><p class=\"crd__description is-style-plain-default-md has-on-surface-subtle-color\">Ateliers hebdomadaires collectifs ou individuels : portfolio digital, Google Analytics, strat\u00e9gie social media et certification TOEIC.<\/p><\/div>\n\t\t\t\t\t<\/div>\n\t\t\t\t\t\t\t<\/div>\n\t\t\n<div class=\"swiper__controls\">\n\t<div class=\"swiper-pagination\"><\/div>\n\n\t<div class=\"swiper__buttons\">\n\t\t\t\t\t<button class=\"swiper-button-prev\" type=\"button\">\n\t\t\t\t<svg class=\"icon icon-arrow-left\" aria-hidden=\"true\" focusable=\"false\"><use href=\"https:\/\/www.inseec.com\/wp-content\/themes\/omnes-design-system\/dist\/icons\/sprite.svg#icon-arrow-left\"><\/use><\/svg>\t\t\t<\/button>\n\t\t\t<button class=\"swiper-button-next\" type=\"button\">\n\t\t\t\t<svg class=\"icon icon-arrow-right\" aria-hidden=\"true\" focusable=\"false\"><use href=\"https:\/\/www.inseec.com\/wp-content\/themes\/omnes-design-system\/dist\/icons\/sprite.svg#icon-arrow-right\"><\/use><\/svg>\t\t\t<\/button>\n\t\t\t<\/div>\n<\/div>\n\t<\/div>\n<\/div>\n\n\n\n<div class=\"wp-block-buttons is-layout-flex wp-block-buttons-is-layout-flex\">\n<div class=\"wp-block-button is-style-fill-lg\"><a class=\"wp-block-button__link wp-element-button\" href=\"https:\/\/www.inseec.com\/procedure-admission-bba-rentree-septembre\/\">Je candidate<\/a><\/div>\n<\/div>\n<\/div>\n\n\n<span class=\"wp-block-beapi-anchor\" aria-hidden=\"true\" id=\"anchor-metiers\"><\/span>\n\n\n\n<div class=\"wp-block-group alignfull wp-pattern wp-pattern-jobs-list-with-image has-inverse-variant-background-color has-background has-global-padding is-layout-constrained wp-block-group-is-layout-constrained has-block-anchor\" style=\"margin-top:0;margin-bottom:0;padding-top:var(--wp--preset--spacing--padding-y-section);padding-bottom:var(--wp--preset--spacing--padding-y-section)\">\n<div class=\"wp-block-group alignwide wp-pattern__inner is-layout-flow wp-container-core-group-is-layout-8eee5202 wp-block-group-is-layout-flow has-block-anchor\">\n<div class=\"wp-block-media-text has-media-on-the-right is-stacked-on-mobile has-block-anchor\" style=\"grid-template-columns:auto 40%\"><div class=\"wp-block-media-text__content\">\n<div class=\"wp-block-group is-vertical is-layout-flex wp-container-core-group-is-layout-b80b8bd4 wp-block-group-is-layout-flex has-block-anchor\">\n<div class=\"wp-block-group is-vertical is-layout-flex wp-container-core-group-is-layout-bd7877ba wp-block-group-is-layout-flex has-block-anchor\">\n<p class=\"is-style-heading-default-eyebrow has-inverse-on-surface-color has-text-color has-link-color wp-elements-4b31d257d324fc8a9a703c721b05f19e\">M\u00e9tiers<\/p>\n\n\n\n<h2 class=\"wp-block-heading is-style-heading-emphasis-h2 has-inverse-on-surface-color has-text-color has-link-color wp-elements-00986f50ccd216d5294518f483267eba\" id=\"quels-sont-les-debouches-apres-un-bba-majeure-international-marketing-data-management\">Quels sont les d\u00e9bouch\u00e9s apr\u00e8s un BBA \u2013 Majeure International Marketing &#038; Data Management\u00a0?<\/h2>\n<\/div>\n\n\n\n<p class=\"is-style-plain-default-md has-inverse-on-surface-subtle-color has-text-color has-link-color wp-elements-611fc8672ef664eba4db02c8d71a1089\">Apr\u00e8s le BBA \u2013 Majeure International Marketing &#038; Data Management de l&#8217;INSEEC, de nombreuses opportunit\u00e9s s&#8217;offrent \u00e0 vous pour int\u00e9grer les m\u00e9tiers du marketing digital, de la data et de l&#8217;innovation. Vous b\u00e9n\u00e9ficiez de perspectives d&#8217;\u00e9volution rapides vers des postes de responsable webmarketing ou de chef de produit digital.<\/p>\n<\/div>\n<\/div><figure class=\"wp-block-media-text__media\"><img decoding=\"async\" src=\"https:\/\/www.inseec.com\/wp-content\/themes\/omnes-design-system\/dist\/images\/jobs.png\" alt=\"\" \/><\/figure><\/div>\n\n\n\n<div class=\"block block--jobs-tag jobs-tag\">\n\t<ul><li><a href=\"https:\/\/www.inseec.com\/careers-guide\/chef-de-produit-marketing\/\" class=\"is-style-tag-fill-lg\">Chef de produit marketing<\/a><\/li><li><a href=\"https:\/\/www.inseec.com\/careers-guide\/chef-de-produit\/\" class=\"is-style-tag-fill-lg\">Chef de produit<\/a><\/li><li><a href=\"https:\/\/www.inseec.com\/careers-guide\/chef-de-projet-digital\/\" class=\"is-style-tag-fill-lg\">Chef de projet digital<\/a><\/li><li><a href=\"https:\/\/www.inseec.com\/careers-guide\/media-planner\/\" class=\"is-style-tag-fill-lg\">M\u00e9dia planner<\/a><\/li><li><a href=\"https:\/\/www.inseec.com\/careers-guide\/responsable-du-developpement\/\" class=\"is-style-tag-fill-lg\">Responsable du d\u00e9veloppement<\/a><\/li><li><a href=\"https:\/\/www.inseec.com\/careers-guide\/responsable-marketing-operationnel\/\" class=\"is-style-tag-fill-lg\">Responsable marketing op\u00e9rationnel<\/a><\/li><\/ul><\/div>\n\n\n\n<div class=\"wp-block-group alignwide wp-pattern wp-pattern-banner-jobs has-surface-subtle-background-color has-background is-content-justification-space-between is-nowrap is-layout-flex wp-container-core-group-is-layout-949f8704 wp-block-group-is-layout-flex\" style=\"padding-top:var(--wp--preset--spacing--padding-y-sm);padding-right:var(--wp--preset--spacing--padding-y-sm);padding-bottom:var(--wp--preset--spacing--padding-y-sm);padding-left:var(--wp--preset--spacing--padding-y-sm)\">\n<div class=\"wp-block-group is-style-heading-emphasis-h3 has-on-surface-color has-text-color has-link-color wp-elements-4c9cc34a61af9fa960d52295ec2898e5 is-vertical is-layout-flex wp-container-core-group-is-layout-bd7877ba wp-block-group-is-layout-flex\">\n<p class=\"is-style-heading-emphasis-h3 has-on-surface-color has-text-color has-link-color wp-elements-d5622e9cb3adf183e6ec113b5e10919f\">2 300 \u20ac \u00e0 4 000 \u20ac<\/p>\n\n\n\n<p class=\"is-style-plain-emphasis-md has-on-surface-color has-text-color has-link-color wp-elements-f87e1a87b4a4e01885ce3357a93deecf\">Salaire mensuel moyen d&#8217;un jeune dipl\u00f4m\u00e9<\/p>\n<\/div>\n\n\n\n<div class=\"wp-block-group is-nowrap is-layout-flex wp-container-core-group-is-layout-a2d696be wp-block-group-is-layout-flex\">\n<p class=\"is-style-plain-default-sm has-on-surface-color has-text-color has-link-color wp-elements-1b45923ffe8eeda3ccfd0d632d3b0fe9\">Rejoignez l&#8217;INSEEC BBA pour concr\u00e9tiser vos projets et assurer votre avenir<\/p>\n\n\n\n<div class=\"wp-block-buttons is-content-justification-left is-layout-flex wp-container-core-buttons-is-layout-541a3246 wp-block-buttons-is-layout-flex\">\n<div class=\"wp-block-button is-style-fill-md\"><a class=\"wp-block-button__link wp-element-button\">RDV personnalis\u00e9<\/a><\/div>\n<\/div>\n<\/div>\n<\/div>\n<\/div>\n<\/div>\n\n\n<span class=\"wp-block-beapi-anchor\" aria-hidden=\"true\" id=\"anchor-candidature\"><\/span>\n\n\n\n<div class=\"wp-block-group alignfull wp-pattern wp-pattern-apply-scroll has-global-padding is-layout-constrained wp-block-group-is-layout-constrained has-block-anchor\" style=\"margin-top:0;margin-bottom:0\">\n<div class=\"wp-block-group alignfull wp-pattern__scroller has-global-padding is-layout-constrained wp-container-core-group-is-layout-a1d2d6ee wp-block-group-is-layout-constrained has-block-anchor\" style=\"margin-top:0;margin-bottom:0;padding-top:var(--wp--preset--spacing--6-xl);padding-right:var(--wp--preset--spacing--padding-x-section);padding-bottom:var(--wp--preset--spacing--6-xl);padding-left:var(--wp--preset--spacing--padding-x-section)\">\n<div class=\"wp-block-group alignwide wp-pattern__inner is-layout-flow wp-container-core-group-is-layout-3fccdef8 wp-block-group-is-layout-flow has-block-anchor\">\n<div class=\"wp-block-group wp-pattern__header is-vertical is-layout-flex wp-container-core-group-is-layout-bd7877ba wp-block-group-is-layout-flex has-block-anchor\">\n<p class=\"is-style-heading-default-eyebrow has-on-surface-color has-text-color has-link-color wp-elements-aa711e898cb405409db38f707f9a5c0d\">Candidature<\/p>\n\n\n\n<h2 class=\"wp-block-heading is-style-heading-emphasis-h2 has-on-surface-color has-text-color has-link-color wp-elements-a965df3c49e0caa2f258da2878978c7f\" id=\"quelles-sont-les-conditions-dadmission-au-bba-majeure-international-marketing-data-management\"><strong>Quelles sont les conditions d&#8217;admission au BBA \u2013 Majeure International Marketing &#038; Data Management\u00a0?<\/strong><\/h2>\n<\/div>\n\n\n\n<div class=\"wp-block-group wp-pattern__wrapper is-content-justification-space-between is-nowrap is-layout-flex wp-container-core-group-is-layout-0b70ad5d wp-block-group-is-layout-flex has-block-anchor\">\n<div class=\"wp-block-group wp-pattern__items is-vertical is-content-justification-stretch is-nowrap is-layout-flex wp-container-core-group-is-layout-0fa67750 wp-block-group-is-layout-flex has-block-anchor\">\n<div class=\"wp-block-group wp-pattern__item has-border-color has-outline-subtle-border-color is-nowrap is-layout-flex wp-container-core-group-is-layout-5097bea1 wp-block-group-is-layout-flex has-block-anchor\" style=\"border-width:3px;border-radius:16px;padding-top:var(--wp--preset--spacing--2-xl);padding-right:var(--wp--preset--spacing--2-xl);padding-bottom:var(--wp--preset--spacing--2-xl);padding-left:var(--wp--preset--spacing--2-xl)\">\n<div class=\"wp-block-group wp-container-content-9cfa9a5a is-layout-flow wp-container-core-group-is-layout-a77db08e wp-block-group-is-layout-flow has-block-anchor\">\n<div class=\"wp-block-group wp-pattern__item-heading has-global-padding is-layout-constrained wp-block-group-is-layout-constrained has-block-anchor\">\n<h3 class=\"wp-block-heading is-style-default has-on-surface-color has-text-color has-link-color wp-elements-94ea58258e921c4d74180ce43684c71a\" id=\"admission-en-1e-annee\">Admission en 1e ann\u00e9e<\/h3>\n<\/div>\n\n\n\n<div class=\"wp-block-group wp-pattern__item-content has-global-padding is-layout-constrained wp-block-group-is-layout-constrained\">\n<div class=\"wp-block-group has-global-padding is-layout-constrained wp-block-group-is-layout-constrained\">\n<ul class=\"wp-block-list is-style-check\">\n<li>Les candidats en classe de Terminale doivent passer le Concours Pass via Parcoursup.<\/li>\n\n\n\n<li>Pour les bacheliers ou \u00e9tudiants en r\u00e9orientation, l\u2019admission se fait sur dossier et entretien (candidature sur notre site internet).<\/li>\n<\/ul>\n<\/div>\n<\/div>\n<\/div>\n<\/div>\n\n\n\n<div class=\"wp-block-group wp-pattern__item has-border-color has-outline-subtle-border-color is-nowrap is-layout-flex wp-container-core-group-is-layout-5097bea1 wp-block-group-is-layout-flex has-block-anchor\" style=\"border-width:3px;border-radius:16px;padding-top:var(--wp--preset--spacing--2-xl);padding-right:var(--wp--preset--spacing--2-xl);padding-bottom:var(--wp--preset--spacing--2-xl);padding-left:var(--wp--preset--spacing--2-xl)\">\n<div class=\"wp-block-group wp-container-content-9cfa9a5a is-layout-flow wp-container-core-group-is-layout-a77db08e wp-block-group-is-layout-flow has-block-anchor\">\n<div class=\"wp-block-group wp-pattern__item-heading has-global-padding is-layout-constrained wp-block-group-is-layout-constrained has-block-anchor\">\n<h3 class=\"wp-block-heading is-style-default has-on-surface-color has-text-color has-link-color wp-elements-9f14502fbe0ec6bb5906d517a761ec82\" id=\"admission-en-2eme-annee-ou-3eme-annee\">Admission en 2eme ann\u00e9e ou 3eme ann\u00e9e<\/h3>\n<\/div>\n\n\n\n<div class=\"wp-block-group wp-pattern__item-content has-global-padding is-layout-constrained wp-block-group-is-layout-constrained\">\n<div class=\"wp-block-group has-global-padding is-layout-constrained wp-block-group-is-layout-constrained\">\n<ul class=\"wp-block-list is-style-check\">\n<li>Ouverte aux \u00e9tudiants ayant valid\u00e9 un bac +1 ou bac +2.\u00a0<\/li>\n\n\n\n<li>L\u2019admission se fait sur dossier et entretien (candidature sur notre site internet).<\/li>\n<\/ul>\n<\/div>\n<\/div>\n<\/div>\n<\/div>\n<\/div>\n\n\n\n<div class=\"wp-block-group wp-pattern__applybox has-surface-subtle-background-color has-background is-vertical is-content-justification-stretch is-layout-flex wp-container-core-group-is-layout-1a257378 wp-block-group-is-layout-flex\" style=\"border-radius:16px;padding-top:var(--wp--preset--spacing--2-xl);padding-right:var(--wp--preset--spacing--2-xl);padding-bottom:var(--wp--preset--spacing--2-xl);padding-left:var(--wp--preset--spacing--2-xl)\">\n<p class=\"is-style-plain-emphasis-xl has-on-surface-color has-text-color has-link-color wp-elements-f51b78ae01697a7f5528f193b43c63c7\">Votre candidature<\/p>\n\n\n\n<ul class=\"wp-block-list is-style-steps has-on-surface-color has-text-color has-link-color wp-elements-04f4bf70b7bd2969835fe52d41f3db8a\">\n<li>D\u00e9p\u00f4t du dossier<\/li>\n\n\n\n<li>\u00c9preuve d&#8217;admission<\/li>\n\n\n\n<li>R\u00e9sultats d&#8217;admissibilit\u00e9<\/li>\n<\/ul>\n\n\n\n<div class=\"wp-block-buttons is-content-justification-center is-nowrap is-layout-flex wp-container-core-buttons-is-layout-12a27398 wp-block-buttons-is-layout-flex\">\n<div class=\"wp-block-button has-custom-width wp-block-button__width-100 is-style-fill-lg\"><a class=\"wp-block-button__link has-text-align-center wp-element-button\" href=\"https:\/\/www.inseec.com\/procedure-admission-bba-rentree-septembre\/\">Je candidate<\/a><\/div>\n<\/div>\n<\/div>\n<\/div>\n<\/div>\n<\/div>\n<\/div>\n\n\n<span class=\"wp-block-beapi-anchor\" aria-hidden=\"true\" id=\"anchor-frais\"><\/span>\n\n\n\n<div class=\"wp-block-group alignfull wp-pattern wp-pattern-school-fees has-global-padding is-layout-constrained wp-block-group-is-layout-constrained has-block-anchor\" style=\"margin-top:0;margin-bottom:0;padding-top:var(--wp--preset--spacing--padding-y-section);padding-bottom:var(--wp--preset--spacing--padding-y-section)\">\n<p class=\"alignwide has-text-align-wide is-style-heading-default-eyebrow has-on-surface-color has-text-color has-link-color wp-elements-2985aacb3303de6065306d4df558bfd7\" style=\"margin-bottom:var(--wp--preset--spacing--xs)\">Frais de scolarit\u00e9<\/p>\n\n\n\n<div class=\"wp-block-columns alignwide are-vertically-aligned-center is-layout-flex wp-container-core-columns-is-layout-a13de39d wp-block-columns-is-layout-flex has-block-anchor\" style=\"margin-top:var(--wp--preset--spacing--xs);margin-bottom:var(--wp--preset--spacing--5-xl)\">\n<div class=\"wp-block-column is-vertically-aligned-center is-layout-flow wp-block-column-is-layout-flow\" style=\"flex-basis:40.4%\">\n<h2 class=\"wp-block-heading\" id=\"quels-sont-les-frais-de-scolarite-du-bba-majeure-international-marketing-data-management\">Quels sont les frais de scolarit\u00e9 du BBA \u2013 Majeure International Marketing &#038; Data Management ?<\/h2>\n<\/div>\n\n\n\n<div class=\"wp-block-column is-vertically-aligned-center is-layout-flow wp-block-column-is-layout-flow\" style=\"flex-basis:49%\">\n<p class=\"is-style-plain-default-lg has-on-surface-subtle-color has-text-color has-link-color wp-elements-a9b82adb794ab1d86a52e3a41c263e71\">Les frais de scolarit\u00e9 \u00e9voluent en fonction des ann\u00e9es. Plusieurs solutions de financement sont disponibles pour vous accompagner.<\/p>\n<\/div>\n<\/div>\n\n\n\n<div class=\"wp-block-blockparty-tabs alignwide has-align-top-center\" aria-label=\"\" role=\"tablist\">\n<ul class=\"wp-block-blockparty-tabs-nav\">\n<li class=\"wp-block-blockparty-tabs-nav-item\"><a id=\"block-tab-2-0\" role=\"tab\" aria-controls=\"block-panel-2-0\" class=\"wp-block-blockparty-tabs-nav-link\" href=\"#block-tab-2-0\"><span>Rentr\u00e9e Septembre Alternance<\/span><\/a><\/li>\n<\/ul>\n\n\n\n<section class=\"wp-block-blockparty-tabs-panels\">\n<div role=\"tabpanel\" tabindex=\"0\" class=\"wp-block-blockparty-tabs-panel-item\" id=\"block-panel-2-0\" aria-labelledby=\"block-tab-2-0\"><div class=\"wp-block-blockparty-tabs-panel-item__inner\"><div class=\"block block--school-fee-steps school-fee-steps wp-elements-75fcab8859d169707315e76f15f77ba9 alignwide has-text-color has-black-color has-background has-surface-subtle-background-color\" style=\"padding-left: var(--wp--preset--spacing--xl);padding-right: var(--wp--preset--spacing--xl);padding-top: var(--wp--preset--spacing--xl);padding-bottom: var(--wp--preset--spacing--xl);\">\n\t<ol>\n\t\t\t\t\t<li class=\"block__first-step\">\n\t\t\t\t<span class=\"block__content\">\n\t\t\t\t\t<span class=\"block__label\"><svg class=\"icon icon-badge\" aria-hidden=\"true\" focusable=\"false\"><use href=\"https:\/\/www.inseec.com\/wp-content\/themes\/omnes-design-system\/dist\/icons\/sprite.svg#icon-badge\"><\/use><\/svg>Admission BAC<\/span>\t\t\t\t<\/span>\n\t\t\t<\/li>\n\t\t\t\t\t\t<li>\n\t\t\t\t<span class=\"block__content\">\n\t\t\t\t\t<span class=\"block__label\">1e ann\u00e9e<\/span>\t\t\t\t\t<span class=\"block__detail\">\n\t\t\t\t\t\t<span><svg class=\"icon icon-time-quarter-past\" aria-hidden=\"true\" focusable=\"false\"><use href=\"https:\/\/www.inseec.com\/wp-content\/themes\/omnes-design-system\/dist\/icons\/sprite.svg#icon-time-quarter-past\"><\/use><\/svg>1 an<\/span><span><svg class=\"icon icon-money-bill-wave\" aria-hidden=\"true\" focusable=\"false\"><use href=\"https:\/\/www.inseec.com\/wp-content\/themes\/omnes-design-system\/dist\/icons\/sprite.svg#icon-money-bill-wave\"><\/use><\/svg>11 850\u20ac<\/span>\t\t\t\t\t<\/span>\n\t\t\t\t<\/span>\n\t\t\t<\/li>\n\t\t\t\t\t\t<li>\n\t\t\t\t<span class=\"block__content\">\n\t\t\t\t\t<span class=\"block__label\">2e ann\u00e9e<\/span>\t\t\t\t\t<span class=\"block__detail\">\n\t\t\t\t\t\t<span><svg class=\"icon icon-time-quarter-past\" aria-hidden=\"true\" focusable=\"false\"><use href=\"https:\/\/www.inseec.com\/wp-content\/themes\/omnes-design-system\/dist\/icons\/sprite.svg#icon-time-quarter-past\"><\/use><\/svg>1 an<\/span><span><svg class=\"icon icon-money-bill-wave\" aria-hidden=\"true\" focusable=\"false\"><use href=\"https:\/\/www.inseec.com\/wp-content\/themes\/omnes-design-system\/dist\/icons\/sprite.svg#icon-money-bill-wave\"><\/use><\/svg>11 950\u20ac<\/span>\t\t\t\t\t<\/span>\n\t\t\t\t<\/span>\n\t\t\t<\/li>\n\t\t\t\t\t\t<li>\n\t\t\t\t<span class=\"block__content\">\n\t\t\t\t\t<span class=\"block__label\">3e ann\u00e9e<\/span>\t\t\t\t\t<span class=\"block__detail\">\n\t\t\t\t\t\t<span><svg class=\"icon icon-time-quarter-past\" aria-hidden=\"true\" focusable=\"false\"><use href=\"https:\/\/www.inseec.com\/wp-content\/themes\/omnes-design-system\/dist\/icons\/sprite.svg#icon-time-quarter-past\"><\/use><\/svg>1 an<\/span><span><svg class=\"icon icon-money-bill-wave\" aria-hidden=\"true\" focusable=\"false\"><use href=\"https:\/\/www.inseec.com\/wp-content\/themes\/omnes-design-system\/dist\/icons\/sprite.svg#icon-money-bill-wave\"><\/use><\/svg>12 300\u20ac<\/span>\t\t\t\t\t<\/span>\n\t\t\t\t<\/span>\n\t\t\t<\/li>\n\t\t\t\t\t\t<li>\n\t\t\t\t<span class=\"block__content\">\n\t\t\t\t\t<span class=\"block__label\">4e ann\u00e9e<\/span>\t\t\t\t\t<span class=\"block__detail\">\n\t\t\t\t\t\t<span><svg class=\"icon icon-time-quarter-past\" aria-hidden=\"true\" focusable=\"false\"><use href=\"https:\/\/www.inseec.com\/wp-content\/themes\/omnes-design-system\/dist\/icons\/sprite.svg#icon-time-quarter-past\"><\/use><\/svg>1 an<\/span><span><svg class=\"icon icon-money-bill-wave\" aria-hidden=\"true\" focusable=\"false\"><use href=\"https:\/\/www.inseec.com\/wp-content\/themes\/omnes-design-system\/dist\/icons\/sprite.svg#icon-money-bill-wave\"><\/use><\/svg>11 850\u20ac<\/span>\t\t\t\t\t<\/span>\n\t\t\t\t<\/span>\n\t\t\t<\/li>\n\t\t\t\t\t\t<li class=\"block__last-step\">\n\t\t\t\t<span class=\"block__content\">\n\t\t\t\t\t<span class=\"block__label\"><svg class=\"icon icon-student-alt\" aria-hidden=\"true\" focusable=\"false\"><use href=\"https:\/\/www.inseec.com\/wp-content\/themes\/omnes-design-system\/dist\/icons\/sprite.svg#icon-student-alt\"><\/use><\/svg>Dipl\u00f4me BBA<\/span>\t\t\t\t<\/span>\n\t\t\t<\/li>\n\t\t\t\t<\/ol>\n<\/div>\n\n\n\n<div class=\"wp-block-group alignwide has-global-padding is-layout-constrained wp-block-group-is-layout-constrained has-block-anchor\">\n<div class=\"wp-block-group alignwide has-surface-subtle-background-color has-background has-global-padding is-layout-constrained wp-container-core-group-is-layout-35c3b834 wp-block-group-is-layout-constrained has-block-anchor\" style=\"margin-top:var(--wp--preset--spacing--4-xl);padding-top:var(--wp--preset--spacing--padding-y-sm);padding-right:var(--wp--preset--spacing--padding-x-sm);padding-bottom:var(--wp--preset--spacing--padding-y-sm);padding-left:var(--wp--preset--spacing--padding-x-sm)\">\n<div class=\"wp-block-columns alignwide is-layout-flex wp-container-core-columns-is-layout-28f84493 wp-block-columns-is-layout-flex has-block-anchor\">\n<div class=\"wp-block-column is-layout-flow wp-container-core-column-is-layout-ed9b32d5 wp-block-column-is-layout-flow\" style=\"flex-basis:29%\">\n<h3 class=\"wp-block-heading is-style-heading-emphasis-h4\" id=\"aides-au-financement\">Aides au financement<\/h3>\n\n\n\n<p class=\"is-style-plain-emphasis-md has-on-surface-subtle-color has-text-color has-link-color wp-elements-b2579ee9e3acd4a9436fb698d7b8c8fe\">L\u2019INSEEC propose plusieurs dispositifs d\u2019aides au financement :<\/p>\n<\/div>\n\n\n\n<div class=\"wp-block-column is-layout-flow wp-block-column-is-layout-flow\" style=\"flex-basis:64%\">\n<div class=\"wp-block-group is-layout-grid wp-container-core-group-is-layout-95e4255b wp-block-group-is-layout-grid\">\n<div class=\"wp-block-group has-surface-variant-background-color has-background is-nowrap is-layout-flex wp-container-core-group-is-layout-58883a1f wp-block-group-is-layout-flex\" style=\"padding-top:var(--wp--preset--spacing--xl);padding-right:var(--wp--preset--spacing--xl);padding-bottom:var(--wp--preset--spacing--xl);padding-left:var(--wp--preset--spacing--xl)\">\n<ul class=\"wp-block-beapi-icon-block is-layout-flex wp-block-icon-block-is-layout-flex\">\n<li class=\"wp-block-beapi-icon-item\"><span style=\"background-color:var(--wp--custom--color--tertiary-default-tertiary-container);border-radius:8%\"><svg width=\"24\" height=\"24\" viewBox=\"0 0 24 24\" version=\"1.1\" xmlns=\"http:\/\/www.w3.org\/2000\/svg\" style=\"color:var(--wp--custom--color--primary-default-on-primary-container);padding:8px 8px 8px 8px\" class=\"wp-block-beapi-icon-block__icon-component wp-block-beapi-icon-block__icon-component--sprite icon-bank\" aria-hidden=\"true\"><use href=\"https:\/\/www.inseec.com\/wp-content\/themes\/omnes-design-system\/dist\/icons\/sprite.svg#icon-business-time\"><\/use><\/svg><\/span><\/li>\n<\/ul>\n\n\n\n<div class=\"wp-block-group has-global-padding is-layout-constrained wp-container-core-group-is-layout-442b6e00 wp-block-group-is-layout-constrained\">\n<p>Le rythme altern\u00e9, en stage ou contrat d\u2019alternance<\/p>\n\n\n\n<div class=\"wp-block-buttons is-layout-flex wp-block-buttons-is-layout-flex\">\n<div class=\"wp-block-button is-style-link-arrow-right\"><a class=\"wp-block-button__link wp-element-button\" href=\"https:\/\/www.inseec.com\/financer-ses-etudes\/\">En savoir plus<\/a><\/div>\n<\/div>\n<\/div>\n<\/div>\n\n\n\n<div class=\"wp-block-group has-inverse-on-surface-color has-inverse-variant-background-color has-text-color has-background has-link-color wp-elements-58aa36d6f30c3349caac33f4215751b0 is-nowrap is-layout-flex wp-container-core-group-is-layout-58883a1f wp-block-group-is-layout-flex\" style=\"padding-top:var(--wp--preset--spacing--xl);padding-right:var(--wp--preset--spacing--xl);padding-bottom:var(--wp--preset--spacing--xl);padding-left:var(--wp--preset--spacing--xl)\">\n<ul class=\"wp-block-beapi-icon-block is-layout-flex wp-block-icon-block-is-layout-flex\">\n<li class=\"wp-block-beapi-icon-item\"><span style=\"background-color:var(--wp--custom--color--tertiary-default-tertiary-container);border-radius:8%\"><svg width=\"24\" height=\"24\" viewBox=\"0 0 24 24\" version=\"1.1\" xmlns=\"http:\/\/www.w3.org\/2000\/svg\" style=\"color:var(--wp--custom--color--primary-default-on-primary-container);padding:8px 8px 8px 8px\" class=\"wp-block-beapi-icon-block__icon-component wp-block-beapi-icon-block__icon-component--sprite icon-bank\" aria-hidden=\"true\"><use href=\"https:\/\/www.inseec.com\/wp-content\/themes\/omnes-design-system\/dist\/icons\/sprite.svg#icon-bank\"><\/use><\/svg><\/span><\/li>\n<\/ul>\n\n\n\n<div class=\"wp-block-group has-global-padding is-layout-constrained wp-container-core-group-is-layout-442b6e00 wp-block-group-is-layout-constrained\">\n<p class=\"has-inverse-on-surface-color has-text-color has-link-color wp-elements-5773a2d728ce9f149f5c793faa604184\">Les partenariats bancaires et leurs avantages<\/p>\n\n\n\n<div class=\"wp-block-buttons is-layout-flex wp-block-buttons-is-layout-flex\">\n<div class=\"wp-block-button is-style-link-arrow-right\"><a class=\"wp-block-button__link has-inverse-primary-color has-text-color has-link-color wp-element-button\" href=\"https:\/\/www.inseec.com\/financer-ses-etudes\/nos-partenaires-bancaires\/\">En savoir plus<\/a><\/div>\n<\/div>\n<\/div>\n<\/div>\n<\/div>\n<\/div>\n<\/div>\n<\/div>\n<\/div>\n<\/div><\/div>\n<\/section>\n<\/div>\n<\/div>\n\n\n\n<section class=\"wp-block-group alignfull wp-pattern wp-pattern-events-list has-surface-background-color has-background has-global-padding is-layout-constrained wp-container-core-group-is-layout-b9dc94b5 wp-block-group-is-layout-constrained has-block-anchor\" style=\"margin-top:0;margin-bottom:0;padding-top:var(--wp--preset--spacing--padding-y-section);padding-bottom:var(--wp--preset--spacing--padding-y-section)\">\n<div class=\"wp-block-group wp-pattrern__header is-layout-flow wp-block-group-is-layout-flow has-block-anchor\">\n<p class=\"has-text-align-center is-style-heading-default-eyebrow has-on-surface-color has-text-color has-link-color wp-elements-f87c7f0167b54601ce97aaa0cdc63a70\">Rencontrez-nous<\/p>\n\n\n\n<h2 class=\"wp-block-heading has-text-align-center\" id=\"decouvrez-les-evenements-bba\">D\u00e9couvrez les \u00e9v\u00e8nements BBA<\/h2>\n<\/div>\n\n\n\n<div class=\"wp-block-group alignwide is-layout-flow wp-container-core-group-is-layout-1320b656 wp-block-group-is-layout-flow\" style=\"margin-top:var(--wp--preset--spacing--4-xl)\">\n<div class=\"wp-block-group wp-pattern__filters wp-pattern__filters-centered is-layout-grid wp-container-core-group-is-layout-4fe37c5b wp-block-group-is-layout-grid\"><div class=\"wpgb-facet wpgb-loading wpgb-facet-38\" data-facet=\"38\" data-grid=\"wpgb-content-block\/37d518fa87cf6be40aa34cd22a0af9e4\"><\/div>\n\n<div class=\"wpgb-facet wpgb-loading wpgb-facet-11\" data-facet=\"11\" data-grid=\"wpgb-content-block\/37d518fa87cf6be40aa34cd22a0af9e4\"><\/div><\/div>\n\n\n\n<div class=\"wp-block-query is-layout-flow wp-block-query-is-layout-flow wpgb-content-block37d518fa87cf6be40aa34cd22a0af9e4\"><ul class=\"wp-block-post-template is-layout-grid wp-container-core-post-template-is-layout-523fefc7 wp-block-post-template-is-layout-grid\"><li class=\"wp-block-post post-91632 event type-event status-publish hentry event_type-journee-portes-ouvertes school-bba\">\n\n<div class=\"crd crd--event crd--event-large\">\n\t<span class=\"crd__program is-style-tag-fill-md\">BBA<\/span><p class=\"crd__date is-style-heading-emphasis-h1\">18\/02<\/p><h3 class=\"crd__title is-style-plain-emphasis-lg\">Journ\u00e9e Portes Ouvertes \u00e0 Paris<\/h3>\n\t<ul class=\"crd__metas\">\n\t\t<li class=\"crd__campus is-style-plain-default-md\"><svg class=\"icon icon-marker\" aria-hidden=\"true\" focusable=\"false\"><use href=\"https:\/\/www.inseec.com\/wp-content\/themes\/omnes-design-system\/dist\/icons\/sprite.svg#icon-marker\"><\/use><\/svg><span>\u00c9cole de commerce \u00e0 Paris<\/span><\/li><li class=\"crd__hours is-style-plain-default-md\"><svg class=\"icon icon-clock\" aria-hidden=\"true\" focusable=\"false\"><use href=\"https:\/\/www.inseec.com\/wp-content\/themes\/omnes-design-system\/dist\/icons\/sprite.svg#icon-clock\"><\/use><\/svg><span>From 18h00 to 20h00<\/span><\/li>\t<\/ul>\n\n\t<div class=\"crd__buttons\">\n\t\t<div class=\"wp-block-button is-style-outline-sm\"><a href=\"https:\/\/www.inseec.com\/evenement\/journee-portes-ouvertes-a-paris-2026-02-17-2\/\" class=\"wp-block-button__link\">More info<\/a><\/div><div class=\"wp-block-button is-style-subtle-sm\"><a href=\"https:\/\/bba.inseec.com\/inseecu\/jpo\/13489\" class=\"wp-block-button__link\">I participate<\/a><\/div>\t<\/div>\n<\/div>\n\n<\/li><li class=\"wp-block-post post-91421 event type-event status-publish hentry event_type-journee-portes-ouvertes school-bba\">\n\n<div class=\"crd crd--event crd--event-large\">\n\t<span class=\"crd__program is-style-tag-fill-md\">BBA<\/span><p class=\"crd__date is-style-heading-emphasis-h1\">07\/03<\/p><h3 class=\"crd__title is-style-plain-emphasis-lg\">Journ\u00e9e Portes Ouvertes \u00e0 Bordeaux<\/h3>\n\t<ul class=\"crd__metas\">\n\t\t<li class=\"crd__campus is-style-plain-default-md\"><svg class=\"icon icon-marker\" aria-hidden=\"true\" focusable=\"false\"><use href=\"https:\/\/www.inseec.com\/wp-content\/themes\/omnes-design-system\/dist\/icons\/sprite.svg#icon-marker\"><\/use><\/svg><span>\u00c9cole de commerce \u00e0 Bordeaux<\/span><\/li><li class=\"crd__hours is-style-plain-default-md\"><svg class=\"icon icon-clock\" aria-hidden=\"true\" focusable=\"false\"><use href=\"https:\/\/www.inseec.com\/wp-content\/themes\/omnes-design-system\/dist\/icons\/sprite.svg#icon-clock\"><\/use><\/svg><span>From 10h00 to 13h00<\/span><\/li>\t<\/ul>\n\n\t<div class=\"crd__buttons\">\n\t\t<div class=\"wp-block-button is-style-outline-sm\"><a href=\"https:\/\/www.inseec.com\/evenement\/journee-portes-ouvertes-a-bordeaux-2026-03-06\/\" class=\"wp-block-button__link\">More info<\/a><\/div><div class=\"wp-block-button is-style-subtle-sm\"><a href=\"https:\/\/bba.inseec.com\/inseecu\/jpo\/13442\" class=\"wp-block-button__link\">I participate<\/a><\/div>\t<\/div>\n<\/div>\n\n<\/li><\/ul><\/div>\n<script type=\"application\/ld+json\">\n{\"@context\":\"https:\\\/\\\/schema.org\",\"@graph\":[{\"@type\":\"EducationEvent\",\"name\":\"Journ\\u00c3\\u00a9e Portes Ouvertes \\u00c3\\u00a0 Paris\",\"description\":\"Sur nos campus Autres \\u00c3\\u00a9v\\u00c3\\u00a9nements\",\"startDate\":\"2026-02-18T18:00:00+01:00\",\"endDate\":\"2026-02-18T20:00:00+01:00\",\"eventAttendanceMode\":\"https:\\\/\\\/schema.org\\\/OfflineEventAttendanceMode\",\"organizer\":{\"@id\":\"https:\\\/\\\/www.inseec.com\\\/#organization\"},\"url\":\"https:\\\/\\\/www.inseec.com\\\/evenement\\\/journee-portes-ouvertes-a-paris-2026-02-17-2\\\/\",\"isAccessibleForFree\":true,\"location\":{\"@type\":\"Place\",\"name\":\"\\u00c3\\u0089cole de commerce \\u00c3\\u00a0 Paris\",\"address\":{\"@type\":\"PostalAddress\",\"streetAddress\":\"37 Quai de Grenelle\",\"addressLocality\":\"Paris\",\"postalCode\":\"75015\",\"addressCountry\":\"FR\"}}},{\"@type\":\"EducationEvent\",\"name\":\"Journ\\u00c3\\u00a9e Portes Ouvertes \\u00c3\\u00a0 Bordeaux\",\"description\":\"Sur nos campus Autres \\u00c3\\u00a9v\\u00c3\\u00a9nements\",\"startDate\":\"2026-03-07T10:00:00+01:00\",\"endDate\":\"2026-03-07T13:00:00+01:00\",\"eventAttendanceMode\":\"https:\\\/\\\/schema.org\\\/OfflineEventAttendanceMode\",\"organizer\":{\"@id\":\"https:\\\/\\\/www.inseec.com\\\/#organization\"},\"url\":\"https:\\\/\\\/www.inseec.com\\\/evenement\\\/journee-portes-ouvertes-a-bordeaux-2026-03-06\\\/\",\"isAccessibleForFree\":true,\"location\":{\"@type\":\"Place\",\"name\":\"\\u00c3\\u0089cole de commerce \\u00c3\\u00a0 Bordeaux\",\"address\":{\"@type\":\"PostalAddress\",\"streetAddress\":\"136 Quai des Chartrons\",\"addressLocality\":\"Bordeaux\",\"postalCode\":\"33000\",\"addressCountry\":\"FR\"}}}]}\n<\/script>\n<\/div>\n\n\n\n<div class=\"wp-block-buttons is-content-justification-center is-layout-flex wp-container-core-buttons-is-layout-a89b3969 wp-block-buttons-is-layout-flex\">\n<div class=\"wp-block-button is-style-outline-lg\"><a class=\"wp-block-button__link wp-element-button\" href=\"https:\/\/www.inseec.com\/evenement\/\">Voir tous les \u00e9v\u00e9nements<\/a><\/div>\n<\/div>\n<\/section>\n\n\n<span class=\"wp-block-beapi-anchor\" aria-hidden=\"true\" id=\"anchor-faq\"><\/span>\n\n\n\n<div class=\"wp-block-group alignwide wp-pattern wp-pattern-faq-cta is-layout-flow wp-block-group-is-layout-flow has-block-anchor\" style=\"margin-top:0;margin-bottom:0;padding-top:var(--wp--preset--spacing--6-xl);padding-bottom:var(--wp--preset--spacing--6-xl)\">\n<div class=\"wp-block-columns is-layout-flex wp-container-core-columns-is-layout-b3d710c4 wp-block-columns-is-layout-flex has-block-anchor\">\n<div class=\"wp-block-column is-layout-flow wp-container-core-column-is-layout-e67eb3c6 wp-block-column-is-layout-flow\" style=\"flex-basis:40.3%\">\n<div class=\"wp-block-group is-vertical is-layout-flex wp-container-core-group-is-layout-b80b8bd4 wp-block-group-is-layout-flex has-block-anchor\">\n<div class=\"wp-block-group is-vertical is-layout-flex wp-container-core-group-is-layout-bd7877ba wp-block-group-is-layout-flex has-block-anchor\">\n<p class=\"is-style-heading-default-eyebrow has-on-surface-color has-text-color has-link-color wp-elements-7f5af9274a5957746917b1e3dc31a535\">FAQ<\/p>\n\n\n\n<h2 class=\"wp-block-heading is-style-heading-emphasis-h2 has-on-surface-color has-text-color has-link-color wp-elements-36f570dab1b30de25c839d21cf4d7f31\" id=\"tout-savoir-sur-le-bba-majeure-international-marketing-data-management\">Tout savoir sur le BBA \u2013 Majeure International Marketing &#038; Data Management<\/h2>\n<\/div>\n\n\n\n<p class=\"is-style-plain-default-md has-on-surface-subtle-color has-text-color has-link-color wp-elements-f70fe6790d91eef5bb312d3c8cec9841\">Les interrogations courantes sur le BBA \u2013 Majeure Finance Internationale trouvent ici leurs r\u00e9ponses. Un doute persiste ? Nos conseillers se tiennent \u00e0 votre disposition pour vous accompagner !<\/p>\n<\/div>\n\n\n\n<div class=\"wp-block-group has-border-color is-vertical is-layout-flex wp-container-core-group-is-layout-b00cbbb9 wp-block-group-is-layout-flex has-block-anchor\" style=\"border-color:var(--wp--custom--border--outline-subtle);border-width:1px;border-radius:16px;padding-top:var(--wp--preset--spacing--padding-y-sm);padding-right:var(--wp--preset--spacing--padding-x-sm);padding-bottom:var(--wp--preset--spacing--padding-y-sm);padding-left:var(--wp--preset--spacing--padding-x-sm)\">\n<div class=\"wp-block-group is-vertical is-layout-flex wp-container-core-group-is-layout-5a6f8b2c wp-block-group-is-layout-flex has-block-anchor\">\n<h3 class=\"wp-block-heading is-style-heading-emphasis-h3 has-on-surface-color has-text-color has-link-color wp-elements-ad08d7d6f6b9f1952683b942cb8f88e2\" id=\"rencontrons-nous\">Rencontrons nous<\/h3>\n\n\n\n<p class=\"is-style-plain-default-md has-on-surface-subtle-color has-text-color has-link-color wp-elements-181c00c3af75595286ee7c0b632f9fb3\">Vous h\u00e9sitez encore ? Rencontrez nos \u00e9quipes pour vous guider dans vos choix !<\/p>\n<\/div>\n\n\n\n<div class=\"wp-block-buttons is-layout-flex wp-container-core-buttons-is-layout-11bdec33 wp-block-buttons-is-layout-flex\">\n<div class=\"wp-block-button is-style-outline-md\"><a class=\"wp-block-button__link wp-element-button\" href=\"https:\/\/www.inseec.com\/evenement\/?_programmes_unique=bba&#038;_type_devenement_unique=journee-portes-ouvertes\">Portes Ouvertes<\/a><\/div>\n\n\n\n<div class=\"wp-block-button is-style-fill-md popmake-85128\"><a class=\"wp-block-button__link wp-element-button\">RDV personnalis\u00e9<\/a><\/div>\n<\/div>\n<\/div>\n<\/div>\n\n\n\n<div class=\"wp-block-column is-layout-flow wp-container-core-column-is-layout-8a368f38 wp-block-column-is-layout-flow\" style=\"flex-basis:50%\">\n<details class=\"wp-block-details is-style-default is-layout-flow wp-container-core-details-is-layout-9ec55b31 wp-block-details-is-layout-flow\"><summary><h3><span id=\"docs-internal-guid-eebef08a-7fff-bcfd-8dfc-41f83189284a\" style=\"letter-spacing: normal;font-weight: normal\"><span style=\"font-size: 14pt;font-family: Arial, sans-serif;vertical-align: baseline\"><strong>L&#8217;alternance est-elle possible pendant le BBA \u2013 Majeure International Marketing &#038; Data Management INSEEC ?<\/strong><\/span><\/span><\/h3><\/summary>\n<div class=\"wp-block-group is-vertical is-layout-flex wp-container-core-group-is-layout-a2e3e733 wp-block-group-is-layout-flex\">\n<p class=\"is-style-plain-default-sm has-on-surface-subtle-color has-text-color has-link-color wp-elements-f30c0ee93b4c56a76bf7a64119fd4cdc\">Oui, cette majeure est obligatoirement en cursus alternance d\u00e8s la 3\u1d49 ann\u00e9e, sur les campus de Paris, Bordeaux et Lyon. L&#8217;alternance permet d&#8217;acqu\u00e9rir une exp\u00e9rience professionnelle concr\u00e8te en agence digitale, d\u00e9partement marketing num\u00e9rique ou start-up tech et de d\u00e9velopper des comp\u00e9tences pratiques directement applicables en entreprise.<\/p>\n<\/div>\n<\/details>\n\n\n\n<details class=\"wp-block-details is-style-default is-layout-flow wp-container-core-details-is-layout-9ec55b31 wp-block-details-is-layout-flow\"><summary><h3>Quelles langues sont utilis\u00e9es pour les cours et les examens ?<\/h3><\/summary>\n<div class=\"wp-block-group is-vertical is-layout-flex wp-container-core-group-is-layout-a2e3e733 wp-block-group-is-layout-flex\">\n<p class=\"is-style-plain-default-sm has-on-surface-subtle-color has-text-color has-link-color wp-elements-c6923bdf923272188e94c32df7bfad42\">Les cours de la formation sont dispens\u00e9s enti\u00e8rement en anglais. Cette immersion linguistique totale pr\u00e9pare les \u00e9tudiants aux \u00e9changes dans le secteur du marketing digital international. Des modules comme Digital Strategies, UX Design et Data Analytics sont enseign\u00e9s en anglais pour d\u00e9velopper votre ma\u00eetrise du vocabulaire business et technique du num\u00e9rique.<\/p>\n<\/div>\n<\/details>\n\n\n\n<details class=\"wp-block-details is-style-default is-layout-flow wp-container-core-details-is-layout-9ec55b31 wp-block-details-is-layout-flow\"><summary><h3>Le BBA \u2013 Majeure International Marketing &#038; Data Management INSEEC est-il reconnu par l&#8217;\u00c9tat ?<\/h3><\/summary>\n<div class=\"wp-block-group is-vertical is-layout-flex wp-container-core-group-is-layout-a2e3e733 wp-block-group-is-layout-flex\">\n<p class=\"is-style-plain-default-sm has-on-surface-subtle-color has-text-color has-link-color wp-elements-106c93067e1470eb143fd5e179229e77\">Oui, le dipl\u00f4me d\u00e9livre le titre RNCP 41361 de niveau 6 \u00ab\u00a0Manager International\u00a0\u00bb, reconnu par l&#8217;\u00c9tat et enregistr\u00e9 au R\u00e9pertoire National des Certifications Professionnelles. Ce Bac +4 facilite l&#8217;insertion professionnelle dans le marketing num\u00e9rique et valide vos comp\u00e9tences aupr\u00e8s des agences digitales et entreprises du secteur tech.<\/p>\n<\/div>\n<\/details>\n\n\n\n<details class=\"wp-block-details is-style-default is-layout-flow wp-container-core-details-is-layout-9ec55b31 wp-block-details-is-layout-flow\"><summary><h3><span id=\"docs-internal-guid-8be27bb4-7fff-8559-31b9-29bf47f5b78d\" style=\"letter-spacing: normal;font-weight: normal\"><span style=\"font-size: 14pt;font-family: Arial, sans-serif;vertical-align: baseline\"><strong>Y a-t-il un r\u00e9seau d&#8217;anciens \u00e9l\u00e8ves INSEEC actif pour aider \u00e0 l&#8217;insertion professionnelle ?<\/strong><\/span><\/span><\/h3><\/summary>\n<div class=\"wp-block-group is-vertical is-layout-flex wp-container-core-group-is-layout-a2e3e733 wp-block-group-is-layout-flex\">\n<p class=\"is-style-plain-default-sm has-on-surface-subtle-color has-text-color has-link-color wp-elements-78a1fbacafc9cf7d57e9308723972ab4\">Oui, vous b\u00e9n\u00e9ficiez de l&#8217;acc\u00e8s au r\u00e9seau des 115 000 anciens dipl\u00f4m\u00e9s INSEEC pr\u00e9sents dans tous les secteurs. D\u00e9couvrez l&#8217;ensemble des profils d&#8217;anciens travaillant comme responsable webmarketing, chef de produit digital ou data analyst. Ce r\u00e9seau facilite les opportunit\u00e9s dans les agences, start-ups et directions marketing du business digital.<\/p>\n<\/div>\n<\/details>\n\n\n\n<details class=\"wp-block-details is-style-default is-layout-flow wp-container-core-details-is-layout-9ec55b31 wp-block-details-is-layout-flow\"><summary><h3>Quels sont les objectifs du BBA \u2013 Majeure International Marketing &#038; Data Management ?<\/h3><\/summary>\n<div class=\"wp-block-group is-vertical is-layout-flex wp-container-core-group-is-layout-a2e3e733 wp-block-group-is-layout-flex\">\n<p class=\"is-style-plain-default-sm has-on-surface-subtle-color has-text-color has-link-color wp-elements-eb224edd7be386d17887506d7e720e31\">La formation vise \u00e0 former des professionnels capables de :<\/p>\n\n\n\n<ul class=\"wp-block-list is-style-check has-sm-font-size\">\n<li>Piloter des strat\u00e9gies digitales et optimiser les performances marketing.<\/li>\n\n\n\n<li>Exploiter les donn\u00e9es pour la prise de d\u00e9cisions strat\u00e9gique.<\/li>\n\n\n\n<li>Concevoir des exp\u00e9riences utilisateurs engageantes en UX design.<\/li>\n\n\n\n<li>G\u00e9rer des projets digitaux en mode agile.<\/li>\n<\/ul>\n<\/div>\n\n\n\n<p class=\"is-style-plain-default-sm has-on-surface-subtle-color has-text-color has-link-color wp-elements-764950dfea40d5456810a8ad4191cfcf\">Ce programme permet d&#8217;acqu\u00e9rir une double comp\u00e9tence en marketing num\u00e9rique et data management, essentielle dans le business digital actuel.<\/p>\n<\/details>\n\n\n\n<details class=\"wp-block-details is-style-default is-layout-flow wp-container-core-details-is-layout-9ec55b31 wp-block-details-is-layout-flow\"><summary><h3>Comment se d\u00e9roule le processus d&#8217;admission au BBA \u2013 Majeure International Marketing &#038; Data Management ?<\/h3><\/summary>\n<div class=\"wp-block-group is-vertical is-layout-flex wp-container-core-group-is-layout-a2e3e733 wp-block-group-is-layout-flex\">\n<p class=\"is-style-plain-default-sm has-on-surface-subtle-color has-text-color has-link-color wp-elements-574b78b9f1dc3559592aab780f3802bd\">Ce BBA est accessible par diff\u00e9rentes voies selon votre profil. Les \u00e9l\u00e8ves de Terminale candidatent via le Concours Pass sur Parcoursup.<\/p>\n\n\n\n<p class=\"is-style-plain-default-sm\">D\u00e9j\u00e0 titulaire du baccalaur\u00e9at ou en cours de r\u00e9orientation ? Vous pouvez postuler directement sur notre site internet : la s\u00e9lection s&#8217;op\u00e8re sur \u00e9tude de dossier et entretien individuel. Les \u00e9tudiants ayant valid\u00e9 une ou deux ann\u00e9es post-bac peuvent rejoindre le programme en admission parall\u00e8le (2\u1d49 ou 3\u1d49 ann\u00e9e), selon les m\u00eames modalit\u00e9s.\u00a0<\/p>\n\n\n\n<p class=\"is-style-plain-default-sm has-on-surface-subtle-color has-text-color has-link-color wp-elements-eb90b64ee4b8c23f8528da5f3c070e4c\">Le choix de votre majeure s&#8217;effectue par la suite, en ad\u00e9quation avec votre projet de carri\u00e8re dans le marketing digital et votre affinit\u00e9 avec l&#8217;analyse de donn\u00e9es.<\/p>\n<\/div>\n<\/details>\n\n\n\n<details class=\"wp-block-details is-style-default is-layout-flow wp-container-core-details-is-layout-9ec55b31 wp-block-details-is-layout-flow\"><summary><h3>Quelles \u00e9tudes possibles apr\u00e8s avoir obtenu un BBA \u2013 Majeure International Marketing &#038; Data Management ?<\/h3><\/summary>\n<div class=\"wp-block-group is-vertical is-layout-flex wp-container-core-group-is-layout-a2e3e733 wp-block-group-is-layout-flex\">\n<p class=\"is-style-plain-default-sm has-on-surface-subtle-color has-text-color has-link-color wp-elements-4dbe6d866933cf48350a94fb2f311011\">Apr\u00e8s ce Bac +4, vous pouvez poursuivre vos \u00e9tudes en int\u00e9grant un Master (Bac +5) dans les domaines du marketing digital, de la data, de l&#8217;e-commerce ou de l&#8217;innovation. Le programme pr\u00e9pare \u00e9galement aux MSc sp\u00e9cialis\u00e9s en Data Marketing, Marketing Digital ou Business Development. Cette poursuite d&#8217;\u00e9tudes permet d&#8217;approfondir votre expertise strat\u00e9gique dans le secteur du num\u00e9rique.<\/p>\n<\/div>\n<\/details>\n\n\n\n<details class=\"wp-block-details is-style-default is-layout-flow wp-container-core-details-is-layout-9ec55b31 wp-block-details-is-layout-flow\"><summary><h3><span id=\"docs-internal-guid-7345ba09-7fff-990a-6785-adfaef9c5416\" style=\"letter-spacing: normal;font-weight: normal\"><span style=\"font-size: 14pt;font-family: Arial, sans-serif;vertical-align: baseline\"><strong>Quels outils digitaux et comp\u00e9tences techniques sont enseign\u00e9s ?<\/strong><\/span><\/span><\/h3><\/summary>\n<div class=\"wp-block-group is-vertical is-layout-flex wp-container-core-group-is-layout-a2e3e733 wp-block-group-is-layout-flex\">\n<p class=\"is-style-plain-default-sm has-on-surface-subtle-color has-text-color has-link-color wp-elements-70aa11b4e9789c5dc0b1be0a51286a2e\">Le programme int\u00e8gre l&#8217;apprentissage d&#8217;outils essentiels du marketing num\u00e9rique :<\/p>\n<\/div>\n\n\n\n<ul class=\"wp-block-list is-style-check has-sm-font-size\">\n<li>Google Analytics et outils de web analytics.<\/li>\n\n\n\n<li>Techniques de SEO et optimisation pour les moteurs de recherche.<\/li>\n\n\n\n<li>Outils de data mining et data analytics.<\/li>\n\n\n\n<li>Logiciels de PAO et design graphique.<\/li>\n\n\n\n<li>Plateformes de gestion de campagnes digitales.<\/li>\n<\/ul>\n\n\n\n<p class=\"is-style-plain-default-sm has-on-surface-subtle-color has-text-color has-link-color wp-elements-e332ba1d4bfc5ca22f986ff6d7245408\">Ces comp\u00e9tences techniques permettent d&#8217;acqu\u00e9rir une expertise op\u00e9rationnelle recherch\u00e9e dans le business digital. La ma\u00eetrise du SEO et des outils analytics est particuli\u00e8rement valoris\u00e9e par les recruteurs du secteur.<\/p>\n<\/details>\n\n\n\n<details class=\"wp-block-details is-style-default is-layout-flow wp-container-core-details-is-layout-9ec55b31 wp-block-details-is-layout-flow\"><summary><h3>Comment le programme pr\u00e9pare-t-il aux m\u00e9thodes agiles ?<\/h3><\/summary>\n<div class=\"wp-block-group is-vertical is-layout-flex wp-container-core-group-is-layout-a2e3e733 wp-block-group-is-layout-flex\">\n<p class=\"is-style-plain-default-sm has-on-surface-subtle-color has-text-color has-link-color wp-elements-43604cbfb3dfc5cb91a1dd49de7ac368\">La formation int\u00e8gre un module d\u00e9di\u00e9 aux m\u00e9thodes AGILE, essentielles dans la gestion de projets digitaux :<\/p>\n\n\n\n<ul class=\"wp-block-list is-style-check has-sm-font-size\">\n<li>Gestion de projets en sprints.<\/li>\n\n\n\n<li>Travail collaboratif et it\u00e9ratif.<\/li>\n\n\n\n<li>Adaptation rapide aux \u00e9volutions du march\u00e9 num\u00e9rique.<\/li>\n\n\n\n<li>Communication efficace avec les \u00e9quipes tech et business.<\/li>\n<\/ul>\n<\/div>\n\n\n\n<p class=\"is-style-plain-default-sm has-on-surface-subtle-color has-text-color has-link-color wp-elements-0ee7b53d85083c0ec1e8f02c162dbf50\">Cette approche pratique permet de travailler comme en entreprise et de comprendre l&#8217;ensemble des processus de d\u00e9veloppement digital. Les m\u00e9thodes agiles sont devenues un standard strat\u00e9gique dans le secteur du marketing num\u00e9rique et de l&#8217;innovation.<\/p>\n<\/details>\n\n\n\n<details class=\"wp-block-details is-style-default is-layout-flow wp-container-core-details-is-layout-9ec55b31 wp-block-details-is-layout-flow\"><summary><h3>Quels sont les softs skills d\u00e9velopp\u00e9s \u00e0 la suite du BBA \u2013 Majeure International Marketing &#038; Data Management ?<\/h3><\/summary>\n<div class=\"wp-block-group is-vertical is-layout-flex wp-container-core-group-is-layout-a2e3e733 wp-block-group-is-layout-flex\">\n<p class=\"is-style-plain-default-sm has-on-surface-subtle-color has-text-color has-link-color wp-elements-7a5ffa4ff2e7353b6be93b97fd065170\">Les comp\u00e9tences acquises incluent :<\/p>\n\n\n\n<ul class=\"wp-block-list is-style-check has-sm-font-size\">\n<li>La cr\u00e9ativit\u00e9 et l&#8217;innovation dans les strat\u00e9gies digitales.<\/li>\n\n\n\n<li>L&#8217;esprit analytique et la capacit\u00e9 \u00e0 interpr\u00e9ter les donn\u00e9es.<\/li>\n\n\n\n<li>L&#8217;agilit\u00e9 et l&#8217;adaptation aux \u00e9volutions technologiques rapides.<\/li>\n\n\n\n<li>La collaboration en \u00e9quipes multidisciplinaires.<\/li>\n\n\n\n<li>La curiosit\u00e9 et la veille permanente sur les tendances du num\u00e9rique.<\/li>\n<\/ul>\n\n\n\n<p class=\"is-style-plain-default-sm has-on-surface-subtle-color has-text-color has-link-color wp-elements-d865e716b4490b72168ce6faa885032f\">Ces soft skills sont essentiels pour r\u00e9ussir dans le marketing digital et le data management. La formation d\u00e9veloppe \u00e9galement votre capacit\u00e9 \u00e0 g\u00e9rer des projets complexes en mode agile et \u00e0 communiquer efficacement avec des profils techniques et business.<\/p>\n<\/div>\n<\/details>\n<\/div>\n<\/div>\n<\/div>\n\n\n\n<div class=\"wp-block-group alignfull wp-pattern wp-pattern-programs-courses wp-pattern-programs-courses-three-columns has-global-padding is-layout-constrained wp-block-group-is-layout-constrained has-block-anchor\" style=\"margin-top:0;margin-bottom:0;padding-top:var(--wp--preset--spacing--padding-y-section);padding-bottom:var(--wp--preset--spacing--padding-y-section)\">\n<div class=\"wp-block-group alignwide wp-pattern__inner is-layout-flow wp-container-core-group-is-layout-575f1b41 wp-block-group-is-layout-flow has-block-anchor\" style=\"margin-top:0;margin-bottom:0\">\n<div class=\"wp-block-group wp-pattern__header is-layout-flow wp-block-group-is-layout-flow has-block-anchor\">\n<p class=\"is-style-heading-default-eyebrow has-on-surface-color has-text-color has-link-color wp-elements-e8345622831359d792cb1375913d8866\">Fait pour vous<\/p>\n\n\n\n<h2 class=\"wp-block-heading is-style-heading-emphasis-h2 has-on-surface-color has-text-color has-link-color wp-elements-03279ee6e3c4010b6b8f13022433cb76\" style=\"margin-top:var(--wp--preset--spacing--xs);margin-bottom:var(--wp--preset--spacing--2-xl)\" id=\"nos-autres-formations-bba\">Nos autres formations BBA<\/h2>\n<\/div>\n\n\n\n<div class=\"wp-block-group is-layout-flow wp-container-core-group-is-layout-3fccdef8 wp-block-group-is-layout-flow\">\n<div class=\"wp-block-group is-layout-grid wp-container-core-group-is-layout-9718aa02 wp-block-group-is-layout-grid\"><div class=\"wpgb-facet wpgb-loading wpgb-facet-24\" data-facet=\"24\" data-grid=\"wpgb-content-block\/60b999da70944ac3bbd671c1e6573b90\"><\/div>\n\n<div class=\"wpgb-facet wpgb-loading wpgb-facet-25\" data-facet=\"25\" data-grid=\"wpgb-content-block\/60b999da70944ac3bbd671c1e6573b90\"><\/div><\/div>\n\n\n\n<div class=\"wp-block-query is-layout-flow wp-block-query-is-layout-flow wpgb-content-block60b999da70944ac3bbd671c1e6573b90\"><ul class=\"wp-block-post-template is-layout-grid wp-container-core-post-template-is-layout-25c06649 wp-block-post-template-is-layout-grid\"><li class=\"wp-block-post post-80842 program type-program status-publish hentry city-bordeaux city-lyon city-paris certification-titre-rncp-niveau-6 program_language-anglais program_language-francais admission_level-bac admission_level-bac-1 admission_level-bac-2 training_pace-initial school-bba specialisation-finance\">\n\n<div class=\"crd crd--program\">\n\t<ul class=\"terms-list no-list-style\"><li class=\"is-style-tag-fill-sm\">Bac<\/li><li class=\"is-style-tag-fill-sm\">Bac +1<\/li><li class=\"is-style-tag-fill-sm\">Bac +2<\/li><\/ul><h3 class=\"crd__title is-style-plain-emphasis-md\">BBA \u2013 Majeure International Finance<\/h3>\n\t<div class=\"crd__buttons\">\n\t\t<div class=\"wp-block-button is-style-outline-sm\"><a href=\"https:\/\/www.inseec.com\/demande-brochure\/\" class=\"wp-block-button__link\">Brochure<\/a><\/div><div class=\"wp-block-button is-style-subtle-sm\"><a href=\"https:\/\/www.inseec.com\/programme\/bba-international-finance\/\" class=\"wp-block-button__link\">Discover <span class=\"sr-only\">BBA \u2013 Majeure International Finance<\/span><\/a><\/div>\t<\/div>\n<\/div>\n\n<\/li><li class=\"wp-block-post post-80872 program type-program status-publish hentry city-bordeaux city-lyon city-paris certification-titre-rncp-niveau-6 program_language-anglais admission_level-bac admission_level-bac-1 admission_level-bac-2 training_pace-alternance school-bba specialisation-data specialisation-marketing\">\n\n<div class=\"crd crd--program\">\n\t<ul class=\"terms-list no-list-style\"><li class=\"is-style-tag-fill-sm\">Bac<\/li><li class=\"is-style-tag-fill-sm\">Bac +1<\/li><li class=\"is-style-tag-fill-sm\">Bac +2<\/li><\/ul><h3 class=\"crd__title is-style-plain-emphasis-md\">BBA \u2013 Majeure International Marketing &#038; Data Management<\/h3>\n\t<div class=\"crd__buttons\">\n\t\t<div class=\"wp-block-button is-style-outline-sm\"><a href=\"https:\/\/www.inseec.com\/demande-brochure\/\" class=\"wp-block-button__link\">Brochure<\/a><\/div><div class=\"wp-block-button is-style-subtle-sm\"><a href=\"https:\/\/www.inseec.com\/programme\/bba-international-marketing-data-management\/\" class=\"wp-block-button__link\">Discover <span class=\"sr-only\">BBA \u2013 Majeure International Marketing &#038; Data Management<\/span><\/a><\/div>\t<\/div>\n<\/div>\n\n<\/li><li class=\"wp-block-post post-80862 program type-program status-publish hentry city-bordeaux city-lyon city-paris certification-titre-rncp-niveau-6 program_language-anglais admission_level-bac admission_level-bac-1 admission_level-bac-2 training_pace-initial school-bba specialisation-business\">\n\n<div class=\"crd crd--program\">\n\t<ul class=\"terms-list no-list-style\"><li class=\"is-style-tag-fill-sm\">Bac<\/li><li class=\"is-style-tag-fill-sm\">Bac +1<\/li><li class=\"is-style-tag-fill-sm\">Bac +2<\/li><\/ul><h3 class=\"crd__title is-style-plain-emphasis-md\">BBA \u2013 Majeure International Business Management<\/h3>\n\t<div class=\"crd__buttons\">\n\t\t<div class=\"wp-block-button is-style-outline-sm\"><a href=\"https:\/\/www.inseec.com\/demande-brochure\/\" class=\"wp-block-button__link\">Brochure<\/a><\/div><div class=\"wp-block-button is-style-subtle-sm\"><a href=\"https:\/\/www.inseec.com\/programme\/bba-international-business-management\/\" class=\"wp-block-button__link\">Discover <span class=\"sr-only\">BBA \u2013 Majeure International Business Management<\/span><\/a><\/div>\t<\/div>\n<\/div>\n\n<\/li><li class=\"wp-block-post post-80844 program type-program status-publish hentry city-bordeaux city-lyon city-paris certification-titre-rncp-niveau-6 program_language-anglais program_language-francais admission_level-bac admission_level-bac-1 admission_level-bac-2 training_pace-initial school-bba specialisation-business\">\n\n<div class=\"crd crd--program\">\n\t<ul class=\"terms-list no-list-style\"><li class=\"is-style-tag-fill-sm\">Bac<\/li><li class=\"is-style-tag-fill-sm\">Bac +1<\/li><li class=\"is-style-tag-fill-sm\">Bac +2<\/li><\/ul><h3 class=\"crd__title is-style-plain-emphasis-md\">BBA \u2013 Majeure Entrepreneurship &#038; Innovation<\/h3>\n\t<div class=\"crd__buttons\">\n\t\t<div class=\"wp-block-button is-style-outline-sm\"><a href=\"https:\/\/www.inseec.com\/demande-brochure\/\" class=\"wp-block-button__link\">Brochure<\/a><\/div><div class=\"wp-block-button is-style-subtle-sm\"><a href=\"https:\/\/www.inseec.com\/programme\/bba-entrepreneurship-innovation\/\" class=\"wp-block-button__link\">Discover <span class=\"sr-only\">BBA \u2013 Majeure Entrepreneurship &#038; Innovation<\/span><\/a><\/div>\t<\/div>\n<\/div>\n\n<\/li><\/ul>\n\n<\/div>\n\n\n<div class=\"wpgb-facet wpgb-loading wpgb-facet-2\" data-facet=\"2\" data-grid=\"wpgb-content-block\/60b999da70944ac3bbd671c1e6573b90\"><\/div><\/div>\n<\/div>\n<\/div>\n","protected":false},"excerpt":{"rendered":"<p>Pr\u00e9sentation Qu&#8217;est-ce qu&#8217;un BBA \u2013 Majeure International Marketing &#038; Data Management\u00a0? Le BBA \u2013 Majeure International Marketing &#038; Data Management est une sp\u00e9cialisation de 4\u1d49 ann\u00e9e du programme BBA INSEEC, enti\u00e8rement enseign\u00e9e en anglais. Cette majeure forme aux m\u00e9tiers du marketing digital, de l&#8217;analyse de donn\u00e9es et de la communication digitale. Le programme d\u00e9veloppe les [&hellip;]<\/p>\n","protected":false},"parent":0,"template":"","city":[475,485,499],"certification":[159],"program_language":[219],"admission_level":[179,184,189],"training_pace":[209],"school":[249],"specialisation":[542,590],"analytics_tag":[724],"class_list":["post-80872","program","type-program","status-publish","hentry","city-bordeaux","city-lyon","city-paris","certification-titre-rncp-niveau-6","program_language-anglais","admission_level-bac","admission_level-bac-1","admission_level-bac-2","training_pace-alternance","school-bba","specialisation-data","specialisation-marketing"],"acf":[],"yoast_head":"<title>BBA \u2013 Majeure International Marketing &amp; Data Management - INSEEC<\/title>\n<meta name=\"description\" content=\"Sp\u00e9cialisez-vous en marketing digital avec le BBA Majeure Digital Marketing &amp; Data Management de l\u2019INSEEC. Bac +4, 100 % anglais, alternance possible.\" \/>\n<meta name=\"robots\" content=\"index, follow, max-snippet:-1, max-image-preview:large, max-video-preview:-1\" \/>\n<link rel=\"canonical\" href=\"https:\/\/www.inseec.com\/programme\/bba-international-marketing-data-management\/\" \/>\n<meta property=\"og:locale\" content=\"fr_FR\" \/>\n<meta property=\"og:type\" content=\"article\" \/>\n<meta property=\"og:title\" content=\"BBA \u2013 Majeure International Marketing &amp; Data Management - INSEEC\" \/>\n<meta property=\"og:description\" content=\"Sp\u00e9cialisez-vous en marketing digital avec le BBA Majeure Digital Marketing &amp; Data Management de l\u2019INSEEC. Bac +4, 100 % anglais, alternance possible.\" \/>\n<meta property=\"og:url\" content=\"https:\/\/www.inseec.com\/programme\/bba-international-marketing-data-management\/\" \/>\n<meta property=\"og:site_name\" content=\"INSEEC\" \/>\n<meta property=\"article:modified_time\" content=\"2026-01-07T16:13:12+00:00\" \/>\n<meta property=\"og:image\" content=\"https:\/\/www.inseec.com\/wp-content\/uploads\/sites\/32\/2025\/12\/logo-diplome-vise.webp\" \/>\n\t<meta property=\"og:image:width\" content=\"261\" \/>\n\t<meta property=\"og:image:height\" content=\"300\" \/>\n\t<meta property=\"og:image:type\" content=\"image\/webp\" \/>\n<meta name=\"twitter:card\" content=\"summary_large_image\" \/>\n<meta name=\"twitter:label1\" content=\"Est. reading time\" \/>\n\t<meta name=\"twitter:data1\" content=\"10 minutes\" \/>\n<script type=\"application\/ld+json\" class=\"yoast-schema-graph\">{\"@context\":\"https:\/\/schema.org\",\"@graph\":[{\"@type\":\"WebPage\",\"@id\":\"https:\/\/www.inseec.com\/programme\/bba-international-marketing-data-management\/\",\"url\":\"https:\/\/www.inseec.com\/programme\/bba-international-marketing-data-management\/\",\"name\":\"BBA \u2013 Majeure International Marketing &amp; Data Management - INSEEC\",\"isPartOf\":{\"@id\":\"https:\/\/www.inseec.com\/#website\"},\"primaryImageOfPage\":{\"@id\":\"https:\/\/www.inseec.com\/programme\/bba-international-marketing-data-management\/#primaryimage\"},\"image\":{\"@id\":\"https:\/\/www.inseec.com\/programme\/bba-international-marketing-data-management\/#primaryimage\"},\"thumbnailUrl\":\"https:\/\/www.inseec.com\/wp-content\/uploads\/sites\/32\/2025\/12\/logo-diplome-vise.webp\",\"datePublished\":\"2025-12-05T09:28:43+00:00\",\"dateModified\":\"2026-01-07T16:13:12+00:00\",\"description\":\"Sp\u00e9cialisez-vous en marketing digital avec le BBA Majeure Digital Marketing & Data Management de l\u2019INSEEC. Bac +4, 100 % anglais, alternance possible.\",\"breadcrumb\":{\"@id\":\"https:\/\/www.inseec.com\/programme\/bba-international-marketing-data-management\/#breadcrumb\"},\"inLanguage\":\"fr-FR\",\"potentialAction\":[{\"@type\":\"ReadAction\",\"target\":[\"https:\/\/www.inseec.com\/programme\/bba-international-marketing-data-management\/\"]}]},{\"@type\":\"ImageObject\",\"inLanguage\":\"fr-FR\",\"@id\":\"https:\/\/www.inseec.com\/programme\/bba-international-marketing-data-management\/#primaryimage\",\"url\":\"https:\/\/www.inseec.com\/wp-content\/uploads\/sites\/32\/2025\/12\/logo-diplome-vise.webp\",\"contentUrl\":\"https:\/\/www.inseec.com\/wp-content\/uploads\/sites\/32\/2025\/12\/logo-diplome-vise.webp\",\"width\":261,\"height\":300},{\"@type\":\"BreadcrumbList\",\"@id\":\"https:\/\/www.inseec.com\/programme\/bba-international-marketing-data-management\/#breadcrumb\",\"itemListElement\":[{\"@type\":\"ListItem\",\"position\":1,\"name\":\"Home\",\"item\":\"https:\/\/www.inseec.com\/\"},{\"@type\":\"ListItem\",\"position\":2,\"name\":\"Programmes\",\"item\":\"https:\/\/omneseducation.net\/inseec-2025\/program\/\"},{\"@type\":\"ListItem\",\"position\":3,\"name\":\"BBA \u2013 Majeure International Marketing &amp; Data Management\"}]},{\"@type\":\"WebSite\",\"@id\":\"https:\/\/www.inseec.com\/#website\",\"url\":\"https:\/\/www.inseec.com\/\",\"name\":\"INSEEC\",\"description\":\"\",\"publisher\":{\"@id\":\"https:\/\/www.inseec.com\/#organization\"},\"potentialAction\":[{\"@type\":\"SearchAction\",\"target\":{\"@type\":\"EntryPoint\",\"urlTemplate\":\"https:\/\/www.inseec.com\/?s={search_term_string}\"},\"query-input\":{\"@type\":\"PropertyValueSpecification\",\"valueRequired\":true,\"valueName\":\"search_term_string\"}}],\"inLanguage\":\"fr-FR\"},{\"@type\":\"Organization\",\"@id\":\"https:\/\/www.inseec.com\/#organization\",\"name\":\"INSEEC\",\"url\":\"https:\/\/www.inseec.com\/\",\"logo\":{\"@type\":\"ImageObject\",\"inLanguage\":\"fr-FR\",\"@id\":\"https:\/\/www.inseec.com\/#\/schema\/logo\/image\/\",\"url\":\"https:\/\/www.inseec.com\/wp-content\/uploads\/sites\/32\/2025\/11\/logo.svg\",\"contentUrl\":\"https:\/\/www.inseec.com\/wp-content\/uploads\/sites\/32\/2025\/11\/logo.svg\",\"width\":173,\"height\":36,\"caption\":\"INSEEC\"},\"image\":{\"@id\":\"https:\/\/www.inseec.com\/#\/schema\/logo\/image\/\"}},{\"@context\":\"https:\/\/schema.org\",\"@type\":\"EducationalOrganization\",\"@id\":\"https:\/\/www.inseec.com\/#organization\",\"name\":\"INSEEC\",\"description\":\"\",\"url\":\"https:\/\/www.inseec.com\/\",\"logo\":\"https:\/\/www.inseec.com\/wp-content\/uploads\/sites\/32\/2025\/11\/logo.svg\",\"image\":[\"https:\/\/www.inseec.com\/wp-content\/uploads\/sites\/32\/2025\/11\/campus-hero-barcelone-inseec.jpg\",\"https:\/\/www.inseec.com\/wp-content\/uploads\/sites\/32\/2025\/11\/campus-barcelone-inseec-ville-basilique-notre-dame-de-fourviere.jpg\",\"https:\/\/www.inseec.com\/wp-content\/uploads\/sites\/32\/2025\/11\/campus-barcelone-inseec-photo-portrait.jpg\",\"https:\/\/www.inseec.com\/wp-content\/uploads\/sites\/32\/2025\/11\/campus-slider-vr-campus-barcelone-inseec-etudiants-cours-petite-salle.jpg\",\"https:\/\/www.inseec.com\/wp-content\/uploads\/sites\/32\/2025\/11\/campus-hero-munich-inseec.jpg\",\"https:\/\/www.inseec.com\/wp-content\/uploads\/sites\/32\/2025\/11\/campus-munich-inseec-ville-basilique-notre-dame-de-fourviere.jpg\",\"https:\/\/www.inseec.com\/wp-content\/uploads\/sites\/32\/2025\/11\/campus-hero-munich-inseec.jpg\",\"https:\/\/www.inseec.com\/wp-content\/uploads\/sites\/32\/2025\/11\/campus-slider-vr-campus-munich-inseec-etudiants-theatre-les-celestins.jpg\",\"https:\/\/www.inseec.com\/wp-content\/uploads\/sites\/32\/2025\/11\/campus-hero-londres-inseec.jpg\",\"https:\/\/www.inseec.com\/wp-content\/uploads\/sites\/32\/2025\/11\/campus-londres-inseec-ville-basilique-notre-dame-de-fourviere.jpg\",\"https:\/\/www.inseec.com\/wp-content\/uploads\/sites\/32\/2025\/11\/campus-hero-londres-inseec.jpg\",\"https:\/\/www.inseec.com\/wp-content\/uploads\/sites\/32\/2025\/12\/campus-slider-vr-campus-londres-inseec-bibliotheque.jpg\",\"https:\/\/www.inseec.com\/wp-content\/uploads\/sites\/32\/2025\/11\/campus-hero-chambery-inseec-resize.jpg\",\"https:\/\/www.inseec.com\/wp-content\/uploads\/sites\/32\/2025\/11\/campus-chambery-inseec-ville-horloge.jpg\",\"https:\/\/www.inseec.com\/wp-content\/uploads\/sites\/32\/2025\/11\/campus-slider-vr-campus-chambery-inseec-exterieur.jpg\",\"https:\/\/www.inseec.com\/wp-content\/uploads\/sites\/32\/2025\/11\/campus-slider-vr-campus-chambery-inseec-salle-detente.jpg\",\"https:\/\/www.inseec.com\/wp-content\/uploads\/sites\/32\/2025\/11\/campus-hero-toulouse-inseec.jpg\",\"https:\/\/www.inseec.com\/wp-content\/uploads\/sites\/32\/2025\/11\/campus-toulouse-inseec-photo-portrait.jpg\",\"https:\/\/www.inseec.com\/wp-content\/uploads\/sites\/32\/2025\/11\/campus-slider-vr-campus-toulouse-inseec-projet-de-groupe.jpg\",\"https:\/\/www.inseec.com\/wp-content\/uploads\/sites\/32\/2025\/11\/campus-slider-vr-campus-toulouse-inseec-etudiants-amphitheatre.jpg\",\"https:\/\/www.inseec.com\/wp-content\/uploads\/sites\/32\/2025\/11\/campus-hero-monaco-inseec.jpg\",\"https:\/\/www.inseec.com\/wp-content\/uploads\/sites\/32\/2025\/12\/INSEEC-Monaco-campus.webp\",\"https:\/\/www.inseec.com\/wp-content\/uploads\/sites\/32\/2025\/11\/campus-hero-monaco-inseec.jpg\",\"https:\/\/www.inseec.com\/wp-content\/uploads\/sites\/32\/2025\/11\/campus-monaco-inseec-mosaic-amis.jpg\",\"https:\/\/www.inseec.com\/wp-content\/uploads\/sites\/32\/2025\/11\/campus-hero-online-inseec.jpg\",\"https:\/\/www.inseec.com\/wp-content\/uploads\/sites\/32\/2025\/11\/guide-metier-inseec-photo-illustration-chef-de-publicite_d1bf22.jpg\",\"https:\/\/www.inseec.com\/wp-content\/uploads\/sites\/32\/2025\/11\/guide-metier-inseec-hero-chef-de-projet-evenementiel.jpg\",\"https:\/\/www.inseec.com\/wp-content\/uploads\/sites\/32\/2025\/11\/guide-metier-inseec-hero-chef-de-produit-sportif.jpg\",\"https:\/\/www.inseec.com\/wp-content\/uploads\/sites\/32\/2025\/11\/campus-hero-beaune-inseec.jpg\",\"https:\/\/www.inseec.com\/wp-content\/uploads\/sites\/32\/2025\/11\/campus-beaune-inseec-ville-cave-a-vin.jpg\",\"https:\/\/www.inseec.com\/wp-content\/uploads\/sites\/32\/2025\/11\/campus-slider-vr-campus-beaune-inseec-groupe-etudiants.jpg\",\"https:\/\/www.inseec.com\/wp-content\/uploads\/sites\/32\/2025\/11\/campus-slider-vr-campus-beaune-inseec-etudiants-1.jpg\",\"https:\/\/www.inseec.com\/wp-content\/uploads\/sites\/32\/2025\/11\/campus-hero-marseille-inseec.jpg\",\"https:\/\/www.inseec.com\/wp-content\/uploads\/sites\/32\/2023\/07\/campus2025-marseille.png\",\"https:\/\/www.inseec.com\/wp-content\/uploads\/sites\/32\/2025\/11\/campus-slider-vr-campus-marseille-inseec-canapes-detente.jpg\",\"https:\/\/www.inseec.com\/wp-content\/uploads\/sites\/32\/2025\/11\/campus-slider-vr-campus-marseille-inseec-salle-commune.jpg\",\"https:\/\/www.inseec.com\/wp-content\/uploads\/sites\/32\/2025\/11\/campus-hero-rennes-inseec.jpg\",\"https:\/\/www.inseec.com\/wp-content\/uploads\/sites\/32\/2025\/11\/campus-rennes-inseec-photo-portrait.jpg\",\"https:\/\/www.inseec.com\/wp-content\/uploads\/sites\/32\/2025\/11\/campus-rennes-inseec-mosaic-alcove-repos.jpg\",\"https:\/\/www.inseec.com\/wp-content\/uploads\/sites\/32\/2025\/11\/campus-rennes-inseec-amphitheatre-etudiantes.jpg\",\"https:\/\/www.inseec.com\/wp-content\/uploads\/sites\/32\/2025\/11\/campus-hero-lyon-inseec.webp\",\"https:\/\/www.inseec.com\/wp-content\/uploads\/sites\/32\/2025\/11\/campus-lyon-inseec-photo-portrait.jpg\",\"https:\/\/www.inseec.com\/wp-content\/uploads\/sites\/32\/2025\/11\/campus-slider-vr-campus-lyon-inseec-dalle-detente.jpg\",\"https:\/\/www.inseec.com\/wp-content\/uploads\/sites\/32\/2025\/11\/campus-slider-vr-campus-lyon-inseec-lion-rouge-hall.jpg\",\"https:\/\/www.inseec.com\/wp-content\/uploads\/sites\/32\/2025\/11\/campus-hero-bordeaux-inseec.jpg\",\"https:\/\/www.inseec.com\/wp-content\/uploads\/sites\/32\/2024\/03\/Campus-Bordeaux-Photo-1.jpg\",\"https:\/\/www.inseec.com\/wp-content\/uploads\/sites\/32\/2025\/11\/campus-bordeaux-inseec-cafeteria.jpg\",\"https:\/\/www.inseec.com\/wp-content\/uploads\/sites\/32\/2025\/11\/campus-bordeaux-inseec-terrasse-bord-garonne.jpg\",\"https:\/\/www.inseec.com\/wp-content\/uploads\/sites\/32\/2025\/11\/campus-paris.jpg\",\"https:\/\/www.inseec.com\/wp-content\/uploads\/sites\/32\/2025\/11\/campus-paris-eiffel-inseec-portrait.jpg\",\"https:\/\/www.inseec.com\/wp-content\/uploads\/sites\/32\/2025\/11\/campus-paris-vellefaux-inseec-cafeteria.jpg\",\"https:\/\/www.inseec.com\/wp-content\/uploads\/sites\/32\/2025\/11\/campus-slider-vr-campus-paris-la-defense-inseec-salle-detente.jpg\",\"https:\/\/www.inseec.com\/wp-content\/uploads\/sites\/32\/2025\/11\/campus-hero-londres-inseec.jpg\",\"https:\/\/www.inseec.com\/wp-content\/uploads\/sites\/32\/2025\/11\/campus-londres-inseec-ville-basilique-notre-dame-de-fourviere.jpg\",\"https:\/\/www.inseec.com\/wp-content\/uploads\/sites\/32\/2025\/11\/campus-hero-londres-inseec.jpg\",\"https:\/\/www.inseec.com\/wp-content\/uploads\/sites\/32\/2025\/12\/campus-slider-vr-campus-londres-inseec-bibliotheque.jpg\",\"https:\/\/www.inseec.com\/wp-content\/uploads\/sites\/32\/2025\/11\/campus-hero-monaco-inseec.jpg\",\"https:\/\/www.inseec.com\/wp-content\/uploads\/sites\/32\/2025\/12\/INSEEC-Monaco-campus.webp\",\"https:\/\/www.inseec.com\/wp-content\/uploads\/sites\/32\/2025\/11\/campus-hero-monaco-inseec.jpg\",\"https:\/\/www.inseec.com\/wp-content\/uploads\/sites\/32\/2025\/11\/campus-monaco-inseec-mosaic-amis.jpg\",\"https:\/\/www.inseec.com\/wp-content\/uploads\/sites\/32\/2025\/11\/campus-hero-munich-inseec.jpg\",\"https:\/\/www.inseec.com\/wp-content\/uploads\/sites\/32\/2025\/11\/campus-munich-inseec-ville-basilique-notre-dame-de-fourviere.jpg\",\"https:\/\/www.inseec.com\/wp-content\/uploads\/sites\/32\/2025\/11\/campus-hero-munich-inseec.jpg\",\"https:\/\/www.inseec.com\/wp-content\/uploads\/sites\/32\/2025\/11\/campus-slider-vr-campus-munich-inseec-etudiants-theatre-les-celestins.jpg\",\"https:\/\/www.inseec.com\/wp-content\/uploads\/sites\/32\/2025\/11\/campus-hero-barcelone-inseec.jpg\",\"https:\/\/www.inseec.com\/wp-content\/uploads\/sites\/32\/2025\/11\/campus-barcelone-inseec-ville-basilique-notre-dame-de-fourviere.jpg\",\"https:\/\/www.inseec.com\/wp-content\/uploads\/sites\/32\/2025\/11\/campus-barcelone-inseec-photo-portrait.jpg\",\"https:\/\/www.inseec.com\/wp-content\/uploads\/sites\/32\/2025\/11\/campus-slider-vr-campus-barcelone-inseec-etudiants-cours-petite-salle.jpg\",\"https:\/\/www.inseec.com\/wp-content\/uploads\/sites\/32\/2025\/11\/campus-hero-online-inseec.jpg\",\"https:\/\/www.inseec.com\/wp-content\/uploads\/sites\/32\/2025\/11\/guide-metier-inseec-photo-illustration-chef-de-publicite_d1bf22.jpg\",\"https:\/\/www.inseec.com\/wp-content\/uploads\/sites\/32\/2025\/11\/guide-metier-inseec-hero-chef-de-projet-evenementiel.jpg\",\"https:\/\/www.inseec.com\/wp-content\/uploads\/sites\/32\/2025\/11\/guide-metier-inseec-hero-chef-de-produit-sportif.jpg\",\"https:\/\/www.inseec.com\/wp-content\/uploads\/sites\/32\/2025\/11\/campus-hero-toulouse-inseec.jpg\",\"https:\/\/www.inseec.com\/wp-content\/uploads\/sites\/32\/2025\/11\/campus-toulouse-inseec-photo-portrait.jpg\",\"https:\/\/www.inseec.com\/wp-content\/uploads\/sites\/32\/2025\/11\/campus-slider-vr-campus-toulouse-inseec-projet-de-groupe.jpg\",\"https:\/\/www.inseec.com\/wp-content\/uploads\/sites\/32\/2025\/11\/campus-slider-vr-campus-toulouse-inseec-etudiants-amphitheatre.jpg\",\"https:\/\/www.inseec.com\/wp-content\/uploads\/sites\/32\/2025\/11\/campus-hero-marseille-inseec.jpg\",\"https:\/\/www.inseec.com\/wp-content\/uploads\/sites\/32\/2025\/11\/campus-marseille-inseec-photo-portrait.jpg\",\"https:\/\/www.inseec.com\/wp-content\/uploads\/sites\/32\/2025\/11\/campus-slider-vr-campus-marseille-inseec-canapes-detente.jpg\",\"https:\/\/www.inseec.com\/wp-content\/uploads\/sites\/32\/2025\/11\/campus-slider-vr-campus-marseille-inseec-salle-commune.jpg\",\"https:\/\/www.inseec.com\/wp-content\/uploads\/sites\/32\/2025\/11\/campus-hero-rennes-inseec.jpg\",\"https:\/\/www.inseec.com\/wp-content\/uploads\/sites\/32\/2025\/11\/campus-rennes-inseec-photo-portrait.jpg\",\"https:\/\/www.inseec.com\/wp-content\/uploads\/sites\/32\/2025\/11\/campus-rennes-inseec-mosaic-alcove-repos.jpg\",\"https:\/\/www.inseec.com\/wp-content\/uploads\/sites\/32\/2025\/11\/campus-rennes-inseec-amphitheatre-etudiantes.jpg\",\"https:\/\/www.inseec.com\/wp-content\/uploads\/sites\/32\/2025\/11\/campus-hero-chambery-inseec-resize.jpg\",\"https:\/\/www.inseec.com\/wp-content\/uploads\/sites\/32\/2025\/11\/campus-chambery-inseec-ville-horloge.jpg\",\"https:\/\/www.inseec.com\/wp-content\/uploads\/sites\/32\/2025\/11\/campus-slider-vr-campus-chambery-inseec-exterieur.jpg\",\"https:\/\/www.inseec.com\/wp-content\/uploads\/sites\/32\/2025\/11\/campus-slider-vr-campus-chambery-inseec-salle-detente.jpg\",\"https:\/\/www.inseec.com\/wp-content\/uploads\/sites\/32\/2025\/11\/campus-hero-beaune-inseec.jpg\",\"https:\/\/www.inseec.com\/wp-content\/uploads\/sites\/32\/2025\/11\/campus-beaune-inseec-ville-cave-a-vin.jpg\",\"https:\/\/www.inseec.com\/wp-content\/uploads\/sites\/32\/2025\/11\/campus-slider-vr-campus-beaune-inseec-groupe-etudiants.jpg\",\"https:\/\/www.inseec.com\/wp-content\/uploads\/sites\/32\/2025\/11\/campus-slider-vr-campus-beaune-inseec-etudiants-1.jpg\",\"https:\/\/www.inseec.com\/wp-content\/uploads\/sites\/32\/2025\/11\/campus-hero-bordeaux-inseec.jpg\",\"https:\/\/www.inseec.com\/wp-content\/uploads\/sites\/32\/2025\/11\/campus-bordeaux-inseec-facade.jpg\",\"https:\/\/www.inseec.com\/wp-content\/uploads\/sites\/32\/2025\/11\/campus-bordeaux-inseec-cafeteria.jpg\",\"https:\/\/www.inseec.com\/wp-content\/uploads\/sites\/32\/2025\/11\/campus-bordeaux-inseec-terrasse-bord-garonne.jpg\",\"https:\/\/www.inseec.com\/wp-content\/uploads\/sites\/32\/2025\/11\/campus-hero-lyon-inseec.webp\",\"https:\/\/www.inseec.com\/wp-content\/uploads\/sites\/32\/2025\/11\/campus-lyon-inseec-photo-portrait.jpg\",\"https:\/\/www.inseec.com\/wp-content\/uploads\/sites\/32\/2025\/11\/campus-slider-vr-campus-lyon-inseec-dalle-detente.jpg\",\"https:\/\/www.inseec.com\/wp-content\/uploads\/sites\/32\/2025\/11\/campus-slider-vr-campus-lyon-inseec-lion-rouge-hall.jpg\",\"https:\/\/www.inseec.com\/wp-content\/uploads\/sites\/32\/2025\/11\/campus-paris.jpg\",\"https:\/\/www.inseec.com\/wp-content\/uploads\/sites\/32\/2025\/11\/campus-paris-eiffel-inseec-portrait.jpg\",\"https:\/\/www.inseec.com\/wp-content\/uploads\/sites\/32\/2025\/11\/campus-paris-vellefaux-inseec-cafeteria.jpg\",\"https:\/\/www.inseec.com\/wp-content\/uploads\/sites\/32\/2025\/11\/campus-slider-vr-campus-paris-la-defense-inseec-salle-detente.jpg\"],\"foundingDate\":\"\",\"memberOf\":\"OMNES Education\",\"alumni\":[{\"@type\":\"Person\",\"name\":\"Lasmak Said\",\"description\":\"CEO & Cofounder\"},{\"@type\":\"Person\",\"name\":\"Dauchy Xavier\",\"description\":\"Chief Financial Officer\"},{\"@type\":\"Person\",\"name\":\"Bordeaux Thomas\",\"description\":\"Regional Manager Grand Lyon\"},{\"@type\":\"Person\",\"name\":\"Quillot Romain\",\"description\":\"Co-founder\"},{\"@type\":\"Person\",\"name\":\"Rakotomalala Rindra\",\"description\":\"Head of International Relations\"},{\"@type\":\"Person\",\"name\":\"Lacroix Oscar\",\"description\":\"Partner\"},{\"@type\":\"Person\",\"name\":\"Moderan Olivia\",\"description\":\"Manager for the Paris-South area\"},{\"@type\":\"Person\",\"name\":\"Abdelhalim Nabil\",\"description\":\"Industry Manager\"},{\"@type\":\"Person\",\"name\":\"Duhalde M\u00e9lissa\",\"description\":\"Operational Marketing Product Manager \"},{\"@type\":\"Person\",\"name\":\"M. Matthieu\",\"description\":\"Commercial real estate consultant\"},{\"@type\":\"Person\",\"name\":\"Lusset Marie-Amandine\",\"description\":\"Communications consultant\"},{\"@type\":\"Person\",\"name\":\"R. Lo\u00efc\",\"description\":\"Entrepreneur\"},{\"@type\":\"Person\",\"name\":\"Soskin Lise\",\"description\":\"RevOps\"},{\"@type\":\"Person\",\"name\":\"Estrade Guillaume\",\"description\":\"Regional Manager Grand Lyon\"},{\"@type\":\"Person\",\"name\":\"P. Clara\",\"description\":\"Head of Digital Communications EMEA\"},{\"@type\":\"Person\",\"name\":\"Serryus C\u00e9sar\",\"description\":\"Founder\"},{\"@type\":\"Person\",\"name\":\"Onimus Aur\u00e9lien\",\"description\":\"CEO\"},{\"@type\":\"Person\",\"name\":\"B. Anne-Caroline B.\",\"description\":\"Marketing & Communications Project Manager\"},{\"@type\":\"Person\",\"name\":\"Azim Ana\u00efs\",\"description\":\"Business Controller - Industry Unit\"},{\"@type\":\"Person\",\"name\":\"Viallet Nouhant Alexandre\",\"description\":\"Chief Executive Officer\"},{\"@type\":\"Person\",\"name\":\"Ikouirene Adam\",\"description\":\"Student commercial placement\"}],\"department\":[\"Bachelor\",\"Bachelor\",\"BBA\",\"BBA\",\"BTS\",\"BTS\",\"Grande \u00c9cole\",\"Grande \u00c9cole\",\"International\",\"International\",\"MSc\",\"MSc\"],\"hasCredential\":[\"Bachelor\",\"Bachelor\",\"BBA\",\"BBA\",\"BTS\",\"BTS\",\"Grande \u00c9cole\",\"Grande \u00c9cole\",\"International\",\"International\",\"MSc\",\"MSc\"]}]}<\/script>","yoast_head_json":{"title":"BBA \u2013 Majeure International Marketing &amp; Data Management - INSEEC","description":"Sp\u00e9cialisez-vous en marketing digital avec le BBA Majeure Digital Marketing & Data Management de l\u2019INSEEC. Bac +4, 100 % anglais, alternance possible.","robots":{"index":"index","follow":"follow","max-snippet":"max-snippet:-1","max-image-preview":"max-image-preview:large","max-video-preview":"max-video-preview:-1"},"canonical":"https:\/\/www.inseec.com\/programme\/bba-international-marketing-data-management\/","og_locale":"fr_FR","og_type":"article","og_title":"BBA \u2013 Majeure International Marketing &amp; Data Management - INSEEC","og_description":"Sp\u00e9cialisez-vous en marketing digital avec le BBA Majeure Digital Marketing & Data Management de l\u2019INSEEC. Bac +4, 100 % anglais, alternance possible.","og_url":"https:\/\/www.inseec.com\/programme\/bba-international-marketing-data-management\/","og_site_name":"INSEEC","article_modified_time":"2026-01-07T16:13:12+00:00","og_image":[{"width":261,"height":300,"url":"https:\/\/www.inseec.com\/wp-content\/uploads\/sites\/32\/2025\/12\/logo-diplome-vise.webp","type":"image\/webp"}],"twitter_card":"summary_large_image","twitter_misc":{"Est. reading time":"10 minutes"},"schema":{"@context":"https:\/\/schema.org","@graph":[{"@type":"WebPage","@id":"https:\/\/www.inseec.com\/programme\/bba-international-marketing-data-management\/","url":"https:\/\/www.inseec.com\/programme\/bba-international-marketing-data-management\/","name":"BBA \u2013 Majeure International Marketing &amp; Data Management - INSEEC","isPartOf":{"@id":"https:\/\/www.inseec.com\/#website"},"primaryImageOfPage":{"@id":"https:\/\/www.inseec.com\/programme\/bba-international-marketing-data-management\/#primaryimage"},"image":{"@id":"https:\/\/www.inseec.com\/programme\/bba-international-marketing-data-management\/#primaryimage"},"thumbnailUrl":"https:\/\/www.inseec.com\/wp-content\/uploads\/sites\/32\/2025\/12\/logo-diplome-vise.webp","datePublished":"2025-12-05T09:28:43+00:00","dateModified":"2026-01-07T16:13:12+00:00","description":"Sp\u00e9cialisez-vous en marketing digital avec le BBA Majeure Digital Marketing & Data Management de l\u2019INSEEC. Bac +4, 100 % anglais, alternance possible.","breadcrumb":{"@id":"https:\/\/www.inseec.com\/programme\/bba-international-marketing-data-management\/#breadcrumb"},"inLanguage":"fr-FR","potentialAction":[{"@type":"ReadAction","target":["https:\/\/www.inseec.com\/programme\/bba-international-marketing-data-management\/"]}]},{"@type":"ImageObject","inLanguage":"fr-FR","@id":"https:\/\/www.inseec.com\/programme\/bba-international-marketing-data-management\/#primaryimage","url":"https:\/\/www.inseec.com\/wp-content\/uploads\/sites\/32\/2025\/12\/logo-diplome-vise.webp","contentUrl":"https:\/\/www.inseec.com\/wp-content\/uploads\/sites\/32\/2025\/12\/logo-diplome-vise.webp","width":261,"height":300},{"@type":"BreadcrumbList","@id":"https:\/\/www.inseec.com\/programme\/bba-international-marketing-data-management\/#breadcrumb","itemListElement":[{"@type":"ListItem","position":1,"name":"Home","item":"https:\/\/www.inseec.com\/"},{"@type":"ListItem","position":2,"name":"Programmes","item":"https:\/\/omneseducation.net\/inseec-2025\/program\/"},{"@type":"ListItem","position":3,"name":"BBA \u2013 Majeure International Marketing &amp; Data Management"}]},{"@type":"WebSite","@id":"https:\/\/www.inseec.com\/#website","url":"https:\/\/www.inseec.com\/","name":"INSEEC","description":"","publisher":{"@id":"https:\/\/www.inseec.com\/#organization"},"potentialAction":[{"@type":"SearchAction","target":{"@type":"EntryPoint","urlTemplate":"https:\/\/www.inseec.com\/?s={search_term_string}"},"query-input":{"@type":"PropertyValueSpecification","valueRequired":true,"valueName":"search_term_string"}}],"inLanguage":"fr-FR"},{"@type":"Organization","@id":"https:\/\/www.inseec.com\/#organization","name":"INSEEC","url":"https:\/\/www.inseec.com\/","logo":{"@type":"ImageObject","inLanguage":"fr-FR","@id":"https:\/\/www.inseec.com\/#\/schema\/logo\/image\/","url":"https:\/\/www.inseec.com\/wp-content\/uploads\/sites\/32\/2025\/11\/logo.svg","contentUrl":"https:\/\/www.inseec.com\/wp-content\/uploads\/sites\/32\/2025\/11\/logo.svg","width":173,"height":36,"caption":"INSEEC"},"image":{"@id":"https:\/\/www.inseec.com\/#\/schema\/logo\/image\/"}},{"@context":"https:\/\/schema.org","@type":"EducationalOrganization","@id":"https:\/\/www.inseec.com\/#organization","name":"INSEEC","description":"","url":"https:\/\/www.inseec.com\/","logo":"https:\/\/www.inseec.com\/wp-content\/uploads\/sites\/32\/2025\/11\/logo.svg","image":["https:\/\/www.inseec.com\/wp-content\/uploads\/sites\/32\/2025\/11\/campus-hero-barcelone-inseec.jpg","https:\/\/www.inseec.com\/wp-content\/uploads\/sites\/32\/2025\/11\/campus-barcelone-inseec-ville-basilique-notre-dame-de-fourviere.jpg","https:\/\/www.inseec.com\/wp-content\/uploads\/sites\/32\/2025\/11\/campus-barcelone-inseec-photo-portrait.jpg","https:\/\/www.inseec.com\/wp-content\/uploads\/sites\/32\/2025\/11\/campus-slider-vr-campus-barcelone-inseec-etudiants-cours-petite-salle.jpg","https:\/\/www.inseec.com\/wp-content\/uploads\/sites\/32\/2025\/11\/campus-hero-munich-inseec.jpg","https:\/\/www.inseec.com\/wp-content\/uploads\/sites\/32\/2025\/11\/campus-munich-inseec-ville-basilique-notre-dame-de-fourviere.jpg","https:\/\/www.inseec.com\/wp-content\/uploads\/sites\/32\/2025\/11\/campus-hero-munich-inseec.jpg","https:\/\/www.inseec.com\/wp-content\/uploads\/sites\/32\/2025\/11\/campus-slider-vr-campus-munich-inseec-etudiants-theatre-les-celestins.jpg","https:\/\/www.inseec.com\/wp-content\/uploads\/sites\/32\/2025\/11\/campus-hero-londres-inseec.jpg","https:\/\/www.inseec.com\/wp-content\/uploads\/sites\/32\/2025\/11\/campus-londres-inseec-ville-basilique-notre-dame-de-fourviere.jpg","https:\/\/www.inseec.com\/wp-content\/uploads\/sites\/32\/2025\/11\/campus-hero-londres-inseec.jpg","https:\/\/www.inseec.com\/wp-content\/uploads\/sites\/32\/2025\/12\/campus-slider-vr-campus-londres-inseec-bibliotheque.jpg","https:\/\/www.inseec.com\/wp-content\/uploads\/sites\/32\/2025\/11\/campus-hero-chambery-inseec-resize.jpg","https:\/\/www.inseec.com\/wp-content\/uploads\/sites\/32\/2025\/11\/campus-chambery-inseec-ville-horloge.jpg","https:\/\/www.inseec.com\/wp-content\/uploads\/sites\/32\/2025\/11\/campus-slider-vr-campus-chambery-inseec-exterieur.jpg","https:\/\/www.inseec.com\/wp-content\/uploads\/sites\/32\/2025\/11\/campus-slider-vr-campus-chambery-inseec-salle-detente.jpg","https:\/\/www.inseec.com\/wp-content\/uploads\/sites\/32\/2025\/11\/campus-hero-toulouse-inseec.jpg","https:\/\/www.inseec.com\/wp-content\/uploads\/sites\/32\/2025\/11\/campus-toulouse-inseec-photo-portrait.jpg","https:\/\/www.inseec.com\/wp-content\/uploads\/sites\/32\/2025\/11\/campus-slider-vr-campus-toulouse-inseec-projet-de-groupe.jpg","https:\/\/www.inseec.com\/wp-content\/uploads\/sites\/32\/2025\/11\/campus-slider-vr-campus-toulouse-inseec-etudiants-amphitheatre.jpg","https:\/\/www.inseec.com\/wp-content\/uploads\/sites\/32\/2025\/11\/campus-hero-monaco-inseec.jpg","https:\/\/www.inseec.com\/wp-content\/uploads\/sites\/32\/2025\/12\/INSEEC-Monaco-campus.webp","https:\/\/www.inseec.com\/wp-content\/uploads\/sites\/32\/2025\/11\/campus-hero-monaco-inseec.jpg","https:\/\/www.inseec.com\/wp-content\/uploads\/sites\/32\/2025\/11\/campus-monaco-inseec-mosaic-amis.jpg","https:\/\/www.inseec.com\/wp-content\/uploads\/sites\/32\/2025\/11\/campus-hero-online-inseec.jpg","https:\/\/www.inseec.com\/wp-content\/uploads\/sites\/32\/2025\/11\/guide-metier-inseec-photo-illustration-chef-de-publicite_d1bf22.jpg","https:\/\/www.inseec.com\/wp-content\/uploads\/sites\/32\/2025\/11\/guide-metier-inseec-hero-chef-de-projet-evenementiel.jpg","https:\/\/www.inseec.com\/wp-content\/uploads\/sites\/32\/2025\/11\/guide-metier-inseec-hero-chef-de-produit-sportif.jpg","https:\/\/www.inseec.com\/wp-content\/uploads\/sites\/32\/2025\/11\/campus-hero-beaune-inseec.jpg","https:\/\/www.inseec.com\/wp-content\/uploads\/sites\/32\/2025\/11\/campus-beaune-inseec-ville-cave-a-vin.jpg","https:\/\/www.inseec.com\/wp-content\/uploads\/sites\/32\/2025\/11\/campus-slider-vr-campus-beaune-inseec-groupe-etudiants.jpg","https:\/\/www.inseec.com\/wp-content\/uploads\/sites\/32\/2025\/11\/campus-slider-vr-campus-beaune-inseec-etudiants-1.jpg","https:\/\/www.inseec.com\/wp-content\/uploads\/sites\/32\/2025\/11\/campus-hero-marseille-inseec.jpg","https:\/\/www.inseec.com\/wp-content\/uploads\/sites\/32\/2023\/07\/campus2025-marseille.png","https:\/\/www.inseec.com\/wp-content\/uploads\/sites\/32\/2025\/11\/campus-slider-vr-campus-marseille-inseec-canapes-detente.jpg","https:\/\/www.inseec.com\/wp-content\/uploads\/sites\/32\/2025\/11\/campus-slider-vr-campus-marseille-inseec-salle-commune.jpg","https:\/\/www.inseec.com\/wp-content\/uploads\/sites\/32\/2025\/11\/campus-hero-rennes-inseec.jpg","https:\/\/www.inseec.com\/wp-content\/uploads\/sites\/32\/2025\/11\/campus-rennes-inseec-photo-portrait.jpg","https:\/\/www.inseec.com\/wp-content\/uploads\/sites\/32\/2025\/11\/campus-rennes-inseec-mosaic-alcove-repos.jpg","https:\/\/www.inseec.com\/wp-content\/uploads\/sites\/32\/2025\/11\/campus-rennes-inseec-amphitheatre-etudiantes.jpg","https:\/\/www.inseec.com\/wp-content\/uploads\/sites\/32\/2025\/11\/campus-hero-lyon-inseec.webp","https:\/\/www.inseec.com\/wp-content\/uploads\/sites\/32\/2025\/11\/campus-lyon-inseec-photo-portrait.jpg","https:\/\/www.inseec.com\/wp-content\/uploads\/sites\/32\/2025\/11\/campus-slider-vr-campus-lyon-inseec-dalle-detente.jpg","https:\/\/www.inseec.com\/wp-content\/uploads\/sites\/32\/2025\/11\/campus-slider-vr-campus-lyon-inseec-lion-rouge-hall.jpg","https:\/\/www.inseec.com\/wp-content\/uploads\/sites\/32\/2025\/11\/campus-hero-bordeaux-inseec.jpg","https:\/\/www.inseec.com\/wp-content\/uploads\/sites\/32\/2024\/03\/Campus-Bordeaux-Photo-1.jpg","https:\/\/www.inseec.com\/wp-content\/uploads\/sites\/32\/2025\/11\/campus-bordeaux-inseec-cafeteria.jpg","https:\/\/www.inseec.com\/wp-content\/uploads\/sites\/32\/2025\/11\/campus-bordeaux-inseec-terrasse-bord-garonne.jpg","https:\/\/www.inseec.com\/wp-content\/uploads\/sites\/32\/2025\/11\/campus-paris.jpg","https:\/\/www.inseec.com\/wp-content\/uploads\/sites\/32\/2025\/11\/campus-paris-eiffel-inseec-portrait.jpg","https:\/\/www.inseec.com\/wp-content\/uploads\/sites\/32\/2025\/11\/campus-paris-vellefaux-inseec-cafeteria.jpg","https:\/\/www.inseec.com\/wp-content\/uploads\/sites\/32\/2025\/11\/campus-slider-vr-campus-paris-la-defense-inseec-salle-detente.jpg","https:\/\/www.inseec.com\/wp-content\/uploads\/sites\/32\/2025\/11\/campus-hero-londres-inseec.jpg","https:\/\/www.inseec.com\/wp-content\/uploads\/sites\/32\/2025\/11\/campus-londres-inseec-ville-basilique-notre-dame-de-fourviere.jpg","https:\/\/www.inseec.com\/wp-content\/uploads\/sites\/32\/2025\/11\/campus-hero-londres-inseec.jpg","https:\/\/www.inseec.com\/wp-content\/uploads\/sites\/32\/2025\/12\/campus-slider-vr-campus-londres-inseec-bibliotheque.jpg","https:\/\/www.inseec.com\/wp-content\/uploads\/sites\/32\/2025\/11\/campus-hero-monaco-inseec.jpg","https:\/\/www.inseec.com\/wp-content\/uploads\/sites\/32\/2025\/12\/INSEEC-Monaco-campus.webp","https:\/\/www.inseec.com\/wp-content\/uploads\/sites\/32\/2025\/11\/campus-hero-monaco-inseec.jpg","https:\/\/www.inseec.com\/wp-content\/uploads\/sites\/32\/2025\/11\/campus-monaco-inseec-mosaic-amis.jpg","https:\/\/www.inseec.com\/wp-content\/uploads\/sites\/32\/2025\/11\/campus-hero-munich-inseec.jpg","https:\/\/www.inseec.com\/wp-content\/uploads\/sites\/32\/2025\/11\/campus-munich-inseec-ville-basilique-notre-dame-de-fourviere.jpg","https:\/\/www.inseec.com\/wp-content\/uploads\/sites\/32\/2025\/11\/campus-hero-munich-inseec.jpg","https:\/\/www.inseec.com\/wp-content\/uploads\/sites\/32\/2025\/11\/campus-slider-vr-campus-munich-inseec-etudiants-theatre-les-celestins.jpg","https:\/\/www.inseec.com\/wp-content\/uploads\/sites\/32\/2025\/11\/campus-hero-barcelone-inseec.jpg","https:\/\/www.inseec.com\/wp-content\/uploads\/sites\/32\/2025\/11\/campus-barcelone-inseec-ville-basilique-notre-dame-de-fourviere.jpg","https:\/\/www.inseec.com\/wp-content\/uploads\/sites\/32\/2025\/11\/campus-barcelone-inseec-photo-portrait.jpg","https:\/\/www.inseec.com\/wp-content\/uploads\/sites\/32\/2025\/11\/campus-slider-vr-campus-barcelone-inseec-etudiants-cours-petite-salle.jpg","https:\/\/www.inseec.com\/wp-content\/uploads\/sites\/32\/2025\/11\/campus-hero-online-inseec.jpg","https:\/\/www.inseec.com\/wp-content\/uploads\/sites\/32\/2025\/11\/guide-metier-inseec-photo-illustration-chef-de-publicite_d1bf22.jpg","https:\/\/www.inseec.com\/wp-content\/uploads\/sites\/32\/2025\/11\/guide-metier-inseec-hero-chef-de-projet-evenementiel.jpg","https:\/\/www.inseec.com\/wp-content\/uploads\/sites\/32\/2025\/11\/guide-metier-inseec-hero-chef-de-produit-sportif.jpg","https:\/\/www.inseec.com\/wp-content\/uploads\/sites\/32\/2025\/11\/campus-hero-toulouse-inseec.jpg","https:\/\/www.inseec.com\/wp-content\/uploads\/sites\/32\/2025\/11\/campus-toulouse-inseec-photo-portrait.jpg","https:\/\/www.inseec.com\/wp-content\/uploads\/sites\/32\/2025\/11\/campus-slider-vr-campus-toulouse-inseec-projet-de-groupe.jpg","https:\/\/www.inseec.com\/wp-content\/uploads\/sites\/32\/2025\/11\/campus-slider-vr-campus-toulouse-inseec-etudiants-amphitheatre.jpg","https:\/\/www.inseec.com\/wp-content\/uploads\/sites\/32\/2025\/11\/campus-hero-marseille-inseec.jpg","https:\/\/www.inseec.com\/wp-content\/uploads\/sites\/32\/2025\/11\/campus-marseille-inseec-photo-portrait.jpg","https:\/\/www.inseec.com\/wp-content\/uploads\/sites\/32\/2025\/11\/campus-slider-vr-campus-marseille-inseec-canapes-detente.jpg","https:\/\/www.inseec.com\/wp-content\/uploads\/sites\/32\/2025\/11\/campus-slider-vr-campus-marseille-inseec-salle-commune.jpg","https:\/\/www.inseec.com\/wp-content\/uploads\/sites\/32\/2025\/11\/campus-hero-rennes-inseec.jpg","https:\/\/www.inseec.com\/wp-content\/uploads\/sites\/32\/2025\/11\/campus-rennes-inseec-photo-portrait.jpg","https:\/\/www.inseec.com\/wp-content\/uploads\/sites\/32\/2025\/11\/campus-rennes-inseec-mosaic-alcove-repos.jpg","https:\/\/www.inseec.com\/wp-content\/uploads\/sites\/32\/2025\/11\/campus-rennes-inseec-amphitheatre-etudiantes.jpg","https:\/\/www.inseec.com\/wp-content\/uploads\/sites\/32\/2025\/11\/campus-hero-chambery-inseec-resize.jpg","https:\/\/www.inseec.com\/wp-content\/uploads\/sites\/32\/2025\/11\/campus-chambery-inseec-ville-horloge.jpg","https:\/\/www.inseec.com\/wp-content\/uploads\/sites\/32\/2025\/11\/campus-slider-vr-campus-chambery-inseec-exterieur.jpg","https:\/\/www.inseec.com\/wp-content\/uploads\/sites\/32\/2025\/11\/campus-slider-vr-campus-chambery-inseec-salle-detente.jpg","https:\/\/www.inseec.com\/wp-content\/uploads\/sites\/32\/2025\/11\/campus-hero-beaune-inseec.jpg","https:\/\/www.inseec.com\/wp-content\/uploads\/sites\/32\/2025\/11\/campus-beaune-inseec-ville-cave-a-vin.jpg","https:\/\/www.inseec.com\/wp-content\/uploads\/sites\/32\/2025\/11\/campus-slider-vr-campus-beaune-inseec-groupe-etudiants.jpg","https:\/\/www.inseec.com\/wp-content\/uploads\/sites\/32\/2025\/11\/campus-slider-vr-campus-beaune-inseec-etudiants-1.jpg","https:\/\/www.inseec.com\/wp-content\/uploads\/sites\/32\/2025\/11\/campus-hero-bordeaux-inseec.jpg","https:\/\/www.inseec.com\/wp-content\/uploads\/sites\/32\/2025\/11\/campus-bordeaux-inseec-facade.jpg","https:\/\/www.inseec.com\/wp-content\/uploads\/sites\/32\/2025\/11\/campus-bordeaux-inseec-cafeteria.jpg","https:\/\/www.inseec.com\/wp-content\/uploads\/sites\/32\/2025\/11\/campus-bordeaux-inseec-terrasse-bord-garonne.jpg","https:\/\/www.inseec.com\/wp-content\/uploads\/sites\/32\/2025\/11\/campus-hero-lyon-inseec.webp","https:\/\/www.inseec.com\/wp-content\/uploads\/sites\/32\/2025\/11\/campus-lyon-inseec-photo-portrait.jpg","https:\/\/www.inseec.com\/wp-content\/uploads\/sites\/32\/2025\/11\/campus-slider-vr-campus-lyon-inseec-dalle-detente.jpg","https:\/\/www.inseec.com\/wp-content\/uploads\/sites\/32\/2025\/11\/campus-slider-vr-campus-lyon-inseec-lion-rouge-hall.jpg","https:\/\/www.inseec.com\/wp-content\/uploads\/sites\/32\/2025\/11\/campus-paris.jpg","https:\/\/www.inseec.com\/wp-content\/uploads\/sites\/32\/2025\/11\/campus-paris-eiffel-inseec-portrait.jpg","https:\/\/www.inseec.com\/wp-content\/uploads\/sites\/32\/2025\/11\/campus-paris-vellefaux-inseec-cafeteria.jpg","https:\/\/www.inseec.com\/wp-content\/uploads\/sites\/32\/2025\/11\/campus-slider-vr-campus-paris-la-defense-inseec-salle-detente.jpg"],"foundingDate":"","memberOf":"OMNES Education","alumni":[{"@type":"Person","name":"Lasmak Said","description":"CEO & Cofounder"},{"@type":"Person","name":"Dauchy Xavier","description":"Chief Financial Officer"},{"@type":"Person","name":"Bordeaux Thomas","description":"Regional Manager Grand Lyon"},{"@type":"Person","name":"Quillot Romain","description":"Co-founder"},{"@type":"Person","name":"Rakotomalala Rindra","description":"Head of International Relations"},{"@type":"Person","name":"Lacroix Oscar","description":"Partner"},{"@type":"Person","name":"Moderan Olivia","description":"Manager for the Paris-South area"},{"@type":"Person","name":"Abdelhalim Nabil","description":"Industry Manager"},{"@type":"Person","name":"Duhalde M\u00e9lissa","description":"Operational Marketing Product Manager "},{"@type":"Person","name":"M. Matthieu","description":"Commercial real estate consultant"},{"@type":"Person","name":"Lusset Marie-Amandine","description":"Communications consultant"},{"@type":"Person","name":"R. Lo\u00efc","description":"Entrepreneur"},{"@type":"Person","name":"Soskin Lise","description":"RevOps"},{"@type":"Person","name":"Estrade Guillaume","description":"Regional Manager Grand Lyon"},{"@type":"Person","name":"P. Clara","description":"Head of Digital Communications EMEA"},{"@type":"Person","name":"Serryus C\u00e9sar","description":"Founder"},{"@type":"Person","name":"Onimus Aur\u00e9lien","description":"CEO"},{"@type":"Person","name":"B. Anne-Caroline B.","description":"Marketing & Communications Project Manager"},{"@type":"Person","name":"Azim Ana\u00efs","description":"Business Controller - Industry Unit"},{"@type":"Person","name":"Viallet Nouhant Alexandre","description":"Chief Executive Officer"},{"@type":"Person","name":"Ikouirene Adam","description":"Student commercial placement"}],"department":["Bachelor","Bachelor","BBA","BBA","BTS","BTS","Grande \u00c9cole","Grande \u00c9cole","International","International","MSc","MSc"],"hasCredential":["Bachelor","Bachelor","BBA","BBA","BTS","BTS","Grande \u00c9cole","Grande \u00c9cole","International","International","MSc","MSc"]}]}},"lang":"fr","translations":{"fr":80872,"en":86036},"jetpack_sharing_enabled":true,"pll_sync_post":[],"_links":{"self":[{"href":"https:\/\/www.inseec.com\/wp-json\/wp\/v2\/program\/80872","targetHints":{"allow":["GET"]}}],"collection":[{"href":"https:\/\/www.inseec.com\/wp-json\/wp\/v2\/program"}],"about":[{"href":"https:\/\/www.inseec.com\/wp-json\/wp\/v2\/types\/program"}],"wp:attachment":[{"href":"https:\/\/www.inseec.com\/wp-json\/wp\/v2\/media?parent=80872"}],"wp:term":[{"taxonomy":"city","embeddable":true,"href":"https:\/\/www.inseec.com\/wp-json\/wp\/v2\/city?post=80872"},{"taxonomy":"certification","embeddable":true,"href":"https:\/\/www.inseec.com\/wp-json\/wp\/v2\/certification?post=80872"},{"taxonomy":"program_language","embeddable":true,"href":"https:\/\/www.inseec.com\/wp-json\/wp\/v2\/program_language?post=80872"},{"taxonomy":"admission_level","embeddable":true,"href":"https:\/\/www.inseec.com\/wp-json\/wp\/v2\/admission_level?post=80872"},{"taxonomy":"training_pace","embeddable":true,"href":"https:\/\/www.inseec.com\/wp-json\/wp\/v2\/training_pace?post=80872"},{"taxonomy":"school","embeddable":true,"href":"https:\/\/www.inseec.com\/wp-json\/wp\/v2\/school?post=80872"},{"taxonomy":"specialisation","embeddable":true,"href":"https:\/\/www.inseec.com\/wp-json\/wp\/v2\/specialisation?post=80872"},{"taxonomy":"analytics_tag","embeddable":true,"href":"https:\/\/www.inseec.com\/wp-json\/wp\/v2\/analytics_tag?post=80872"}],"curies":[{"name":"wp","href":"https:\/\/api.w.org\/{rel}","templated":true}]}}