{"id":81154,"date":"2025-12-05T10:34:32","date_gmt":"2025-12-05T09:34:32","guid":{"rendered":"https:\/\/www.inseec.com\/?post_type=program&#038;p=81154"},"modified":"2026-01-07T17:24:06","modified_gmt":"2026-01-07T16:24:06","slug":"master-management-rh-organisations-durables","status":"publish","type":"program","link":"https:\/\/www.inseec.com\/programme\/master-management-rh-organisations-durables\/","title":{"rendered":"Grade de Master Management RH et Organisations Durables"},"content":{"rendered":"\n<div class=\"wp-block-group alignfull wp-pattern wp-pattern-anchors has-white-background-color has-background has-global-padding is-layout-constrained wp-block-group-is-layout-constrained\" style=\"margin-top:0;margin-bottom:0;padding-top:0;padding-bottom:0\">\n<div class=\"wp-block-group alignwide is-content-justification-space-between is-nowrap is-layout-flex wp-container-core-group-is-layout-4502859d wp-block-group-is-layout-flex\"><div class=\"anchor-list wp-block-beapi-anchor-list\">\n\t<div class=\"anchor-list__content\">\n\t\t<div role=\"heading\" aria-level=\"2\" class=\"anchor-list__title\">Acc\u00e8s rapide<\/div>\n\t\t<div class=\"anchor-list__scroll\">\n\t\t\t<ul class=\"anchor-list__items no-list-style\">\n\t\t\t\t\t\t\t\t\t<li class=\"anchor-list__item\">\n\t\t\t\t\t\t<a href=\"#anchor-presentation\">Pr\u00e9sentation<\/a>\t\t\t\t\t<\/li>\n\t\t\t\t\t\t\t\t\t<li class=\"anchor-list__item\">\n\t\t\t\t\t\t<a href=\"#anchor-campus\">Campus<\/a>\t\t\t\t\t<\/li>\n\t\t\t\t\t\t\t\t\t<li class=\"anchor-list__item\">\n\t\t\t\t\t\t<a href=\"#anchor-temoignage\">T\u00e9moignages<\/a>\t\t\t\t\t<\/li>\n\t\t\t\t\t\t\t\t\t<li class=\"anchor-list__item\">\n\t\t\t\t\t\t<a href=\"#anchor-alternance\">Alternance<\/a>\t\t\t\t\t<\/li>\n\t\t\t\t\t\t\t\t\t<li class=\"anchor-list__item\">\n\t\t\t\t\t\t<a href=\"#anchor-metiers\">M\u00e9tiers<\/a>\t\t\t\t\t<\/li>\n\t\t\t\t\t\t\t\t\t<li class=\"anchor-list__item\">\n\t\t\t\t\t\t<a href=\"#anchor-candidature\">Candidature<\/a>\t\t\t\t\t<\/li>\n\t\t\t\t\t\t\t\t\t<li class=\"anchor-list__item\">\n\t\t\t\t\t\t<a href=\"#anchor-frais\">Frais de scolarit\u00e9<\/a>\t\t\t\t\t<\/li>\n\t\t\t\t\t\t\t\t\t<li class=\"anchor-list__item\">\n\t\t\t\t\t\t<a href=\"#anchor-faq\">FAQ<\/a>\t\t\t\t\t<\/li>\n\t\t\t\t\t\t\t<\/ul>\n\t\t<\/div>\n\t<\/div>\n<\/div>\n\n\n\n<div class=\"wp-block-buttons is-nowrap is-layout-flex wp-container-core-buttons-is-layout-6c531013 wp-block-buttons-is-layout-flex\">\n<div class=\"wp-block-button is-style-fill-sm\"><a class=\"wp-block-button__link wp-element-button\" href=\"https:\/\/www.inseec.com\/procedure-admission-grande-ecole-rentree-septembre\/\">Je candidate<\/a><\/div>\n<\/div>\n<\/div>\n<\/div>\n\n\n<span class=\"wp-block-beapi-anchor\" aria-hidden=\"true\" id=\"anchor-presentation\"><\/span>\n\n\n\n<div class=\"wp-block-group wp-pattern wp-pattern-faq-image is-layout-flow wp-block-group-is-layout-flow has-block-anchor\" style=\"margin-top:0;margin-bottom:0;padding-top:var(--wp--preset--spacing--6-xl);padding-bottom:var(--wp--preset--spacing--6-xl)\">\n<div class=\"wp-block-group has-global-padding is-layout-constrained wp-block-group-is-layout-constrained has-block-anchor\">\n<div class=\"wp-block-group is-vertical is-layout-flex wp-container-core-group-is-layout-bd7877ba wp-block-group-is-layout-flex has-block-anchor\">\n<p class=\"is-style-heading-default-eyebrow has-on-surface-color has-text-color has-link-color wp-elements-52e5ab584d4efb74080cdddff789e92a\">Pr\u00e9sentation<\/p>\n\n\n\n<h2 class=\"wp-block-heading is-style-heading-emphasis-h2 has-on-surface-color has-text-color has-link-color wp-elements-0a5e051897eb5aed3a84f1ced6b60f9b\" id=\"quest-ce-quun-grade-de-master-management-rh-et-organisations-durables\">Qu&#8217;est-ce qu&#8217;un Grade de Master Management RH et Organisations Durables\u00a0?<\/h2>\n<\/div>\n\n\n\n<p class=\"is-style-plain-default-md has-on-surface-subtle-color has-text-color has-link-color wp-elements-c05e8462db659e920e33b9c57dc8bb1f\">Le Programme Grande \u00c9cole de l&#8217;INSEEC, sp\u00e9cialisation Management RH et Organisations Durables, vous forme aux m\u00e9tiers de la direction des ressources humaines et du d\u00e9veloppement organisationnel durable. Il est d\u2019ailleurs tout \u00e0 fait possible de <a href=\"https:\/\/www.inseec.com\/grande-ecole\/grande-ecole-rh\/\">rejoindre ce Grade de Master en ressources humaines<\/a> afin de d\u00e9velopper une expertise sociale pointue. Ce programme conf\u00e8re le Grade de Master (\u00e9quivalent Bac+5) reconnu par le Minist\u00e8re de l&#8217;Enseignement Sup\u00e9rieur et de la Recherche et est certifi\u00e9 RNCP niveau 7. Ce cursus vous permet de ma\u00eetriser les enjeux strat\u00e9giques de la gestion des talents et de la transformation des organisations, vous assurant une forte employabilit\u00e9 dans tous les secteurs d&#8217;activit\u00e9.<\/p>\n<\/div>\n\n\n\n<div class=\"wp-block-group has-global-padding is-layout-constrained wp-block-group-is-layout-constrained has-block-anchor\">\n<h3 class=\"wp-block-heading\" id=\"diplome-et-certification-professionnelle-visee\">Dipl\u00f4me et certification professionnelle vis\u00e9e<\/h3>\n\n\n\n<p>Ce dipl\u00f4me vis\u00e9 par l&#8217;\u00c9tat conf\u00e8re le Grade de Master et b\u00e9n\u00e9ficie de l&#8217;accr\u00e9ditation AMBA depuis 2016, garantissant sa reconnaissance en France et \u00e0 l&#8217;international.<\/p>\n\n\n\n<p>Certification professionnelle de Manager de Projets Innovants niveau 7 (EU), code NSF 310, d\u00e9livr\u00e9e par l&#8217;INSEEC Grande \u00c9cole, enregistr\u00e9e sous le num\u00e9ro 41044 au RNCP (R\u00e9pertoire National des Certifications Professionnelles) sur d\u00e9cision du Directeur g\u00e9n\u00e9ral de France Comp\u00e9tences.<\/p>\n\n\n\n<div class=\"wp-block-buttons is-layout-flex wp-block-buttons-is-layout-flex\">\n<div class=\"wp-block-button is-style-link-arrow-left\"><a class=\"wp-block-button__link wp-element-button\" href=\"https:\/\/www.francecompetences.fr\/recherche\/rncp\/41044\/\" target=\"_blank\" rel=\"noreferrer noopener\">DipVIGrM \u2013 Programme Grande \u00c9cole<\/a><\/div>\n<\/div>\n<\/div>\n\n\n\n<div class=\"wp-block-group has-global-padding is-layout-constrained wp-block-group-is-layout-constrained has-block-anchor\">\n<h3 class=\"wp-block-heading\" id=\"les-objectifs-et-competences\">Les objectifs et comp\u00e9tences<\/h3>\n\n\n\n<p>Ce Grade de Master vise \u00e0 former des professionnels RH capables de piloter la strat\u00e9gie sociale des entreprises, d&#8217;accompagner les transformations organisationnelles et d&#8217;int\u00e9grer les enjeux de durabilit\u00e9 dans les politiques de ressources humaines.<\/p>\n\n\n\n<p>Le programme d\u00e9veloppe les comp\u00e9tences cl\u00e9s en :<\/p>\n\n\n\n<div class=\"wp-block-group is-style-plain-default-sm is-content-justification-left is-nowrap is-layout-flex wp-container-core-group-is-layout-ad52996e wp-block-group-is-layout-flex\">\n<ul class=\"wp-block-list is-style-check has-on-surface-color has-text-color has-link-color wp-elements-fa8865061168a36dab5fc14039377ee3 wp-container-content-9cfa9a5a\">\n<li>Gestion strat\u00e9gique des ressources humaines<\/li>\n\n\n\n<li>Gestion des talents et d\u00e9veloppement des comp\u00e9tences<\/li>\n\n\n\n<li>Qualit\u00e9 de vie au travail et pr\u00e9vention des RPS<\/li>\n\n\n\n<li>Droit social et relations collectives<\/li>\n<\/ul>\n\n\n\n<ul class=\"wp-block-list is-style-check has-on-surface-color has-text-color has-link-color wp-elements-bd76024fbfcb91da2bc51fad840fe01e wp-container-content-9cfa9a5a\">\n<li>Pilotage de la performance sociale<\/li>\n\n\n\n<li>Gestion des restructurations et conduite du changement<\/li>\n\n\n\n<li>RH durables et RSE<\/li>\n\n\n\n<li>Communication interne et marque employeur<\/li>\n<\/ul>\n<\/div>\n<\/div>\n\n\n\n<div class=\"wp-block-group has-global-padding is-layout-constrained wp-block-group-is-layout-constrained has-block-anchor\">\n<h3 class=\"wp-block-heading\" id=\"le-contenu\">Le contenu<\/h3>\n\n\n\n<p>Les enseignements suivants sont propos\u00e9s sur les campus de Paris, Lyon et Bordeaux. Ce programme en fran\u00e7ais int\u00e8gre chaque ann\u00e9e les \u00e9volutions l\u00e9gislatives, les nouvelles pratiques RH et les enjeux de responsabilit\u00e9 sociale des entreprises.<\/p>\n<\/div>\n\n\n\n<details class=\"wp-block-details is-style-default is-layout-flow wp-container-core-details-is-layout-9ec55b31 wp-block-details-is-layout-flow\"><summary><h3>1\u02b3\u1d49 ann\u00e9e (Niveau L3)<\/h3><\/summary>\n<div class=\"wp-block-group is-vertical is-layout-flex wp-container-core-group-is-layout-a2e3e733 wp-block-group-is-layout-flex\">\n<p class=\"is-style-plain-default-sm has-on-surface-subtle-color has-text-color has-link-color wp-elements-23c3e9f32479c91920cad59df69c04dc\">60 cr\u00e9dits ECTS &#8211; 488 heures<\/p>\n\n\n\n<p class=\"is-style-plain-default-sm has-on-surface-subtle-color has-text-color has-link-color wp-elements-5c93ff9ba3cddc5bc479f2ed0ed948c1\">Cette ann\u00e9e initiale en alternance \u00e9tablit les fondations manag\u00e9riales et d\u00e9veloppe votre compr\u00e9hension des enjeux humains dans les organisations. Les \u00e9tudiants b\u00e9n\u00e9ficient d&#8217;une semaine d&#8217;immersion \u00e0 Londres.<\/p>\n<\/div>\n\n\n\n<div class=\"wp-block-group is-style-plain-default-sm is-content-justification-space-between is-nowrap is-layout-flex wp-container-core-group-is-layout-03b2c0d6 wp-block-group-is-layout-flex\">\n<ul class=\"wp-block-list is-style-check has-on-surface-color has-text-color has-link-color wp-elements-191b9fc4e729141bba49a012012a71b7\">\n<li>Comprendre les grands enjeux du monde<\/li>\n\n\n\n<li>Savoir travailler dans l\u2019interculturel<\/li>\n\n\n\n<li>D\u00e9velopper une pens\u00e9e critique et autonome<\/li>\n<\/ul>\n\n\n\n<ul class=\"wp-block-list is-style-check has-on-surface-color has-text-color has-link-color wp-elements-3eea2863ca7a00f18cb03327770be12e\">\n<li>Devenir un manager expert, responsable et efficient\u00a0<\/li>\n\n\n\n<li>Travail collaboratif encadr\u00e9 : INSEEC Projet Personnel<\/li>\n\n\n\n<li>Entreprendre et conduire le changement<\/li>\n<\/ul>\n<\/div>\n<\/details>\n\n\n\n<details class=\"wp-block-details is-style-default is-layout-flow wp-container-core-details-is-layout-9ec55b31 wp-block-details-is-layout-flow\"><summary><h3>2\u1d49 ann\u00e9e (Niveau M1)<\/h3><\/summary>\n<div class=\"wp-block-group is-vertical is-layout-flex wp-container-core-group-is-layout-a2e3e733 wp-block-group-is-layout-flex\">\n<p class=\"is-style-plain-default-sm has-on-surface-subtle-color has-text-color has-link-color wp-elements-0dc0692ed463ad31d6d3099cf24332dd\">60 cr\u00e9dits ECTS &#8211; 436 heures<\/p>\n\n\n\n<p class=\"is-style-plain-default-sm has-on-surface-subtle-color has-text-color has-link-color wp-elements-ec831c6b6f1d7dfd7d06b59722ac66fc\">Cette 2\u1d49 ann\u00e9e de PGE en alternance approfondit vos comp\u00e9tences en management et vous pr\u00e9pare progressivement \u00e0 la fonction RH.<\/p>\n<\/div>\n\n\n\n<div class=\"wp-block-group is-style-plain-default-sm is-content-justification-space-between is-nowrap is-layout-flex wp-container-core-group-is-layout-03b2c0d6 wp-block-group-is-layout-flex\">\n<ul class=\"wp-block-list is-style-check has-on-surface-color has-text-color has-link-color wp-elements-f28a4f47408711aa43606da6b9ef518c\">\n<li>Construire son autonomie et sa capacit\u00e9 \u00e0 d\u00e9crypter le monde<\/li>\n\n\n\n<li>M\u00e9thodes, comp\u00e9tences &#038; pratiques professionnelles\u00a0<\/li>\n\n\n\n<li>Parcours de professionnalisation<\/li>\n<\/ul>\n<\/div>\n<\/details>\n\n\n\n<details class=\"wp-block-details is-style-default is-layout-flow wp-container-core-details-is-layout-9ec55b31 wp-block-details-is-layout-flow\"><summary><h3>3\u1d49 ann\u00e9e (Niveau M2) &#8211; Tronc commun<\/h3><\/summary>\n<div class=\"wp-block-group is-vertical is-layout-flex wp-container-core-group-is-layout-a2e3e733 wp-block-group-is-layout-flex\">\n<p class=\"is-style-plain-default-sm has-on-surface-subtle-color has-text-color has-link-color wp-elements-f1fc6c265164e3bcf6cc4ecf15b8e6fa\">60 cr\u00e9dits ECTS &#8211; 406 heures<\/p>\n\n\n\n<p class=\"is-style-plain-default-sm has-on-surface-subtle-color has-text-color has-link-color wp-elements-2178d843d6131ae9337519c4ca2c9c1f\">Le tronc commun affine vos capacit\u00e9s de management avanc\u00e9 et votre vision \u00e9thique des organisations. Vous suivez cette 3\u1d49 ann\u00e9e de PGE en alternance.<\/p>\n<\/div>\n\n\n\n<div class=\"wp-block-group is-style-plain-default-sm is-content-justification-space-between is-nowrap is-layout-flex wp-container-core-group-is-layout-03b2c0d6 wp-block-group-is-layout-flex\">\n<ul class=\"wp-block-list is-style-check has-on-surface-color has-text-color has-link-color wp-elements-f9961ffaac0760452ef81fddcf49fb65\">\n<li>Open Innovation Challenge<\/li>\n\n\n\n<li>S\u00e9minaire de M\u00e9thodologie de Recherche<\/li>\n\n\n\n<li>Advanced Management<\/li>\n<\/ul>\n\n\n\n<ul class=\"wp-block-list is-style-check has-on-surface-color has-text-color has-link-color wp-elements-d3a7d026cea970e128dd2a6586435a0b\">\n<li>Business Ethics &#038; Corporate Social Responsability<\/li>\n\n\n\n<li>Pr\u00e9paration au Grand Oral<\/li>\n\n\n\n<li>Nuit de la Gestion de la crise<\/li>\n<\/ul>\n<\/div>\n<\/details>\n\n\n\n<details class=\"wp-block-details is-style-default is-layout-flow wp-container-core-details-is-layout-9ec55b31 wp-block-details-is-layout-flow\"><summary><h3>3\u1d49 ann\u00e9e (Niveau M2) &#8211; Cours de Sp\u00e9cialit\u00e9<\/h3><\/summary>\n<div class=\"wp-block-group is-vertical is-layout-flex wp-container-core-group-is-layout-a2e3e733 wp-block-group-is-layout-flex\">\n<p class=\"is-style-plain-default-sm has-on-surface-subtle-color has-text-color has-link-color wp-elements-ea5f9636a2b4ed2563edc2b7d1e31e5d\">Les enseignements de sp\u00e9cialisation forment des experts RH op\u00e9rationnels et strat\u00e9giques, capables d&#8217;accompagner les organisations vers plus de durabilit\u00e9.<\/p>\n<\/div>\n\n\n\n<div class=\"wp-block-group is-style-plain-default-sm is-content-justification-space-between is-nowrap is-layout-flex wp-container-core-group-is-layout-03b2c0d6 wp-block-group-is-layout-flex\">\n<ul class=\"wp-block-list is-style-check has-on-surface-color has-text-color has-link-color wp-elements-db45d1783f7908cc74b7415e00b9c29d\">\n<li>Gestion des conflits<\/li>\n\n\n\n<li>Gestion des Talents et des Potentiels<\/li>\n\n\n\n<li>Qualit\u00e9 de Vie au travail et Pr\u00e9vention des risques psycho-sociaux*<\/li>\n\n\n\n<li>Atelier de cr\u00e9ativit\u00e9 RH<\/li>\n\n\n\n<li>Droit social<\/li>\n<\/ul>\n\n\n\n<ul class=\"wp-block-list is-style-check has-on-surface-color has-text-color has-link-color wp-elements-3ece6740443321b22d3b873d7c65ac0f\">\n<li>Pilotage des indicateurs sociaux*<\/li>\n\n\n\n<li>International Human Resource Management*<\/li>\n\n\n\n<li>Communication interne*<\/li>\n\n\n\n<li>Gestion des restructurations<\/li>\n\n\n\n<li>Politique de formation<\/li>\n<\/ul>\n<\/div>\n\n\n\n<div class=\"wp-block-group is-vertical is-layout-flex wp-container-core-group-is-layout-a2e3e733 wp-block-group-is-layout-flex\">\n<p class=\"is-style-plain-default-sm has-on-surface-subtle-color has-text-color has-link-color wp-elements-3a83add162e7be44826fc15ffde07636\">*Cours au choix avec l\u2019option RSE \/ Durable<\/p>\n<\/div>\n<\/details>\n\n\n\n<details class=\"wp-block-details is-style-default is-layout-flow wp-container-core-details-is-layout-9ec55b31 wp-block-details-is-layout-flow\"><summary><h3>3\u1d49 ann\u00e9e (M2) &#8211; Cours de Sp\u00e9cialit\u00e9 Option RSE \/ Durable<\/h3><\/summary>\n<div class=\"wp-block-group is-vertical is-layout-flex wp-container-core-group-is-layout-a2e3e733 wp-block-group-is-layout-flex\">\n<p class=\"is-style-plain-default-sm has-on-surface-subtle-color has-text-color has-link-color wp-elements-d2e819ec0610b16375566585bd403864\">Pour les \u00e9tudiants souhaitant se sp\u00e9cialiser davantage dans les RH durables, une option d\u00e9di\u00e9e est propos\u00e9e.<\/p>\n<\/div>\n\n\n\n<div class=\"wp-block-group is-style-plain-default-sm is-content-justification-space-between is-nowrap is-layout-flex wp-container-core-group-is-layout-03b2c0d6 wp-block-group-is-layout-flex\">\n<ul class=\"wp-block-list is-style-check has-on-surface-color has-text-color has-link-color wp-elements-fd50c61e9f55634db883f0f154d17d4c\">\n<li>Gestion International Sustainable Human Ressources Managament<\/li>\n\n\n\n<li>Notation extra financi\u00e8re et indicateurs sociaux<\/li>\n\n\n\n<li>Qualit\u00e9 de vie au travail et pr\u00e9vention des risques psycho-sociaux<\/li>\n\n\n\n<li>Communication interne responsable<\/li>\n<\/ul>\n<\/div>\n<\/details>\n\n\n\n<div class=\"wp-block-group has-global-padding is-layout-constrained wp-block-group-is-layout-constrained has-block-anchor\">\n<h3 class=\"wp-block-heading\" id=\"les-modalites-devaluation\">Les modalit\u00e9s d&#8217;\u00e9valuation<\/h3>\n\n\n\n<p>L&#8217;\u00e9valuation mobilise des m\u00e9thodes vari\u00e9es pour valider vos comp\u00e9tences RH th\u00e9oriques et pratiques :<\/p>\n<\/div>\n\n\n\n<ul class=\"wp-block-list is-style-check has-on-surface-color has-text-color has-link-color wp-elements-de43f35a95bb1b0e2e084f21e2b7a4fe\">\n<li>Contr\u00f4le continu r\u00e9gulier.<\/li>\n\n\n\n<li>Travaux personnels et projets collectifs.<\/li>\n\n\n\n<li>Examens de fin de semestre et finaux.<\/li>\n\n\n\n<li>\u00c9tudes de cas RH et analyses de situations professionnelles.<\/li>\n\n\n\n<li>Ateliers de cr\u00e9ativit\u00e9 et innovation RH.<\/li>\n\n\n\n<li>Mises en situation et jeux de r\u00f4le.<\/li>\n\n\n\n<li>M\u00e9moire professionnel appliqu\u00e9 aux RH.<\/li>\n\n\n\n<li>\u00c9valuation en entreprise par le tuteur.<\/li>\n<\/ul>\n\n\n\n<p>La validation s&#8217;effectue par capitalisation de l&#8217;ensemble des blocs de comp\u00e9tences et obtention des 180 cr\u00e9dits ECTS r\u00e9partis sur les trois ann\u00e9es.<\/p>\n<\/div>\n\n\n\n<div class=\"wp-block-group alignfull wp-pattern wp-pattern-banner-certifications-multiple has-global-padding is-layout-constrained wp-block-group-is-layout-constrained has-block-anchor\" style=\"margin-top:0;margin-bottom:0;padding-top:var(--wp--preset--spacing--padding-y-section);padding-bottom:var(--wp--preset--spacing--padding-y-section)\">\n<h2 class=\"wp-block-heading alignwide is-style-heading-emphasis-h4 has-on-surface-color has-text-color has-link-color wp-elements-7d0d9c650a1ec24540ad00e79f3a5b34\" id=\"ce-diplome-est-il-reconnu-par-letat\">Ce dipl\u00f4me est-il reconnu par l&#8217;\u00c9tat ?<\/h2>\n\n\n\n<p class=\"alignwide has-text-align-wide is-style-plain-default-md has-on-surface-subtle-color has-text-color has-link-color wp-elements-6ddb63af45162edf228d8d6bc38250f6\">L&#8217;INSEEC Grande \u00c9cole d\u00e9livre un Grade de Master en management, dipl\u00f4me vis\u00e9 par l\u2019\u00c9tat (Minist\u00e8re de l&#8217;Enseignement Sup\u00e9rieur et de la Recherche) depuis 2005, reconnu en France et \u00e0 l&#8217;International et, accr\u00e9dit\u00e9 AMBA depuis 2016 ainsi qu&#8217;un titre RNCP de niveau 7, reconnu par le minist\u00e8re du\u00a0Travail. L&#8217;INSEEC Grande \u00c9cole est membre de la conf\u00e9rence des grandes \u00e9coles.<\/p>\n\n\n\n<div class=\"wp-block-group alignwide wp-pattern__inner is-content-justification-center is-nowrap is-layout-flex wp-container-core-group-is-layout-38767301 wp-block-group-is-layout-flex\">\n<div class=\"wp-block-group wp-pattern__images is-nowrap is-layout-flex wp-container-core-group-is-layout-711539e2 wp-block-group-is-layout-flex\">\n<figure class=\"wp-block-image size-full is-resized is-style-default wp-container-content-69bc4bdf\"><img loading=\"lazy\" decoding=\"async\" width=\"261\" height=\"300\" src=\"https:\/\/www.inseec.com\/wp-content\/uploads\/sites\/32\/2025\/12\/grade-master-logo-diplome.webp\" alt=\"\" class=\"wp-image-90260\" style=\"width:110px\" srcset=\"https:\/\/www.inseec.com\/wp-content\/uploads\/sites\/32\/2025\/12\/grade-master-logo-diplome.webp 261w, https:\/\/www.inseec.com\/wp-content\/uploads\/sites\/32\/2025\/12\/grade-master-logo-diplome.webp?resize=35,40 35w, https:\/\/www.inseec.com\/wp-content\/uploads\/sites\/32\/2025\/12\/grade-master-logo-diplome.webp?resize=70,80 70w, https:\/\/www.inseec.com\/wp-content\/uploads\/sites\/32\/2025\/12\/grade-master-logo-diplome.webp?resize=139,160 139w, https:\/\/www.inseec.com\/wp-content\/uploads\/sites\/32\/2025\/12\/grade-master-logo-diplome.webp?resize=44,50 44w, https:\/\/www.inseec.com\/wp-content\/uploads\/sites\/32\/2025\/12\/grade-master-logo-diplome.webp?resize=87,100 87w, https:\/\/www.inseec.com\/wp-content\/uploads\/sites\/32\/2025\/12\/grade-master-logo-diplome.webp?resize=21,24 21w, https:\/\/www.inseec.com\/wp-content\/uploads\/sites\/32\/2025\/12\/grade-master-logo-diplome.webp?resize=42,48 42w\" sizes=\"auto, (max-width: 261px) 100vw, 261px\" \/><\/figure>\n\n\n\n<figure class=\"wp-block-image size-full is-resized\"><img decoding=\"async\" src=\"https:\/\/www.inseec.com\/wp-content\/themes\/omnes-design-system\/dist\/images\/grandes-ecoles.jpg\" alt=\"\" style=\"width:110px\" \/><\/figure>\n\n\n\n<figure class=\"wp-block-image size-full is-resized\"><img loading=\"lazy\" decoding=\"async\" width=\"615\" height=\"176\" src=\"https:\/\/www.inseec.com\/wp-content\/uploads\/sites\/32\/2025\/12\/cefdg-logo-diplome.webp\" alt=\"\" class=\"wp-image-90261\" style=\"width:110px\" srcset=\"https:\/\/www.inseec.com\/wp-content\/uploads\/sites\/32\/2025\/12\/cefdg-logo-diplome.webp 615w, https:\/\/www.inseec.com\/wp-content\/uploads\/sites\/32\/2025\/12\/cefdg-logo-diplome.webp?resize=300,86 300w, https:\/\/www.inseec.com\/wp-content\/uploads\/sites\/32\/2025\/12\/cefdg-logo-diplome.webp?resize=80,23 80w, https:\/\/www.inseec.com\/wp-content\/uploads\/sites\/32\/2025\/12\/cefdg-logo-diplome.webp?resize=160,46 160w, https:\/\/www.inseec.com\/wp-content\/uploads\/sites\/32\/2025\/12\/cefdg-logo-diplome.webp?resize=320,92 320w, https:\/\/www.inseec.com\/wp-content\/uploads\/sites\/32\/2025\/12\/cefdg-logo-diplome.webp?resize=140,40 140w, https:\/\/www.inseec.com\/wp-content\/uploads\/sites\/32\/2025\/12\/cefdg-logo-diplome.webp?resize=280,80 280w, https:\/\/www.inseec.com\/wp-content\/uploads\/sites\/32\/2025\/12\/cefdg-logo-diplome.webp?resize=24,7 24w, https:\/\/www.inseec.com\/wp-content\/uploads\/sites\/32\/2025\/12\/cefdg-logo-diplome.webp?resize=48,14 48w, https:\/\/www.inseec.com\/wp-content\/uploads\/sites\/32\/2025\/12\/cefdg-logo-diplome.webp?resize=40,11 40w\" sizes=\"auto, (max-width: 615px) 100vw, 615px\" \/><\/figure>\n\n\n\n<figure class=\"wp-block-image size-medium is-resized\"><img decoding=\"async\" src=\"https:\/\/www.inseec.com\/wp-content\/themes\/omnes-design-system\/dist\/images\/amba.jpg\" alt=\"\" style=\"width:110px\" \/><\/figure>\n<\/div>\n<\/div>\n<\/div>\n\n\n<span class=\"wp-block-beapi-anchor\" aria-hidden=\"true\" id=\"anchor-campus\"><\/span>\n\n\n\n<div class=\"wp-block-group alignfull wp-pattern wp-pattern-campus-locations has-global-padding is-layout-constrained wp-block-group-is-layout-constrained has-block-anchor\" style=\"margin-top:0;margin-bottom:0\">\n<div class=\"wp-block-group alignwide wp-pattern__inner is-layout-flow wp-container-core-group-is-layout-d195d09a wp-block-group-is-layout-flow has-block-anchor\" style=\"padding-top:var(--wp--preset--spacing--padding-y-section);padding-bottom:var(--wp--preset--spacing--padding-y-section)\">\n<div class=\"block block--campus-locations swiper-overflow-visible campus-locations alignfull\">\n\t\t<div\n\t\tclass=\"block__live-region\"\n\t\taria-live=\"polite\"\n\t\taria-atomic=\"true\"\n\t>\u00c9cole de commerce \u00e0 Paris (1\/3)<\/div>\n\n\t<div class=\"block__left\">\n\t\t<div class=\"block__header\">\n\t\t\t<div class=\"block__heading\">\n\t\t\t\t<p class=\"is-style-heading-default-eyebrow has-on-surface-color\">Nos Campus<\/p><h2 class=\"has-on-surface-color is-style-heading-emphasis-h2\">Partout en France<\/h2>\t\t\t<\/div>\n\n\t\t\t<div\n\t\t\t\tclass=\"block__nav\"\n\t\t\t\trole=\"tablist\"\n\t\t\t\taria-label=\"Campus locations navigation\"\n\t\t\t>\n\t\t\t\t\t\t\t\t\t<button\n\t\t\t\t\t\tclass=\"block__btn block__pause-timer has-on-surface-color is-active\"\n\t\t\t\t\t\ttype=\"button\"\n\t\t\t\t\t\trole=\"tab\"\n\t\t\t\t\t\tid=\"tab-campus-134-2\"\n\t\t\t\t\t\taria-label=\"Paris\"\n\t\t\t\t\t\taria-controls=\"campus-134-2\"\n\t\t\t\t\t\taria-selected=\"true\"\n\t\t\t\t\t\ttabindex=\"0\"\n\t\t\t\t\t>\n\t\t\t\t\t<svg class=\"icon icon-paris\" aria-hidden=\"true\" focusable=\"false\"><use href=\"https:\/\/www.inseec.com\/wp-content\/themes\/omnes-design-system\/dist\/icons\/sprite.svg#icon-paris\"><\/use><\/svg><span class=\"is-style-plain-emphasis-xs\">Paris<\/span>\t\t\t\t\t<\/button>\n\t\t\t\t\t\t\t\t\t\t<button\n\t\t\t\t\t\tclass=\"block__btn block__pause-timer has-on-surface-color\"\n\t\t\t\t\t\ttype=\"button\"\n\t\t\t\t\t\trole=\"tab\"\n\t\t\t\t\t\tid=\"tab-campus-835-3\"\n\t\t\t\t\t\taria-label=\"Bordeaux\"\n\t\t\t\t\t\taria-controls=\"campus-835-3\"\n\t\t\t\t\t\taria-selected=\"false\"\n\t\t\t\t\t\ttabindex=\"-1\"\n\t\t\t\t\t>\n\t\t\t\t\t<svg class=\"icon icon-bordeaux\" aria-hidden=\"true\" focusable=\"false\"><use href=\"https:\/\/www.inseec.com\/wp-content\/themes\/omnes-design-system\/dist\/icons\/sprite.svg#icon-bordeaux\"><\/use><\/svg><span class=\"is-style-plain-emphasis-xs\">Bordeaux<\/span>\t\t\t\t\t<\/button>\n\t\t\t\t\t\t\t\t\t\t<button\n\t\t\t\t\t\tclass=\"block__btn block__pause-timer has-on-surface-color\"\n\t\t\t\t\t\ttype=\"button\"\n\t\t\t\t\t\trole=\"tab\"\n\t\t\t\t\t\tid=\"tab-campus-832-4\"\n\t\t\t\t\t\taria-label=\"Lyon\"\n\t\t\t\t\t\taria-controls=\"campus-832-4\"\n\t\t\t\t\t\taria-selected=\"false\"\n\t\t\t\t\t\ttabindex=\"-1\"\n\t\t\t\t\t>\n\t\t\t\t\t<svg class=\"icon icon-lyon\" aria-hidden=\"true\" focusable=\"false\"><use href=\"https:\/\/www.inseec.com\/wp-content\/themes\/omnes-design-system\/dist\/icons\/sprite.svg#icon-lyon\"><\/use><\/svg><span class=\"is-style-plain-emphasis-xs\">Lyon<\/span>\t\t\t\t\t<\/button>\n\t\t\t\t\t\t\t\t<\/div>\n\t\t<\/div>\n\n\t\t<div class=\"block__map has-surface-color block__pause-timer\">\n\t\t\t<svg class=\"icon icon-france block__map-svg\" aria-hidden=\"true\" focusable=\"false\"><use href=\"https:\/\/www.inseec.com\/wp-content\/themes\/omnes-design-system\/dist\/icons\/sprite.svg#icon-france\"><\/use><\/svg>\n\t\t\t<div\n\t\t\t\tclass=\"block__pins\"\n\t\t\t\trole=\"tablist\"\n\t\t\t\taria-label=\"Campus locations navigation\"\n\t\t\t>\n\t\t\t\t\t\t\t\t\t<button\n\t\t\t\t\t\ttabindex=\"-1\"\n\t\t\t\t\t\ttype=\"button\"\n\t\t\t\t\t\trole=\"tab\"\n\t\t\t\t\t\tclass=\"block__pin is-active\"\n\t\t\t\t\t\tstyle=\"top: 25.85%; left: 50.52%;\"\n\t\t\t\t\t\taria-label=\"Paris\"\n\t\t\t\t\t\taria-controls=\"campus-134-2\"\n\t\t\t\t\t\taria-selected=\"true\"\n\t\t\t\t\t>\n\t\t\t\t\t\t<svg class=\"icon icon-map-marker\" aria-hidden=\"true\" focusable=\"false\"><use href=\"https:\/\/www.inseec.com\/wp-content\/themes\/omnes-design-system\/dist\/icons\/sprite.svg#icon-map-marker\"><\/use><\/svg>\t\t\t\t\t<\/button>\n\t\t\t\t\t\t\t\t\t\t<button\n\t\t\t\t\t\ttabindex=\"-1\"\n\t\t\t\t\t\ttype=\"button\"\n\t\t\t\t\t\trole=\"tab\"\n\t\t\t\t\t\tclass=\"block__pin\"\n\t\t\t\t\t\tstyle=\"top: 71.29%; left: 31.14%;\"\n\t\t\t\t\t\taria-label=\"Bordeaux\"\n\t\t\t\t\t\taria-controls=\"campus-835-3\"\n\t\t\t\t\t\taria-selected=\"false\"\n\t\t\t\t\t>\n\t\t\t\t\t\t<svg class=\"icon icon-map-marker\" aria-hidden=\"true\" focusable=\"false\"><use href=\"https:\/\/www.inseec.com\/wp-content\/themes\/omnes-design-system\/dist\/icons\/sprite.svg#icon-map-marker\"><\/use><\/svg>\t\t\t\t\t<\/button>\n\t\t\t\t\t\t\t\t\t\t<button\n\t\t\t\t\t\ttabindex=\"-1\"\n\t\t\t\t\t\ttype=\"button\"\n\t\t\t\t\t\trole=\"tab\"\n\t\t\t\t\t\tclass=\"block__pin\"\n\t\t\t\t\t\tstyle=\"top: 61.12%; left: 67.89%;\"\n\t\t\t\t\t\taria-label=\"Lyon\"\n\t\t\t\t\t\taria-controls=\"campus-832-4\"\n\t\t\t\t\t\taria-selected=\"false\"\n\t\t\t\t\t>\n\t\t\t\t\t\t<svg class=\"icon icon-map-marker\" aria-hidden=\"true\" focusable=\"false\"><use href=\"https:\/\/www.inseec.com\/wp-content\/themes\/omnes-design-system\/dist\/icons\/sprite.svg#icon-map-marker\"><\/use><\/svg>\t\t\t\t\t<\/button>\n\t\t\t\t\t\t\t\t<\/div>\n\t\t<\/div>\n\t<\/div>\n\n\t<div class=\"block__right\">\n\t\t<div\n\t\t\tclass=\"block__cards block__pause-timer\"\n\t\t\tid=\"block-campus-locations-5\"\n\t\t>\n\t\t\t\t\t\t\t<div\n\t\t\t\t\tclass=\"block__card is-active\"\n\t\t\t\t\tid=\"campus-134-2\"\n\t\t\t\t\trole=\"tabpanel\"\n\t\t\t\t\ttabindex=\"0\"\n\t\t\t\t\taria-labelledby=\"tab-campus-134-2\"\n\t\t\t\t>\n\t\t\t\t\t\n<article class=\"crd crd--campus-slider\">\n\t<div class=\"crd__image\"><img decoding=\"async\" width=\"428\" height=\"321\" src=\"https:\/\/www.inseec.com\/wp-content\/uploads\/sites\/32\/2025\/11\/campus-paris.jpg?w=428&#038;h=321&#038;crop=1\" class=\"\" alt=\"\" data-location=\"\" loading=\"lazy\" srcset=\"https:\/\/www.inseec.com\/wp-content\/uploads\/sites\/32\/2025\/11\/campus-paris.jpg?resize=220,165 220w, https:\/\/www.inseec.com\/wp-content\/uploads\/sites\/32\/2025\/11\/campus-paris.jpg?resize=440,330 440w, https:\/\/www.inseec.com\/wp-content\/uploads\/sites\/32\/2025\/11\/campus-paris.jpg?resize=240,180 240w, https:\/\/www.inseec.com\/wp-content\/uploads\/sites\/32\/2025\/11\/campus-paris.jpg?resize=480,360 480w, https:\/\/www.inseec.com\/wp-content\/uploads\/sites\/32\/2025\/11\/campus-paris.jpg?resize=282,212 282w, https:\/\/www.inseec.com\/wp-content\/uploads\/sites\/32\/2025\/11\/campus-paris.jpg?resize=564,424 564w, https:\/\/www.inseec.com\/wp-content\/uploads\/sites\/32\/2025\/11\/campus-paris.jpg?resize=330,248 330w, https:\/\/www.inseec.com\/wp-content\/uploads\/sites\/32\/2025\/11\/campus-paris.jpg?resize=660,496 660w, https:\/\/www.inseec.com\/wp-content\/uploads\/sites\/32\/2025\/11\/campus-paris.jpg?resize=428,321 428w, https:\/\/www.inseec.com\/wp-content\/uploads\/sites\/32\/2025\/11\/campus-paris.jpg?resize=856,642 856w, https:\/\/www.inseec.com\/wp-content\/uploads\/sites\/32\/2025\/11\/campus-paris.jpg?resize=600,450 600w, https:\/\/www.inseec.com\/wp-content\/uploads\/sites\/32\/2025\/11\/campus-paris.jpg?resize=1200,900 1200w, https:\/\/www.inseec.com\/wp-content\/uploads\/sites\/32\/2025\/11\/campus-paris.jpg?resize=686,515 686w, https:\/\/www.inseec.com\/wp-content\/uploads\/sites\/32\/2025\/11\/campus-paris.jpg?resize=1372,1030 1372w\" sizes=\"auto, (max-width: 428px) 100vw, 428px\" \/><\/div>\n\t<div class=\"crd__header\">\n\t<h3 class=\"crd__title is-style-heading-emphasis-h4 has-on-surface-color\">\u00c9cole de commerce \u00e0 Paris<\/h3><p class=\"crd__excerpt is-style-plain-default-md has-on-surface-subtle-color\">D\u00e9couvrez trois campus modernes et faciles d\u2019acc\u00e8s dans des lieux embl\u00e9matiques de Paris.<\/p>\t<\/div>\n\n\t<div class=\"crd__buttons\">\n\t\t<div class=\"wp-block-button is-style-outline-md\"><a href=\"https:\/\/www.inseec.com\/campus\/ecole-de-commerce-paris\/\" class=\"wp-block-button__link\">Discover<\/a><\/div>\t<\/div>\n<\/article>\n\t\t\t\t<\/div>\n\t\t\t\t\t\t\t\t<div\n\t\t\t\t\tclass=\"block__card\"\n\t\t\t\t\tid=\"campus-835-3\"\n\t\t\t\t\trole=\"tabpanel\"\n\t\t\t\t\ttabindex=\"0\"\n\t\t\t\t\taria-labelledby=\"tab-campus-835-3\"\n\t\t\t\t>\n\t\t\t\t\t\n<article class=\"crd crd--campus-slider\">\n\t<div class=\"crd__image\"><img decoding=\"async\" width=\"428\" height=\"321\" src=\"https:\/\/www.inseec.com\/wp-content\/uploads\/sites\/32\/2025\/11\/campus-hero-bordeaux-inseec.jpg?w=428&#038;h=321&#038;crop=1\" class=\"\" alt=\"Photo du campus de Bordeaux de l\u2019\u00e9cole de commerce INSEEC dans l\u2019ancien H\u00f4tel des Ventes des Chartrons\" data-location=\"\" loading=\"lazy\" srcset=\"https:\/\/www.inseec.com\/wp-content\/uploads\/sites\/32\/2025\/11\/campus-hero-bordeaux-inseec.jpg?resize=220,165 220w, https:\/\/www.inseec.com\/wp-content\/uploads\/sites\/32\/2025\/11\/campus-hero-bordeaux-inseec.jpg?resize=440,330 440w, https:\/\/www.inseec.com\/wp-content\/uploads\/sites\/32\/2025\/11\/campus-hero-bordeaux-inseec.jpg?resize=240,180 240w, https:\/\/www.inseec.com\/wp-content\/uploads\/sites\/32\/2025\/11\/campus-hero-bordeaux-inseec.jpg?resize=480,360 480w, https:\/\/www.inseec.com\/wp-content\/uploads\/sites\/32\/2025\/11\/campus-hero-bordeaux-inseec.jpg?resize=282,212 282w, https:\/\/www.inseec.com\/wp-content\/uploads\/sites\/32\/2025\/11\/campus-hero-bordeaux-inseec.jpg?resize=564,424 564w, https:\/\/www.inseec.com\/wp-content\/uploads\/sites\/32\/2025\/11\/campus-hero-bordeaux-inseec.jpg?resize=330,248 330w, https:\/\/www.inseec.com\/wp-content\/uploads\/sites\/32\/2025\/11\/campus-hero-bordeaux-inseec.jpg?resize=660,496 660w, https:\/\/www.inseec.com\/wp-content\/uploads\/sites\/32\/2025\/11\/campus-hero-bordeaux-inseec.jpg?resize=428,321 428w, https:\/\/www.inseec.com\/wp-content\/uploads\/sites\/32\/2025\/11\/campus-hero-bordeaux-inseec.jpg?resize=856,642 856w, https:\/\/www.inseec.com\/wp-content\/uploads\/sites\/32\/2025\/11\/campus-hero-bordeaux-inseec.jpg?resize=600,450 600w, https:\/\/www.inseec.com\/wp-content\/uploads\/sites\/32\/2025\/11\/campus-hero-bordeaux-inseec.jpg?resize=1200,900 1200w, https:\/\/www.inseec.com\/wp-content\/uploads\/sites\/32\/2025\/11\/campus-hero-bordeaux-inseec.jpg?resize=686,515 686w, https:\/\/www.inseec.com\/wp-content\/uploads\/sites\/32\/2025\/11\/campus-hero-bordeaux-inseec.jpg?resize=1372,1030 1372w\" sizes=\"auto, (max-width: 428px) 100vw, 428px\" \/><\/div>\n\t<div class=\"crd__header\">\n\t<h3 class=\"crd__title is-style-heading-emphasis-h4 has-on-surface-color\">\u00c9cole de commerce \u00e0 Bordeaux<\/h3><p class=\"crd__excerpt is-style-plain-default-md has-on-surface-subtle-color\">Rejoignez un campus moderne et chaleureux en bord de Garonne, au c\u0153ur d\u2019une ville vivante et conviviale.<\/p>\t<\/div>\n\n\t<div class=\"crd__buttons\">\n\t\t<div class=\"wp-block-button is-style-outline-md\"><a href=\"https:\/\/www.inseec.com\/campus\/ecole-de-commerce-bordeaux\/\" class=\"wp-block-button__link\">Discover<\/a><\/div>\t<\/div>\n<\/article>\n\t\t\t\t<\/div>\n\t\t\t\t\t\t\t\t<div\n\t\t\t\t\tclass=\"block__card\"\n\t\t\t\t\tid=\"campus-832-4\"\n\t\t\t\t\trole=\"tabpanel\"\n\t\t\t\t\ttabindex=\"0\"\n\t\t\t\t\taria-labelledby=\"tab-campus-832-4\"\n\t\t\t\t>\n\t\t\t\t\t\n<article class=\"crd crd--campus-slider\">\n\t<div class=\"crd__image\"><img decoding=\"async\" width=\"428\" height=\"321\" src=\"https:\/\/www.inseec.com\/wp-content\/uploads\/sites\/32\/2025\/11\/campus-hero-lyon-inseec.webp?w=428&#038;h=321&#038;crop=1\" class=\"\" alt=\"Photo du campus de Lyon de l\u2019\u00e9cole de commerce INSEEC dans une ancienne usine Citro\u00ebn r\u00e9nov\u00e9e\" data-location=\"\" loading=\"lazy\" srcset=\"https:\/\/www.inseec.com\/wp-content\/uploads\/sites\/32\/2025\/11\/campus-hero-lyon-inseec.webp?resize=220,165 220w, https:\/\/www.inseec.com\/wp-content\/uploads\/sites\/32\/2025\/11\/campus-hero-lyon-inseec.webp?resize=440,330 440w, https:\/\/www.inseec.com\/wp-content\/uploads\/sites\/32\/2025\/11\/campus-hero-lyon-inseec.webp?resize=240,180 240w, https:\/\/www.inseec.com\/wp-content\/uploads\/sites\/32\/2025\/11\/campus-hero-lyon-inseec.webp?resize=480,360 480w, https:\/\/www.inseec.com\/wp-content\/uploads\/sites\/32\/2025\/11\/campus-hero-lyon-inseec.webp?resize=282,212 282w, https:\/\/www.inseec.com\/wp-content\/uploads\/sites\/32\/2025\/11\/campus-hero-lyon-inseec.webp?resize=564,424 564w, https:\/\/www.inseec.com\/wp-content\/uploads\/sites\/32\/2025\/11\/campus-hero-lyon-inseec.webp?resize=330,248 330w, https:\/\/www.inseec.com\/wp-content\/uploads\/sites\/32\/2025\/11\/campus-hero-lyon-inseec.webp?resize=660,496 660w, https:\/\/www.inseec.com\/wp-content\/uploads\/sites\/32\/2025\/11\/campus-hero-lyon-inseec.webp?resize=428,321 428w, https:\/\/www.inseec.com\/wp-content\/uploads\/sites\/32\/2025\/11\/campus-hero-lyon-inseec.webp?resize=856,642 856w, https:\/\/www.inseec.com\/wp-content\/uploads\/sites\/32\/2025\/11\/campus-hero-lyon-inseec.webp?resize=600,450 600w, https:\/\/www.inseec.com\/wp-content\/uploads\/sites\/32\/2025\/11\/campus-hero-lyon-inseec.webp?resize=686,515 686w\" sizes=\"auto, (max-width: 428px) 100vw, 428px\" \/><\/div>\n\t<div class=\"crd__header\">\n\t<h3 class=\"crd__title is-style-heading-emphasis-h4 has-on-surface-color\">\u00c9cole de commerce \u00e0 Lyon<\/h3><p class=\"crd__excerpt is-style-plain-default-md has-on-surface-subtle-color\">Profitez d\u2019un campus historique au c\u0153ur de Lyon, ville culturelle et \u00e9tudiante parmi les plus dynamiques de France.<\/p>\t<\/div>\n\n\t<div class=\"crd__buttons\">\n\t\t<div class=\"wp-block-button is-style-outline-md\"><a href=\"https:\/\/www.inseec.com\/campus\/ecole-de-commerce-lyon\/\" class=\"wp-block-button__link\">Discover<\/a><\/div>\t<\/div>\n<\/article>\n\t\t\t\t<\/div>\n\t\t\t\t\t\t<\/div>\n\n\t\t\t\t<div class=\"block__controls swiper__controls\">\n\t\t\t<div class=\"swiper__buttons\">\n\t\t\t\t<button\n\t\t\t\t\tclass=\"block__prev\"\n\t\t\t\t\ttype=\"button\"\n\t\t\t\t\taria-label=\"Previous slide\"\n\t\t\t\t\taria-controls=\"block-campus-locations-5\">\n\t\t\t\t\t<svg class=\"icon icon-arrow-left\" aria-hidden=\"true\" focusable=\"false\"><use href=\"https:\/\/www.inseec.com\/wp-content\/themes\/omnes-design-system\/dist\/icons\/sprite.svg#icon-arrow-left\"><\/use><\/svg>\t\t\t\t<\/button>\n\t\t\t\t<button\n\t\t\t\t\tclass=\"block__next\"\n\t\t\t\t\ttype=\"button\"\n\t\t\t\t\taria-label=\"Next slide\"\n\t\t\t\t\taria-controls=\"block-campus-locations-5\">\n\t\t\t\t\t<svg class=\"icon icon-arrow-right\" aria-hidden=\"true\" focusable=\"false\"><use href=\"https:\/\/www.inseec.com\/wp-content\/themes\/omnes-design-system\/dist\/icons\/sprite.svg#icon-arrow-right\"><\/use><\/svg>\t\t\t\t<\/button>\n\t\t\t<\/div>\n\n\t\t\t<div class=\"block__pager\">\n\t\t\t\t<p class=\"has-on-surface-color is-style-plain-default-md\">\n\t\t\t\t\t<span class=\"block__counter\">1<\/span>\/<span>3<\/span>\n\t\t\t\t<\/p>\n\n\t\t\t\t<div\n\t\t\t\t\tclass=\"block__timer\"\n\t\t\t\t\trole=\"progressbar\"\n\t\t\t\t\taria-valuenow=\"0\"\n\t\t\t\t\taria-valuemin=\"0\"\n\t\t\t\t\taria-valuemax=\"100\"\n\t\t\t\t\taria-label=\"Campus locations progress\"\n\t\t\t\t>\n\t\t\t\t\t<svg class=\"block__timer-bg\" viewBox=\"0 0 24 24\" stroke=\"currentColor\" fill=\"none\" xmlns=\"http:\/\/www.w3.org\/2000\/svg\" aria-hidden=\"true\">\n\t\t\t\t\t\t<path d=\"M22 12C22 13.3132 21.7413 14.6136 21.2388 15.8268C20.7362 17.0401 19.9997 18.1425 19.0711 19.0711C18.1425 19.9997 17.0401 20.7362 15.8268 21.2388C14.6136 21.7413 13.3132 22 12 22C10.6868 22 9.38642 21.7413 8.17317 21.2388C6.95991 20.7362 5.85752 19.9997 4.92893 19.0711C4.00035 18.1425 3.26375 17.0401 2.7612 15.8268C2.25866 14.6136 2 13.3132 2 12C2 10.6868 2.25866 9.38642 2.76121 8.17316C3.26375 6.95991 4.00035 5.85752 4.92893 4.92893C5.85752 4.00035 6.95991 3.26375 8.17317 2.7612C9.38642 2.25866 10.6868 2 12 2C13.3132 2 14.6136 2.25866 15.8268 2.76121C17.0401 3.26375 18.1425 4.00035 19.0711 4.92893C19.9997 5.85752 20.7362 6.95991 21.2388 8.17317C21.7413 9.38642 22 10.6868 22 12L22 12Z\" stroke-width=\"4\" stroke-linecap=\"round\"\/>\n\t\t\t\t\t<\/svg>\n\n\t\t\t\t\t<svg class=\"block__timer-progress\" viewBox=\"0 0 24 24\" stroke=\"currentColor\" fill=\"none\" xmlns=\"http:\/\/www.w3.org\/2000\/svg\" aria-hidden=\"true\">\n\t\t\t\t\t\t<path d=\"M12 2C13.3132 2 14.6136 2.25866 15.8268 2.7612C17.0401 3.26375 18.1425 4.00035 19.0711 4.92893C19.9997 5.85752 20.7362 6.95991 21.2388 8.17317C21.7413 9.38642 22 10.6868 22 12C22 13.3132 21.7413 14.6136 21.2388 15.8268C20.7362 17.0401 19.9997 18.1425 19.0711 19.0711C18.1425 19.9997 17.0401 20.7362 15.8268 21.2388C14.6136 21.7413 13.3132 22 12 22C10.6868 22 9.38642 21.7413 8.17316 21.2388C6.95991 20.7362 5.85751 19.9997 4.92893 19.0711C4.00034 18.1425 3.26375 17.0401 2.7612 15.8268C2.25866 14.6136 2 13.3132 2 12C2 10.6868 2.25866 9.38642 2.76121 8.17316C3.26375 6.9599 4.00035 5.85751 4.92894 4.92893C5.85752 4.00034 6.95992 3.26375 8.17317 2.7612C9.38643 2.25866 10.6868 2 12 2L12 2Z\" stroke-width=\"4\" stroke-linecap=\"round\"\/>\n\t\t\t\t\t<\/svg>\n\t\t\t\t<\/div>\n\t\t\t<\/div>\n\t\t<\/div>\n\t\t\t\t<\/div>\n\t\t<\/div>\n<\/div>\n<\/div>\n\n\n<span class=\"wp-block-beapi-anchor\" aria-hidden=\"true\" id=\"anchor-temoignage\"><\/span>\n\n\n\n<div class=\"wp-block-group alignwide wp-pattern wp-pattern-testimonials-text-three-columns is-layout-flow wp-container-core-group-is-layout-61d1661b wp-block-group-is-layout-flow has-block-anchor\" style=\"margin-top:0;margin-bottom:0;padding-top:var(--wp--preset--spacing--padding-y-section);padding-bottom:var(--wp--preset--spacing--padding-y-section)\">\n<div class=\"wp-block-group wp-pattern__header is-vertical is-content-justification-left is-layout-flex wp-container-core-group-is-layout-ec2f9384 wp-block-group-is-layout-flex has-block-anchor\">\n<div class=\"wp-block-group is-vertical is-layout-flex wp-container-core-group-is-layout-bd7877ba wp-block-group-is-layout-flex has-block-anchor\">\n<p class=\"is-style-heading-default-eyebrow has-on-surface-color has-text-color has-link-color wp-elements-6dd0592dec8ac27f7510d932829c4c8b\">T\u00e9moignages<\/p>\n\n\n\n<h2 class=\"wp-block-heading is-style-heading-emphasis-h2 has-on-surface-color has-text-color has-link-color wp-elements-04a2d3b3bfa86d98001f2ce391a3b390\" id=\"nos-etudiants-en-sont-satisfaits\">Nos \u00e9tudiants en sont satisfaits<\/h2>\n<\/div>\n<\/div>\n\n\n\n<div class=\"wp-block-group alignwide wp-pattern wp-pattern-testimonials-slider wp-pattern-testimonials-slider-case-study is-layout-flow wp-container-core-group-is-layout-1a58ddf4 wp-block-group-is-layout-flow\" style=\"margin-top:0;margin-bottom:0;padding-top:var(--wp--preset--spacing--padding-y-section);padding-bottom:var(--wp--preset--spacing--padding-y-section)\"><div class=\"block block--content-picking wp-block-beapi-dynamic-block\" data-type=\"dynamic\" data-layout=\"grid-card-text\" data-post-type=\"contact\">\n\t\t\t<div class=\"block--content-picking__contact-grid-card-text block--content-picking__mobile-slider\"\n\t data-grid=\"3\" style=\"--grid-columns:3\">\n\t\n\t<div class=\"block--content-picking__content swiper swiper-overflow-visible swiper-has-disabled\">\n\t\t<ul class=\"swiper-wrapper\">\n\t\t\t<li class=\"swiper-slide\">\n<blockquote class=\"crd crd--contact-text\">\n\t<div class=\"crd__testimonial-wrapper\">\n\t\t<svg class=\"icon icon-quote\" aria-hidden=\"true\" focusable=\"false\"><use href=\"https:\/\/www.inseec.com\/wp-content\/themes\/omnes-design-system\/dist\/icons\/sprite.svg#icon-quote\"><\/use><\/svg><p class=\"crd__testimonial is-style-quote-default has-on-surface-color\">Je suis Charg\u00e9e de Marketing Social Media chez Disneyland Paris, o\u00f9 je coordonne les contenus pour nos saisons et g\u00e8re le compte Snapchat, dont nous avons doubl\u00e9 les abonn\u00e9s en un an. J\u2019ai choisi l\u2019INSEEC Grande \u00c9cole pour sa renomm\u00e9e et les comp\u00e9tences globales qui ont facilit\u00e9 mon insertion et mon \u00e9volution sur de grands projets.<\/p>\t<\/div>\n\n\t<div class=\"crd__content\">\n\t\t<div class=\"crd__image\"><img decoding=\"async\" width=\"64\" height=\"64\" src=\"https:\/\/www.inseec.com\/wp-content\/uploads\/sites\/32\/2025\/12\/photo-contact-inseec-ge-clara-s.webp?w=64&#038;h=64&#038;crop=1\" class=\"\" alt=\"\" data-location=\"\" loading=\"lazy\" srcset=\"https:\/\/www.inseec.com\/wp-content\/uploads\/sites\/32\/2025\/12\/photo-contact-inseec-ge-clara-s.webp 1080w, https:\/\/www.inseec.com\/wp-content\/uploads\/sites\/32\/2025\/12\/photo-contact-inseec-ge-clara-s.webp?resize=150,150 150w, https:\/\/www.inseec.com\/wp-content\/uploads\/sites\/32\/2025\/12\/photo-contact-inseec-ge-clara-s.webp?resize=300,300 300w, https:\/\/www.inseec.com\/wp-content\/uploads\/sites\/32\/2025\/12\/photo-contact-inseec-ge-clara-s.webp?resize=768,768 768w, https:\/\/www.inseec.com\/wp-content\/uploads\/sites\/32\/2025\/12\/photo-contact-inseec-ge-clara-s.webp?resize=64,64 64w, https:\/\/www.inseec.com\/wp-content\/uploads\/sites\/32\/2025\/12\/photo-contact-inseec-ge-clara-s.webp?resize=128,128 128w, https:\/\/www.inseec.com\/wp-content\/uploads\/sites\/32\/2025\/12\/photo-contact-inseec-ge-clara-s.webp?resize=84,84 84w, https:\/\/www.inseec.com\/wp-content\/uploads\/sites\/32\/2025\/12\/photo-contact-inseec-ge-clara-s.webp?resize=168,168 168w, https:\/\/www.inseec.com\/wp-content\/uploads\/sites\/32\/2025\/12\/photo-contact-inseec-ge-clara-s.webp?resize=172,172 172w, https:\/\/www.inseec.com\/wp-content\/uploads\/sites\/32\/2025\/12\/photo-contact-inseec-ge-clara-s.webp?resize=344,344 344w, https:\/\/www.inseec.com\/wp-content\/uploads\/sites\/32\/2025\/12\/photo-contact-inseec-ge-clara-s.webp?resize=242,242 242w, https:\/\/www.inseec.com\/wp-content\/uploads\/sites\/32\/2025\/12\/photo-contact-inseec-ge-clara-s.webp?resize=484,484 484w, https:\/\/www.inseec.com\/wp-content\/uploads\/sites\/32\/2025\/12\/photo-contact-inseec-ge-clara-s.webp?resize=600,600 600w, https:\/\/www.inseec.com\/wp-content\/uploads\/sites\/32\/2025\/12\/photo-contact-inseec-ge-clara-s.webp?resize=330,330 330w, https:\/\/www.inseec.com\/wp-content\/uploads\/sites\/32\/2025\/12\/photo-contact-inseec-ge-clara-s.webp?resize=660,660 660w, https:\/\/www.inseec.com\/wp-content\/uploads\/sites\/32\/2025\/12\/photo-contact-inseec-ge-clara-s.webp?resize=410,410 410w, https:\/\/www.inseec.com\/wp-content\/uploads\/sites\/32\/2025\/12\/photo-contact-inseec-ge-clara-s.webp?resize=820,820 820w, https:\/\/www.inseec.com\/wp-content\/uploads\/sites\/32\/2025\/12\/photo-contact-inseec-ge-clara-s.webp?resize=40,40 40w, https:\/\/www.inseec.com\/wp-content\/uploads\/sites\/32\/2025\/12\/photo-contact-inseec-ge-clara-s.webp?resize=80,80 80w, https:\/\/www.inseec.com\/wp-content\/uploads\/sites\/32\/2025\/12\/photo-contact-inseec-ge-clara-s.webp?resize=160,160 160w, https:\/\/www.inseec.com\/wp-content\/uploads\/sites\/32\/2025\/12\/photo-contact-inseec-ge-clara-s.webp?resize=50,50 50w, https:\/\/www.inseec.com\/wp-content\/uploads\/sites\/32\/2025\/12\/photo-contact-inseec-ge-clara-s.webp?resize=100,100 100w, https:\/\/www.inseec.com\/wp-content\/uploads\/sites\/32\/2025\/12\/photo-contact-inseec-ge-clara-s.webp?resize=24,24 24w, https:\/\/www.inseec.com\/wp-content\/uploads\/sites\/32\/2025\/12\/photo-contact-inseec-ge-clara-s.webp?resize=48,48 48w\" sizes=\"auto, (max-width: 64px) 100vw, 64px\" \/><\/div>\n\t\t<cite class=\"crd__name\">\n\t\t\t<span class=\"crd__fullname is-style-plain-emphasis-md\">Clara Stein<\/span>\t\t<\/cite>\n\t<\/div>\n<\/blockquote>\n\n<\/li><li class=\"swiper-slide\">\n<blockquote class=\"crd crd--contact-text\">\n\t<div class=\"crd__testimonial-wrapper\">\n\t\t<svg class=\"icon icon-quote\" aria-hidden=\"true\" focusable=\"false\"><use href=\"https:\/\/www.inseec.com\/wp-content\/themes\/omnes-design-system\/dist\/icons\/sprite.svg#icon-quote\"><\/use><\/svg><p class=\"crd__testimonial is-style-quote-default has-on-surface-color\">En alternance chez Elba France, je suis pass\u00e9e d\u2019assistante \u00e0 chef de projet junior et je pilote le d\u00e9ploiement des campagnes issues d\u2019appels d\u2019offres. L\u2019INSEEC Grande \u00c9cole m\u2019a donn\u00e9 le cadre pour progresser et, si j\u2019ai un conseil, c\u2019est d\u2019avoir confiance en vos comp\u00e9tences.<\/p>\t<\/div>\n\n\t<div class=\"crd__content\">\n\t\t<div class=\"crd__image\"><img decoding=\"async\" width=\"64\" height=\"64\" src=\"https:\/\/www.inseec.com\/wp-content\/uploads\/sites\/32\/2025\/12\/photo-contact-inseec-ge-gloria-o.webp?w=64&#038;h=64&#038;crop=1\" class=\"\" alt=\"\" data-location=\"\" loading=\"lazy\" srcset=\"https:\/\/www.inseec.com\/wp-content\/uploads\/sites\/32\/2025\/12\/photo-contact-inseec-ge-gloria-o.webp 1080w, https:\/\/www.inseec.com\/wp-content\/uploads\/sites\/32\/2025\/12\/photo-contact-inseec-ge-gloria-o.webp?resize=150,150 150w, https:\/\/www.inseec.com\/wp-content\/uploads\/sites\/32\/2025\/12\/photo-contact-inseec-ge-gloria-o.webp?resize=300,300 300w, https:\/\/www.inseec.com\/wp-content\/uploads\/sites\/32\/2025\/12\/photo-contact-inseec-ge-gloria-o.webp?resize=768,768 768w, https:\/\/www.inseec.com\/wp-content\/uploads\/sites\/32\/2025\/12\/photo-contact-inseec-ge-gloria-o.webp?resize=64,64 64w, https:\/\/www.inseec.com\/wp-content\/uploads\/sites\/32\/2025\/12\/photo-contact-inseec-ge-gloria-o.webp?resize=128,128 128w, https:\/\/www.inseec.com\/wp-content\/uploads\/sites\/32\/2025\/12\/photo-contact-inseec-ge-gloria-o.webp?resize=84,84 84w, https:\/\/www.inseec.com\/wp-content\/uploads\/sites\/32\/2025\/12\/photo-contact-inseec-ge-gloria-o.webp?resize=168,168 168w, https:\/\/www.inseec.com\/wp-content\/uploads\/sites\/32\/2025\/12\/photo-contact-inseec-ge-gloria-o.webp?resize=172,172 172w, https:\/\/www.inseec.com\/wp-content\/uploads\/sites\/32\/2025\/12\/photo-contact-inseec-ge-gloria-o.webp?resize=344,344 344w, https:\/\/www.inseec.com\/wp-content\/uploads\/sites\/32\/2025\/12\/photo-contact-inseec-ge-gloria-o.webp?resize=242,242 242w, https:\/\/www.inseec.com\/wp-content\/uploads\/sites\/32\/2025\/12\/photo-contact-inseec-ge-gloria-o.webp?resize=484,484 484w, https:\/\/www.inseec.com\/wp-content\/uploads\/sites\/32\/2025\/12\/photo-contact-inseec-ge-gloria-o.webp?resize=600,600 600w, https:\/\/www.inseec.com\/wp-content\/uploads\/sites\/32\/2025\/12\/photo-contact-inseec-ge-gloria-o.webp?resize=330,330 330w, https:\/\/www.inseec.com\/wp-content\/uploads\/sites\/32\/2025\/12\/photo-contact-inseec-ge-gloria-o.webp?resize=660,660 660w, https:\/\/www.inseec.com\/wp-content\/uploads\/sites\/32\/2025\/12\/photo-contact-inseec-ge-gloria-o.webp?resize=410,410 410w, https:\/\/www.inseec.com\/wp-content\/uploads\/sites\/32\/2025\/12\/photo-contact-inseec-ge-gloria-o.webp?resize=820,820 820w, https:\/\/www.inseec.com\/wp-content\/uploads\/sites\/32\/2025\/12\/photo-contact-inseec-ge-gloria-o.webp?resize=40,40 40w, https:\/\/www.inseec.com\/wp-content\/uploads\/sites\/32\/2025\/12\/photo-contact-inseec-ge-gloria-o.webp?resize=80,80 80w, https:\/\/www.inseec.com\/wp-content\/uploads\/sites\/32\/2025\/12\/photo-contact-inseec-ge-gloria-o.webp?resize=160,160 160w, https:\/\/www.inseec.com\/wp-content\/uploads\/sites\/32\/2025\/12\/photo-contact-inseec-ge-gloria-o.webp?resize=50,50 50w, https:\/\/www.inseec.com\/wp-content\/uploads\/sites\/32\/2025\/12\/photo-contact-inseec-ge-gloria-o.webp?resize=100,100 100w, https:\/\/www.inseec.com\/wp-content\/uploads\/sites\/32\/2025\/12\/photo-contact-inseec-ge-gloria-o.webp?resize=24,24 24w, https:\/\/www.inseec.com\/wp-content\/uploads\/sites\/32\/2025\/12\/photo-contact-inseec-ge-gloria-o.webp?resize=48,48 48w\" sizes=\"auto, (max-width: 64px) 100vw, 64px\" \/><\/div>\n\t\t<cite class=\"crd__name\">\n\t\t\t<span class=\"crd__fullname is-style-plain-emphasis-md\">Gloria-Divine  Ombongo-Pea<\/span>\t\t<\/cite>\n\t<\/div>\n<\/blockquote>\n\n<\/li><li class=\"swiper-slide\">\n<blockquote class=\"crd crd--contact-text\">\n\t<div class=\"crd__testimonial-wrapper\">\n\t\t<svg class=\"icon icon-quote\" aria-hidden=\"true\" focusable=\"false\"><use href=\"https:\/\/www.inseec.com\/wp-content\/themes\/omnes-design-system\/dist\/icons\/sprite.svg#icon-quote\"><\/use><\/svg><p class=\"crd__testimonial is-style-quote-default has-on-surface-color\">Apr\u00e8s une licence LEA, j\u2019ai choisi l\u2019INSEEC pour un Programme Grande \u00c9cole en marketing, full English et en alternance. Chez Fives Machining, je m\u00e8ne des missions vari\u00e9es, de l\u2019\u00e9tude de march\u00e9 \u00e0 la strat\u00e9gie digitale, en parfaite ad\u00e9quation avec mes ambitions internationales.<\/p>\t<\/div>\n\n\t<div class=\"crd__content\">\n\t\t<div class=\"crd__image\"><img decoding=\"async\" width=\"64\" height=\"64\" src=\"https:\/\/www.inseec.com\/wp-content\/uploads\/sites\/32\/2025\/12\/photo-contact-inseec-ge-emma-h.jpeg?w=64&#038;h=64&#038;crop=1\" class=\"\" alt=\"\" data-location=\"\" loading=\"lazy\" srcset=\"https:\/\/www.inseec.com\/wp-content\/uploads\/sites\/32\/2025\/12\/photo-contact-inseec-ge-emma-h.jpeg 800w, https:\/\/www.inseec.com\/wp-content\/uploads\/sites\/32\/2025\/12\/photo-contact-inseec-ge-emma-h.jpeg?resize=150,150 150w, https:\/\/www.inseec.com\/wp-content\/uploads\/sites\/32\/2025\/12\/photo-contact-inseec-ge-emma-h.jpeg?resize=300,300 300w, https:\/\/www.inseec.com\/wp-content\/uploads\/sites\/32\/2025\/12\/photo-contact-inseec-ge-emma-h.jpeg?resize=768,768 768w, https:\/\/www.inseec.com\/wp-content\/uploads\/sites\/32\/2025\/12\/photo-contact-inseec-ge-emma-h.jpeg?resize=64,64 64w, https:\/\/www.inseec.com\/wp-content\/uploads\/sites\/32\/2025\/12\/photo-contact-inseec-ge-emma-h.jpeg?resize=128,128 128w, https:\/\/www.inseec.com\/wp-content\/uploads\/sites\/32\/2025\/12\/photo-contact-inseec-ge-emma-h.jpeg?resize=84,84 84w, https:\/\/www.inseec.com\/wp-content\/uploads\/sites\/32\/2025\/12\/photo-contact-inseec-ge-emma-h.jpeg?resize=168,168 168w, https:\/\/www.inseec.com\/wp-content\/uploads\/sites\/32\/2025\/12\/photo-contact-inseec-ge-emma-h.jpeg?resize=172,172 172w, https:\/\/www.inseec.com\/wp-content\/uploads\/sites\/32\/2025\/12\/photo-contact-inseec-ge-emma-h.jpeg?resize=344,344 344w, https:\/\/www.inseec.com\/wp-content\/uploads\/sites\/32\/2025\/12\/photo-contact-inseec-ge-emma-h.jpeg?resize=242,242 242w, https:\/\/www.inseec.com\/wp-content\/uploads\/sites\/32\/2025\/12\/photo-contact-inseec-ge-emma-h.jpeg?resize=484,484 484w, https:\/\/www.inseec.com\/wp-content\/uploads\/sites\/32\/2025\/12\/photo-contact-inseec-ge-emma-h.jpeg?resize=600,600 600w, https:\/\/www.inseec.com\/wp-content\/uploads\/sites\/32\/2025\/12\/photo-contact-inseec-ge-emma-h.jpeg?resize=330,330 330w, https:\/\/www.inseec.com\/wp-content\/uploads\/sites\/32\/2025\/12\/photo-contact-inseec-ge-emma-h.jpeg?resize=660,660 660w, https:\/\/www.inseec.com\/wp-content\/uploads\/sites\/32\/2025\/12\/photo-contact-inseec-ge-emma-h.jpeg?resize=410,410 410w, https:\/\/www.inseec.com\/wp-content\/uploads\/sites\/32\/2025\/12\/photo-contact-inseec-ge-emma-h.jpeg?resize=40,40 40w, https:\/\/www.inseec.com\/wp-content\/uploads\/sites\/32\/2025\/12\/photo-contact-inseec-ge-emma-h.jpeg?resize=80,80 80w, https:\/\/www.inseec.com\/wp-content\/uploads\/sites\/32\/2025\/12\/photo-contact-inseec-ge-emma-h.jpeg?resize=160,160 160w, https:\/\/www.inseec.com\/wp-content\/uploads\/sites\/32\/2025\/12\/photo-contact-inseec-ge-emma-h.jpeg?resize=50,50 50w, https:\/\/www.inseec.com\/wp-content\/uploads\/sites\/32\/2025\/12\/photo-contact-inseec-ge-emma-h.jpeg?resize=100,100 100w, https:\/\/www.inseec.com\/wp-content\/uploads\/sites\/32\/2025\/12\/photo-contact-inseec-ge-emma-h.jpeg?resize=24,24 24w, https:\/\/www.inseec.com\/wp-content\/uploads\/sites\/32\/2025\/12\/photo-contact-inseec-ge-emma-h.jpeg?resize=48,48 48w\" sizes=\"auto, (max-width: 64px) 100vw, 64px\" \/><\/div>\n\t\t<cite class=\"crd__name\">\n\t\t\t<span class=\"crd__fullname is-style-plain-emphasis-md\">Emma Huard<\/span>\t\t<\/cite>\n\t<\/div>\n<\/blockquote>\n\n<\/li>\t\t<\/ul>\n\t\t\n<div class=\"swiper__controls\">\n\t<div class=\"swiper-pagination\"><\/div>\n\n\t<div class=\"swiper__buttons\">\n\t\t\t\t\t<button class=\"swiper-button-prev\" type=\"button\">\n\t\t\t\t<svg class=\"icon icon-arrow-left\" aria-hidden=\"true\" focusable=\"false\"><use href=\"https:\/\/www.inseec.com\/wp-content\/themes\/omnes-design-system\/dist\/icons\/sprite.svg#icon-arrow-left\"><\/use><\/svg>\t\t\t<\/button>\n\t\t\t<button class=\"swiper-button-next\" type=\"button\">\n\t\t\t\t<svg class=\"icon icon-arrow-right\" aria-hidden=\"true\" focusable=\"false\"><use href=\"https:\/\/www.inseec.com\/wp-content\/themes\/omnes-design-system\/dist\/icons\/sprite.svg#icon-arrow-right\"><\/use><\/svg>\t\t\t<\/button>\n\t\t\t<\/div>\n<\/div>\n\t<\/div>\n\n\t<\/div>\n<\/div>\n<script type=\"application\/ld+json\">\n{\"@context\":\"https:\\\/\\\/schema.org\",\"@graph\":[{\"name\":\"Stein Clara\",\"@type\":\"Person\",\"jobTitle\":\"\",\"worksFor\":{\"@type\":\"Organization\",\"name\":\"\"},\"image\":\"https:\\\/\\\/www.inseec.com\\\/wp-content\\\/uploads\\\/sites\\\/32\\\/2025\\\/12\\\/photo-contact-inseec-ge-clara-s.webp\",\"description\":\"Je suis Charg\\u00c3\\u00a9e de Marketing Social Media chez Disneyland Paris, o\\u00c3\\u00b9 je coordonne les contenus pour nos saisons et g\\u00c3\\u00a8re le compte Snapchat, dont nous avons doubl\\u00c3\\u00a9 les abonn\\u00c3\\u00a9s en un an. J\\u00e2\\u0080\\u0099ai choisi l\\u00e2\\u0080\\u0099INSEEC Grande \\u00c3\\u0089cole pour sa renomm\\u00c3\\u00a9e et les comp\\u00c3\\u00a9tences globales qui ont facilit\\u00c3\\u00a9 mon insertion et mon \\u00c3\\u00a9volution sur de grands projets.\",\"alumniOf\":{\"@id\":\"https:\\\/\\\/www.inseec.com\\\/#organization\"},\"sameAs\":[]},{\"name\":\"Ombongo-Pea Gloria-Divine\",\"@type\":\"Person\",\"jobTitle\":\"\",\"worksFor\":{\"@type\":\"Organization\",\"name\":\"\"},\"image\":\"https:\\\/\\\/www.inseec.com\\\/wp-content\\\/uploads\\\/sites\\\/32\\\/2025\\\/12\\\/photo-contact-inseec-ge-gloria-o.webp\",\"description\":\"En alternance chez Elba France, je suis pass\\u00c3\\u00a9e d\\u00e2\\u0080\\u0099assistante \\u00c3\\u00a0 chef de projet junior et je pilote le d\\u00c3\\u00a9ploiement des campagnes issues d\\u00e2\\u0080\\u0099appels d\\u00e2\\u0080\\u0099offres. L\\u00e2\\u0080\\u0099INSEEC Grande \\u00c3\\u0089cole m\\u00e2\\u0080\\u0099a donn\\u00c3\\u00a9 le cadre pour progresser et, si j\\u00e2\\u0080\\u0099ai un conseil, c\\u00e2\\u0080\\u0099est d\\u00e2\\u0080\\u0099avoir confiance en vos comp\\u00c3\\u00a9tences.\",\"alumniOf\":{\"@id\":\"https:\\\/\\\/www.inseec.com\\\/#organization\"},\"sameAs\":[]},{\"name\":\"Huard Emma\",\"@type\":\"Person\",\"jobTitle\":\"\",\"worksFor\":{\"@type\":\"Organization\",\"name\":\"\"},\"image\":\"https:\\\/\\\/www.inseec.com\\\/wp-content\\\/uploads\\\/sites\\\/32\\\/2025\\\/12\\\/photo-contact-inseec-ge-emma-h.jpeg\",\"description\":\"Apr\\u00c3\\u00a8s une licence LEA, j\\u00e2\\u0080\\u0099ai choisi l\\u00e2\\u0080\\u0099INSEEC pour un Programme Grande \\u00c3\\u0089cole en marketing, full English et en alternance. Chez Fives Machining, je m\\u00c3\\u00a8ne des missions vari\\u00c3\\u00a9es, de l\\u00e2\\u0080\\u0099\\u00c3\\u00a9tude de march\\u00c3\\u00a9 \\u00c3\\u00a0 la strat\\u00c3\\u00a9gie digitale, en parfaite ad\\u00c3\\u00a9quation avec mes ambitions internationales.\",\"alumniOf\":{\"@id\":\"https:\\\/\\\/www.inseec.com\\\/#organization\"},\"sameAs\":[]}]}\n<\/script>\n<\/div>\n<\/div>\n\n\n\n<div class=\"wp-block-group alignfull wp-pattern wp-pattern-metrics-cards-grid-with-text has-global-padding is-layout-constrained wp-block-group-is-layout-constrained has-block-anchor\" style=\"margin-top:0;margin-bottom:0;padding-top:var(--wp--preset--spacing--padding-y-section);padding-bottom:var(--wp--preset--spacing--padding-y-section)\">\n<div class=\"wp-block-group alignwide wp-pattern__inner is-layout-flow wp-container-core-group-is-layout-3fccdef8 wp-block-group-is-layout-flow has-block-anchor\">\n<div class=\"wp-block-group wp-pattern__header is-vertical is-content-justification-left is-layout-flex wp-container-core-group-is-layout-ec2f9384 wp-block-group-is-layout-flex has-block-anchor\">\n<div class=\"wp-block-group is-vertical is-layout-flex wp-container-core-group-is-layout-bd7877ba wp-block-group-is-layout-flex has-block-anchor\">\n<p class=\"is-style-heading-default-eyebrow has-on-surface-color has-text-color has-link-color wp-elements-cc69c7651b7c3ed8ad328a85a1c946b7\">Les chiffres-cl\u00e9s promo 2024<\/p>\n\n\n\n<h2 class=\"wp-block-heading is-style-heading-emphasis-h2 has-on-surface-color has-text-color has-link-color wp-elements-4083839a3918ccd28b046d559885fcec\" id=\"pour-le-titre-rncp-n41044dipvigrm-programme-grande-ecole\">Pour le titre RNCP n\u00b041044<br>&#8220;DipViGrM &#8211; Programme Grande \u00c9cole&#8221;<\/h2>\n<\/div>\n<\/div>\n\n\n\n<div class=\"wp-block-group alignwide is-layout-grid wp-container-core-group-is-layout-000af959 wp-block-group-is-layout-grid\">\n<div class=\"wp-block-group wp-pattern wp-pattern-metrics-item-card has-border-color has-outline-subtle-border-color is-vertical is-layout-flex wp-container-core-group-is-layout-ffbfb716 wp-block-group-is-layout-flex\" style=\"border-width:2px;padding-top:var(--wp--preset--spacing--2-xl);padding-right:var(--wp--preset--spacing--2-xl);padding-bottom:var(--wp--preset--spacing--2-xl);padding-left:var(--wp--preset--spacing--2-xl)\">\n<ul class=\"wp-block-beapi-icon-block is-layout-flex wp-block-icon-block-is-layout-flex\">\n<li class=\"wp-block-beapi-icon-item\"><span><svg width=\"24\" height=\"24\" viewBox=\"0 0 24 24\" version=\"1.1\" xmlns=\"http:\/\/www.w3.org\/2000\/svg\" style=\"color:var(--wp--custom--color--primary-default-primary)\" class=\"wp-block-beapi-icon-block__icon-component wp-block-beapi-icon-block__icon-component--sprite icon-badge-check\" aria-hidden=\"true\"><use href=\"https:\/\/www.inseec.com\/wp-content\/themes\/omnes-design-system\/dist\/icons\/sprite.svg#icon-badge-check\"><\/use><\/svg><\/span><\/li>\n<\/ul>\n\n\n\n<div class=\"wp-block-blockparty-key-figure has-on-surface-color has-text-color has-link-color wp-elements-f1c280046ca21e881b2d5abf9e3ca98c\"><div class=\"wp-block-blockparty-key-figure__key\"><span class=\"wp-block-blockparty-key-figure__prefix\"><\/span><span class=\"wp-block-blockparty-key-figure__number\" data-increment=\"96\">96<\/span><span class=\"wp-block-blockparty-key-figure__suffix\">%<\/span><\/div><p class=\"wp-block-blockparty-key-figure__description\">Taux de pr\u00e9sentation \u00e0 la certification<\/p><\/div>\n<\/div>\n\n\n\n<div class=\"wp-block-group wp-pattern wp-pattern-metrics-item-card has-border-color has-outline-subtle-border-color is-vertical is-layout-flex wp-container-core-group-is-layout-ffbfb716 wp-block-group-is-layout-flex\" style=\"border-width:2px;padding-top:var(--wp--preset--spacing--2-xl);padding-right:var(--wp--preset--spacing--2-xl);padding-bottom:var(--wp--preset--spacing--2-xl);padding-left:var(--wp--preset--spacing--2-xl)\">\n<ul class=\"wp-block-beapi-icon-block is-layout-flex wp-block-icon-block-is-layout-flex\">\n<li class=\"wp-block-beapi-icon-item\"><span><svg width=\"24\" height=\"24\" viewBox=\"0 0 24 24\" version=\"1.1\" xmlns=\"http:\/\/www.w3.org\/2000\/svg\" style=\"color:var(--wp--custom--color--primary-default-primary)\" class=\"wp-block-beapi-icon-block__icon-component wp-block-beapi-icon-block__icon-component--sprite icon-diploma\" aria-hidden=\"true\"><use href=\"https:\/\/www.inseec.com\/wp-content\/themes\/omnes-design-system\/dist\/icons\/sprite.svg#icon-diploma\"><\/use><\/svg><\/span><\/li>\n<\/ul>\n\n\n\n<div class=\"wp-block-blockparty-key-figure has-on-surface-color has-text-color has-link-color wp-elements-3b0253b4acaec14df2845f3933cf62d9\"><div class=\"wp-block-blockparty-key-figure__key\"><span class=\"wp-block-blockparty-key-figure__prefix\"><\/span><span class=\"wp-block-blockparty-key-figure__number\" data-increment=\"96.6\">96.6<\/span><span class=\"wp-block-blockparty-key-figure__suffix\">%<\/span><\/div><p class=\"wp-block-blockparty-key-figure__description\">Taux national de r\u00e9ussite<\/p><\/div>\n<\/div>\n<\/div>\n<\/div>\n<\/div>\n\n\n<span class=\"wp-block-beapi-anchor\" aria-hidden=\"true\" id=\"anchor-alternance\"><\/span>\n\n\n\n<div class=\"wp-block-group alignwide wp-pattern wp-pattern-features-slider is-layout-flow wp-container-core-group-is-layout-1a58ddf4 wp-block-group-is-layout-flow has-block-anchor\" style=\"margin-top:0;margin-bottom:0;padding-top:var(--wp--preset--spacing--padding-y-section);padding-bottom:var(--wp--preset--spacing--padding-y-section)\">\n<div class=\"wp-block-group wp-pattern__header is-layout-flow wp-block-group-is-layout-flow has-block-anchor\">\n<p class=\"is-style-heading-default-eyebrow has-on-surface-color has-text-color has-link-color wp-elements-e579a3493c2d3e2dae6486f5cdb86958\">Exp\u00e9rience professionnelle<\/p>\n\n\n\n<h2 class=\"wp-block-heading is-style-heading-emphasis-h2 has-on-surface-color has-text-color has-link-color wp-elements-68657cdadd0a17bf65723e6374d25c09\" style=\"margin-top:var(--wp--preset--spacing--xs);margin-bottom:var(--wp--preset--spacing--2-xl)\" id=\"un-parcours-professionnalisant\">Un parcours professionnalisant<\/h2>\n\n\n\n<p class=\"is-style-plain-default-md has-on-surface-subtle-color has-text-color has-link-color wp-elements-821cc0e1c53f2716d4c5305b72ce0230\">L&#8217;alternance repr\u00e9sente le format id\u00e9al pour cette sp\u00e9cialisation, vous permettant d&#8217;appliquer imm\u00e9diatement vos apprentissages RH au sein de directions des ressources humaines. Vous acqu\u00e9rez une vision compl\u00e8te de la fonction RH et construisez votre l\u00e9gitimit\u00e9 professionnelle dans un secteur qui valorise fortement l&#8217;exp\u00e9rience terrain.<\/p>\n<\/div>\n\n\n\n<div class=\"block block--features-slider features-slider alignwide\">\n\t<div class=\"swiper swiper-overflow-visible\">\n\t\t<div class=\"swiper-wrapper\">\n\t\t\t\t\t\t\t\t<div class=\"swiper-slide\">\n\t\t\t\t\t\t\n<div class=\"crd crd--feature\">\n\t<div class=\"crd__icon\"><img loading=\"lazy\" decoding=\"async\" width=\"40\" height=\"40\" src=\"https:\/\/www.inseec.com\/wp-content\/uploads\/sites\/32\/2025\/12\/icone-inseec-arc-omnes-education.webp?w=40\" class=\"\" alt=\"\" data-location=\"\" srcset=\"https:\/\/www.inseec.com\/wp-content\/uploads\/sites\/32\/2025\/12\/icone-inseec-arc-omnes-education.webp 40w, https:\/\/www.inseec.com\/wp-content\/uploads\/sites\/32\/2025\/12\/icone-inseec-arc-omnes-education.webp?resize=24,24 24w\" sizes=\"auto, (max-width: 40px) 100vw, 40px\" \/><\/div><h3 class=\"crd__title is-style-plain-emphasis-lg has-on-surface-color\"><a href=\"https:\/\/www.inseec.com\/accompagnement-stage-alternance\/\" class=\"crd__link has-on-surface-color\">L&#8217;INSEEC vous accompagne<\/a><\/h3><p class=\"crd__description is-style-plain-default-md has-on-surface-subtle-color\">Un suivi personnalis\u00e9 pour identifier votre alternance en ressources humaines, adapt\u00e9 \u00e0 votre projet professionnel et vos aspirations.<\/p><div aria-hidden=\"true\" class=\"crd__link-text wp-block-button is-style-link-arrow-right\"><span class=\"wp-block-button__link\">En savoir plus<\/span><\/div><\/div>\n\t\t\t\t\t<\/div>\n\t\t\t\t\t\t\t\t\t\t<div class=\"swiper-slide\">\n\t\t\t\t\t\t\n<div class=\"crd crd--feature\">\n\t<div class=\"crd__icon\"><img loading=\"lazy\" decoding=\"async\" width=\"64\" height=\"64\" src=\"https:\/\/www.inseec.com\/wp-content\/uploads\/sites\/32\/2025\/12\/icone-job.svg?w=40\" class=\"\" alt=\"\" data-location=\"\" \/><\/div><h3 class=\"crd__title is-style-plain-emphasis-lg has-on-surface-color\">Job dating<\/h3><p class=\"crd__description is-style-plain-default-md has-on-surface-subtle-color\">Rendez-vous mensuels avec nos partenaires : directions RH d&#8217;entreprises, cabinets de recrutement, cabinets de conseil RH et organisations du secteur social.<\/p><\/div>\n\t\t\t\t\t<\/div>\n\t\t\t\t\t\t\t\t\t\t<div class=\"swiper-slide\">\n\t\t\t\t\t\t\n<div class=\"crd crd--feature\">\n\t<div class=\"crd__icon\"><img loading=\"lazy\" decoding=\"async\" width=\"64\" height=\"64\" src=\"https:\/\/www.inseec.com\/wp-content\/uploads\/sites\/32\/2025\/12\/icone-Matchup.svg?w=40\" class=\"\" alt=\"\" data-location=\"\" \/><\/div><h3 class=\"crd__title is-style-plain-emphasis-lg has-on-surface-color\"><a target=\"_blank\" href=\"https:\/\/matchup.omneseducation.com\/\" class=\"crd__link has-on-surface-color\" rel=\"noopener\"><span class=\"sr-only\">New window<\/span>Plateforme MatchUp<\/a><\/h3><p class=\"crd__description is-style-plain-default-md has-on-surface-subtle-color\">Acc\u00e8s \u00e0 des milliers d&#8217;opportunit\u00e9s d&#8217;alternance en gestion des ressources humaines, d\u00e9veloppement RH, recrutement et gestion des talents.<\/p><div aria-hidden=\"true\" class=\"crd__link-text wp-block-button is-style-link-arrow-right\"><span class=\"wp-block-button__link\">D\u00e9couvrir les offres<\/span><\/div><\/div>\n\t\t\t\t\t<\/div>\n\t\t\t\t\t\t\t\t\t\t<div class=\"swiper-slide\">\n\t\t\t\t\t\t\n<div class=\"crd crd--feature\">\n\t<div class=\"crd__icon\"><img loading=\"lazy\" decoding=\"async\" width=\"40\" height=\"40\" src=\"https:\/\/www.inseec.com\/wp-content\/uploads\/sites\/32\/2025\/12\/icone-inseec-srea-networking.webp?w=40\" class=\"\" alt=\"\" data-location=\"\" srcset=\"https:\/\/www.inseec.com\/wp-content\/uploads\/sites\/32\/2025\/12\/icone-inseec-srea-networking.webp 40w, https:\/\/www.inseec.com\/wp-content\/uploads\/sites\/32\/2025\/12\/icone-inseec-srea-networking.webp?resize=24,24 24w\" sizes=\"auto, (max-width: 40px) 100vw, 40px\" \/><\/div><h3 class=\"crd__title is-style-plain-emphasis-lg has-on-surface-color\">Service Relations Entreprises et Alumni<\/h3><p class=\"crd__description is-style-plain-default-md has-on-surface-subtle-color\">B\u00e9n\u00e9ficiez du r\u00e9seau de 10 000 entreprises partenaires et 115 000 alumni pour acc\u00e9l\u00e9rer votre insertion dans les m\u00e9tiers RH.<\/p><\/div>\n\t\t\t\t\t<\/div>\n\t\t\t\t\t\t\t\t\t\t<div class=\"swiper-slide\">\n\t\t\t\t\t\t\n<div class=\"crd crd--feature\">\n\t<div class=\"crd__icon\"><img loading=\"lazy\" decoding=\"async\" width=\"64\" height=\"64\" src=\"https:\/\/www.inseec.com\/wp-content\/uploads\/sites\/32\/2025\/12\/icone-Ateliers.svg?w=40\" class=\"\" alt=\"\" data-location=\"\" \/><\/div><h3 class=\"crd__title is-style-plain-emphasis-lg has-on-surface-color\">Ateliers coaching<\/h3><p class=\"crd__description is-style-plain-default-md has-on-surface-subtle-color\">Programmes hebdomadaires : techniques d&#8217;entretien RH, cas pratiques de gestion sociale, veille juridique, networking professionnel RH.<\/p><\/div>\n\t\t\t\t\t<\/div>\n\t\t\t\t\t\t\t<\/div>\n\t\t\n<div class=\"swiper__controls\">\n\t<div class=\"swiper-pagination\"><\/div>\n\n\t<div class=\"swiper__buttons\">\n\t\t\t\t\t<button class=\"swiper-button-prev\" type=\"button\">\n\t\t\t\t<svg class=\"icon icon-arrow-left\" aria-hidden=\"true\" focusable=\"false\"><use href=\"https:\/\/www.inseec.com\/wp-content\/themes\/omnes-design-system\/dist\/icons\/sprite.svg#icon-arrow-left\"><\/use><\/svg>\t\t\t<\/button>\n\t\t\t<button class=\"swiper-button-next\" type=\"button\">\n\t\t\t\t<svg class=\"icon icon-arrow-right\" aria-hidden=\"true\" focusable=\"false\"><use href=\"https:\/\/www.inseec.com\/wp-content\/themes\/omnes-design-system\/dist\/icons\/sprite.svg#icon-arrow-right\"><\/use><\/svg>\t\t\t<\/button>\n\t\t\t<\/div>\n<\/div>\n\t<\/div>\n<\/div>\n\n\n\n<div class=\"wp-block-buttons is-layout-flex wp-block-buttons-is-layout-flex\">\n<div class=\"wp-block-button is-style-fill-lg\"><a class=\"wp-block-button__link wp-element-button\" href=\"https:\/\/www.inseec.com\/procedure-admission-grande-ecole-rentree-septembre\/\">Je candidate<\/a><\/div>\n<\/div>\n<\/div>\n\n\n<span class=\"wp-block-beapi-anchor\" aria-hidden=\"true\" id=\"anchor-metiers\"><\/span>\n\n\n\n<div class=\"wp-block-group alignfull wp-pattern wp-pattern-jobs-list-with-image has-inverse-variant-background-color has-background has-global-padding is-layout-constrained wp-block-group-is-layout-constrained has-block-anchor\" style=\"margin-top:0;margin-bottom:0;padding-top:var(--wp--preset--spacing--padding-y-section);padding-bottom:var(--wp--preset--spacing--padding-y-section)\">\n<div class=\"wp-block-group alignwide wp-pattern__inner is-layout-flow wp-container-core-group-is-layout-8eee5202 wp-block-group-is-layout-flow has-block-anchor\">\n<div class=\"wp-block-media-text has-media-on-the-right is-stacked-on-mobile has-block-anchor\" style=\"grid-template-columns:auto 40%\"><div class=\"wp-block-media-text__content\">\n<div class=\"wp-block-group is-vertical is-layout-flex wp-container-core-group-is-layout-b80b8bd4 wp-block-group-is-layout-flex has-block-anchor\">\n<div class=\"wp-block-group is-vertical is-layout-flex wp-container-core-group-is-layout-bd7877ba wp-block-group-is-layout-flex has-block-anchor\">\n<p class=\"is-style-heading-default-eyebrow has-inverse-on-surface-color has-text-color has-link-color wp-elements-4b31d257d324fc8a9a703c721b05f19e\">M\u00e9tiers<\/p>\n\n\n\n<h2 class=\"wp-block-heading is-style-heading-emphasis-h2 has-inverse-on-surface-color has-text-color has-link-color wp-elements-03ade8e2808e02e2a2cf15bb3bd74aab\" id=\"quels-sont-les-debouches-apres-un-grade-de-master-management-rh-et-organisations-durables\">Quels sont les d\u00e9bouch\u00e9s apr\u00e8s un Grade de Master Management RH et Organisations Durables\u00a0?<\/h2>\n<\/div>\n\n\n\n<p class=\"is-style-plain-default-md has-inverse-on-surface-subtle-color has-text-color has-link-color wp-elements-38278971087fc87c71b9a6ef4dcedb3a\">Cette formation vous positionne sur l&#8217;ensemble des m\u00e9tiers des ressources humaines, du recrutement \u00e0 la direction des ressources humaines. Les fonctions RH connaissent une forte demande et offrent des perspectives d&#8217;\u00e9volution vers des postes strat\u00e9giques au sein des organisations, avec des responsabilit\u00e9s croissantes dans l&#8217;accompagnement des transformations organisationnelles.<\/p>\n<\/div>\n<\/div><figure class=\"wp-block-media-text__media\"><img decoding=\"async\" src=\"https:\/\/www.inseec.com\/wp-content\/themes\/omnes-design-system\/dist\/images\/jobs.png\" alt=\"\" \/><\/figure><\/div>\n\n\n\n<div class=\"block block--jobs-tag jobs-tag\">\n\t<ul><li><a href=\"https:\/\/www.inseec.com\/careers-guide\/responsable-rh\/\" class=\"is-style-tag-fill-lg\">Responsable RH<\/a><\/li><li><a href=\"https:\/\/www.inseec.com\/careers-guide\/chef-de-projet-rse\/\" class=\"is-style-tag-fill-lg\">Chef de projet RSE<\/a><\/li><\/ul><\/div>\n\n\n\n<div class=\"wp-block-group alignwide wp-pattern wp-pattern-banner-jobs has-surface-subtle-background-color has-background is-content-justification-space-between is-nowrap is-layout-flex wp-container-core-group-is-layout-949f8704 wp-block-group-is-layout-flex\" style=\"padding-top:var(--wp--preset--spacing--padding-y-sm);padding-right:var(--wp--preset--spacing--padding-y-sm);padding-bottom:var(--wp--preset--spacing--padding-y-sm);padding-left:var(--wp--preset--spacing--padding-y-sm)\">\n<div class=\"wp-block-group is-style-heading-emphasis-h3 has-on-surface-color has-text-color has-link-color wp-elements-771b965916b6d523d24e1465d43b6f1e is-vertical is-layout-flex wp-container-core-group-is-layout-bd7877ba wp-block-group-is-layout-flex\">\n<p class=\"is-style-heading-emphasis-h3 has-on-surface-color has-text-color has-link-color wp-elements-afc83ae71a76308e3f3db7896d8d9201\">2 400\u20ac \u00e0 3 300\u20ac<\/p>\n\n\n\n<p class=\"is-style-plain-emphasis-md has-on-surface-color has-text-color has-link-color wp-elements-f87e1a87b4a4e01885ce3357a93deecf\">Salaire mensuel moyen d&#8217;un jeune dipl\u00f4m\u00e9<\/p>\n<\/div>\n\n\n\n<div class=\"wp-block-group is-nowrap is-layout-flex wp-container-core-group-is-layout-a2d696be wp-block-group-is-layout-flex\">\n<p class=\"is-style-plain-default-sm has-on-surface-color has-text-color has-link-color wp-elements-8954b41f20b19717e5b79aadec252512\">Rejoignez le Programme Grande \u00c9cole de<br>l&#8217;INSEEC pour concr\u00e9tiser vos projets et assurer votre avenir.<\/p>\n\n\n\n<div class=\"wp-block-buttons is-content-justification-left is-layout-flex wp-container-core-buttons-is-layout-541a3246 wp-block-buttons-is-layout-flex\">\n<div class=\"wp-block-button is-style-fill-md\"><a class=\"wp-block-button__link wp-element-button\">RDV personnalis\u00e9<\/a><\/div>\n<\/div>\n<\/div>\n<\/div>\n<\/div>\n<\/div>\n\n\n<span class=\"wp-block-beapi-anchor\" aria-hidden=\"true\" id=\"anchor-candidature\"><\/span>\n\n\n\n<div class=\"wp-block-group alignfull wp-pattern wp-pattern-apply-scroll has-global-padding is-layout-constrained wp-block-group-is-layout-constrained has-block-anchor\" style=\"margin-top:0;margin-bottom:0\">\n<div class=\"wp-block-group alignfull wp-pattern__scroller has-global-padding is-layout-constrained wp-container-core-group-is-layout-a1d2d6ee wp-block-group-is-layout-constrained has-block-anchor\" style=\"margin-top:0;margin-bottom:0;padding-top:var(--wp--preset--spacing--6-xl);padding-right:var(--wp--preset--spacing--padding-x-section);padding-bottom:var(--wp--preset--spacing--6-xl);padding-left:var(--wp--preset--spacing--padding-x-section)\">\n<div class=\"wp-block-group alignwide wp-pattern__inner is-layout-flow wp-container-core-group-is-layout-3fccdef8 wp-block-group-is-layout-flow has-block-anchor\">\n<div class=\"wp-block-group wp-pattern__header is-vertical is-layout-flex wp-container-core-group-is-layout-bd7877ba wp-block-group-is-layout-flex has-block-anchor\">\n<p class=\"is-style-heading-default-eyebrow has-on-surface-color has-text-color has-link-color wp-elements-aa711e898cb405409db38f707f9a5c0d\">Candidature<\/p>\n\n\n\n<h2 class=\"wp-block-heading is-style-heading-emphasis-h2 has-on-surface-color has-text-color has-link-color wp-elements-2f6696d70cffdafbe050afe98edc63cd\" id=\"quelles-sont-les-conditions-dadmission-au-grade-de-master-management-rh-et-organisations-durables\"><strong>Quelles sont les conditions d&#8217;admission au Grade de Master Management RH et Organisations Durables\u00a0?<\/strong><\/h2>\n<\/div>\n\n\n\n<div class=\"wp-block-group wp-pattern__wrapper is-content-justification-space-between is-nowrap is-layout-flex wp-container-core-group-is-layout-0b70ad5d wp-block-group-is-layout-flex has-block-anchor\">\n<div class=\"wp-block-group wp-pattern__items is-vertical is-content-justification-stretch is-nowrap is-layout-flex wp-container-core-group-is-layout-0fa67750 wp-block-group-is-layout-flex has-block-anchor\">\n<div class=\"wp-block-group wp-pattern__item has-border-color has-outline-subtle-border-color is-nowrap is-layout-flex wp-container-core-group-is-layout-5097bea1 wp-block-group-is-layout-flex has-block-anchor\" style=\"border-width:3px;border-radius:16px;padding-top:var(--wp--preset--spacing--2-xl);padding-right:var(--wp--preset--spacing--2-xl);padding-bottom:var(--wp--preset--spacing--2-xl);padding-left:var(--wp--preset--spacing--2-xl)\">\n<div class=\"wp-block-group wp-container-content-9cfa9a5a is-layout-flow wp-container-core-group-is-layout-a77db08e wp-block-group-is-layout-flow has-block-anchor\">\n<div class=\"wp-block-group wp-pattern__item-heading has-global-padding is-layout-constrained wp-block-group-is-layout-constrained has-block-anchor\">\n<h3 class=\"wp-block-heading is-style-default has-on-surface-color has-text-color has-link-color wp-elements-b3a543ca65d46683cd611a0093393c18\" id=\"admission-en-1e-annee-niveau-l3\">Admission en 1e ann\u00e9e (Niveau L3)<\/h3>\n<\/div>\n\n\n\n<div class=\"wp-block-group wp-pattern__item-content has-global-padding is-layout-constrained wp-block-group-is-layout-constrained\">\n<div class=\"wp-block-group has-global-padding is-layout-constrained wp-block-group-is-layout-constrained\">\n<ul class=\"wp-block-list is-style-check\">\n<li>Accessible aux \u00e9tudiants titulaires ou en cours d&#8217;obtention d&#8217;un BUT, BTS, Licence 2, titre certifi\u00e9 RNCP niveau 5 (Bac +2), ou inscrits en 2\u1d49 ann\u00e9e d&#8217;IEP.<\/li>\n\n\n\n<li>Admission via le concours Evolution 1 (dossier + \u00e9preuves orales).<\/li>\n\n\n\n<li>Formation dispens\u00e9e en fran\u00e7ais.<\/li>\n<\/ul>\n<\/div>\n<\/div>\n<\/div>\n<\/div>\n\n\n\n<div class=\"wp-block-group wp-pattern__item has-border-color has-outline-subtle-border-color is-nowrap is-layout-flex wp-container-core-group-is-layout-5097bea1 wp-block-group-is-layout-flex has-block-anchor\" style=\"border-width:3px;border-radius:16px;padding-top:var(--wp--preset--spacing--2-xl);padding-right:var(--wp--preset--spacing--2-xl);padding-bottom:var(--wp--preset--spacing--2-xl);padding-left:var(--wp--preset--spacing--2-xl)\">\n<div class=\"wp-block-group wp-container-content-9cfa9a5a is-layout-flow wp-container-core-group-is-layout-a77db08e wp-block-group-is-layout-flow has-block-anchor\">\n<div class=\"wp-block-group wp-pattern__item-heading has-global-padding is-layout-constrained wp-block-group-is-layout-constrained has-block-anchor\">\n<h3 class=\"wp-block-heading is-style-default has-on-surface-color has-text-color has-link-color wp-elements-578a7369dfbe68c37b357565e2a38ed7\" id=\"admission-en-2eme-annee-niveau-m1\">Admission en 2eme ann\u00e9e (Niveau M1)<\/h3>\n<\/div>\n\n\n\n<div class=\"wp-block-group wp-pattern__item-content has-global-padding is-layout-constrained wp-block-group-is-layout-constrained\">\n<div class=\"wp-block-group has-global-padding is-layout-constrained wp-block-group-is-layout-constrained\">\n<ul class=\"wp-block-list is-style-check\">\n<li>Ouvert aux \u00e9tudiants ayant valid\u00e9 ou en cours de validation d&#8217;une Licence 3, Bachelor, Master 1, dipl\u00f4me d&#8217;ing\u00e9nieur ou titre certifi\u00e9 RNCP niveau 6\/7 sanctionnant au moins 3 ann\u00e9es d&#8217;\u00e9tudes sup\u00e9rieures.<\/li>\n\n\n\n<li>Admission via le concours Evolution 2 (dossier + \u00e9preuves orales).<\/li>\n\n\n\n<li>Formation dispens\u00e9e en fran\u00e7ais.<\/li>\n<\/ul>\n<\/div>\n<\/div>\n<\/div>\n<\/div>\n\n\n\n<div class=\"wp-block-group wp-pattern__item has-border-color has-outline-subtle-border-color is-nowrap is-layout-flex wp-container-core-group-is-layout-5097bea1 wp-block-group-is-layout-flex has-block-anchor\" style=\"border-width:3px;border-radius:16px;padding-top:var(--wp--preset--spacing--2-xl);padding-right:var(--wp--preset--spacing--2-xl);padding-bottom:var(--wp--preset--spacing--2-xl);padding-left:var(--wp--preset--spacing--2-xl)\">\n<div class=\"wp-block-group wp-container-content-9cfa9a5a is-layout-flow wp-container-core-group-is-layout-a77db08e wp-block-group-is-layout-flow has-block-anchor\">\n<div class=\"wp-block-group wp-pattern__item-heading has-global-padding is-layout-constrained wp-block-group-is-layout-constrained has-block-anchor\">\n<h3 class=\"wp-block-heading is-style-default has-on-surface-color has-text-color has-link-color wp-elements-a818414419f5cc7dd1f125c85f8d3357\" id=\"vous-etes-en-classe-prepa\">Vous \u00eates en classe Pr\u00e9pa ?<\/h3>\n<\/div>\n\n\n\n<div class=\"wp-block-group wp-pattern__item-content has-global-padding is-layout-constrained wp-block-group-is-layout-constrained\">\n<div class=\"wp-block-group has-global-padding is-layout-constrained wp-block-group-is-layout-constrained\">\n<ul class=\"wp-block-list is-style-check\">\n<li>Vous pouvez entrer en premi\u00e8re ann\u00e9e du Programme Grande \u00c9cole en suivant le parcours Concours BCE.<\/li>\n<\/ul>\n<\/div>\n<\/div>\n<\/div>\n<\/div>\n<\/div>\n\n\n\n<div class=\"wp-block-group wp-pattern__applybox has-surface-subtle-background-color has-background is-vertical is-content-justification-stretch is-layout-flex wp-container-core-group-is-layout-1a257378 wp-block-group-is-layout-flex\" style=\"border-radius:16px;padding-top:var(--wp--preset--spacing--2-xl);padding-right:var(--wp--preset--spacing--2-xl);padding-bottom:var(--wp--preset--spacing--2-xl);padding-left:var(--wp--preset--spacing--2-xl)\">\n<p class=\"is-style-plain-emphasis-xl has-on-surface-color has-text-color has-link-color wp-elements-f51b78ae01697a7f5528f193b43c63c7\">Votre candidature<\/p>\n\n\n\n<ul class=\"wp-block-list is-style-steps has-on-surface-color has-text-color has-link-color wp-elements-04f4bf70b7bd2969835fe52d41f3db8a\">\n<li>D\u00e9p\u00f4t du dossier<\/li>\n\n\n\n<li>\u00c9preuve d&#8217;admission<\/li>\n\n\n\n<li>R\u00e9sultats d&#8217;admissibilit\u00e9<\/li>\n<\/ul>\n\n\n\n<div class=\"wp-block-buttons is-content-justification-center is-nowrap is-layout-flex wp-container-core-buttons-is-layout-12a27398 wp-block-buttons-is-layout-flex\">\n<div class=\"wp-block-button has-custom-width wp-block-button__width-100 is-style-fill-lg\"><a class=\"wp-block-button__link has-text-align-center wp-element-button\" href=\"https:\/\/www.inseec.com\/procedure-admission-grande-ecole-rentree-septembre\/\">Je candidate<\/a><\/div>\n<\/div>\n<\/div>\n<\/div>\n<\/div>\n<\/div>\n<\/div>\n\n\n<span class=\"wp-block-beapi-anchor\" aria-hidden=\"true\" id=\"anchor-frais\"><\/span>\n\n\n\n<div class=\"wp-block-group alignfull wp-pattern wp-pattern-school-fees has-global-padding is-layout-constrained wp-block-group-is-layout-constrained has-block-anchor\" style=\"margin-top:0;margin-bottom:0;padding-top:var(--wp--preset--spacing--padding-y-section);padding-bottom:var(--wp--preset--spacing--padding-y-section)\">\n<p class=\"alignwide has-text-align-wide is-style-heading-default-eyebrow has-on-surface-color has-text-color has-link-color wp-elements-2985aacb3303de6065306d4df558bfd7\" style=\"margin-bottom:var(--wp--preset--spacing--xs)\">Frais de scolarit\u00e9<\/p>\n\n\n\n<div class=\"wp-block-columns alignwide are-vertically-aligned-center is-layout-flex wp-container-core-columns-is-layout-a13de39d wp-block-columns-is-layout-flex has-block-anchor\" style=\"margin-top:var(--wp--preset--spacing--xs);margin-bottom:var(--wp--preset--spacing--5-xl)\">\n<div class=\"wp-block-column is-vertically-aligned-center is-layout-flow wp-block-column-is-layout-flow\" style=\"flex-basis:40.4%\">\n<h2 class=\"wp-block-heading\" id=\"quels-sont-les-frais-de-scolarite-du-grade-de-master-management-rh-et-organisations-durables\">Quels sont les frais de scolarit\u00e9 du Grade de Master Management RH et Organisations Durables ?<\/h2>\n<\/div>\n\n\n\n<div class=\"wp-block-column is-vertically-aligned-center is-layout-flow wp-block-column-is-layout-flow\" style=\"flex-basis:49%\">\n<p class=\"is-style-plain-default-lg has-on-surface-subtle-color has-text-color has-link-color wp-elements-a9b82adb794ab1d86a52e3a41c263e71\">Les frais de scolarit\u00e9 \u00e9voluent en fonction des ann\u00e9es. Plusieurs solutions de financement sont disponibles pour vous accompagner.<\/p>\n<\/div>\n<\/div>\n\n\n\n<div class=\"wp-block-blockparty-tabs alignwide has-align-top-center\" aria-label=\"\" role=\"tablist\">\n<ul class=\"wp-block-blockparty-tabs-nav\">\n<li class=\"wp-block-blockparty-tabs-nav-item\"><a id=\"block-tab-2-0\" role=\"tab\" aria-controls=\"block-panel-2-0\" class=\"wp-block-blockparty-tabs-nav-link\" href=\"#block-tab-2-0\"><span>Rentr\u00e9e Septembre Alternance<\/span><\/a><\/li>\n<\/ul>\n\n\n\n<section class=\"wp-block-blockparty-tabs-panels\">\n<div role=\"tabpanel\" tabindex=\"0\" class=\"wp-block-blockparty-tabs-panel-item\" id=\"block-panel-2-0\" aria-labelledby=\"block-tab-2-0\"><div class=\"wp-block-blockparty-tabs-panel-item__inner\"><div class=\"block block--school-fee-steps school-fee-steps wp-elements-f14f039d2e8b884ccf06e7e621102fa1 alignwide has-text-color has-black-color has-background has-surface-subtle-background-color\" style=\"padding-left: var(--wp--preset--spacing--xl);padding-right: var(--wp--preset--spacing--xl);padding-top: var(--wp--preset--spacing--xl);padding-bottom: var(--wp--preset--spacing--xl);\">\n\t<ol>\n\t\t\t\t\t<li class=\"block__first-step\">\n\t\t\t\t<span class=\"block__content\">\n\t\t\t\t\t<span class=\"block__label\"><svg class=\"icon icon-badge\" aria-hidden=\"true\" focusable=\"false\"><use href=\"https:\/\/www.inseec.com\/wp-content\/themes\/omnes-design-system\/dist\/icons\/sprite.svg#icon-badge\"><\/use><\/svg>Admission bac+2<\/span>\t\t\t\t<\/span>\n\t\t\t<\/li>\n\t\t\t\t\t\t<li>\n\t\t\t\t<span class=\"block__content\">\n\t\t\t\t\t<span class=\"block__label\">1\u00e8re ann\u00e9e<\/span>\t\t\t\t\t<span class=\"block__detail\">\n\t\t\t\t\t\t<span><svg class=\"icon icon-time-quarter-past\" aria-hidden=\"true\" focusable=\"false\"><use href=\"https:\/\/www.inseec.com\/wp-content\/themes\/omnes-design-system\/dist\/icons\/sprite.svg#icon-time-quarter-past\"><\/use><\/svg>1an<\/span><span><svg class=\"icon icon-money-bill-wave\" aria-hidden=\"true\" focusable=\"false\"><use href=\"https:\/\/www.inseec.com\/wp-content\/themes\/omnes-design-system\/dist\/icons\/sprite.svg#icon-money-bill-wave\"><\/use><\/svg>12 950\u20ac<\/span>\t\t\t\t\t<\/span>\n\t\t\t\t<\/span>\n\t\t\t<\/li>\n\t\t\t\t\t\t<li>\n\t\t\t\t<span class=\"block__content\">\n\t\t\t\t\t<span class=\"block__label\">2\u00e8me ann\u00e9e<\/span>\t\t\t\t\t<span class=\"block__detail\">\n\t\t\t\t\t\t<span><svg class=\"icon icon-time-quarter-past\" aria-hidden=\"true\" focusable=\"false\"><use href=\"https:\/\/www.inseec.com\/wp-content\/themes\/omnes-design-system\/dist\/icons\/sprite.svg#icon-time-quarter-past\"><\/use><\/svg>1 an<\/span><span><svg class=\"icon icon-money-bill-wave\" aria-hidden=\"true\" focusable=\"false\"><use href=\"https:\/\/www.inseec.com\/wp-content\/themes\/omnes-design-system\/dist\/icons\/sprite.svg#icon-money-bill-wave\"><\/use><\/svg>13 390\u20ac<\/span>\t\t\t\t\t<\/span>\n\t\t\t\t<\/span>\n\t\t\t<\/li>\n\t\t\t\t\t\t<li>\n\t\t\t\t<span class=\"block__content\">\n\t\t\t\t\t<span class=\"block__label\">3\u00e8me ann\u00e9e<\/span>\t\t\t\t\t<span class=\"block__detail\">\n\t\t\t\t\t\t<span><svg class=\"icon icon-time-quarter-past\" aria-hidden=\"true\" focusable=\"false\"><use href=\"https:\/\/www.inseec.com\/wp-content\/themes\/omnes-design-system\/dist\/icons\/sprite.svg#icon-time-quarter-past\"><\/use><\/svg>1an<\/span><span><svg class=\"icon icon-money-bill-wave\" aria-hidden=\"true\" focusable=\"false\"><use href=\"https:\/\/www.inseec.com\/wp-content\/themes\/omnes-design-system\/dist\/icons\/sprite.svg#icon-money-bill-wave\"><\/use><\/svg>13 390\u20ac<\/span>\t\t\t\t\t<\/span>\n\t\t\t\t<\/span>\n\t\t\t<\/li>\n\t\t\t\t\t\t<li class=\"block__last-step\">\n\t\t\t\t<span class=\"block__content\">\n\t\t\t\t\t<span class=\"block__label\"><svg class=\"icon icon-student-alt\" aria-hidden=\"true\" focusable=\"false\"><use href=\"https:\/\/www.inseec.com\/wp-content\/themes\/omnes-design-system\/dist\/icons\/sprite.svg#icon-student-alt\"><\/use><\/svg>Dipl\u00f4me Grade de Master<\/span>\t\t\t\t<\/span>\n\t\t\t<\/li>\n\t\t\t\t<\/ol>\n<\/div>\n\n\n\n<div class=\"wp-block-group alignwide has-global-padding is-layout-constrained wp-block-group-is-layout-constrained has-block-anchor\">\n<div class=\"wp-block-group alignwide has-surface-subtle-background-color has-background has-global-padding is-layout-constrained wp-container-core-group-is-layout-35c3b834 wp-block-group-is-layout-constrained has-block-anchor\" style=\"margin-top:var(--wp--preset--spacing--4-xl);padding-top:var(--wp--preset--spacing--padding-y-sm);padding-right:var(--wp--preset--spacing--padding-x-sm);padding-bottom:var(--wp--preset--spacing--padding-y-sm);padding-left:var(--wp--preset--spacing--padding-x-sm)\">\n<div class=\"wp-block-columns alignwide is-layout-flex wp-container-core-columns-is-layout-28f84493 wp-block-columns-is-layout-flex has-block-anchor\">\n<div class=\"wp-block-column is-layout-flow wp-container-core-column-is-layout-ed9b32d5 wp-block-column-is-layout-flow\" style=\"flex-basis:29%\">\n<h3 class=\"wp-block-heading is-style-heading-emphasis-h4\" id=\"aides-au-financement\">Aides au financement<\/h3>\n\n\n\n<p class=\"is-style-plain-emphasis-md has-on-surface-subtle-color has-text-color has-link-color wp-elements-b2579ee9e3acd4a9436fb698d7b8c8fe\">L\u2019INSEEC propose plusieurs dispositifs d\u2019aides au financement :<\/p>\n<\/div>\n\n\n\n<div class=\"wp-block-column is-layout-flow wp-block-column-is-layout-flow\" style=\"flex-basis:64%\">\n<div class=\"wp-block-group is-layout-grid wp-container-core-group-is-layout-95e4255b wp-block-group-is-layout-grid\">\n<div class=\"wp-block-group has-surface-variant-background-color has-background is-nowrap is-layout-flex wp-container-core-group-is-layout-58883a1f wp-block-group-is-layout-flex\" style=\"padding-top:var(--wp--preset--spacing--xl);padding-right:var(--wp--preset--spacing--xl);padding-bottom:var(--wp--preset--spacing--xl);padding-left:var(--wp--preset--spacing--xl)\">\n<ul class=\"wp-block-beapi-icon-block is-layout-flex wp-block-icon-block-is-layout-flex\">\n<li class=\"wp-block-beapi-icon-item\"><span style=\"background-color:var(--wp--custom--color--tertiary-default-tertiary-container);border-radius:8%\"><svg width=\"24\" height=\"24\" viewBox=\"0 0 24 24\" version=\"1.1\" xmlns=\"http:\/\/www.w3.org\/2000\/svg\" style=\"color:var(--wp--custom--color--primary-default-on-primary-container);padding:8px 8px 8px 8px\" class=\"wp-block-beapi-icon-block__icon-component wp-block-beapi-icon-block__icon-component--sprite icon-bank\" aria-hidden=\"true\"><use href=\"https:\/\/www.inseec.com\/wp-content\/themes\/omnes-design-system\/dist\/icons\/sprite.svg#icon-business-time\"><\/use><\/svg><\/span><\/li>\n<\/ul>\n\n\n\n<div class=\"wp-block-group has-global-padding is-layout-constrained wp-container-core-group-is-layout-442b6e00 wp-block-group-is-layout-constrained\">\n<p>Le rythme altern\u00e9, en stage ou contrat d\u2019alternance<\/p>\n\n\n\n<div class=\"wp-block-buttons is-layout-flex wp-block-buttons-is-layout-flex\">\n<div class=\"wp-block-button is-style-link-arrow-right\"><a class=\"wp-block-button__link wp-element-button\" href=\"https:\/\/www.inseec.com\/financer-ses-etudes\/\">En savoir plus<\/a><\/div>\n<\/div>\n<\/div>\n<\/div>\n\n\n\n<div class=\"wp-block-group has-inverse-on-surface-color has-inverse-variant-background-color has-text-color has-background has-link-color wp-elements-58aa36d6f30c3349caac33f4215751b0 is-nowrap is-layout-flex wp-container-core-group-is-layout-58883a1f wp-block-group-is-layout-flex\" style=\"padding-top:var(--wp--preset--spacing--xl);padding-right:var(--wp--preset--spacing--xl);padding-bottom:var(--wp--preset--spacing--xl);padding-left:var(--wp--preset--spacing--xl)\">\n<ul class=\"wp-block-beapi-icon-block is-layout-flex wp-block-icon-block-is-layout-flex\">\n<li class=\"wp-block-beapi-icon-item\"><span style=\"background-color:var(--wp--custom--color--tertiary-default-tertiary-container);border-radius:8%\"><svg width=\"24\" height=\"24\" viewBox=\"0 0 24 24\" version=\"1.1\" xmlns=\"http:\/\/www.w3.org\/2000\/svg\" style=\"color:var(--wp--custom--color--primary-default-on-primary-container);padding:8px 8px 8px 8px\" class=\"wp-block-beapi-icon-block__icon-component wp-block-beapi-icon-block__icon-component--sprite icon-bank\" aria-hidden=\"true\"><use href=\"https:\/\/www.inseec.com\/wp-content\/themes\/omnes-design-system\/dist\/icons\/sprite.svg#icon-bank\"><\/use><\/svg><\/span><\/li>\n<\/ul>\n\n\n\n<div class=\"wp-block-group has-global-padding is-layout-constrained wp-container-core-group-is-layout-442b6e00 wp-block-group-is-layout-constrained\">\n<p class=\"has-inverse-on-surface-color has-text-color has-link-color wp-elements-5773a2d728ce9f149f5c793faa604184\">Les partenariats bancaires et leurs avantages<\/p>\n\n\n\n<div class=\"wp-block-buttons is-layout-flex wp-block-buttons-is-layout-flex\">\n<div class=\"wp-block-button is-style-link-arrow-right\"><a class=\"wp-block-button__link has-inverse-primary-color has-text-color has-link-color wp-element-button\" href=\"https:\/\/www.inseec.com\/financer-ses-etudes\/nos-partenaires-bancaires\/\">En savoir plus<\/a><\/div>\n<\/div>\n<\/div>\n<\/div>\n<\/div>\n<\/div>\n<\/div>\n<\/div>\n<\/div>\n<\/div><\/div>\n<\/section>\n<\/div>\n<\/div>\n\n\n\n<section class=\"wp-block-group alignfull wp-pattern wp-pattern-events-list has-surface-background-color has-background has-global-padding is-layout-constrained wp-container-core-group-is-layout-b9dc94b5 wp-block-group-is-layout-constrained has-block-anchor\" style=\"margin-top:0;margin-bottom:0;padding-top:var(--wp--preset--spacing--padding-y-section);padding-bottom:var(--wp--preset--spacing--padding-y-section)\">\n<div class=\"wp-block-group wp-pattrern__header is-layout-flow wp-block-group-is-layout-flow has-block-anchor\">\n<p class=\"has-text-align-center is-style-heading-default-eyebrow has-on-surface-color has-text-color has-link-color wp-elements-f87c7f0167b54601ce97aaa0cdc63a70\">Rencontrez-nous<\/p>\n\n\n\n<h2 class=\"wp-block-heading has-text-align-center\" id=\"decouvrez-les-evenements-programme-grande-ecole\">D\u00e9couvrez les \u00e9v\u00e8nements Programme Grande \u00c9cole<\/h2>\n<\/div>\n\n\n\n<div class=\"wp-block-group alignwide is-layout-flow wp-container-core-group-is-layout-1320b656 wp-block-group-is-layout-flow\" style=\"margin-top:var(--wp--preset--spacing--4-xl)\">\n<div class=\"wp-block-group wp-pattern__filters wp-pattern__filters-centered is-layout-grid wp-container-core-group-is-layout-4fe37c5b wp-block-group-is-layout-grid\"><div class=\"wpgb-facet wpgb-loading wpgb-facet-38\" data-facet=\"38\" data-grid=\"wpgb-content-block\/37d518fa87cf6be40aa34cd22a0af9e4\"><\/div>\n\n<div class=\"wpgb-facet wpgb-loading wpgb-facet-11\" data-facet=\"11\" data-grid=\"wpgb-content-block\/37d518fa87cf6be40aa34cd22a0af9e4\"><\/div><\/div>\n\n\n\n<div class=\"wp-block-query is-layout-flow wp-block-query-is-layout-flow wpgb-content-block37d518fa87cf6be40aa34cd22a0af9e4\"><ul class=\"wp-block-post-template is-layout-grid wp-container-core-post-template-is-layout-523fefc7 wp-block-post-template-is-layout-grid\"><li class=\"wp-block-post post-91584 event type-event status-publish hentry event_type-campus-days school-bts\">\n\n<div class=\"crd crd--event crd--event-large\">\n\t<span class=\"crd__program is-style-tag-fill-md\">BTS<\/span><p class=\"crd__date is-style-heading-emphasis-h1\">30\/01<\/p><h3 class=\"crd__title is-style-plain-emphasis-lg\">Campus Days \u00e0 Paris<\/h3>\n\t<ul class=\"crd__metas\">\n\t\t<li class=\"crd__campus is-style-plain-default-md\"><svg class=\"icon icon-marker\" aria-hidden=\"true\" focusable=\"false\"><use href=\"https:\/\/www.inseec.com\/wp-content\/themes\/omnes-design-system\/dist\/icons\/sprite.svg#icon-marker\"><\/use><\/svg><span>\u00c9cole de commerce \u00e0 Paris<\/span><\/li><li class=\"crd__hours is-style-plain-default-md\"><svg class=\"icon icon-clock\" aria-hidden=\"true\" focusable=\"false\"><use href=\"https:\/\/www.inseec.com\/wp-content\/themes\/omnes-design-system\/dist\/icons\/sprite.svg#icon-clock\"><\/use><\/svg><span>From 9h00 to 18h00<\/span><\/li>\t<\/ul>\n\n\t<div class=\"crd__buttons\">\n\t\t<div class=\"wp-block-button is-style-outline-sm\"><a href=\"https:\/\/www.inseec.com\/evenement\/campus-days-a-paris-2026-01-29\/\" class=\"wp-block-button__link\">More info<\/a><\/div><div class=\"wp-block-button is-style-subtle-sm\"><a href=\"https:\/\/bts.inseec.com\/inseecu\/salon\/13469\" class=\"wp-block-button__link\">I participate<\/a><\/div>\t<\/div>\n<\/div>\n\n<\/li><li class=\"wp-block-post post-91585 event type-event status-publish hentry event_type-campus-days school-bts\">\n\n<div class=\"crd crd--event crd--event-large\">\n\t<span class=\"crd__program is-style-tag-fill-md\">BTS<\/span><p class=\"crd__date is-style-heading-emphasis-h1\">30\/01<\/p><h3 class=\"crd__title is-style-plain-emphasis-lg\">Campus Days in Paris<\/h3>\n\t<ul class=\"crd__metas\">\n\t\t<li class=\"crd__campus is-style-plain-default-md\"><svg class=\"icon icon-marker\" aria-hidden=\"true\" focusable=\"false\"><use href=\"https:\/\/www.inseec.com\/wp-content\/themes\/omnes-design-system\/dist\/icons\/sprite.svg#icon-marker\"><\/use><\/svg><span>Business school in Paris<\/span><\/li><li class=\"crd__hours is-style-plain-default-md\"><svg class=\"icon icon-clock\" aria-hidden=\"true\" focusable=\"false\"><use href=\"https:\/\/www.inseec.com\/wp-content\/themes\/omnes-design-system\/dist\/icons\/sprite.svg#icon-clock\"><\/use><\/svg><span>From 9h00 to 18h00<\/span><\/li>\t<\/ul>\n\n\t<div class=\"crd__buttons\">\n\t\t<div class=\"wp-block-button is-style-outline-sm\"><a href=\"https:\/\/www.inseec.com\/en\/event\/campus-days-in-paris-2026-01-29\/\" class=\"wp-block-button__link\">More info<\/a><\/div><div class=\"wp-block-button is-style-subtle-sm\"><a href=\"https:\/\/bts.inseec.com\/inseecu\/salon\/13469\" class=\"wp-block-button__link\">I participate<\/a><\/div>\t<\/div>\n<\/div>\n\n<\/li><li class=\"wp-block-post post-91586 event type-event status-publish hentry event_type-campus-days school-bachelor\">\n\n<div class=\"crd crd--event crd--event-large\">\n\t<span class=\"crd__program is-style-tag-fill-md\">Bachelor<\/span><p class=\"crd__date is-style-heading-emphasis-h1\">30\/01<\/p><h3 class=\"crd__title is-style-plain-emphasis-lg\">Campus Days \u00e0 Paris<\/h3>\n\t<ul class=\"crd__metas\">\n\t\t<li class=\"crd__campus is-style-plain-default-md\"><svg class=\"icon icon-marker\" aria-hidden=\"true\" focusable=\"false\"><use href=\"https:\/\/www.inseec.com\/wp-content\/themes\/omnes-design-system\/dist\/icons\/sprite.svg#icon-marker\"><\/use><\/svg><span>\u00c9cole de commerce \u00e0 Paris<\/span><\/li><li class=\"crd__hours is-style-plain-default-md\"><svg class=\"icon icon-clock\" aria-hidden=\"true\" focusable=\"false\"><use href=\"https:\/\/www.inseec.com\/wp-content\/themes\/omnes-design-system\/dist\/icons\/sprite.svg#icon-clock\"><\/use><\/svg><span>From 10h00 to 18h00<\/span><\/li>\t<\/ul>\n\n\t<div class=\"crd__buttons\">\n\t\t<div class=\"wp-block-button is-style-outline-sm\"><a href=\"https:\/\/www.inseec.com\/evenement\/campus-days-a-paris-2026-01-29-2\/\" class=\"wp-block-button__link\">More info<\/a><\/div><div class=\"wp-block-button is-style-subtle-sm\"><a href=\"https:\/\/bachelor.inseec.com\/inseecu\/salon\/13474\" class=\"wp-block-button__link\">I participate<\/a><\/div>\t<\/div>\n<\/div>\n\n<\/li><\/ul><\/div>\n<script type=\"application\/ld+json\">\n{\"@context\":\"https:\\\/\\\/schema.org\",\"@graph\":[{\"@type\":\"EducationEvent\",\"name\":\"Campus Days \\u00c3\\u00a0 Paris\",\"description\":\"Sur nos campus Autres \\u00c3\\u00a9v\\u00c3\\u00a9nements\",\"startDate\":\"2026-01-30T09:00:00+01:00\",\"endDate\":\"2026-02-01T18:00:00+01:00\",\"eventAttendanceMode\":\"https:\\\/\\\/schema.org\\\/OfflineEventAttendanceMode\",\"organizer\":{\"@id\":\"https:\\\/\\\/www.inseec.com\\\/#organization\"},\"url\":\"https:\\\/\\\/www.inseec.com\\\/evenement\\\/campus-days-a-paris-2026-01-29\\\/\",\"isAccessibleForFree\":true,\"location\":{\"@type\":\"Place\",\"name\":\"\\u00c3\\u0089cole de commerce \\u00c3\\u00a0 Paris\",\"address\":{\"@type\":\"PostalAddress\",\"streetAddress\":\"37 Quai de Grenelle\",\"addressLocality\":\"Paris\",\"postalCode\":\"75015\",\"addressCountry\":\"FR\"}}},{\"@type\":\"EducationEvent\",\"name\":\"Campus Days in Paris\",\"description\":\"On our campus Other events\",\"startDate\":\"2026-01-30T09:00:00+01:00\",\"endDate\":\"2026-02-01T18:00:00+01:00\",\"eventAttendanceMode\":\"https:\\\/\\\/schema.org\\\/OfflineEventAttendanceMode\",\"organizer\":{\"@id\":\"https:\\\/\\\/www.inseec.com\\\/#organization\"},\"url\":\"https:\\\/\\\/www.inseec.com\\\/en\\\/event\\\/campus-days-in-paris-2026-01-29\\\/\",\"isAccessibleForFree\":true,\"location\":{\"@type\":\"Place\",\"name\":\"Business school in Paris\",\"address\":{\"@type\":\"PostalAddress\",\"streetAddress\":\"82 Espl. du G\\u00c3\\u00a9n\\u00c3\\u00a9ral de Gaulle\",\"addressLocality\":\"Courbevoie\",\"postalCode\":\"92400\",\"addressCountry\":\"FR\"}}},{\"@type\":\"EducationEvent\",\"name\":\"Campus Days \\u00c3\\u00a0 Paris\",\"description\":\"Sur nos campus Autres \\u00c3\\u00a9v\\u00c3\\u00a9nements\",\"startDate\":\"2026-01-30T10:00:00+01:00\",\"endDate\":\"2026-02-01T18:00:00+01:00\",\"eventAttendanceMode\":\"https:\\\/\\\/schema.org\\\/OfflineEventAttendanceMode\",\"organizer\":{\"@id\":\"https:\\\/\\\/www.inseec.com\\\/#organization\"},\"url\":\"https:\\\/\\\/www.inseec.com\\\/evenement\\\/campus-days-a-paris-2026-01-29-2\\\/\",\"isAccessibleForFree\":true,\"location\":{\"@type\":\"Place\",\"name\":\"\\u00c3\\u0089cole de commerce \\u00c3\\u00a0 Paris\",\"address\":{\"@type\":\"PostalAddress\",\"streetAddress\":\"37 Quai de Grenelle\",\"addressLocality\":\"Paris\",\"postalCode\":\"75015\",\"addressCountry\":\"FR\"}}}]}\n<\/script>\n<\/div>\n\n\n\n<div class=\"wp-block-buttons is-content-justification-center is-layout-flex wp-container-core-buttons-is-layout-a89b3969 wp-block-buttons-is-layout-flex\">\n<div class=\"wp-block-button is-style-outline-lg\"><a class=\"wp-block-button__link wp-element-button\" href=\"https:\/\/www.inseec.com\/evenement\/\">Voir tous les \u00e9v\u00e9nements<\/a><\/div>\n<\/div>\n<\/section>\n\n\n<span class=\"wp-block-beapi-anchor\" aria-hidden=\"true\" id=\"anchor-faq\"><\/span>\n\n\n\n<div class=\"wp-block-group alignwide wp-pattern wp-pattern-faq-cta is-layout-flow wp-block-group-is-layout-flow has-block-anchor\" style=\"margin-top:0;margin-bottom:0;padding-top:var(--wp--preset--spacing--6-xl);padding-bottom:var(--wp--preset--spacing--6-xl)\">\n<div class=\"wp-block-columns is-layout-flex wp-container-core-columns-is-layout-b3d710c4 wp-block-columns-is-layout-flex has-block-anchor\">\n<div class=\"wp-block-column is-layout-flow wp-container-core-column-is-layout-e67eb3c6 wp-block-column-is-layout-flow\" style=\"flex-basis:40.3%\">\n<div class=\"wp-block-group is-vertical is-layout-flex wp-container-core-group-is-layout-b80b8bd4 wp-block-group-is-layout-flex has-block-anchor\">\n<div class=\"wp-block-group is-vertical is-layout-flex wp-container-core-group-is-layout-bd7877ba wp-block-group-is-layout-flex has-block-anchor\">\n<p class=\"is-style-heading-default-eyebrow has-on-surface-color has-text-color has-link-color wp-elements-7f5af9274a5957746917b1e3dc31a535\">FAQ<\/p>\n\n\n\n<h2 class=\"wp-block-heading is-style-heading-emphasis-h2 has-on-surface-color has-text-color has-link-color wp-elements-8c2e5fa53813d022457396ed93c8192d\" id=\"tout-savoir-sur-le-grade-de-master-management-rh-et-organisations-durables\">Tout savoir sur le Grade de Master Management RH et Organisations Durables<\/h2>\n<\/div>\n\n\n\n<p class=\"is-style-plain-default-md has-on-surface-subtle-color has-text-color has-link-color wp-elements-df250b47ecda37a10b85c44e8044cb19\">Les r\u00e9ponses essentielles sur ce Programme Grande Ecole Management RH et Organisations Durables. Nos \u00e9quipes de Paris, Lyon et Bordeaux sont \u00e0 votre \u00e9coute !<\/p>\n<\/div>\n\n\n\n<div class=\"wp-block-group has-border-color is-vertical is-layout-flex wp-container-core-group-is-layout-b00cbbb9 wp-block-group-is-layout-flex has-block-anchor\" style=\"border-color:var(--wp--custom--border--outline-subtle);border-width:1px;border-radius:16px;padding-top:var(--wp--preset--spacing--padding-y-sm);padding-right:var(--wp--preset--spacing--padding-x-sm);padding-bottom:var(--wp--preset--spacing--padding-y-sm);padding-left:var(--wp--preset--spacing--padding-x-sm)\">\n<div class=\"wp-block-group is-vertical is-layout-flex wp-container-core-group-is-layout-5a6f8b2c wp-block-group-is-layout-flex has-block-anchor\">\n<h3 class=\"wp-block-heading is-style-heading-emphasis-h3 has-on-surface-color has-text-color has-link-color wp-elements-ad08d7d6f6b9f1952683b942cb8f88e2\" id=\"rencontrons-nous\">Rencontrons nous<\/h3>\n\n\n\n<p class=\"is-style-plain-default-md has-on-surface-subtle-color has-text-color has-link-color wp-elements-181c00c3af75595286ee7c0b632f9fb3\">Vous h\u00e9sitez encore ? Rencontrez nos \u00e9quipes pour vous guider dans vos choix !<\/p>\n<\/div>\n\n\n\n<div class=\"wp-block-buttons is-layout-flex wp-container-core-buttons-is-layout-11bdec33 wp-block-buttons-is-layout-flex\">\n<div class=\"wp-block-button is-style-outline-md\"><a class=\"wp-block-button__link wp-element-button\" href=\"https:\/\/www.inseec.com\/evenement\/?_type_devenement_unique=journee-portes-ouvertes\">Portes Ouvertes<\/a><\/div>\n\n\n\n<div class=\"wp-block-button is-style-fill-md\"><a class=\"wp-block-button__link wp-element-button\">RDV personnalis\u00e9<\/a><\/div>\n<\/div>\n<\/div>\n<\/div>\n\n\n\n<div class=\"wp-block-column is-layout-flow wp-container-core-column-is-layout-8a368f38 wp-block-column-is-layout-flow\" style=\"flex-basis:50%\">\n<details class=\"wp-block-details is-style-default is-layout-flow wp-container-core-details-is-layout-9ec55b31 wp-block-details-is-layout-flow\"><summary><h3><span id=\"docs-internal-guid-6d410092-7fff-7643-2d9a-689dd20a11ca\" style=\"letter-spacing: normal;font-weight: normal\"><span style=\"font-size: 14pt;font-family: Arial, sans-serif;vertical-align: baseline\"><strong>Quels sont les objectifs du Grade de Master Management RH et Organisations Durables\u00a0?<\/strong><\/span><\/span><\/h3><\/summary>\n<p class=\"is-style-plain-default-sm has-on-surface-subtle-color has-text-color has-link-color wp-elements-3441683ef82b01d4362ce60d2095f630\">Ce programme vise \u00e0 former des professionnels RH capables de piloter la strat\u00e9gie sociale des entreprises, g\u00e9rer les talents, accompagner les transformations et int\u00e9grer les enjeux de durabilit\u00e9.\u00a0<\/p>\n\n\n\n<p class=\"is-style-plain-default-sm has-on-surface-subtle-color has-text-color has-link-color wp-elements-cb11c1259096dba78653e610f6076651\">Vous d\u00e9veloppez une expertise en GRH (Gestion des Ressources Humaines) combinant droit social, \u00e9conomie du travail, pilotage de la performance sociale et conduite du changement pour r\u00e9pondre aux d\u00e9fis contemporains des carri\u00e8res et de l&#8217;emploi.<\/p>\n<\/details>\n\n\n\n<details class=\"wp-block-details is-style-default is-layout-flow wp-container-core-details-is-layout-9ec55b31 wp-block-details-is-layout-flow\"><summary><h3>L&#8217;alternance est-elle possible pendant le Grade de Master Management RH et Organisations Durables INSEEC\u00a0?<\/h3><\/summary>\n<div class=\"wp-block-group is-vertical is-layout-flex wp-container-core-group-is-layout-a2e3e733 wp-block-group-is-layout-flex\">\n<p class=\"is-style-plain-default-sm has-on-surface-subtle-color has-text-color has-link-color wp-elements-8d4e8420f22a44bbf8dbcba65db1c344\">Oui, l&#8217;alternance est possible sur l&#8217;ensemble du programme. Cette formule permet d&#8217;acqu\u00e9rir une solide exp\u00e9rience en direction des ressources humaines tout en finan\u00e7ant votre formation via un contrat d&#8217;apprentissage ou de professionnalisation. L&#8217;alternance est particuli\u00e8rement valoris\u00e9e dans les m\u00e9tiers RH qui privil\u00e9gient l&#8217;exp\u00e9rience terrain.<\/p>\n<\/div>\n<\/details>\n\n\n\n<details class=\"wp-block-details is-style-default is-layout-flow wp-container-core-details-is-layout-9ec55b31 wp-block-details-is-layout-flow\"><summary><h3><span id=\"docs-internal-guid-5436313c-7fff-13c2-3afe-4289811399b1\" style=\"letter-spacing: normal;font-weight: normal\"><span style=\"font-size: 14pt;font-family: Arial, sans-serif;vertical-align: baseline\"><strong>Quelles entreprises partenaires recrutent des \u00e9tudiants de ce programme\u00a0?<\/strong><\/span><\/span><\/h3><\/summary>\n<div class=\"wp-block-group is-vertical is-layout-flex wp-container-core-group-is-layout-a2e3e733 wp-block-group-is-layout-flex\">\n<p class=\"is-style-plain-default-sm has-on-surface-subtle-color has-text-color has-link-color wp-elements-f72fcfc58a6c5fc25e848e9a605fd74b\">Le r\u00e9seau de 10 000 entreprises partenaires de l&#8217;INSEEC recrute r\u00e9guli\u00e8rement des dipl\u00f4m\u00e9s du Programme Grande \u00c9cole (PGE) Management RH et Organisations Durables :<\/p>\n\n\n\n<ul class=\"wp-block-list is-style-check has-sm-font-size\">\n<li>Directions RH de grands groupes et ETI.<\/li>\n\n\n\n<li>Cabinets de conseil RH et recrutement.<\/li>\n\n\n\n<li>Cabinets sp\u00e9cialis\u00e9s en GRH et transformation organisationnelle.<\/li>\n\n\n\n<li>Organismes de formation et d\u00e9veloppement des comp\u00e9tences.<\/li>\n\n\n\n<li>Entreprises engag\u00e9es dans la RSE et le d\u00e9veloppement durable.<\/li>\n<\/ul>\n<\/div>\n<\/details>\n\n\n\n<details class=\"wp-block-details is-style-default is-layout-flow wp-container-core-details-is-layout-9ec55b31 wp-block-details-is-layout-flow\"><summary><h3>Quels sont les soft skills d\u00e9velopp\u00e9s \u00e0 la suite d&#8217;un Grade de Master Management RH et Organisations Durables\u00a0?<\/h3><\/summary>\n<div class=\"wp-block-group is-vertical is-layout-flex wp-container-core-group-is-layout-a2e3e733 wp-block-group-is-layout-flex\">\n<p class=\"is-style-plain-default-sm has-on-surface-subtle-color has-text-color has-link-color wp-elements-9e229d121058acb9a78222c95c174bc4\">Ce programme d\u00e9veloppe des qualit\u00e9s essentielles pour exceller dans les m\u00e9tiers RH :<\/p>\n\n\n\n<ul class=\"wp-block-list is-style-check has-sm-font-size\">\n<li>\u00c9coute active et empathie.<\/li>\n\n\n\n<li>Confidentialit\u00e9 et \u00e9thique professionnelle.<\/li>\n\n\n\n<li>Capacit\u00e9 de m\u00e9diation et gestion des conflits.<\/li>\n\n\n\n<li>Communication interpersonnelle et diplomatie.<\/li>\n\n\n\n<li>Adaptabilit\u00e9 aux \u00e9volutions l\u00e9gislatives et organisationnelles.<\/li>\n\n\n\n<li>Sens de l&#8217;\u00e9quit\u00e9 et de la justice sociale.<\/li>\n<\/ul>\n<\/div>\n<\/details>\n\n\n\n<details class=\"wp-block-details is-style-default is-layout-flow wp-container-core-details-is-layout-9ec55b31 wp-block-details-is-layout-flow\"><summary><h3>Le Grade de Master Management RH et Organisations Durables INSEEC est-il reconnu par l&#8217;\u00c9tat\u00a0?<\/h3><\/summary>\n<div class=\"wp-block-group is-vertical is-layout-flex wp-container-core-group-is-layout-a2e3e733 wp-block-group-is-layout-flex\">\n<p class=\"is-style-plain-default-sm has-on-surface-subtle-color has-text-color has-link-color wp-elements-9f08ce5bee715c1f2ce74f803257e7e1\">Oui, le parcours Management RH et Organisations Durables d\u00e9livre un dipl\u00f4me vis\u00e9 Bac +5 conf\u00e9rant le Grade de Master, reconnu par l&#8217;\u00c9tat depuis 2005. Il est accr\u00e9dit\u00e9 AMBA depuis 2016 et certifi\u00e9 RNCP niveau 7 (fiche 41044). L&#8217;INSEEC Grande \u00c9cole est membre de la Conf\u00e9rence des Grandes \u00c9coles.<\/p>\n<\/div>\n<\/details>\n\n\n\n<details class=\"wp-block-details is-style-default is-layout-flow wp-container-core-details-is-layout-9ec55b31 wp-block-details-is-layout-flow\"><summary><h3>Quelles langues sont utilis\u00e9es pour les cours et les examens\u00a0?<\/h3><\/summary>\n<div class=\"wp-block-group is-vertical is-layout-flex wp-container-core-group-is-layout-a2e3e733 wp-block-group-is-layout-flex\">\n<p class=\"is-style-plain-default-sm has-on-surface-subtle-color has-text-color has-link-color wp-elements-3ae0a3e6617fc08483c015da25ce3835\">Le Programme Grande Ecole Management RH et Organisations Durables (conf\u00e9rant le Grade de Master) est dispens\u00e9 en fran\u00e7ais. Le contr\u00f4le des connaissances s&#8217;effectue \u00e9galement en fran\u00e7ais, adapt\u00e9 au contexte juridique et social fran\u00e7ais. Toutefois, certains modules comme \u00ab\u00a0International Human Resource Management\u00a0\u00bb int\u00e8grent du vocabulaire RH anglais pour pr\u00e9parer aux contextes internationaux.<\/p>\n<\/div>\n<\/details>\n\n\n\n<details class=\"wp-block-details is-style-default is-layout-flow wp-container-core-details-is-layout-9ec55b31 wp-block-details-is-layout-flow\"><summary><h3>Comment se d\u00e9roule le processus d&#8217;admission au Grade de Master Management RH et Organisations Durables\u00a0?<\/h3><\/summary>\n<div class=\"wp-block-group is-vertical is-layout-flex wp-container-core-group-is-layout-a2e3e733 wp-block-group-is-layout-flex\">\n<p class=\"is-style-plain-default-sm has-on-surface-subtle-color has-text-color has-link-color wp-elements-8079c61a010020f4f5b759b8d58b6334\">L&#8217;admission s&#8217;effectue via trois concours :<\/p>\n<\/div>\n\n\n\n<ul class=\"wp-block-list is-style-check has-sm-font-size\">\n<li>Concours BCE pour une entr\u00e9e en 1\u02b3\u1d49 ann\u00e9e (L3) apr\u00e8s une classe pr\u00e9paratoire<\/li>\n\n\n\n<li>Concours Evolution 1 pour une entr\u00e9e en 1\u02b3\u1d49 ann\u00e9e (L3) apr\u00e8s un Bac +2<\/li>\n\n\n\n<li>Concours Evolution 2 pour une entr\u00e9e en 2\u1d49 ann\u00e9e (M1) apr\u00e8s un Bac +3\/4<\/li>\n<\/ul>\n\n\n\n<p class=\"is-style-plain-default-sm has-on-surface-subtle-color has-text-color has-link-color wp-elements-dd5d6c54d3ccc7481595dfb4aa5f8167\">Le processus comprend un dossier de candidature et des \u00e9preuves orales pour \u00e9valuer votre motivation pour les m\u00e9tiers RH, votre sensibilit\u00e9 aux enjeux humains et organisationnels, et votre projet professionnel. Une page compl\u00e8te sur les modalit\u00e9s d&#8217;admission est disponible sur le site INSEEC.<\/p>\n<\/details>\n\n\n\n<details class=\"wp-block-details is-style-default is-layout-flow wp-container-core-details-is-layout-9ec55b31 wp-block-details-is-layout-flow\"><summary><h3><span id=\"docs-internal-guid-7345ba09-7fff-990a-6785-adfaef9c5416\" style=\"letter-spacing: normal;font-weight: normal\"><span style=\"font-size: 14pt;font-family: Arial, sans-serif;vertical-align: baseline\"><strong>Comment ce programme se diff\u00e9rencie-t-il d&#8217;un Master GRH en IAE ou universit\u00e9\u00a0?<\/strong><\/span><\/span><\/h3><\/summary>\n<p class=\"is-style-plain-default-sm\">Le Grade de Master de l&#8217;INSEEC se distingue d&#8217;un Master GRH en IAE ou universit\u00e9 par son orientation professionnalisante imm\u00e9diate, son r\u00e9seau de 10 000 entreprises partenaires et ses possibilit\u00e9s d&#8217;alternance d\u00e8s la premi\u00e8re ann\u00e9e.<\/p>\n\n\n\n<p class=\"is-style-plain-default-sm\">Vous b\u00e9n\u00e9ficiez \u00e9galement d&#8217;un accompagnement personnalis\u00e9, d&#8217;intervenants professionnels RH en activit\u00e9 et d&#8217;une approche manag\u00e9riale globale combinant RH et strat\u00e9gie d&#8217;entreprise.<\/p>\n<\/details>\n\n\n\n<details class=\"wp-block-details is-style-default is-layout-flow wp-container-core-details-is-layout-9ec55b31 wp-block-details-is-layout-flow\"><summary><h3><span id=\"docs-internal-guid-8096d2b8-7fff-de0c-03fa-1f2dfb37c435\" style=\"letter-spacing: normal;font-weight: normal\"><span style=\"font-size: 14pt;font-family: Arial, sans-serif;vertical-align: baseline\"><strong>Y a-t-il un r\u00e9seau d&#8217;anciens \u00e9l\u00e8ves INSEEC actif pour aider \u00e0 l&#8217;insertion professionnelle\u00a0?<\/strong><\/span><\/span><\/h3><\/summary>\n<p class=\"is-style-plain-default-sm has-on-surface-subtle-color has-text-color has-link-color wp-elements-eb0b39e4b406bf28c3b00d40fdcfbabc\">Oui, le r\u00e9seau INSEEC compte 115 000 alumni dont de nombreux professionnels RH \u00e9voluant dans des directions des ressources humaines, cabinets de conseil et organismes de formation. Ce r\u00e9seau facilite votre insertion gr\u00e2ce \u00e0 des \u00e9v\u00e9nements de networking RH, du mentorat par des DRH exp\u00e9riment\u00e9s. Vous b\u00e9n\u00e9ficiez d\u2019un acc\u00e8s privil\u00e9gi\u00e9 aux opportunit\u00e9s d&#8217;emploi dans la fonction RH.<\/p>\n<\/details>\n\n\n\n<details class=\"wp-block-details is-style-default is-layout-flow wp-container-core-details-is-layout-9ec55b31 wp-block-details-is-layout-flow\"><summary><h3>Peut-on consulter la fiche RNCP compl\u00e8te du programme\u00a0?<\/h3><\/summary>\n<div class=\"wp-block-group is-vertical is-layout-flex wp-container-core-group-is-layout-a2e3e733 wp-block-group-is-layout-flex\">\n<p class=\"is-style-plain-default-sm has-on-surface-subtle-color has-text-color has-link-color wp-elements-bcc2fa7eb696e00f7286f03a5d9824d1\">Oui, la fiche RNCP 41044 du Programme Grande \u00c9cole est consultable sur le site de France Comp\u00e9tences. Cette fiche d\u00e9taille l&#8217;ensemble des blocs de comp\u00e9tences, les modalit\u00e9s d&#8217;\u00e9valuation, les d\u00e9bouch\u00e9s professionnels et les voies d&#8217;acc\u00e8s au dipl\u00f4me. Elle constitue une page compl\u00e8te de r\u00e9f\u00e9rence pour comprendre les comp\u00e9tences certifi\u00e9es et la reconnaissance officielle du dipl\u00f4me dans le domaine du management RH et des organisations durables.<\/p>\n<\/div>\n<\/details>\n<\/div>\n<\/div>\n<\/div>\n\n\n\n<div class=\"wp-block-group alignfull wp-pattern wp-pattern-programs-courses wp-pattern-programs-courses-three-columns has-global-padding is-layout-constrained wp-block-group-is-layout-constrained has-block-anchor\" style=\"margin-top:0;margin-bottom:0;padding-top:var(--wp--preset--spacing--padding-y-section);padding-bottom:var(--wp--preset--spacing--padding-y-section)\">\n<div class=\"wp-block-group alignwide wp-pattern__inner is-layout-flow wp-container-core-group-is-layout-575f1b41 wp-block-group-is-layout-flow has-block-anchor\" style=\"margin-top:0;margin-bottom:0\">\n<div class=\"wp-block-group wp-pattern__header is-layout-flow wp-block-group-is-layout-flow has-block-anchor\">\n<p class=\"is-style-heading-default-eyebrow has-on-surface-color has-text-color has-link-color wp-elements-e8345622831359d792cb1375913d8866\">Fait pour vous<\/p>\n\n\n\n<h2 class=\"wp-block-heading is-style-heading-emphasis-h2 has-on-surface-color has-text-color has-link-color wp-elements-70757f61ff718378a2b7ae8b55051f88\" style=\"margin-top:var(--wp--preset--spacing--xs);margin-bottom:var(--wp--preset--spacing--2-xl)\" id=\"nos-autres-formations-programme-grande-ecole\">Nos autres formations Programme Grande \u00c9cole<\/h2>\n<\/div>\n\n\n\n<div class=\"wp-block-group is-layout-flow wp-container-core-group-is-layout-3fccdef8 wp-block-group-is-layout-flow\">\n<div class=\"wp-block-group is-layout-grid wp-container-core-group-is-layout-9718aa02 wp-block-group-is-layout-grid\"><div class=\"wpgb-facet wpgb-loading wpgb-facet-24\" data-facet=\"24\" data-grid=\"wpgb-content-block\/60b999da70944ac3bbd671c1e6573b90\"><\/div>\n\n<div class=\"wpgb-facet wpgb-loading wpgb-facet-25\" data-facet=\"25\" data-grid=\"wpgb-content-block\/60b999da70944ac3bbd671c1e6573b90\"><\/div><\/div>\n\n\n\n<div class=\"wp-block-query is-layout-flow wp-block-query-is-layout-flow wpgb-content-block60b999da70944ac3bbd671c1e6573b90\"><ul class=\"wp-block-post-template is-layout-grid wp-container-core-post-template-is-layout-25c06649 wp-block-post-template-is-layout-grid\"><li class=\"wp-block-post post-81188 program type-program status-publish hentry city-lyon certification-titre-rncp-niveau-7 program_language-anglais admission_level-bac-2 admission_level-bac-3 training_pace-initial school-grande-ecole specialisation-international\">\n\n<div class=\"crd crd--program\">\n\t<ul class=\"terms-list no-list-style\"><li class=\"is-style-tag-fill-sm\">Bac +2<\/li><li class=\"is-style-tag-fill-sm\">Bac +3<\/li><\/ul><h3 class=\"crd__title is-style-plain-emphasis-md\">Grade de Master Tourism, Leisure &#038; Gastronomy<\/h3>\n\t<div class=\"crd__buttons\">\n\t\t<div class=\"wp-block-button is-style-outline-sm\"><a href=\"https:\/\/www.inseec.com\/demande-brochure\/\" class=\"wp-block-button__link\">Brochure<\/a><\/div><div class=\"wp-block-button is-style-subtle-sm\"><a href=\"https:\/\/www.inseec.com\/programme\/master-tourism-leisure-gastronomy\/\" class=\"wp-block-button__link\">Discover <span class=\"sr-only\">Grade de Master Tourism, Leisure &#038; Gastronomy<\/span><\/a><\/div>\t<\/div>\n<\/div>\n\n<\/li><li class=\"wp-block-post post-81221 program type-program status-publish hentry city-bordeaux city-lyon city-paris certification-titre-rncp-niveau-7 program_language-anglais program_language-francais admission_level-bac-3 training_pace-alternance training_pace-initial school-grande-ecole specialisation-marketing\">\n\n<div class=\"crd crd--program\">\n\t<ul class=\"terms-list no-list-style\"><li class=\"is-style-tag-fill-sm\">Bac +3<\/li><\/ul><h3 class=\"crd__title is-style-plain-emphasis-md\">Grade de Master Marketing, Digital Innovation et M\u00e9dia Strategy \u2013 SUP DE PUB<\/h3>\n\t<div class=\"crd__buttons\">\n\t\t<div class=\"wp-block-button is-style-outline-sm\"><a href=\"https:\/\/www.inseec.com\/demande-brochure\/\" class=\"wp-block-button__link\">Brochure<\/a><\/div><div class=\"wp-block-button is-style-subtle-sm\"><a href=\"https:\/\/www.inseec.com\/programme\/master-marketing-digital-innovation-media-strategy\/\" class=\"wp-block-button__link\">Discover <span class=\"sr-only\">Grade de Master Marketing, Digital Innovation et M\u00e9dia Strategy \u2013 SUP DE PUB<\/span><\/a><\/div>\t<\/div>\n<\/div>\n\n<\/li><li class=\"wp-block-post post-81154 program type-program status-publish hentry city-bordeaux city-lyon city-paris certification-titre-rncp-niveau-7 program_language-francais admission_level-bac-2 admission_level-bac-3 training_pace-alternance school-grande-ecole specialisation-ressources-humaines\">\n\n<div class=\"crd crd--program\">\n\t<ul class=\"terms-list no-list-style\"><li class=\"is-style-tag-fill-sm\">Bac +2<\/li><li class=\"is-style-tag-fill-sm\">Bac +3<\/li><\/ul><h3 class=\"crd__title is-style-plain-emphasis-md\">Grade de Master Management RH et Organisations Durables<\/h3>\n\t<div class=\"crd__buttons\">\n\t\t<div class=\"wp-block-button is-style-outline-sm\"><a href=\"https:\/\/www.inseec.com\/demande-brochure\/\" class=\"wp-block-button__link\">Brochure<\/a><\/div><div class=\"wp-block-button is-style-subtle-sm\"><a href=\"https:\/\/www.inseec.com\/programme\/master-management-rh-organisations-durables\/\" class=\"wp-block-button__link\">Discover <span class=\"sr-only\">Grade de Master Management RH et Organisations Durables<\/span><\/a><\/div>\t<\/div>\n<\/div>\n\n<\/li><li class=\"wp-block-post post-81137 program type-program status-publish hentry city-bordeaux city-lyon city-paris certification-titre-rncp-niveau-7 program_language-anglais program_language-francais admission_level-bac-2 admission_level-bac-3 training_pace-alternance training_pace-initial school-grande-ecole specialisation-marketing\">\n\n<div class=\"crd crd--program\">\n\t<ul class=\"terms-list no-list-style\"><li class=\"is-style-tag-fill-sm\">Bac +2<\/li><li class=\"is-style-tag-fill-sm\">Bac +3<\/li><\/ul><h3 class=\"crd__title is-style-plain-emphasis-md\">Grade de Master Marketing Digital, Innovation et Brand Management<\/h3>\n\t<div class=\"crd__buttons\">\n\t\t<div class=\"wp-block-button is-style-outline-sm\"><a href=\"https:\/\/www.inseec.com\/demande-brochure\/\" class=\"wp-block-button__link\">Brochure<\/a><\/div><div class=\"wp-block-button is-style-subtle-sm\"><a href=\"https:\/\/www.inseec.com\/programme\/master-marketing-digital-innovation-brand-management\/\" class=\"wp-block-button__link\">Discover <span class=\"sr-only\">Grade de Master Marketing Digital, Innovation et Brand Management<\/span><\/a><\/div>\t<\/div>\n<\/div>\n\n<\/li><li class=\"wp-block-post post-81163 program type-program status-publish hentry city-lyon certification-titre-rncp-niveau-7 program_language-francais admission_level-bac-2 admission_level-bac-3 training_pace-alternance school-grande-ecole specialisation-sport\">\n\n<div class=\"crd crd--program\">\n\t<ul class=\"terms-list no-list-style\"><li class=\"is-style-tag-fill-sm\">Bac +2<\/li><li class=\"is-style-tag-fill-sm\">Bac +3<\/li><\/ul><h3 class=\"crd__title is-style-plain-emphasis-md\">Grade de Master Management du Sport et Strat\u00e9gies d\u2019Innovation<\/h3>\n\t<div class=\"crd__buttons\">\n\t\t<div class=\"wp-block-button is-style-outline-sm\"><a href=\"https:\/\/www.inseec.com\/demande-brochure\/\" class=\"wp-block-button__link\">Brochure<\/a><\/div><div class=\"wp-block-button is-style-subtle-sm\"><a href=\"https:\/\/www.inseec.com\/programme\/master-management-sport-strategies-innovation\/\" class=\"wp-block-button__link\">Discover <span class=\"sr-only\">Grade de Master Management du Sport et Strat\u00e9gies d\u2019Innovation<\/span><\/a><\/div>\t<\/div>\n<\/div>\n\n<\/li><li class=\"wp-block-post post-81159 program type-program status-publish hentry city-paris certification-titre-rncp-niveau-7 program_language-anglais admission_level-bac-2 admission_level-bac-3 training_pace-initial school-grande-ecole specialisation-luxe\">\n\n<div class=\"crd crd--program\">\n\t<ul class=\"terms-list no-list-style\"><li class=\"is-style-tag-fill-sm\">Bac +2<\/li><li class=\"is-style-tag-fill-sm\">Bac +3<\/li><\/ul><h3 class=\"crd__title is-style-plain-emphasis-md\">Grade de Master Luxury Brand Management<\/h3>\n\t<div class=\"crd__buttons\">\n\t\t<div class=\"wp-block-button is-style-outline-sm\"><a href=\"https:\/\/www.inseec.com\/demande-brochure\/\" class=\"wp-block-button__link\">Brochure<\/a><\/div><div class=\"wp-block-button is-style-subtle-sm\"><a href=\"https:\/\/www.inseec.com\/programme\/master-luxury-brand-management\/\" class=\"wp-block-button__link\">Discover <span class=\"sr-only\">Grade de Master Luxury Brand Management<\/span><\/a><\/div>\t<\/div>\n<\/div>\n\n<\/li><\/ul><\/div>\n\n\n<div class=\"wpgb-facet wpgb-loading wpgb-facet-2\" data-facet=\"2\" data-grid=\"wpgb-content-block\/60b999da70944ac3bbd671c1e6573b90\"><\/div><\/div>\n<\/div>\n<\/div>\n","protected":false},"excerpt":{"rendered":"<p>Pr\u00e9sentation Qu&#8217;est-ce qu&#8217;un Grade de Master Management RH et Organisations Durables\u00a0? Le Programme Grande \u00c9cole de l&#8217;INSEEC, sp\u00e9cialisation Management RH et Organisations Durables, vous forme aux m\u00e9tiers de la direction des ressources humaines et du d\u00e9veloppement organisationnel durable. Il est d\u2019ailleurs tout \u00e0 fait possible de rejoindre ce Grade de Master en ressources humaines afin [&hellip;]<\/p>\n","protected":false},"parent":0,"template":"","city":[475,485,499],"certification":[164],"program_language":[224],"admission_level":[189,194],"training_pace":[209],"school":[259],"specialisation":[608],"analytics_tag":[720],"class_list":["post-81154","program","type-program","status-publish","hentry","city-bordeaux","city-lyon","city-paris","certification-titre-rncp-niveau-7","program_language-francais","admission_level-bac-2","admission_level-bac-3","training_pace-alternance","school-grande-ecole","specialisation-ressources-humaines"],"acf":[],"yoast_head":"<title>Grade de Master Management RH et Organisations Durables - INSEEC<\/title>\n<meta name=\"description\" content=\"Int\u00e9grez le Grade de Master Management RH et Organisations Durables de l&#039;INSEEC. Dipl\u00f4me vis\u00e9 Bac +5, en fran\u00e7ais. Alternance \u00e0 Paris, Lyon, Bordeaux.\" \/>\n<meta name=\"robots\" content=\"index, follow, max-snippet:-1, max-image-preview:large, max-video-preview:-1\" \/>\n<link rel=\"canonical\" href=\"https:\/\/www.inseec.com\/programme\/master-management-rh-organisations-durables\/\" \/>\n<meta property=\"og:locale\" content=\"fr_FR\" \/>\n<meta property=\"og:type\" content=\"article\" \/>\n<meta property=\"og:title\" content=\"Grade de Master Management RH et Organisations Durables - INSEEC\" \/>\n<meta property=\"og:description\" content=\"Int\u00e9grez le Grade de Master Management RH et Organisations Durables de l&#039;INSEEC. Dipl\u00f4me vis\u00e9 Bac +5, en fran\u00e7ais. Alternance \u00e0 Paris, Lyon, Bordeaux.\" \/>\n<meta property=\"og:url\" content=\"https:\/\/www.inseec.com\/programme\/master-management-rh-organisations-durables\/\" \/>\n<meta property=\"og:site_name\" content=\"INSEEC\" \/>\n<meta property=\"article:modified_time\" content=\"2026-01-07T16:24:06+00:00\" \/>\n<meta property=\"og:image\" content=\"https:\/\/www.inseec.com\/wp-content\/uploads\/sites\/32\/2025\/11\/Photo-de-profil-INSEEC-ige.jpg.jpg\" \/>\n\t<meta property=\"og:image:width\" content=\"320\" \/>\n\t<meta property=\"og:image:height\" content=\"320\" \/>\n\t<meta property=\"og:image:type\" content=\"image\/jpeg\" \/>\n<meta name=\"twitter:card\" content=\"summary_large_image\" \/>\n<meta name=\"twitter:label1\" content=\"Est. reading time\" \/>\n\t<meta name=\"twitter:data1\" content=\"11 minutes\" \/>\n<script type=\"application\/ld+json\" class=\"yoast-schema-graph\">{\"@context\":\"https:\/\/schema.org\",\"@graph\":[{\"@type\":\"WebPage\",\"@id\":\"https:\/\/www.inseec.com\/programme\/master-management-rh-organisations-durables\/\",\"url\":\"https:\/\/www.inseec.com\/programme\/master-management-rh-organisations-durables\/\",\"name\":\"Grade de Master Management RH et Organisations Durables - INSEEC\",\"isPartOf\":{\"@id\":\"https:\/\/www.inseec.com\/#website\"},\"primaryImageOfPage\":{\"@id\":\"https:\/\/www.inseec.com\/programme\/master-management-rh-organisations-durables\/#primaryimage\"},\"image\":{\"@id\":\"https:\/\/www.inseec.com\/programme\/master-management-rh-organisations-durables\/#primaryimage\"},\"thumbnailUrl\":\"https:\/\/www.inseec.com\/wp-content\/uploads\/sites\/32\/2025\/12\/grade-master-logo-diplome.webp\",\"datePublished\":\"2025-12-05T09:34:32+00:00\",\"dateModified\":\"2026-01-07T16:24:06+00:00\",\"description\":\"Int\u00e9grez le Grade de Master Management RH et Organisations Durables de l'INSEEC. Dipl\u00f4me vis\u00e9 Bac +5, en fran\u00e7ais. Alternance \u00e0 Paris, Lyon, Bordeaux.\",\"breadcrumb\":{\"@id\":\"https:\/\/www.inseec.com\/programme\/master-management-rh-organisations-durables\/#breadcrumb\"},\"inLanguage\":\"fr-FR\",\"potentialAction\":[{\"@type\":\"ReadAction\",\"target\":[\"https:\/\/www.inseec.com\/programme\/master-management-rh-organisations-durables\/\"]}]},{\"@type\":\"ImageObject\",\"inLanguage\":\"fr-FR\",\"@id\":\"https:\/\/www.inseec.com\/programme\/master-management-rh-organisations-durables\/#primaryimage\",\"url\":\"https:\/\/www.inseec.com\/wp-content\/uploads\/sites\/32\/2025\/12\/grade-master-logo-diplome.webp\",\"contentUrl\":\"https:\/\/www.inseec.com\/wp-content\/uploads\/sites\/32\/2025\/12\/grade-master-logo-diplome.webp\",\"width\":261,\"height\":300},{\"@type\":\"BreadcrumbList\",\"@id\":\"https:\/\/www.inseec.com\/programme\/master-management-rh-organisations-durables\/#breadcrumb\",\"itemListElement\":[{\"@type\":\"ListItem\",\"position\":1,\"name\":\"Home\",\"item\":\"https:\/\/www.inseec.com\/\"},{\"@type\":\"ListItem\",\"position\":2,\"name\":\"Programmes\",\"item\":\"https:\/\/omneseducation.net\/inseec-2025\/program\/\"},{\"@type\":\"ListItem\",\"position\":3,\"name\":\"Grade de Master Management RH et Organisations Durables\"}]},{\"@type\":\"WebSite\",\"@id\":\"https:\/\/www.inseec.com\/#website\",\"url\":\"https:\/\/www.inseec.com\/\",\"name\":\"INSEEC\",\"description\":\"\",\"publisher\":{\"@id\":\"https:\/\/www.inseec.com\/#organization\"},\"potentialAction\":[{\"@type\":\"SearchAction\",\"target\":{\"@type\":\"EntryPoint\",\"urlTemplate\":\"https:\/\/www.inseec.com\/?s={search_term_string}\"},\"query-input\":{\"@type\":\"PropertyValueSpecification\",\"valueRequired\":true,\"valueName\":\"search_term_string\"}}],\"inLanguage\":\"fr-FR\"},{\"@type\":\"Organization\",\"@id\":\"https:\/\/www.inseec.com\/#organization\",\"name\":\"INSEEC\",\"url\":\"https:\/\/www.inseec.com\/\",\"logo\":{\"@type\":\"ImageObject\",\"inLanguage\":\"fr-FR\",\"@id\":\"https:\/\/www.inseec.com\/#\/schema\/logo\/image\/\",\"url\":\"https:\/\/www.inseec.com\/wp-content\/uploads\/sites\/32\/2025\/11\/logo.svg\",\"contentUrl\":\"https:\/\/www.inseec.com\/wp-content\/uploads\/sites\/32\/2025\/11\/logo.svg\",\"width\":173,\"height\":36,\"caption\":\"INSEEC\"},\"image\":{\"@id\":\"https:\/\/www.inseec.com\/#\/schema\/logo\/image\/\"}},{\"@context\":\"https:\/\/schema.org\",\"@type\":\"EducationalOrganization\",\"@id\":\"https:\/\/www.inseec.com\/#organization\",\"name\":\"INSEEC\",\"description\":\"\",\"url\":\"https:\/\/www.inseec.com\/\",\"logo\":\"https:\/\/www.inseec.com\/wp-content\/uploads\/sites\/32\/2025\/11\/logo.svg\",\"image\":[\"https:\/\/www.inseec.com\/wp-content\/uploads\/sites\/32\/2025\/11\/campus-hero-barcelone-inseec.jpg\",\"https:\/\/www.inseec.com\/wp-content\/uploads\/sites\/32\/2025\/11\/campus-barcelone-inseec-ville-basilique-notre-dame-de-fourviere.jpg\",\"https:\/\/www.inseec.com\/wp-content\/uploads\/sites\/32\/2025\/11\/campus-barcelone-inseec-photo-portrait.jpg\",\"https:\/\/www.inseec.com\/wp-content\/uploads\/sites\/32\/2025\/11\/campus-slider-vr-campus-barcelone-inseec-etudiants-cours-petite-salle.jpg\",\"https:\/\/www.inseec.com\/wp-content\/uploads\/sites\/32\/2025\/11\/campus-hero-munich-inseec.jpg\",\"https:\/\/www.inseec.com\/wp-content\/uploads\/sites\/32\/2025\/11\/campus-munich-inseec-ville-basilique-notre-dame-de-fourviere.jpg\",\"https:\/\/www.inseec.com\/wp-content\/uploads\/sites\/32\/2025\/11\/campus-hero-munich-inseec.jpg\",\"https:\/\/www.inseec.com\/wp-content\/uploads\/sites\/32\/2025\/11\/campus-slider-vr-campus-munich-inseec-etudiants-theatre-les-celestins.jpg\",\"https:\/\/www.inseec.com\/wp-content\/uploads\/sites\/32\/2025\/11\/campus-hero-londres-inseec.jpg\",\"https:\/\/www.inseec.com\/wp-content\/uploads\/sites\/32\/2025\/11\/campus-londres-inseec-ville-basilique-notre-dame-de-fourviere.jpg\",\"https:\/\/www.inseec.com\/wp-content\/uploads\/sites\/32\/2025\/11\/campus-hero-londres-inseec.jpg\",\"https:\/\/www.inseec.com\/wp-content\/uploads\/sites\/32\/2025\/12\/campus-slider-vr-campus-londres-inseec-bibliotheque.jpg\",\"https:\/\/www.inseec.com\/wp-content\/uploads\/sites\/32\/2025\/11\/campus-hero-chambery-inseec-resize.jpg\",\"https:\/\/www.inseec.com\/wp-content\/uploads\/sites\/32\/2025\/11\/campus-chambery-inseec-ville-horloge.jpg\",\"https:\/\/www.inseec.com\/wp-content\/uploads\/sites\/32\/2025\/11\/campus-slider-vr-campus-chambery-inseec-exterieur.jpg\",\"https:\/\/www.inseec.com\/wp-content\/uploads\/sites\/32\/2025\/11\/campus-slider-vr-campus-chambery-inseec-salle-detente.jpg\",\"https:\/\/www.inseec.com\/wp-content\/uploads\/sites\/32\/2025\/11\/campus-hero-toulouse-inseec.jpg\",\"https:\/\/www.inseec.com\/wp-content\/uploads\/sites\/32\/2025\/11\/campus-toulouse-inseec-photo-portrait.jpg\",\"https:\/\/www.inseec.com\/wp-content\/uploads\/sites\/32\/2025\/11\/campus-slider-vr-campus-toulouse-inseec-projet-de-groupe.jpg\",\"https:\/\/www.inseec.com\/wp-content\/uploads\/sites\/32\/2025\/11\/campus-slider-vr-campus-toulouse-inseec-etudiants-amphitheatre.jpg\",\"https:\/\/www.inseec.com\/wp-content\/uploads\/sites\/32\/2025\/11\/campus-hero-monaco-inseec.jpg\",\"https:\/\/www.inseec.com\/wp-content\/uploads\/sites\/32\/2025\/12\/INSEEC-Monaco-campus.webp\",\"https:\/\/www.inseec.com\/wp-content\/uploads\/sites\/32\/2025\/11\/campus-hero-monaco-inseec.jpg\",\"https:\/\/www.inseec.com\/wp-content\/uploads\/sites\/32\/2025\/11\/campus-monaco-inseec-mosaic-amis.jpg\",\"https:\/\/www.inseec.com\/wp-content\/uploads\/sites\/32\/2025\/11\/campus-hero-online-inseec.jpg\",\"https:\/\/www.inseec.com\/wp-content\/uploads\/sites\/32\/2025\/11\/guide-metier-inseec-photo-illustration-chef-de-publicite_d1bf22.jpg\",\"https:\/\/www.inseec.com\/wp-content\/uploads\/sites\/32\/2025\/11\/guide-metier-inseec-hero-chef-de-projet-evenementiel.jpg\",\"https:\/\/www.inseec.com\/wp-content\/uploads\/sites\/32\/2025\/11\/guide-metier-inseec-hero-chef-de-produit-sportif.jpg\",\"https:\/\/www.inseec.com\/wp-content\/uploads\/sites\/32\/2025\/11\/campus-hero-beaune-inseec.jpg\",\"https:\/\/www.inseec.com\/wp-content\/uploads\/sites\/32\/2025\/11\/campus-beaune-inseec-ville-cave-a-vin.jpg\",\"https:\/\/www.inseec.com\/wp-content\/uploads\/sites\/32\/2025\/11\/campus-slider-vr-campus-beaune-inseec-groupe-etudiants.jpg\",\"https:\/\/www.inseec.com\/wp-content\/uploads\/sites\/32\/2025\/11\/campus-slider-vr-campus-beaune-inseec-etudiants-1.jpg\",\"https:\/\/www.inseec.com\/wp-content\/uploads\/sites\/32\/2025\/11\/campus-hero-marseille-inseec.jpg\",\"https:\/\/www.inseec.com\/wp-content\/uploads\/sites\/32\/2023\/07\/campus2025-marseille.png\",\"https:\/\/www.inseec.com\/wp-content\/uploads\/sites\/32\/2025\/11\/campus-slider-vr-campus-marseille-inseec-canapes-detente.jpg\",\"https:\/\/www.inseec.com\/wp-content\/uploads\/sites\/32\/2025\/11\/campus-slider-vr-campus-marseille-inseec-salle-commune.jpg\",\"https:\/\/www.inseec.com\/wp-content\/uploads\/sites\/32\/2025\/11\/campus-hero-rennes-inseec.jpg\",\"https:\/\/www.inseec.com\/wp-content\/uploads\/sites\/32\/2025\/11\/campus-rennes-inseec-photo-portrait.jpg\",\"https:\/\/www.inseec.com\/wp-content\/uploads\/sites\/32\/2025\/11\/campus-rennes-inseec-mosaic-alcove-repos.jpg\",\"https:\/\/www.inseec.com\/wp-content\/uploads\/sites\/32\/2025\/11\/campus-rennes-inseec-amphitheatre-etudiantes.jpg\",\"https:\/\/www.inseec.com\/wp-content\/uploads\/sites\/32\/2025\/11\/campus-hero-lyon-inseec.webp\",\"https:\/\/www.inseec.com\/wp-content\/uploads\/sites\/32\/2025\/11\/campus-lyon-inseec-photo-portrait.jpg\",\"https:\/\/www.inseec.com\/wp-content\/uploads\/sites\/32\/2025\/11\/campus-slider-vr-campus-lyon-inseec-dalle-detente.jpg\",\"https:\/\/www.inseec.com\/wp-content\/uploads\/sites\/32\/2025\/11\/campus-slider-vr-campus-lyon-inseec-lion-rouge-hall.jpg\",\"https:\/\/www.inseec.com\/wp-content\/uploads\/sites\/32\/2025\/11\/campus-hero-bordeaux-inseec.jpg\",\"https:\/\/www.inseec.com\/wp-content\/uploads\/sites\/32\/2024\/03\/Campus-Bordeaux-Photo-1.jpg\",\"https:\/\/www.inseec.com\/wp-content\/uploads\/sites\/32\/2025\/11\/campus-bordeaux-inseec-cafeteria.jpg\",\"https:\/\/www.inseec.com\/wp-content\/uploads\/sites\/32\/2025\/11\/campus-bordeaux-inseec-terrasse-bord-garonne.jpg\",\"https:\/\/www.inseec.com\/wp-content\/uploads\/sites\/32\/2025\/11\/campus-paris.jpg\",\"https:\/\/www.inseec.com\/wp-content\/uploads\/sites\/32\/2025\/11\/campus-paris-eiffel-inseec-portrait.jpg\",\"https:\/\/www.inseec.com\/wp-content\/uploads\/sites\/32\/2025\/11\/campus-paris-vellefaux-inseec-cafeteria.jpg\",\"https:\/\/www.inseec.com\/wp-content\/uploads\/sites\/32\/2025\/11\/campus-slider-vr-campus-paris-la-defense-inseec-salle-detente.jpg\",\"https:\/\/www.inseec.com\/wp-content\/uploads\/sites\/32\/2025\/11\/campus-hero-londres-inseec.jpg\",\"https:\/\/www.inseec.com\/wp-content\/uploads\/sites\/32\/2025\/11\/campus-londres-inseec-ville-basilique-notre-dame-de-fourviere.jpg\",\"https:\/\/www.inseec.com\/wp-content\/uploads\/sites\/32\/2025\/11\/campus-hero-londres-inseec.jpg\",\"https:\/\/www.inseec.com\/wp-content\/uploads\/sites\/32\/2025\/12\/campus-slider-vr-campus-londres-inseec-bibliotheque.jpg\",\"https:\/\/www.inseec.com\/wp-content\/uploads\/sites\/32\/2025\/11\/campus-hero-monaco-inseec.jpg\",\"https:\/\/www.inseec.com\/wp-content\/uploads\/sites\/32\/2025\/12\/INSEEC-Monaco-campus.webp\",\"https:\/\/www.inseec.com\/wp-content\/uploads\/sites\/32\/2025\/11\/campus-hero-monaco-inseec.jpg\",\"https:\/\/www.inseec.com\/wp-content\/uploads\/sites\/32\/2025\/11\/campus-monaco-inseec-mosaic-amis.jpg\",\"https:\/\/www.inseec.com\/wp-content\/uploads\/sites\/32\/2025\/11\/campus-hero-munich-inseec.jpg\",\"https:\/\/www.inseec.com\/wp-content\/uploads\/sites\/32\/2025\/11\/campus-munich-inseec-ville-basilique-notre-dame-de-fourviere.jpg\",\"https:\/\/www.inseec.com\/wp-content\/uploads\/sites\/32\/2025\/11\/campus-hero-munich-inseec.jpg\",\"https:\/\/www.inseec.com\/wp-content\/uploads\/sites\/32\/2025\/11\/campus-slider-vr-campus-munich-inseec-etudiants-theatre-les-celestins.jpg\",\"https:\/\/www.inseec.com\/wp-content\/uploads\/sites\/32\/2025\/11\/campus-hero-barcelone-inseec.jpg\",\"https:\/\/www.inseec.com\/wp-content\/uploads\/sites\/32\/2025\/11\/campus-barcelone-inseec-ville-basilique-notre-dame-de-fourviere.jpg\",\"https:\/\/www.inseec.com\/wp-content\/uploads\/sites\/32\/2025\/11\/campus-barcelone-inseec-photo-portrait.jpg\",\"https:\/\/www.inseec.com\/wp-content\/uploads\/sites\/32\/2025\/11\/campus-slider-vr-campus-barcelone-inseec-etudiants-cours-petite-salle.jpg\",\"https:\/\/www.inseec.com\/wp-content\/uploads\/sites\/32\/2025\/11\/campus-hero-online-inseec.jpg\",\"https:\/\/www.inseec.com\/wp-content\/uploads\/sites\/32\/2025\/11\/guide-metier-inseec-photo-illustration-chef-de-publicite_d1bf22.jpg\",\"https:\/\/www.inseec.com\/wp-content\/uploads\/sites\/32\/2025\/11\/guide-metier-inseec-hero-chef-de-projet-evenementiel.jpg\",\"https:\/\/www.inseec.com\/wp-content\/uploads\/sites\/32\/2025\/11\/guide-metier-inseec-hero-chef-de-produit-sportif.jpg\",\"https:\/\/www.inseec.com\/wp-content\/uploads\/sites\/32\/2025\/11\/campus-hero-toulouse-inseec.jpg\",\"https:\/\/www.inseec.com\/wp-content\/uploads\/sites\/32\/2025\/11\/campus-toulouse-inseec-photo-portrait.jpg\",\"https:\/\/www.inseec.com\/wp-content\/uploads\/sites\/32\/2025\/11\/campus-slider-vr-campus-toulouse-inseec-projet-de-groupe.jpg\",\"https:\/\/www.inseec.com\/wp-content\/uploads\/sites\/32\/2025\/11\/campus-slider-vr-campus-toulouse-inseec-etudiants-amphitheatre.jpg\",\"https:\/\/www.inseec.com\/wp-content\/uploads\/sites\/32\/2025\/11\/campus-hero-marseille-inseec.jpg\",\"https:\/\/www.inseec.com\/wp-content\/uploads\/sites\/32\/2025\/11\/campus-marseille-inseec-photo-portrait.jpg\",\"https:\/\/www.inseec.com\/wp-content\/uploads\/sites\/32\/2025\/11\/campus-slider-vr-campus-marseille-inseec-canapes-detente.jpg\",\"https:\/\/www.inseec.com\/wp-content\/uploads\/sites\/32\/2025\/11\/campus-slider-vr-campus-marseille-inseec-salle-commune.jpg\",\"https:\/\/www.inseec.com\/wp-content\/uploads\/sites\/32\/2025\/11\/campus-hero-rennes-inseec.jpg\",\"https:\/\/www.inseec.com\/wp-content\/uploads\/sites\/32\/2025\/11\/campus-rennes-inseec-photo-portrait.jpg\",\"https:\/\/www.inseec.com\/wp-content\/uploads\/sites\/32\/2025\/11\/campus-rennes-inseec-mosaic-alcove-repos.jpg\",\"https:\/\/www.inseec.com\/wp-content\/uploads\/sites\/32\/2025\/11\/campus-rennes-inseec-amphitheatre-etudiantes.jpg\",\"https:\/\/www.inseec.com\/wp-content\/uploads\/sites\/32\/2025\/11\/campus-hero-chambery-inseec-resize.jpg\",\"https:\/\/www.inseec.com\/wp-content\/uploads\/sites\/32\/2025\/11\/campus-chambery-inseec-ville-horloge.jpg\",\"https:\/\/www.inseec.com\/wp-content\/uploads\/sites\/32\/2025\/11\/campus-slider-vr-campus-chambery-inseec-exterieur.jpg\",\"https:\/\/www.inseec.com\/wp-content\/uploads\/sites\/32\/2025\/11\/campus-slider-vr-campus-chambery-inseec-salle-detente.jpg\",\"https:\/\/www.inseec.com\/wp-content\/uploads\/sites\/32\/2025\/11\/campus-hero-beaune-inseec.jpg\",\"https:\/\/www.inseec.com\/wp-content\/uploads\/sites\/32\/2025\/11\/campus-beaune-inseec-ville-cave-a-vin.jpg\",\"https:\/\/www.inseec.com\/wp-content\/uploads\/sites\/32\/2025\/11\/campus-slider-vr-campus-beaune-inseec-groupe-etudiants.jpg\",\"https:\/\/www.inseec.com\/wp-content\/uploads\/sites\/32\/2025\/11\/campus-slider-vr-campus-beaune-inseec-etudiants-1.jpg\",\"https:\/\/www.inseec.com\/wp-content\/uploads\/sites\/32\/2025\/11\/campus-hero-bordeaux-inseec.jpg\",\"https:\/\/www.inseec.com\/wp-content\/uploads\/sites\/32\/2025\/11\/campus-bordeaux-inseec-facade.jpg\",\"https:\/\/www.inseec.com\/wp-content\/uploads\/sites\/32\/2025\/11\/campus-bordeaux-inseec-cafeteria.jpg\",\"https:\/\/www.inseec.com\/wp-content\/uploads\/sites\/32\/2025\/11\/campus-bordeaux-inseec-terrasse-bord-garonne.jpg\",\"https:\/\/www.inseec.com\/wp-content\/uploads\/sites\/32\/2025\/11\/campus-hero-lyon-inseec.webp\",\"https:\/\/www.inseec.com\/wp-content\/uploads\/sites\/32\/2025\/11\/campus-lyon-inseec-photo-portrait.jpg\",\"https:\/\/www.inseec.com\/wp-content\/uploads\/sites\/32\/2025\/11\/campus-slider-vr-campus-lyon-inseec-dalle-detente.jpg\",\"https:\/\/www.inseec.com\/wp-content\/uploads\/sites\/32\/2025\/11\/campus-slider-vr-campus-lyon-inseec-lion-rouge-hall.jpg\",\"https:\/\/www.inseec.com\/wp-content\/uploads\/sites\/32\/2025\/11\/campus-paris.jpg\",\"https:\/\/www.inseec.com\/wp-content\/uploads\/sites\/32\/2025\/11\/campus-paris-eiffel-inseec-portrait.jpg\",\"https:\/\/www.inseec.com\/wp-content\/uploads\/sites\/32\/2025\/11\/campus-paris-vellefaux-inseec-cafeteria.jpg\",\"https:\/\/www.inseec.com\/wp-content\/uploads\/sites\/32\/2025\/11\/campus-slider-vr-campus-paris-la-defense-inseec-salle-detente.jpg\"],\"foundingDate\":\"\",\"memberOf\":\"OMNES Education\",\"alumni\":[{\"@type\":\"Person\",\"name\":\"Lasmak Said\",\"description\":\"CEO & Cofounder\"},{\"@type\":\"Person\",\"name\":\"Dauchy Xavier\",\"description\":\"Chief Financial Officer\"},{\"@type\":\"Person\",\"name\":\"Bordeaux Thomas\",\"description\":\"Regional Manager Grand Lyon\"},{\"@type\":\"Person\",\"name\":\"Quillot Romain\",\"description\":\"Co-founder\"},{\"@type\":\"Person\",\"name\":\"Rakotomalala Rindra\",\"description\":\"Head of International Relations\"},{\"@type\":\"Person\",\"name\":\"Lacroix Oscar\",\"description\":\"Partner\"},{\"@type\":\"Person\",\"name\":\"Moderan Olivia\",\"description\":\"Manager for the Paris-South area\"},{\"@type\":\"Person\",\"name\":\"Abdelhalim Nabil\",\"description\":\"Industry Manager\"},{\"@type\":\"Person\",\"name\":\"Duhalde M\u00e9lissa\",\"description\":\"Operational Marketing Product Manager \"},{\"@type\":\"Person\",\"name\":\"M. Matthieu\",\"description\":\"Commercial real estate consultant\"},{\"@type\":\"Person\",\"name\":\"Lusset Marie-Amandine\",\"description\":\"Communications consultant\"},{\"@type\":\"Person\",\"name\":\"R. Lo\u00efc\",\"description\":\"Entrepreneur\"},{\"@type\":\"Person\",\"name\":\"Soskin Lise\",\"description\":\"RevOps\"},{\"@type\":\"Person\",\"name\":\"Estrade Guillaume\",\"description\":\"Regional Manager Grand Lyon\"},{\"@type\":\"Person\",\"name\":\"P. Clara\",\"description\":\"Head of Digital Communications EMEA\"},{\"@type\":\"Person\",\"name\":\"Serryus C\u00e9sar\",\"description\":\"Founder\"},{\"@type\":\"Person\",\"name\":\"Onimus Aur\u00e9lien\",\"description\":\"CEO\"},{\"@type\":\"Person\",\"name\":\"B. Anne-Caroline B.\",\"description\":\"Marketing & Communications Project Manager\"},{\"@type\":\"Person\",\"name\":\"Azim Ana\u00efs\",\"description\":\"Business Controller - Industry Unit\"},{\"@type\":\"Person\",\"name\":\"Viallet Nouhant Alexandre\",\"description\":\"Chief Executive Officer\"},{\"@type\":\"Person\",\"name\":\"Ikouirene Adam\",\"description\":\"Student commercial placement\"}],\"department\":[\"Bachelor\",\"Bachelor\",\"BBA\",\"BBA\",\"BTS\",\"BTS\",\"Grande \u00c9cole\",\"Grande \u00c9cole\",\"International\",\"International\",\"MSc\",\"MSc\"],\"hasCredential\":[\"Bachelor\",\"Bachelor\",\"BBA\",\"BBA\",\"BTS\",\"BTS\",\"Grande \u00c9cole\",\"Grande \u00c9cole\",\"International\",\"International\",\"MSc\",\"MSc\"]}]}<\/script>","yoast_head_json":{"title":"Grade de Master Management RH et Organisations Durables - INSEEC","description":"Int\u00e9grez le Grade de Master Management RH et Organisations Durables de l'INSEEC. Dipl\u00f4me vis\u00e9 Bac +5, en fran\u00e7ais. Alternance \u00e0 Paris, Lyon, Bordeaux.","robots":{"index":"index","follow":"follow","max-snippet":"max-snippet:-1","max-image-preview":"max-image-preview:large","max-video-preview":"max-video-preview:-1"},"canonical":"https:\/\/www.inseec.com\/programme\/master-management-rh-organisations-durables\/","og_locale":"fr_FR","og_type":"article","og_title":"Grade de Master Management RH et Organisations Durables - INSEEC","og_description":"Int\u00e9grez le Grade de Master Management RH et Organisations Durables de l'INSEEC. Dipl\u00f4me vis\u00e9 Bac +5, en fran\u00e7ais. Alternance \u00e0 Paris, Lyon, Bordeaux.","og_url":"https:\/\/www.inseec.com\/programme\/master-management-rh-organisations-durables\/","og_site_name":"INSEEC","article_modified_time":"2026-01-07T16:24:06+00:00","og_image":[{"width":320,"height":320,"url":"https:\/\/www.inseec.com\/wp-content\/uploads\/sites\/32\/2025\/11\/Photo-de-profil-INSEEC-ige.jpg.jpg","type":"image\/jpeg"}],"twitter_card":"summary_large_image","twitter_misc":{"Est. reading time":"11 minutes"},"schema":{"@context":"https:\/\/schema.org","@graph":[{"@type":"WebPage","@id":"https:\/\/www.inseec.com\/programme\/master-management-rh-organisations-durables\/","url":"https:\/\/www.inseec.com\/programme\/master-management-rh-organisations-durables\/","name":"Grade de Master Management RH et Organisations Durables - INSEEC","isPartOf":{"@id":"https:\/\/www.inseec.com\/#website"},"primaryImageOfPage":{"@id":"https:\/\/www.inseec.com\/programme\/master-management-rh-organisations-durables\/#primaryimage"},"image":{"@id":"https:\/\/www.inseec.com\/programme\/master-management-rh-organisations-durables\/#primaryimage"},"thumbnailUrl":"https:\/\/www.inseec.com\/wp-content\/uploads\/sites\/32\/2025\/12\/grade-master-logo-diplome.webp","datePublished":"2025-12-05T09:34:32+00:00","dateModified":"2026-01-07T16:24:06+00:00","description":"Int\u00e9grez le Grade de Master Management RH et Organisations Durables de l'INSEEC. Dipl\u00f4me vis\u00e9 Bac +5, en fran\u00e7ais. Alternance \u00e0 Paris, Lyon, Bordeaux.","breadcrumb":{"@id":"https:\/\/www.inseec.com\/programme\/master-management-rh-organisations-durables\/#breadcrumb"},"inLanguage":"fr-FR","potentialAction":[{"@type":"ReadAction","target":["https:\/\/www.inseec.com\/programme\/master-management-rh-organisations-durables\/"]}]},{"@type":"ImageObject","inLanguage":"fr-FR","@id":"https:\/\/www.inseec.com\/programme\/master-management-rh-organisations-durables\/#primaryimage","url":"https:\/\/www.inseec.com\/wp-content\/uploads\/sites\/32\/2025\/12\/grade-master-logo-diplome.webp","contentUrl":"https:\/\/www.inseec.com\/wp-content\/uploads\/sites\/32\/2025\/12\/grade-master-logo-diplome.webp","width":261,"height":300},{"@type":"BreadcrumbList","@id":"https:\/\/www.inseec.com\/programme\/master-management-rh-organisations-durables\/#breadcrumb","itemListElement":[{"@type":"ListItem","position":1,"name":"Home","item":"https:\/\/www.inseec.com\/"},{"@type":"ListItem","position":2,"name":"Programmes","item":"https:\/\/omneseducation.net\/inseec-2025\/program\/"},{"@type":"ListItem","position":3,"name":"Grade de Master Management RH et Organisations Durables"}]},{"@type":"WebSite","@id":"https:\/\/www.inseec.com\/#website","url":"https:\/\/www.inseec.com\/","name":"INSEEC","description":"","publisher":{"@id":"https:\/\/www.inseec.com\/#organization"},"potentialAction":[{"@type":"SearchAction","target":{"@type":"EntryPoint","urlTemplate":"https:\/\/www.inseec.com\/?s={search_term_string}"},"query-input":{"@type":"PropertyValueSpecification","valueRequired":true,"valueName":"search_term_string"}}],"inLanguage":"fr-FR"},{"@type":"Organization","@id":"https:\/\/www.inseec.com\/#organization","name":"INSEEC","url":"https:\/\/www.inseec.com\/","logo":{"@type":"ImageObject","inLanguage":"fr-FR","@id":"https:\/\/www.inseec.com\/#\/schema\/logo\/image\/","url":"https:\/\/www.inseec.com\/wp-content\/uploads\/sites\/32\/2025\/11\/logo.svg","contentUrl":"https:\/\/www.inseec.com\/wp-content\/uploads\/sites\/32\/2025\/11\/logo.svg","width":173,"height":36,"caption":"INSEEC"},"image":{"@id":"https:\/\/www.inseec.com\/#\/schema\/logo\/image\/"}},{"@context":"https:\/\/schema.org","@type":"EducationalOrganization","@id":"https:\/\/www.inseec.com\/#organization","name":"INSEEC","description":"","url":"https:\/\/www.inseec.com\/","logo":"https:\/\/www.inseec.com\/wp-content\/uploads\/sites\/32\/2025\/11\/logo.svg","image":["https:\/\/www.inseec.com\/wp-content\/uploads\/sites\/32\/2025\/11\/campus-hero-barcelone-inseec.jpg","https:\/\/www.inseec.com\/wp-content\/uploads\/sites\/32\/2025\/11\/campus-barcelone-inseec-ville-basilique-notre-dame-de-fourviere.jpg","https:\/\/www.inseec.com\/wp-content\/uploads\/sites\/32\/2025\/11\/campus-barcelone-inseec-photo-portrait.jpg","https:\/\/www.inseec.com\/wp-content\/uploads\/sites\/32\/2025\/11\/campus-slider-vr-campus-barcelone-inseec-etudiants-cours-petite-salle.jpg","https:\/\/www.inseec.com\/wp-content\/uploads\/sites\/32\/2025\/11\/campus-hero-munich-inseec.jpg","https:\/\/www.inseec.com\/wp-content\/uploads\/sites\/32\/2025\/11\/campus-munich-inseec-ville-basilique-notre-dame-de-fourviere.jpg","https:\/\/www.inseec.com\/wp-content\/uploads\/sites\/32\/2025\/11\/campus-hero-munich-inseec.jpg","https:\/\/www.inseec.com\/wp-content\/uploads\/sites\/32\/2025\/11\/campus-slider-vr-campus-munich-inseec-etudiants-theatre-les-celestins.jpg","https:\/\/www.inseec.com\/wp-content\/uploads\/sites\/32\/2025\/11\/campus-hero-londres-inseec.jpg","https:\/\/www.inseec.com\/wp-content\/uploads\/sites\/32\/2025\/11\/campus-londres-inseec-ville-basilique-notre-dame-de-fourviere.jpg","https:\/\/www.inseec.com\/wp-content\/uploads\/sites\/32\/2025\/11\/campus-hero-londres-inseec.jpg","https:\/\/www.inseec.com\/wp-content\/uploads\/sites\/32\/2025\/12\/campus-slider-vr-campus-londres-inseec-bibliotheque.jpg","https:\/\/www.inseec.com\/wp-content\/uploads\/sites\/32\/2025\/11\/campus-hero-chambery-inseec-resize.jpg","https:\/\/www.inseec.com\/wp-content\/uploads\/sites\/32\/2025\/11\/campus-chambery-inseec-ville-horloge.jpg","https:\/\/www.inseec.com\/wp-content\/uploads\/sites\/32\/2025\/11\/campus-slider-vr-campus-chambery-inseec-exterieur.jpg","https:\/\/www.inseec.com\/wp-content\/uploads\/sites\/32\/2025\/11\/campus-slider-vr-campus-chambery-inseec-salle-detente.jpg","https:\/\/www.inseec.com\/wp-content\/uploads\/sites\/32\/2025\/11\/campus-hero-toulouse-inseec.jpg","https:\/\/www.inseec.com\/wp-content\/uploads\/sites\/32\/2025\/11\/campus-toulouse-inseec-photo-portrait.jpg","https:\/\/www.inseec.com\/wp-content\/uploads\/sites\/32\/2025\/11\/campus-slider-vr-campus-toulouse-inseec-projet-de-groupe.jpg","https:\/\/www.inseec.com\/wp-content\/uploads\/sites\/32\/2025\/11\/campus-slider-vr-campus-toulouse-inseec-etudiants-amphitheatre.jpg","https:\/\/www.inseec.com\/wp-content\/uploads\/sites\/32\/2025\/11\/campus-hero-monaco-inseec.jpg","https:\/\/www.inseec.com\/wp-content\/uploads\/sites\/32\/2025\/12\/INSEEC-Monaco-campus.webp","https:\/\/www.inseec.com\/wp-content\/uploads\/sites\/32\/2025\/11\/campus-hero-monaco-inseec.jpg","https:\/\/www.inseec.com\/wp-content\/uploads\/sites\/32\/2025\/11\/campus-monaco-inseec-mosaic-amis.jpg","https:\/\/www.inseec.com\/wp-content\/uploads\/sites\/32\/2025\/11\/campus-hero-online-inseec.jpg","https:\/\/www.inseec.com\/wp-content\/uploads\/sites\/32\/2025\/11\/guide-metier-inseec-photo-illustration-chef-de-publicite_d1bf22.jpg","https:\/\/www.inseec.com\/wp-content\/uploads\/sites\/32\/2025\/11\/guide-metier-inseec-hero-chef-de-projet-evenementiel.jpg","https:\/\/www.inseec.com\/wp-content\/uploads\/sites\/32\/2025\/11\/guide-metier-inseec-hero-chef-de-produit-sportif.jpg","https:\/\/www.inseec.com\/wp-content\/uploads\/sites\/32\/2025\/11\/campus-hero-beaune-inseec.jpg","https:\/\/www.inseec.com\/wp-content\/uploads\/sites\/32\/2025\/11\/campus-beaune-inseec-ville-cave-a-vin.jpg","https:\/\/www.inseec.com\/wp-content\/uploads\/sites\/32\/2025\/11\/campus-slider-vr-campus-beaune-inseec-groupe-etudiants.jpg","https:\/\/www.inseec.com\/wp-content\/uploads\/sites\/32\/2025\/11\/campus-slider-vr-campus-beaune-inseec-etudiants-1.jpg","https:\/\/www.inseec.com\/wp-content\/uploads\/sites\/32\/2025\/11\/campus-hero-marseille-inseec.jpg","https:\/\/www.inseec.com\/wp-content\/uploads\/sites\/32\/2023\/07\/campus2025-marseille.png","https:\/\/www.inseec.com\/wp-content\/uploads\/sites\/32\/2025\/11\/campus-slider-vr-campus-marseille-inseec-canapes-detente.jpg","https:\/\/www.inseec.com\/wp-content\/uploads\/sites\/32\/2025\/11\/campus-slider-vr-campus-marseille-inseec-salle-commune.jpg","https:\/\/www.inseec.com\/wp-content\/uploads\/sites\/32\/2025\/11\/campus-hero-rennes-inseec.jpg","https:\/\/www.inseec.com\/wp-content\/uploads\/sites\/32\/2025\/11\/campus-rennes-inseec-photo-portrait.jpg","https:\/\/www.inseec.com\/wp-content\/uploads\/sites\/32\/2025\/11\/campus-rennes-inseec-mosaic-alcove-repos.jpg","https:\/\/www.inseec.com\/wp-content\/uploads\/sites\/32\/2025\/11\/campus-rennes-inseec-amphitheatre-etudiantes.jpg","https:\/\/www.inseec.com\/wp-content\/uploads\/sites\/32\/2025\/11\/campus-hero-lyon-inseec.webp","https:\/\/www.inseec.com\/wp-content\/uploads\/sites\/32\/2025\/11\/campus-lyon-inseec-photo-portrait.jpg","https:\/\/www.inseec.com\/wp-content\/uploads\/sites\/32\/2025\/11\/campus-slider-vr-campus-lyon-inseec-dalle-detente.jpg","https:\/\/www.inseec.com\/wp-content\/uploads\/sites\/32\/2025\/11\/campus-slider-vr-campus-lyon-inseec-lion-rouge-hall.jpg","https:\/\/www.inseec.com\/wp-content\/uploads\/sites\/32\/2025\/11\/campus-hero-bordeaux-inseec.jpg","https:\/\/www.inseec.com\/wp-content\/uploads\/sites\/32\/2024\/03\/Campus-Bordeaux-Photo-1.jpg","https:\/\/www.inseec.com\/wp-content\/uploads\/sites\/32\/2025\/11\/campus-bordeaux-inseec-cafeteria.jpg","https:\/\/www.inseec.com\/wp-content\/uploads\/sites\/32\/2025\/11\/campus-bordeaux-inseec-terrasse-bord-garonne.jpg","https:\/\/www.inseec.com\/wp-content\/uploads\/sites\/32\/2025\/11\/campus-paris.jpg","https:\/\/www.inseec.com\/wp-content\/uploads\/sites\/32\/2025\/11\/campus-paris-eiffel-inseec-portrait.jpg","https:\/\/www.inseec.com\/wp-content\/uploads\/sites\/32\/2025\/11\/campus-paris-vellefaux-inseec-cafeteria.jpg","https:\/\/www.inseec.com\/wp-content\/uploads\/sites\/32\/2025\/11\/campus-slider-vr-campus-paris-la-defense-inseec-salle-detente.jpg","https:\/\/www.inseec.com\/wp-content\/uploads\/sites\/32\/2025\/11\/campus-hero-londres-inseec.jpg","https:\/\/www.inseec.com\/wp-content\/uploads\/sites\/32\/2025\/11\/campus-londres-inseec-ville-basilique-notre-dame-de-fourviere.jpg","https:\/\/www.inseec.com\/wp-content\/uploads\/sites\/32\/2025\/11\/campus-hero-londres-inseec.jpg","https:\/\/www.inseec.com\/wp-content\/uploads\/sites\/32\/2025\/12\/campus-slider-vr-campus-londres-inseec-bibliotheque.jpg","https:\/\/www.inseec.com\/wp-content\/uploads\/sites\/32\/2025\/11\/campus-hero-monaco-inseec.jpg","https:\/\/www.inseec.com\/wp-content\/uploads\/sites\/32\/2025\/12\/INSEEC-Monaco-campus.webp","https:\/\/www.inseec.com\/wp-content\/uploads\/sites\/32\/2025\/11\/campus-hero-monaco-inseec.jpg","https:\/\/www.inseec.com\/wp-content\/uploads\/sites\/32\/2025\/11\/campus-monaco-inseec-mosaic-amis.jpg","https:\/\/www.inseec.com\/wp-content\/uploads\/sites\/32\/2025\/11\/campus-hero-munich-inseec.jpg","https:\/\/www.inseec.com\/wp-content\/uploads\/sites\/32\/2025\/11\/campus-munich-inseec-ville-basilique-notre-dame-de-fourviere.jpg","https:\/\/www.inseec.com\/wp-content\/uploads\/sites\/32\/2025\/11\/campus-hero-munich-inseec.jpg","https:\/\/www.inseec.com\/wp-content\/uploads\/sites\/32\/2025\/11\/campus-slider-vr-campus-munich-inseec-etudiants-theatre-les-celestins.jpg","https:\/\/www.inseec.com\/wp-content\/uploads\/sites\/32\/2025\/11\/campus-hero-barcelone-inseec.jpg","https:\/\/www.inseec.com\/wp-content\/uploads\/sites\/32\/2025\/11\/campus-barcelone-inseec-ville-basilique-notre-dame-de-fourviere.jpg","https:\/\/www.inseec.com\/wp-content\/uploads\/sites\/32\/2025\/11\/campus-barcelone-inseec-photo-portrait.jpg","https:\/\/www.inseec.com\/wp-content\/uploads\/sites\/32\/2025\/11\/campus-slider-vr-campus-barcelone-inseec-etudiants-cours-petite-salle.jpg","https:\/\/www.inseec.com\/wp-content\/uploads\/sites\/32\/2025\/11\/campus-hero-online-inseec.jpg","https:\/\/www.inseec.com\/wp-content\/uploads\/sites\/32\/2025\/11\/guide-metier-inseec-photo-illustration-chef-de-publicite_d1bf22.jpg","https:\/\/www.inseec.com\/wp-content\/uploads\/sites\/32\/2025\/11\/guide-metier-inseec-hero-chef-de-projet-evenementiel.jpg","https:\/\/www.inseec.com\/wp-content\/uploads\/sites\/32\/2025\/11\/guide-metier-inseec-hero-chef-de-produit-sportif.jpg","https:\/\/www.inseec.com\/wp-content\/uploads\/sites\/32\/2025\/11\/campus-hero-toulouse-inseec.jpg","https:\/\/www.inseec.com\/wp-content\/uploads\/sites\/32\/2025\/11\/campus-toulouse-inseec-photo-portrait.jpg","https:\/\/www.inseec.com\/wp-content\/uploads\/sites\/32\/2025\/11\/campus-slider-vr-campus-toulouse-inseec-projet-de-groupe.jpg","https:\/\/www.inseec.com\/wp-content\/uploads\/sites\/32\/2025\/11\/campus-slider-vr-campus-toulouse-inseec-etudiants-amphitheatre.jpg","https:\/\/www.inseec.com\/wp-content\/uploads\/sites\/32\/2025\/11\/campus-hero-marseille-inseec.jpg","https:\/\/www.inseec.com\/wp-content\/uploads\/sites\/32\/2025\/11\/campus-marseille-inseec-photo-portrait.jpg","https:\/\/www.inseec.com\/wp-content\/uploads\/sites\/32\/2025\/11\/campus-slider-vr-campus-marseille-inseec-canapes-detente.jpg","https:\/\/www.inseec.com\/wp-content\/uploads\/sites\/32\/2025\/11\/campus-slider-vr-campus-marseille-inseec-salle-commune.jpg","https:\/\/www.inseec.com\/wp-content\/uploads\/sites\/32\/2025\/11\/campus-hero-rennes-inseec.jpg","https:\/\/www.inseec.com\/wp-content\/uploads\/sites\/32\/2025\/11\/campus-rennes-inseec-photo-portrait.jpg","https:\/\/www.inseec.com\/wp-content\/uploads\/sites\/32\/2025\/11\/campus-rennes-inseec-mosaic-alcove-repos.jpg","https:\/\/www.inseec.com\/wp-content\/uploads\/sites\/32\/2025\/11\/campus-rennes-inseec-amphitheatre-etudiantes.jpg","https:\/\/www.inseec.com\/wp-content\/uploads\/sites\/32\/2025\/11\/campus-hero-chambery-inseec-resize.jpg","https:\/\/www.inseec.com\/wp-content\/uploads\/sites\/32\/2025\/11\/campus-chambery-inseec-ville-horloge.jpg","https:\/\/www.inseec.com\/wp-content\/uploads\/sites\/32\/2025\/11\/campus-slider-vr-campus-chambery-inseec-exterieur.jpg","https:\/\/www.inseec.com\/wp-content\/uploads\/sites\/32\/2025\/11\/campus-slider-vr-campus-chambery-inseec-salle-detente.jpg","https:\/\/www.inseec.com\/wp-content\/uploads\/sites\/32\/2025\/11\/campus-hero-beaune-inseec.jpg","https:\/\/www.inseec.com\/wp-content\/uploads\/sites\/32\/2025\/11\/campus-beaune-inseec-ville-cave-a-vin.jpg","https:\/\/www.inseec.com\/wp-content\/uploads\/sites\/32\/2025\/11\/campus-slider-vr-campus-beaune-inseec-groupe-etudiants.jpg","https:\/\/www.inseec.com\/wp-content\/uploads\/sites\/32\/2025\/11\/campus-slider-vr-campus-beaune-inseec-etudiants-1.jpg","https:\/\/www.inseec.com\/wp-content\/uploads\/sites\/32\/2025\/11\/campus-hero-bordeaux-inseec.jpg","https:\/\/www.inseec.com\/wp-content\/uploads\/sites\/32\/2025\/11\/campus-bordeaux-inseec-facade.jpg","https:\/\/www.inseec.com\/wp-content\/uploads\/sites\/32\/2025\/11\/campus-bordeaux-inseec-cafeteria.jpg","https:\/\/www.inseec.com\/wp-content\/uploads\/sites\/32\/2025\/11\/campus-bordeaux-inseec-terrasse-bord-garonne.jpg","https:\/\/www.inseec.com\/wp-content\/uploads\/sites\/32\/2025\/11\/campus-hero-lyon-inseec.webp","https:\/\/www.inseec.com\/wp-content\/uploads\/sites\/32\/2025\/11\/campus-lyon-inseec-photo-portrait.jpg","https:\/\/www.inseec.com\/wp-content\/uploads\/sites\/32\/2025\/11\/campus-slider-vr-campus-lyon-inseec-dalle-detente.jpg","https:\/\/www.inseec.com\/wp-content\/uploads\/sites\/32\/2025\/11\/campus-slider-vr-campus-lyon-inseec-lion-rouge-hall.jpg","https:\/\/www.inseec.com\/wp-content\/uploads\/sites\/32\/2025\/11\/campus-paris.jpg","https:\/\/www.inseec.com\/wp-content\/uploads\/sites\/32\/2025\/11\/campus-paris-eiffel-inseec-portrait.jpg","https:\/\/www.inseec.com\/wp-content\/uploads\/sites\/32\/2025\/11\/campus-paris-vellefaux-inseec-cafeteria.jpg","https:\/\/www.inseec.com\/wp-content\/uploads\/sites\/32\/2025\/11\/campus-slider-vr-campus-paris-la-defense-inseec-salle-detente.jpg"],"foundingDate":"","memberOf":"OMNES Education","alumni":[{"@type":"Person","name":"Lasmak Said","description":"CEO & Cofounder"},{"@type":"Person","name":"Dauchy Xavier","description":"Chief Financial Officer"},{"@type":"Person","name":"Bordeaux Thomas","description":"Regional Manager Grand Lyon"},{"@type":"Person","name":"Quillot Romain","description":"Co-founder"},{"@type":"Person","name":"Rakotomalala Rindra","description":"Head of International Relations"},{"@type":"Person","name":"Lacroix Oscar","description":"Partner"},{"@type":"Person","name":"Moderan Olivia","description":"Manager for the Paris-South area"},{"@type":"Person","name":"Abdelhalim Nabil","description":"Industry Manager"},{"@type":"Person","name":"Duhalde M\u00e9lissa","description":"Operational Marketing Product Manager "},{"@type":"Person","name":"M. Matthieu","description":"Commercial real estate consultant"},{"@type":"Person","name":"Lusset Marie-Amandine","description":"Communications consultant"},{"@type":"Person","name":"R. Lo\u00efc","description":"Entrepreneur"},{"@type":"Person","name":"Soskin Lise","description":"RevOps"},{"@type":"Person","name":"Estrade Guillaume","description":"Regional Manager Grand Lyon"},{"@type":"Person","name":"P. Clara","description":"Head of Digital Communications EMEA"},{"@type":"Person","name":"Serryus C\u00e9sar","description":"Founder"},{"@type":"Person","name":"Onimus Aur\u00e9lien","description":"CEO"},{"@type":"Person","name":"B. Anne-Caroline B.","description":"Marketing & Communications Project Manager"},{"@type":"Person","name":"Azim Ana\u00efs","description":"Business Controller - Industry Unit"},{"@type":"Person","name":"Viallet Nouhant Alexandre","description":"Chief Executive Officer"},{"@type":"Person","name":"Ikouirene Adam","description":"Student commercial placement"}],"department":["Bachelor","Bachelor","BBA","BBA","BTS","BTS","Grande \u00c9cole","Grande \u00c9cole","International","International","MSc","MSc"],"hasCredential":["Bachelor","Bachelor","BBA","BBA","BTS","BTS","Grande \u00c9cole","Grande \u00c9cole","International","International","MSc","MSc"]}]}},"lang":"fr","translations":{"fr":81154,"en":85154},"jetpack_sharing_enabled":true,"pll_sync_post":[],"_links":{"self":[{"href":"https:\/\/www.inseec.com\/wp-json\/wp\/v2\/program\/81154","targetHints":{"allow":["GET"]}}],"collection":[{"href":"https:\/\/www.inseec.com\/wp-json\/wp\/v2\/program"}],"about":[{"href":"https:\/\/www.inseec.com\/wp-json\/wp\/v2\/types\/program"}],"wp:attachment":[{"href":"https:\/\/www.inseec.com\/wp-json\/wp\/v2\/media?parent=81154"}],"wp:term":[{"taxonomy":"city","embeddable":true,"href":"https:\/\/www.inseec.com\/wp-json\/wp\/v2\/city?post=81154"},{"taxonomy":"certification","embeddable":true,"href":"https:\/\/www.inseec.com\/wp-json\/wp\/v2\/certification?post=81154"},{"taxonomy":"program_language","embeddable":true,"href":"https:\/\/www.inseec.com\/wp-json\/wp\/v2\/program_language?post=81154"},{"taxonomy":"admission_level","embeddable":true,"href":"https:\/\/www.inseec.com\/wp-json\/wp\/v2\/admission_level?post=81154"},{"taxonomy":"training_pace","embeddable":true,"href":"https:\/\/www.inseec.com\/wp-json\/wp\/v2\/training_pace?post=81154"},{"taxonomy":"school","embeddable":true,"href":"https:\/\/www.inseec.com\/wp-json\/wp\/v2\/school?post=81154"},{"taxonomy":"specialisation","embeddable":true,"href":"https:\/\/www.inseec.com\/wp-json\/wp\/v2\/specialisation?post=81154"},{"taxonomy":"analytics_tag","embeddable":true,"href":"https:\/\/www.inseec.com\/wp-json\/wp\/v2\/analytics_tag?post=81154"}],"curies":[{"name":"wp","href":"https:\/\/api.w.org\/{rel}","templated":true}]}}