{"id":81699,"date":"2025-12-03T15:15:12","date_gmt":"2025-12-03T14:15:12","guid":{"rendered":"https:\/\/www.inseec.com\/?page_id=81699"},"modified":"2025-12-03T15:15:16","modified_gmt":"2025-12-03T14:15:16","slug":"partenariats-recherche","status":"publish","type":"page","link":"https:\/\/www.inseec.com\/partenariats-recherche\/","title":{"rendered":"Les Partenariats"},"content":{"rendered":"\n<header class=\"wp-block-group alignfull wp-pattern wp-pattern-hero-partners has-global-padding is-layout-constrained wp-block-group-is-layout-constrained has-block-anchor\" style=\"margin-top:0;margin-bottom:0;padding-top:var(--wp--preset--spacing--padding-y-section);padding-bottom:var(--wp--preset--spacing--padding-y-section)\">\n<div class=\"wp-block-group alignwide wp-pattern__inner is-layout-flow wp-container-core-group-is-layout-3fccdef8 wp-block-group-is-layout-flow has-block-anchor\">\n<div class=\"wp-block-group wp-pattern__header is-vertical is-content-justification-center is-layout-flex wp-container-core-group-is-layout-5cdabe57 wp-block-group-is-layout-flex has-block-anchor\">\n<h1 class=\"wp-block-heading has-text-align-center is-style-display-emphasis-d3 has-on-surface-color has-text-color has-link-color wp-elements-72e96e2e263fe6e48a582c09f0862e34\" id=\"les-partenariats\">Les Partenariats<\/h1>\n\n\n\n<p class=\"has-text-align-center is-style-plain-default-xl has-on-surface-subtle-color has-text-color has-link-color wp-elements-07bd486e69bc79d1949bd83fd52e8887\">Ces partenariats cr\u00e9ent un lien direct entre nos \u00e9coles et les entreprises, illustrant la vitalit\u00e9 des \u00e9changes entre recherche, innovation et r\u00e9alit\u00e9s socio-\u00e9conomiques.<\/p>\n<\/div>\n\n\n\n<div class=\"wp-block-group is-vertical is-content-justification-center is-layout-flex wp-container-core-group-is-layout-0437a454 wp-block-group-is-layout-flex\">\n<div class=\"wp-block-group is-content-justification-center is-layout-flex wp-container-core-group-is-layout-10430e69 wp-block-group-is-layout-flex\">\n<figure class=\"wp-block-image size-logo\"><img loading=\"lazy\" decoding=\"async\" src=\"https:\/\/www.inseec.com\/wp-content\/uploads\/sites\/32\/2025\/12\/logo-entreprise-partenaire-inseec-vinitech-sifel.webp?resize=80,32\" alt=\"\" class=\"wp-image-81813\" style=\"aspect-ratio:80\/40;object-fit:contain\"\/ width=\"80\" height=\"32\" srcset=\"https:\/\/www.inseec.com\/wp-content\/uploads\/sites\/32\/2025\/12\/logo-entreprise-partenaire-inseec-vinitech-sifel.webp 99w, https:\/\/www.inseec.com\/wp-content\/uploads\/sites\/32\/2025\/12\/logo-entreprise-partenaire-inseec-vinitech-sifel.webp?resize=80,32 80w, https:\/\/www.inseec.com\/wp-content\/uploads\/sites\/32\/2025\/12\/logo-entreprise-partenaire-inseec-vinitech-sifel.webp?resize=24,10 24w, https:\/\/www.inseec.com\/wp-content\/uploads\/sites\/32\/2025\/12\/logo-entreprise-partenaire-inseec-vinitech-sifel.webp?resize=48,19 48w, https:\/\/www.inseec.com\/wp-content\/uploads\/sites\/32\/2025\/12\/logo-entreprise-partenaire-inseec-vinitech-sifel.webp?resize=40,16 40w\" sizes=\"auto, (max-width: 80px) 100vw, 80px\" \/><\/figure>\n\n\n\n<figure class=\"wp-block-image size-logo\"><img loading=\"lazy\" decoding=\"async\" src=\"https:\/\/www.inseec.com\/wp-content\/uploads\/sites\/32\/2025\/12\/logo-entreprise-partenaire-inseec-renfort.webp?resize=80,30\" alt=\"\" class=\"wp-image-81812\" style=\"aspect-ratio:80\/40;object-fit:contain\"\/ width=\"80\" height=\"30\" srcset=\"https:\/\/www.inseec.com\/wp-content\/uploads\/sites\/32\/2025\/12\/logo-entreprise-partenaire-inseec-renfort.webp 105w, https:\/\/www.inseec.com\/wp-content\/uploads\/sites\/32\/2025\/12\/logo-entreprise-partenaire-inseec-renfort.webp?resize=80,30 80w, https:\/\/www.inseec.com\/wp-content\/uploads\/sites\/32\/2025\/12\/logo-entreprise-partenaire-inseec-renfort.webp?resize=24,9 24w, https:\/\/www.inseec.com\/wp-content\/uploads\/sites\/32\/2025\/12\/logo-entreprise-partenaire-inseec-renfort.webp?resize=48,18 48w, https:\/\/www.inseec.com\/wp-content\/uploads\/sites\/32\/2025\/12\/logo-entreprise-partenaire-inseec-renfort.webp?resize=40,15 40w\" sizes=\"auto, (max-width: 80px) 100vw, 80px\" \/><\/figure>\n\n\n\n<figure class=\"wp-block-image size-logo\"><img loading=\"lazy\" decoding=\"async\" src=\"https:\/\/www.inseec.com\/wp-content\/uploads\/sites\/32\/2025\/12\/logo-entreprise-partenaire-inseec-innovin.webp?resize=80,39\" alt=\"\" class=\"wp-image-81811\" style=\"aspect-ratio:80\/40;object-fit:contain\"\/ width=\"80\" height=\"39\" srcset=\"https:\/\/www.inseec.com\/wp-content\/uploads\/sites\/32\/2025\/12\/logo-entreprise-partenaire-inseec-innovin.webp 82w, https:\/\/www.inseec.com\/wp-content\/uploads\/sites\/32\/2025\/12\/logo-entreprise-partenaire-inseec-innovin.webp?resize=80,39 80w, https:\/\/www.inseec.com\/wp-content\/uploads\/sites\/32\/2025\/12\/logo-entreprise-partenaire-inseec-innovin.webp?resize=24,12 24w, https:\/\/www.inseec.com\/wp-content\/uploads\/sites\/32\/2025\/12\/logo-entreprise-partenaire-inseec-innovin.webp?resize=48,23 48w, https:\/\/www.inseec.com\/wp-content\/uploads\/sites\/32\/2025\/12\/logo-entreprise-partenaire-inseec-innovin.webp?resize=40,20 40w\" sizes=\"auto, (max-width: 80px) 100vw, 80px\" \/><\/figure>\n\n\n\n<figure class=\"wp-block-image size-logo is-resized\"><img loading=\"lazy\" decoding=\"async\" width=\"40\" height=\"40\" src=\"https:\/\/www.inseec.com\/wp-content\/uploads\/sites\/32\/2025\/12\/logo-entreprise-partenaire-inseec-bordeaux-families.webp?w=40\" alt=\"\" class=\"wp-image-81814\" style=\"aspect-ratio:2;object-fit:contain;width:60px;height:auto\" srcset=\"https:\/\/www.inseec.com\/wp-content\/uploads\/sites\/32\/2025\/12\/logo-entreprise-partenaire-inseec-bordeaux-families.webp 40w, https:\/\/www.inseec.com\/wp-content\/uploads\/sites\/32\/2025\/12\/logo-entreprise-partenaire-inseec-bordeaux-families.webp?resize=24,24 24w\" sizes=\"auto, (max-width: 40px) 100vw, 40px\" \/><\/figure>\n\n\n\n<figure class=\"wp-block-image size-logo\"><img loading=\"lazy\" decoding=\"async\" src=\"https:\/\/www.inseec.com\/wp-content\/uploads\/sites\/32\/2025\/12\/logo-entreprise-partenaire-inseec-dartess.webp?resize=80,34\" alt=\"\" class=\"wp-image-81810\" style=\"aspect-ratio:80\/40;object-fit:contain\"\/ width=\"80\" height=\"34\" srcset=\"https:\/\/www.inseec.com\/wp-content\/uploads\/sites\/32\/2025\/12\/logo-entreprise-partenaire-inseec-dartess.webp 94w, https:\/\/www.inseec.com\/wp-content\/uploads\/sites\/32\/2025\/12\/logo-entreprise-partenaire-inseec-dartess.webp?resize=80,34 80w, https:\/\/www.inseec.com\/wp-content\/uploads\/sites\/32\/2025\/12\/logo-entreprise-partenaire-inseec-dartess.webp?resize=24,10 24w, https:\/\/www.inseec.com\/wp-content\/uploads\/sites\/32\/2025\/12\/logo-entreprise-partenaire-inseec-dartess.webp?resize=48,20 48w, https:\/\/www.inseec.com\/wp-content\/uploads\/sites\/32\/2025\/12\/logo-entreprise-partenaire-inseec-dartess.webp?resize=40,17 40w\" sizes=\"auto, (max-width: 80px) 100vw, 80px\" \/><\/figure>\n\n\n\n<figure class=\"wp-block-image size-logo\"><img loading=\"lazy\" decoding=\"async\" width=\"73\" height=\"40\" src=\"https:\/\/www.inseec.com\/wp-content\/uploads\/sites\/32\/2025\/12\/logo-entreprise-partenaire-inseec-chateau-le-grand-verdus.webp?w=73\" alt=\"\" class=\"wp-image-81809\" style=\"aspect-ratio:80\/40;object-fit:contain\" srcset=\"https:\/\/www.inseec.com\/wp-content\/uploads\/sites\/32\/2025\/12\/logo-entreprise-partenaire-inseec-chateau-le-grand-verdus.webp 73w, https:\/\/www.inseec.com\/wp-content\/uploads\/sites\/32\/2025\/12\/logo-entreprise-partenaire-inseec-chateau-le-grand-verdus.webp?resize=24,13 24w, https:\/\/www.inseec.com\/wp-content\/uploads\/sites\/32\/2025\/12\/logo-entreprise-partenaire-inseec-chateau-le-grand-verdus.webp?resize=48,26 48w, https:\/\/www.inseec.com\/wp-content\/uploads\/sites\/32\/2025\/12\/logo-entreprise-partenaire-inseec-chateau-le-grand-verdus.webp?resize=40,22 40w\" sizes=\"auto, (max-width: 73px) 100vw, 73px\" \/><\/figure>\n\n\n\n<figure class=\"wp-block-image size-logo\"><img loading=\"lazy\" decoding=\"async\" width=\"73\" height=\"40\" src=\"https:\/\/www.inseec.com\/wp-content\/uploads\/sites\/32\/2025\/12\/logo-entreprise-partenaire-inseec-bordeaux-negoce.webp?w=73\" alt=\"\" class=\"wp-image-81808\" style=\"aspect-ratio:80\/40;object-fit:contain\" srcset=\"https:\/\/www.inseec.com\/wp-content\/uploads\/sites\/32\/2025\/12\/logo-entreprise-partenaire-inseec-bordeaux-negoce.webp 73w, https:\/\/www.inseec.com\/wp-content\/uploads\/sites\/32\/2025\/12\/logo-entreprise-partenaire-inseec-bordeaux-negoce.webp?resize=24,13 24w, https:\/\/www.inseec.com\/wp-content\/uploads\/sites\/32\/2025\/12\/logo-entreprise-partenaire-inseec-bordeaux-negoce.webp?resize=48,26 48w, https:\/\/www.inseec.com\/wp-content\/uploads\/sites\/32\/2025\/12\/logo-entreprise-partenaire-inseec-bordeaux-negoce.webp?resize=40,22 40w\" sizes=\"auto, (max-width: 73px) 100vw, 73px\" \/><\/figure>\n\n\n\n<figure class=\"wp-block-image size-logo\"><img loading=\"lazy\" decoding=\"async\" src=\"https:\/\/www.inseec.com\/wp-content\/uploads\/sites\/32\/2025\/12\/logo-entreprise-partenaire-inseec-federation-francaise-spiritueux.webp?resize=80,28\" alt=\"\" class=\"wp-image-81807\" style=\"aspect-ratio:80\/40;object-fit:contain\"\/ width=\"80\" height=\"28\" srcset=\"https:\/\/www.inseec.com\/wp-content\/uploads\/sites\/32\/2025\/12\/logo-entreprise-partenaire-inseec-federation-francaise-spiritueux.webp 116w, https:\/\/www.inseec.com\/wp-content\/uploads\/sites\/32\/2025\/12\/logo-entreprise-partenaire-inseec-federation-francaise-spiritueux.webp?resize=80,28 80w, https:\/\/www.inseec.com\/wp-content\/uploads\/sites\/32\/2025\/12\/logo-entreprise-partenaire-inseec-federation-francaise-spiritueux.webp?resize=24,8 24w, https:\/\/www.inseec.com\/wp-content\/uploads\/sites\/32\/2025\/12\/logo-entreprise-partenaire-inseec-federation-francaise-spiritueux.webp?resize=48,17 48w, https:\/\/www.inseec.com\/wp-content\/uploads\/sites\/32\/2025\/12\/logo-entreprise-partenaire-inseec-federation-francaise-spiritueux.webp?resize=40,14 40w\" sizes=\"auto, (max-width: 80px) 100vw, 80px\" \/><\/figure>\n<\/div>\n<\/div>\n<\/div>\n<\/header>\n\n\n\n<header class=\"wp-block-group alignfull wp-pattern wp-pattern-hero-simple wp-pattern-hero-simple-align-left has-global-padding is-layout-constrained wp-container-core-group-is-layout-f44e15e6 wp-block-group-is-layout-constrained has-block-anchor\" style=\"margin-top:0;margin-bottom:0;padding-top:var(--wp--preset--spacing--padding-y-section);padding-bottom:var(--wp--preset--spacing--padding-y-section)\">\n<div class=\"wp-block-group alignwide has-global-padding is-layout-constrained wp-container-core-group-is-layout-a82a1774 wp-block-group-is-layout-constrained has-block-anchor\">\n<div class=\"wp-block-group is-vertical is-layout-flex wp-container-core-group-is-layout-bd7877ba wp-block-group-is-layout-flex has-block-anchor\">\n<h2 class=\"wp-block-heading is-style-heading-emphasis-h1 has-on-surface-color has-text-color has-link-color wp-elements-7b451a2d94210b5d2c1ffb9dc85842e0\" id=\"les-chaires-dentreprise\">Les Chaires d&#8217;entreprise<\/h2>\n<\/div>\n\n\n\n<p class=\"is-style-plain-default-lg has-on-surface-subtle-color has-text-color has-link-color wp-elements-d3fd05cddb2673f15b717b4bef7d2dfb\">Ces initiatives visent \u00e0 promouvoir l\u2019excellence acad\u00e9mique, la recherche, et l\u2019innovation pour tous. Ces chaires, men\u00e9es par des laboratoires de recherche des diff\u00e9rentes \u00e9coles, \u00e9ventuellement en collaboration avec d\u2019autres institutions ou organismes de recherche, impliquent un ou plusieurs partenaires industriels.<\/p>\n<\/div>\n<\/header>\n\n\n\n<div class=\"wp-block-group alignwide wp-pattern wp-pattern-faq-image is-layout-flow wp-block-group-is-layout-flow has-block-anchor\" style=\"margin-top:0;margin-bottom:0;padding-top:var(--wp--preset--spacing--6-xl);padding-bottom:var(--wp--preset--spacing--6-xl)\">\n<div class=\"wp-block-columns is-layout-flex wp-container-core-columns-is-layout-85549952 wp-block-columns-is-layout-flex has-block-anchor\">\n<div class=\"wp-block-column is-layout-flow wp-container-core-column-is-layout-e67eb3c6 wp-block-column-is-layout-flow\" style=\"flex-basis:31.8%\">\n<figure class=\"wp-block-image size-3-4-portrait-small is-resized\"><img loading=\"lazy\" decoding=\"async\" src=\"https:\/\/www.inseec.com\/wp-content\/uploads\/sites\/32\/2022\/09\/vin-e1662730232856.jpg?resize=330,440\" alt=\"\" class=\"wp-image-26375\" style=\"object-fit:cover;width:331px;height:auto\"\/ width=\"330\" height=\"440\" srcset=\"https:\/\/www.inseec.com\/wp-content\/uploads\/sites\/32\/2022\/09\/vin-e1662730232856.jpg?resize=180,240 180w, https:\/\/www.inseec.com\/wp-content\/uploads\/sites\/32\/2022\/09\/vin-e1662730232856.jpg?resize=360,480 360w, https:\/\/www.inseec.com\/wp-content\/uploads\/sites\/32\/2022\/09\/vin-e1662730232856.jpg?resize=218,291 218w, https:\/\/www.inseec.com\/wp-content\/uploads\/sites\/32\/2022\/09\/vin-e1662730232856.jpg?resize=436,582 436w, https:\/\/www.inseec.com\/wp-content\/uploads\/sites\/32\/2022\/09\/vin-e1662730232856.jpg?resize=225,300 225w, https:\/\/www.inseec.com\/wp-content\/uploads\/sites\/32\/2022\/09\/vin-e1662730232856.jpg?resize=450,600 450w, https:\/\/www.inseec.com\/wp-content\/uploads\/sites\/32\/2022\/09\/vin-e1662730232856.jpg?resize=240,320 240w, https:\/\/www.inseec.com\/wp-content\/uploads\/sites\/32\/2022\/09\/vin-e1662730232856.jpg?resize=480,640 480w, https:\/\/www.inseec.com\/wp-content\/uploads\/sites\/32\/2022\/09\/vin-e1662730232856.jpg?resize=330,440 330w\" sizes=\"auto, (max-width: 330px) 100vw, 330px\" \/><\/figure>\n<\/div>\n\n\n\n<div class=\"wp-block-column is-layout-flow wp-container-core-column-is-layout-8a368f38 wp-block-column-is-layout-flow\" style=\"flex-basis:57.5%\">\n<div class=\"wp-block-group is-vertical is-layout-flex wp-container-core-group-is-layout-9305dc88 wp-block-group-is-layout-flex has-block-anchor\" style=\"margin-bottom:var(--wp--preset--spacing--2-xl)\">\n<div class=\"wp-block-group is-vertical is-layout-flex wp-container-core-group-is-layout-bd7877ba wp-block-group-is-layout-flex has-block-anchor\">\n<p class=\"is-style-heading-default-eyebrow has-on-surface-color has-text-color has-link-color wp-elements-df053d7bbf2cd2619fbc33c895ea6ebb\">Chaires<\/p>\n\n\n\n<h2 class=\"wp-block-heading is-style-heading-emphasis-h2 has-on-surface-color has-text-color has-link-color wp-elements-68d8707995800b0cf347a4c087543e96\" id=\"vins-et-spiritueux\">Vins et Spiritueux<\/h2>\n<\/div>\n\n\n\n<p class=\"is-style-plain-default-md has-on-surface-subtle-color has-text-color has-link-color wp-elements-b1de3cc8daefa50ec7ce7f45b425a789\">N\u00e9 au c\u0153ur du vignoble bordelais, l\u2019INSEEC poursuit son d\u00e9veloppement dans le vin et les spiritueux avec la cr\u00e9ation d\u2019une chaire d\u00e9di\u00e9e aux vins et spiritueux bas\u00e9e sur un savoir-faire reconnu dans le monde entier. Elle est dirig\u00e9e par\u00a0<a href=\"https:\/\/www.omneseducation.com\/teacher\/cardebat-jean-marie\/\" target=\"_blank\" rel=\"noreferrer noopener\">Jean-Marie CARDEBAT<\/a>, enseignant-chercheur \u00e0 l\u2019<a href=\"https:\/\/www.inseec.com\/grande-ecole\/\">INSEEC Grande \u00c9cole<\/a> Bordeaux.<\/p>\n<\/div>\n\n\n\n<details class=\"wp-block-details is-style-default is-layout-flow wp-container-core-details-is-layout-9ec55b31 wp-block-details-is-layout-flow\"><summary><h3>Objectif<\/h3><\/summary>\n<div class=\"wp-block-group is-vertical is-layout-flex wp-container-core-group-is-layout-a2e3e733 wp-block-group-is-layout-flex\">\n<p class=\"is-style-plain-emphasis-sm has-on-surface-color has-text-color has-link-color wp-elements-34a386d572130cd894b7bbc534ff38e4\">La chaire Vins et Spiritueux de l\u2019INSEEC<\/p>\n\n\n\n<p class=\"is-style-plain-default-sm has-on-surface-subtle-color has-text-color has-link-color wp-elements-b72c4366da6993df4c07ab68ea88ed95\">Elle a pour vocation de\u00a0d\u00e9velopper des recherches sur les th\u00e9matiques li\u00e9es au vin et spiritueux en proposant des id\u00e9es et des solutions novatrices et visibles au niveau r\u00e9gional, national et international. Elle a l\u2019ambition de constituer un p\u00f4le de r\u00e9f\u00e9rence \u00e0 l\u2019\u00e9chelle internationale dans la recherche appliqu\u00e9e en \u00e9conomie et management de la fili\u00e8re viti-vinicole et des spiritueux.<\/p>\n<\/div>\n<\/details>\n\n\n\n<details class=\"wp-block-details is-style-default is-layout-flow wp-container-core-details-is-layout-9ec55b31 wp-block-details-is-layout-flow\"><summary><h3>Mod\u00e8le Think Tanks<\/h3><\/summary>\n<div class=\"wp-block-group is-vertical is-layout-flex wp-container-core-group-is-layout-a2e3e733 wp-block-group-is-layout-flex\">\n<p class=\"is-style-plain-emphasis-sm has-on-surface-color has-text-color has-link-color wp-elements-e56f45a3339a96889b2f8387e10ced3f\">Sur le mod\u00e8le des Think Tanks<\/p>\n\n\n\n<p class=\"is-style-plain-default-sm has-on-surface-subtle-color has-text-color has-link-color wp-elements-d176ab633e601d5d1ef47f21a9c71389\">Cette chaire souhaite offrir aux entreprises partenaires une r\u00e9flexion prospective sur l\u2019avenir de la fili\u00e8re et des march\u00e9s internationaux. L\u2019impact des facteurs micro et macro\u00e9conomiques affectant l\u2019offre, la demande et les prix du vin seront analys\u00e9s. La Chaire se veut un pont entre la recherche acad\u00e9mique et les d\u00e9marches innovantes des entreprises.<\/p>\n<\/div>\n<\/details>\n\n\n\n<details class=\"wp-block-details is-style-default is-layout-flow wp-container-core-details-is-layout-9ec55b31 wp-block-details-is-layout-flow\"><summary><h3>Domaines de Recherche<\/h3><\/summary>\n<div class=\"wp-block-group is-vertical is-layout-flex wp-container-core-group-is-layout-a2e3e733 wp-block-group-is-layout-flex\">\n<p class=\"is-style-plain-emphasis-sm has-on-surface-color has-text-color has-link-color wp-elements-787a3b85017987a2cacee425193bc15d\">Les domaines de recherche dans les Vins et Spiritueux<\/p>\n\n\n\n<p class=\"is-style-plain-default-sm has-on-surface-subtle-color has-text-color has-link-color wp-elements-d4d9908473fa88bcb919ec682f94d7fb\">Les domaines de recherche concernent l\u2019ensemble des acteurs de la fili\u00e8re tout au long de la cha\u00eene de valeur, y compris les institutions publiques et priv\u00e9es qui ont pour mission de valoriser les territoires. L\u2019avenir des m\u00e9tiers du vin y est explor\u00e9 avec une attention particuli\u00e8re face aux multiples enjeux actuels (transition \u00e9cologique et \u00e9nerg\u00e9tique, climat, sant\u00e9 publique, nouvelles attitudes des consommateurs, concurrence internationale, digitalisation, etc.).<\/p>\n<\/div>\n<\/details>\n\n\n\n<details class=\"wp-block-details is-style-default is-layout-flow wp-container-core-details-is-layout-9ec55b31 wp-block-details-is-layout-flow\"><summary><h3>Les Partenaires<\/h3><\/summary>\n<div class=\"wp-block-group is-vertical is-layout-flex wp-container-core-group-is-layout-a2e3e733 wp-block-group-is-layout-flex\">\n<p class=\"is-style-plain-emphasis-sm has-on-surface-color has-text-color has-link-color wp-elements-8a367d9b52fc3795f7116e74ec269a79\">La Chaire Vins et Spiritueux a construit une relation de confiance avec chacun de ses partenaires :<\/p>\n\n\n\n<ul class=\"wp-block-list\">\n<li><a href=\"https:\/\/www.bdxfamilies.fr\/\" target=\"_blank\" rel=\"noreferrer noopener\">Bordeaux Families<\/a><\/li>\n\n\n\n<li><a href=\"https:\/\/www.bordeaux-negoce.com\/\" target=\"_blank\" rel=\"noreferrer noopener\">Bordeaux N\u00e9goce<\/a><\/li>\n\n\n\n<li><a href=\"https:\/\/innovin.fr\/\" target=\"_blank\" rel=\"noreferrer noopener\">Inno\u2019vin<\/a><\/li>\n\n\n\n<li><a href=\"https:\/\/www.dartess.fr\/\" target=\"_blank\" rel=\"noreferrer noopener\">DARTESS<\/a><\/li>\n\n\n\n<li><a href=\"https:\/\/renfort.fr\/\">RENFORT EMBOUTEILLAGE<\/a><\/li>\n\n\n\n<li><a href=\"https:\/\/www.vinitech-sifel.com\/fr\/content\/beam-vinitech\" target=\"_blank\" rel=\"noreferrer noopener\">BEAM Vinitech<\/a><\/li>\n\n\n\n<li><a href=\"https:\/\/www.chateaulegrandverdus.com\/\" target=\"_blank\" rel=\"noreferrer noopener\">Ch\u00e2teau Le Grand Verdus<\/a><\/li>\n\n\n\n<li><a href=\"https:\/\/www.spiritueux.fr\/?lang=en\" target=\"_blank\" rel=\"noreferrer noopener\">F\u00e9d\u00e9ration Fran\u00e7aise des Spiritueux<\/a><\/li>\n<\/ul>\n<\/div>\n<\/details>\n\n\n\n<details class=\"wp-block-details is-style-default is-layout-flow wp-container-core-details-is-layout-9ec55b31 wp-block-details-is-layout-flow\"><summary><h3>Publications Scientifiques<\/h3><\/summary>\n<div class=\"wp-block-group is-vertical is-layout-flex wp-container-core-group-is-layout-a2e3e733 wp-block-group-is-layout-flex\">\n<p class=\"is-style-plain-emphasis-sm has-on-surface-color has-text-color has-link-color wp-elements-40309cfeedf843932128a0d18a32eeaa\">D\u00e9couvrez quelques publications scientifiques Vins et Spiritueux<\/p>\n\n\n\n<ul class=\"wp-block-list\">\n<li><a href=\"https:\/\/www.researchgate.net\/publication\/378011737_Wine_industry_prospective_2035-C1\" target=\"_blank\" rel=\"noreferrer noopener\">CARDEBAT, J. M., B. FAYE, H. HOCQUARD, <strong>\u201cShared stakeholder views on the future of the world wine industry competitiveness. A foresight analysis beyond the forecasting models\u201d<\/strong> Syst\u00e8mes Alimentaires \/ Food Systems, 2024 (CNRS :4)<\/a><\/li>\n\n\n\n<li><a href=\"https:\/\/www.emerald.com\/insight\/content\/doi\/10.1108\/ijwbr-10-2022-0039\/full\/html\" target=\"_blank\" rel=\"noreferrer noopener\">CARDEBAT, J. M., A. SPIGA ANTONIO, <strong>\u201cDefining the identity-image gap: an analysis of a collective wine brand\u201d<\/strong> International Journal of Wine Business Research, 2023 (ABDC :B)<\/a><\/li>\n\n\n\n<li><a href=\"https:\/\/onlinelibrary.wiley.com\/doi\/full\/10.1111\/ajae.12335\" target=\"_blank\" rel=\"noreferrer noopener\">BARGAIN, O., J.-M. CARDEBAT, R. CHIAPPINI, <strong>\u201cTrade Uncorked: Genetic Distance and Taste-related Barriers in Wine Trade\u201d<\/strong>, American Journal of Agricultural Economics, 2022 (ABDC :A*, CNRS :1, ABS :3)<\/a><\/li>\n\n\n\n<li><a href=\"https:\/\/hal.science\/hal-03603071\/document#:~:text=Generic%20Bordeaux%20red%20wines%20experienced,was%20assimilated%20in%20subsequent%20forecasts.\" target=\"_blank\" rel=\"noreferrer noopener\">CARDEBAT, J.-M., S. BAZEN<strong>, \u201cWhy have Bordeaux wine prices become so difficult to forecast?\u201d<\/strong>, Economics Bulletin, 2022, vol. 42(1) (ABDC :C, CNRS :3)<\/a><\/li>\n\n\n\n<li><a href=\"https:\/\/onlinelibrary.wiley.com\/doi\/10.1002\/agr.21748\" target=\"_blank\" rel=\"noreferrer noopener\">NIKLAS, B., J. M. CARDEBAT, R. M. BACK, D. GAETA, V. PINILLA, J. REBELO, R. JARA\u2010ROJAS, G. SCHAMEL,<strong> \u201cWine industry perceptions and reactions to the COVID\u201019 crisis in the Old and New Worlds: Do business models make a difference?\u201d<\/strong>,\u00a0<em>Agribusiness<\/em>, 2022 (ABDC :C, CNRS :4)<\/a><\/li>\n<\/ul>\n<\/div>\n<\/details>\n\n\n\n<details class=\"wp-block-details is-style-default is-layout-flow wp-container-core-details-is-layout-9ec55b31 wp-block-details-is-layout-flow\"><summary><h3>Articles<\/h3><\/summary>\n<div class=\"wp-block-group is-vertical is-layout-flex wp-container-core-group-is-layout-a2e3e733 wp-block-group-is-layout-flex\">\n<p class=\"is-style-plain-emphasis-sm has-on-surface-color has-text-color has-link-color wp-elements-e6e66fe32b96775ac1ceb0db6aaa8288\">D\u00e9couvrez quelques articles Vins et Spiritueux<\/p>\n\n\n\n<ul class=\"wp-block-list\">\n<li><strong><a href=\"https:\/\/theconversation.com\/les-vins-francais-doivent-ils-craindre-une-nouvelle-taxe-trump-243987\" target=\"_blank\" rel=\"noreferrer noopener\">Les vins fran\u00e7ais\u00a0doivent-ils\u00a0craindre une nouvelle taxe Trump\u00a0?<\/a><\/strong><\/li>\n\n\n\n<li><strong><a href=\"https:\/\/theconversation.com\/loenotourisme-pour-les-vignerons-entre-evidence-et-obligation-economique-240127\" target=\"_blank\" rel=\"noreferrer noopener\">L\u2019\u0153notourisme : pour les vignerons, entre \u00e9vidence et obligation \u00e9conomique<\/a><\/strong><\/li>\n\n\n\n<li><strong><a href=\"https:\/\/theconversation.com\/les-vins-petillants-anglais-vont-ils-detroner-le-champagne-232994\" target=\"_blank\" rel=\"noreferrer noopener\">Les vins p\u00e9tillants anglais\u00a0vont-ils\u00a0d\u00e9tr\u00f4ner le\u00a0champagne\u00a0?<\/a><\/strong><\/li>\n\n\n\n<li><strong><a href=\"https:\/\/theconversation.com\/prix-planchers-dans-lagriculture-producteurs-et-consommateurs-pourraient-bien-y-perdre-227582\" target=\"_blank\" rel=\"noreferrer noopener\">Prix planchers dans l\u2019agriculture\u00a0: producteurs et consommateurs pourraient bien y\u00a0perdre<\/a><\/strong><\/li>\n\n\n\n<li><strong><a href=\"https:\/\/theconversation.com\/le-sans-alcool-est-il-lavenir-du-vin-222172\" target=\"_blank\" rel=\"noreferrer noopener\">Le \u00ab\u00a0sans alcool\u00a0\u00bb\u00a0est-il\u00a0l\u2019avenir\u00a0du\u00a0vin\u00a0?<\/a><\/strong><\/li>\n\n\n\n<li><strong><a href=\"https:\/\/theconversation.com\/a-qui-profitent-vraiment-les-foires-aux-vins-213118\" target=\"_blank\" rel=\"noreferrer noopener\">\u00c0 qui profitent vraiment les foires aux\u00a0vins\u00a0?<\/a><\/strong><\/li>\n<\/ul>\n<\/div>\n<\/details>\n<\/div>\n<\/div>\n<\/div>\n\n\n\n<div class=\"wp-block-group alignwide wp-pattern wp-pattern-faq-image is-layout-flow wp-block-group-is-layout-flow has-block-anchor\" style=\"margin-top:0;margin-bottom:0;padding-top:var(--wp--preset--spacing--6-xl);padding-bottom:var(--wp--preset--spacing--6-xl)\">\n<div class=\"wp-block-columns is-layout-flex wp-container-core-columns-is-layout-85549952 wp-block-columns-is-layout-flex has-block-anchor\">\n<div class=\"wp-block-column is-layout-flow wp-container-core-column-is-layout-8a368f38 wp-block-column-is-layout-flow\" style=\"flex-basis:57.5%\">\n<div class=\"wp-block-group is-vertical is-layout-flex wp-container-core-group-is-layout-9305dc88 wp-block-group-is-layout-flex has-block-anchor\" style=\"margin-bottom:var(--wp--preset--spacing--2-xl)\">\n<div class=\"wp-block-group is-vertical is-layout-flex wp-container-core-group-is-layout-bd7877ba wp-block-group-is-layout-flex has-block-anchor\">\n<p class=\"is-style-heading-default-eyebrow has-on-surface-color has-text-color has-link-color wp-elements-df053d7bbf2cd2619fbc33c895ea6ebb\">Chaires<\/p>\n\n\n\n<h2 class=\"wp-block-heading is-style-heading-emphasis-h2 has-on-surface-color has-text-color has-link-color wp-elements-c95c8b845fabc9caf26c5a01e3555804\" id=\"innovation-data-science-ia\">Innovation, Data Science &#038; IA<\/h2>\n<\/div>\n\n\n\n<p class=\"is-style-plain-default-md has-on-surface-subtle-color has-text-color has-link-color wp-elements-7e854924c1bd40b3b968d9b802b344de\">N\u00e9e d\u2019un partenariat entre l\u2019INSEEC, CEGID et ESKER, la Chaire de Recherche en Innovation Digitale, Data Science et Intelligence Artificielle a \u00e9t\u00e9 cr\u00e9\u00e9e en 2027 afin d\u2019apporter une r\u00e9flexion sur l\u2019appropriation des technologies par les individus, les m\u00e9tiers et les organisations.  La Chaire est aujourd\u2019hui dirig\u00e9e par Ishraf ZAOUI, enseignant-chercheur <a href=\"https:\/\/www.inseec.com\/bba\/\">BBA INSEEC<\/a> Lyon.<\/p>\n<\/div>\n\n\n\n<details class=\"wp-block-details is-style-default is-layout-flow wp-container-core-details-is-layout-9ec55b31 wp-block-details-is-layout-flow\"><summary><h3>Domaines de Recherche<\/h3><\/summary>\n<div class=\"wp-block-group is-vertical is-layout-flex wp-container-core-group-is-layout-a2e3e733 wp-block-group-is-layout-flex\">\n<p class=\"is-style-plain-emphasis-sm has-on-surface-color has-text-color has-link-color wp-elements-b75888dd7a678decb66cd56e95862fed\">Les domaines de recherche dans l&#8217;Innovation, Data Science &#038; IA<\/p>\n\n\n\n<p class=\"is-style-plain-default-sm has-on-surface-subtle-color has-text-color has-link-color wp-elements-d77eca2ba6b36175350d89daa84ed2b2\">Les recherches portent \u00e9galement sur l\u2019impact des technologies sur les individus, la transformation des m\u00e9tiers par ces technologies et la r\u00e9organisation des organisations. Les probl\u00e9matiques li\u00e9es aux transformations soci\u00e9tales et environnementales ainsi que les questions d\u2019\u00e9thique de mani\u00e8re g\u00e9n\u00e9rales sont par ailleurs pos\u00e9es.<\/p>\n<\/div>\n<\/details>\n\n\n\n<details class=\"wp-block-details is-style-default is-layout-flow wp-container-core-details-is-layout-9ec55b31 wp-block-details-is-layout-flow\"><summary><h3>Livre<\/h3><\/summary>\n<div class=\"wp-block-group is-vertical is-layout-flex wp-container-core-group-is-layout-a2e3e733 wp-block-group-is-layout-flex\">\n<p class=\"is-style-plain-emphasis-sm has-on-surface-color has-text-color has-link-color wp-elements-35ce1e73beb2e3cd58986f2c0a7c7ce5\">D\u00e9couvrez un livre danle domaine de l&#8217;Innovation, Data Science &#038; IA<\/p>\n\n\n\n<ul class=\"wp-block-list\">\n<li>INTELLIGENCE ARTIFICIELLE METAVERS, ROBOTS \u2013 COMMENT PILOTER L\u2019ENTREPRISE 4.0 \u2013 sous la direction de Pascal MONTAGNON<\/li>\n<\/ul>\n<\/div>\n<\/details>\n\n\n\n<details class=\"wp-block-details is-style-default is-layout-flow wp-container-core-details-is-layout-9ec55b31 wp-block-details-is-layout-flow\"><summary><h3>Articles<\/h3><\/summary>\n<div class=\"wp-block-group is-vertical is-layout-flex wp-container-core-group-is-layout-a2e3e733 wp-block-group-is-layout-flex\">\n<p class=\"is-style-plain-emphasis-sm has-on-surface-color has-text-color has-link-color wp-elements-a89fc7883059510fb259418af19dcc1c\">D\u00e9couvrez quelques articles Innovation, Data Science &#038; IA<\/p>\n\n\n\n<ul class=\"wp-block-list\">\n<li><a href=\"https:\/\/www.forbes.fr\/business\/gpt-3-un-retour-dexperience-6-mois-apres-son-lancement\/\" target=\"_blank\" rel=\"noreferrer noopener\">GPT-3 : un retour d\u2019exp\u00e9rience 6 mois apr\u00e8s son lancement<\/a><\/li>\n\n\n\n<li><a href=\"https:\/\/www.forbes.fr\/technologie\/le-cloud-analytique-peut-il-sauver-la-competitivite-internationale-de-nos-pmes\/\" target=\"_blank\" rel=\"noreferrer noopener\">Le Cloud analytique peut-il sauver la comp\u00e9titivit\u00e9 internationale de nos PME\u00a0?<\/a><\/li>\n\n\n\n<li><a href=\"https:\/\/forbes.fr\/technologie\/la-premiere-preuve-empirique-des-effets-dun-outil-dia-generative-sur-un-lieu-de-travail-reel\/\" target=\"_blank\" rel=\"noreferrer noopener\">La premi\u00e8re preuve empirique des effets d\u2019un outil d\u2019IA g\u00e9n\u00e9rative sur un lieu de travail r\u00e9el<\/a><\/li>\n\n\n\n<li><a href=\"https:\/\/www.forbes.fr\/technologie\/la-tres-lente-transition-numerique-de-lindustrie-europeenne-pourquoi-linertie-organisationnelle-nest-pas-une-fatalite\/\" target=\"_blank\" rel=\"noreferrer noopener\">La tr\u00e8s lente transition num\u00e9rique de l\u2019industrie europ\u00e9enne : Pourquoi l\u2019inertie organisationnelle n\u2019est pas une fatalit\u00e9 ?<\/a><\/li>\n\n\n\n<li><a href=\"https:\/\/forbes.fr\/technologie\/transformation-numerique-et-developpement-durable-les-clefs-dune-reconciliation\/#IA\" target=\"_blank\" rel=\"noreferrer noopener\">Transformation num\u00e9rique et d\u00e9veloppement durable : Les clefs d\u2019une r\u00e9conciliation<\/a><\/li>\n<\/ul>\n<\/div>\n<\/details>\n<\/div>\n\n\n\n<div class=\"wp-block-column is-layout-flow wp-container-core-column-is-layout-e67eb3c6 wp-block-column-is-layout-flow\" style=\"flex-basis:31.8%\">\n<figure class=\"wp-block-image size-3-4-portrait-small\"><img loading=\"lazy\" decoding=\"async\" src=\"https:\/\/www.inseec.com\/wp-content\/uploads\/sites\/32\/2025\/11\/guide-metier-inseec-photo-illustration-gerant-de-portefeuille.jpg?resize=330,440\" alt=\"\" class=\"wp-image-3873\" style=\"aspect-ratio:3\/4;object-fit:cover\"\/ width=\"330\" height=\"440\" srcset=\"https:\/\/www.inseec.com\/wp-content\/uploads\/sites\/32\/2025\/11\/guide-metier-inseec-photo-illustration-gerant-de-portefeuille.jpg 838w, https:\/\/www.inseec.com\/wp-content\/uploads\/sites\/32\/2025\/11\/guide-metier-inseec-photo-illustration-gerant-de-portefeuille.jpg?resize=225,300 225w, https:\/\/www.inseec.com\/wp-content\/uploads\/sites\/32\/2025\/11\/guide-metier-inseec-photo-illustration-gerant-de-portefeuille.jpg?resize=768,1023 768w, https:\/\/www.inseec.com\/wp-content\/uploads\/sites\/32\/2025\/11\/guide-metier-inseec-photo-illustration-gerant-de-portefeuille.jpg?resize=180,240 180w, https:\/\/www.inseec.com\/wp-content\/uploads\/sites\/32\/2025\/11\/guide-metier-inseec-photo-illustration-gerant-de-portefeuille.jpg?resize=360,480 360w, https:\/\/www.inseec.com\/wp-content\/uploads\/sites\/32\/2025\/11\/guide-metier-inseec-photo-illustration-gerant-de-portefeuille.jpg?resize=218,291 218w, https:\/\/www.inseec.com\/wp-content\/uploads\/sites\/32\/2025\/11\/guide-metier-inseec-photo-illustration-gerant-de-portefeuille.jpg?resize=436,582 436w, https:\/\/www.inseec.com\/wp-content\/uploads\/sites\/32\/2025\/11\/guide-metier-inseec-photo-illustration-gerant-de-portefeuille.jpg?resize=450,600 450w, https:\/\/www.inseec.com\/wp-content\/uploads\/sites\/32\/2025\/11\/guide-metier-inseec-photo-illustration-gerant-de-portefeuille.jpg?resize=240,320 240w, https:\/\/www.inseec.com\/wp-content\/uploads\/sites\/32\/2025\/11\/guide-metier-inseec-photo-illustration-gerant-de-portefeuille.jpg?resize=480,640 480w, https:\/\/www.inseec.com\/wp-content\/uploads\/sites\/32\/2025\/11\/guide-metier-inseec-photo-illustration-gerant-de-portefeuille.jpg?resize=330,440 330w, https:\/\/www.inseec.com\/wp-content\/uploads\/sites\/32\/2025\/11\/guide-metier-inseec-photo-illustration-gerant-de-portefeuille.jpg?resize=660,880 660w, https:\/\/www.inseec.com\/wp-content\/uploads\/sites\/32\/2025\/11\/guide-metier-inseec-photo-illustration-gerant-de-portefeuille.jpg?resize=30,40 30w, https:\/\/www.inseec.com\/wp-content\/uploads\/sites\/32\/2025\/11\/guide-metier-inseec-photo-illustration-gerant-de-portefeuille.jpg?resize=60,80 60w, https:\/\/www.inseec.com\/wp-content\/uploads\/sites\/32\/2025\/11\/guide-metier-inseec-photo-illustration-gerant-de-portefeuille.jpg?resize=120,160 120w, https:\/\/www.inseec.com\/wp-content\/uploads\/sites\/32\/2025\/11\/guide-metier-inseec-photo-illustration-gerant-de-portefeuille.jpg?resize=38,50 38w, https:\/\/www.inseec.com\/wp-content\/uploads\/sites\/32\/2025\/11\/guide-metier-inseec-photo-illustration-gerant-de-portefeuille.jpg?resize=75,100 75w, https:\/\/www.inseec.com\/wp-content\/uploads\/sites\/32\/2025\/11\/guide-metier-inseec-photo-illustration-gerant-de-portefeuille.jpg?resize=18,24 18w, https:\/\/www.inseec.com\/wp-content\/uploads\/sites\/32\/2025\/11\/guide-metier-inseec-photo-illustration-gerant-de-portefeuille.jpg?resize=36,48 36w\" sizes=\"auto, (max-width: 330px) 100vw, 330px\" \/><\/figure>\n<\/div>\n<\/div>\n<\/div>\n\n\n\n<div class=\"wp-block-group has-global-padding is-layout-constrained wp-block-group-is-layout-constrained has-block-anchor\" style=\"margin-top:var(--wp--preset--spacing--6-xl);margin-bottom:var(--wp--preset--spacing--6-xl)\">\n<div class=\"wp-block-group is-vertical is-layout-flex wp-container-core-group-is-layout-fe9cc265 wp-block-group-is-layout-flex has-block-anchor\">\n<div class=\"wp-block-group is-vertical is-layout-flex wp-container-core-group-is-layout-b2c973f4 wp-block-group-is-layout-flex has-block-anchor\">\n<h2 class=\"wp-block-heading is-style-heading-emphasis-h3 has-on-surface-color has-text-color has-link-color wp-elements-5da704594b7c4598c55a5e6f8a9ee25f\" id=\"les-etudes-de-cas\">Les \u00c9tudes de Cas<\/h2>\n\n\n\n<p class=\"is-style-plain-default-md\">D\u00e9couvrez l\u2019excellence acad\u00e9mique \u00e0 travers nos \u00e9tudes de cas captivantes r\u00e9alis\u00e9es par nos enseignants-chercheurs \u00e9m\u00e9rites et publi\u00e9es dans la <a href=\"https:\/\/www.ccmp.fr\/\" target=\"_blank\" rel=\"noreferrer noopener\">CCMP (Collection de Cas en Management Participatif)<\/a> et <a href=\"https:\/\/www.thecasecentre.org\/\" target=\"_blank\" rel=\"noreferrer noopener\">The Case Center<\/a>. Plongez-vous dans des sc\u00e9narios concrets, des analyses approfondies et des solutions innovantes qui \u00e9clairent les d\u00e9fis contemporains en mati\u00e8re de gestion. Ces \u00e9tudes de cas, fruit d\u2019une recherche rigoureuse, offrent une perspective unique et des enseignements pr\u00e9cieux, nourrissant ainsi notre engagement envers l\u2019apprentissage exp\u00e9rientiel et le d\u00e9veloppement de comp\u00e9tences strat\u00e9giques dans le domaine du management.<\/p>\n<\/div>\n\n\n\n<div class=\"wp-block-group is-vertical is-layout-flex wp-container-core-group-is-layout-90752e8f wp-block-group-is-layout-flex\">\n<div class=\"wp-block-buttons is-layout-flex wp-block-buttons-is-layout-flex\">\n<div class=\"wp-block-button is-style-link-arrow-left\"><a class=\"wp-block-button__link wp-element-button\" href=\"https:\/\/www.ccmp.fr\/collection-ccmp\/cas-veja-concilier-les-interets-de-l8217entreprise-et-les-attentes-des-consommateurs\" target=\"_blank\" rel=\"noreferrer noopener\">VEJA : concilier les int\u00e9r\u00eats de l\u2019entreprise et les attentes des consommateurs<\/a><\/div>\n<\/div>\n\n\n\n<div class=\"wp-block-buttons is-layout-flex wp-block-buttons-is-layout-flex\">\n<div class=\"wp-block-button is-style-link-arrow-left\"><a class=\"wp-block-button__link wp-element-button\" href=\"https:\/\/www.thecasecentre.org\/products\/view?id=151872\">Valuation and External Growth: Vivendi Takes over Canal+<\/a><\/div>\n<\/div>\n\n\n\n<div class=\"wp-block-buttons is-layout-flex wp-block-buttons-is-layout-flex\">\n<div class=\"wp-block-button is-style-link-arrow-left\"><a class=\"wp-block-button__link wp-element-button\" href=\"https:\/\/www.ccmp.fr\/collection-ccmp\/cas-voisin-la-strategie-digitale-dun-chocolatier-renomme\" target=\"_blank\" rel=\"noreferrer noopener\">VOISIN : La strat\u00e9gie digitale d\u2019un chocolatier renomm\u00e9<\/a><\/div>\n<\/div>\n\n\n\n<div class=\"wp-block-buttons is-layout-flex wp-block-buttons-is-layout-flex\">\n<div class=\"wp-block-button is-style-link-arrow-left\"><a class=\"wp-block-button__link wp-element-button\" href=\"https:\/\/www.ccmp.fr\/collection-ccmp\/cas-voisin-comment-renforcer-les-engagements-ethiques-et-durables-dune-marque\" target=\"_blank\" rel=\"noreferrer noopener\">VOISIN : Comment renforcer les engagements \u00e9thiques et durables d\u2019une marque<\/a><\/div>\n<\/div>\n\n\n\n<div class=\"wp-block-buttons is-layout-flex wp-block-buttons-is-layout-flex\">\n<div class=\"wp-block-button is-style-link-arrow-left\"><a class=\"wp-block-button__link wp-element-button\" href=\"https:\/\/www.ccmp.fr\/collection-ccmp\/cas-we-go-greenr-les-voyageurs-sont-ils-prets-a-investir-dans-des-sejours-ecoresponsables\" target=\"_blank\" rel=\"noreferrer noopener\">WE GO GREENR : les voyageurs sont-ils pr\u00eats \u00e0 investir dans des s\u00e9jours \u00e9coresponsables\u2009?<\/a><\/div>\n<\/div>\n\n\n\n<div class=\"wp-block-buttons is-layout-flex wp-block-buttons-is-layout-flex\">\n<div class=\"wp-block-button is-style-link-arrow-left\"><a class=\"wp-block-button__link wp-element-button\" href=\"https:\/\/www.ccmp.fr\/collection-ccmp\/cas-quand-lopera-de-paris-sattele-a-la-question-de-la-diversite\" target=\"_blank\" rel=\"noreferrer noopener\">Quand l\u2019Op\u00e9ra de Paris s\u2019att\u00e8le \u00e0 la question de la diversit\u00e9<\/a><\/div>\n<\/div>\n\n\n\n<div class=\"wp-block-buttons is-layout-flex wp-block-buttons-is-layout-flex\">\n<div class=\"wp-block-button is-style-link-arrow-left\"><a class=\"wp-block-button__link wp-element-button\" href=\"https:\/\/www.thecasecentre.org\/products\/view?id=190673\" target=\"_blank\" rel=\"noreferrer noopener\">PEOPLE \u2013 PROFIT \u2013 PLANET: Achieving the Best Triple Bottom Line for \u2018CycleScape\u2019 Bicycle Manufacturer<\/a><\/div>\n<\/div>\n<\/div>\n\n\n\n<p class=\"is-style-plain-default-md\">Plusieurs sessions de formations \u00e0 la bonne r\u00e9alisation d\u2019\u00e9tudes de cas sont effectu\u00e9es pour les enseignants-chercheurs et les enseignants permanents par Isabelle CHALAMON, enseignant-chercheur \u00e0 l\u2019INSEEC BBA Lyon.<\/p>\n<\/div>\n<\/div>\n","protected":false},"excerpt":{"rendered":"<p>Les Partenariats Ces partenariats cr\u00e9ent un lien direct entre nos \u00e9coles et les entreprises, illustrant la vitalit\u00e9 des \u00e9changes entre recherche, innovation et r\u00e9alit\u00e9s socio-\u00e9conomiques. Les Chaires d&#8217;entreprise Ces initiatives visent \u00e0 promouvoir l\u2019excellence acad\u00e9mique, la recherche, et l\u2019innovation pour tous. Ces chaires, men\u00e9es par des laboratoires de recherche des diff\u00e9rentes \u00e9coles, \u00e9ventuellement en collaboration [&hellip;]<\/p>\n","protected":false},"author":66,"featured_media":0,"parent":0,"menu_order":0,"comment_status":"closed","ping_status":"closed","template":"","meta":{"_acf_changed":false,"footnotes":""},"page_type":[],"school":[],"specialisation":[],"analytics_tag":[],"class_list":["post-81699","page","type-page","status-publish","hentry"],"acf":[],"yoast_head":"<title>Les Partenariats - INSEEC<\/title>\n<meta name=\"robots\" content=\"index, follow, max-snippet:-1, max-image-preview:large, max-video-preview:-1\" \/>\n<link rel=\"canonical\" href=\"https:\/\/www.inseec.com\/partenariats-recherche\/\" \/>\n<meta property=\"og:locale\" content=\"fr_FR\" \/>\n<meta property=\"og:type\" content=\"article\" \/>\n<meta property=\"og:title\" content=\"Les Partenariats - INSEEC\" \/>\n<meta property=\"og:description\" content=\"Les Partenariats Ces partenariats cr\u00e9ent un lien direct entre nos \u00e9coles et les entreprises, illustrant la vitalit\u00e9 des \u00e9changes entre recherche, innovation et r\u00e9alit\u00e9s socio-\u00e9conomiques. Les Chaires d&#8217;entreprise Ces initiatives visent \u00e0 promouvoir l\u2019excellence acad\u00e9mique, la recherche, et l\u2019innovation pour tous. Ces chaires, men\u00e9es par des laboratoires de recherche des diff\u00e9rentes \u00e9coles, \u00e9ventuellement en collaboration [&hellip;]\" \/>\n<meta property=\"og:url\" content=\"https:\/\/www.inseec.com\/partenariats-recherche\/\" \/>\n<meta property=\"og:site_name\" content=\"INSEEC\" \/>\n<meta property=\"article:modified_time\" content=\"2025-12-03T14:15:16+00:00\" \/>\n<meta property=\"og:image\" content=\"https:\/\/omneseducation.net\/inseec-2025\/wp-content\/uploads\/sites\/32\/2025\/12\/logo-entreprise-partenaire-inseec-vinitech-sifel.webp?w=80\" \/>\n<meta name=\"twitter:card\" content=\"summary_large_image\" \/>\n<meta name=\"twitter:label1\" content=\"Est. reading time\" \/>\n\t<meta name=\"twitter:data1\" content=\"8 minutes\" \/>\n<script type=\"application\/ld+json\" class=\"yoast-schema-graph\">{\"@context\":\"https:\/\/schema.org\",\"@graph\":[{\"@type\":\"WebPage\",\"@id\":\"https:\/\/www.inseec.com\/partenariats-recherche\/\",\"url\":\"https:\/\/www.inseec.com\/partenariats-recherche\/\",\"name\":\"Les Partenariats - INSEEC\",\"isPartOf\":{\"@id\":\"https:\/\/www.inseec.com\/#website\"},\"primaryImageOfPage\":{\"@id\":\"https:\/\/www.inseec.com\/partenariats-recherche\/#primaryimage\"},\"image\":{\"@id\":\"https:\/\/www.inseec.com\/partenariats-recherche\/#primaryimage\"},\"thumbnailUrl\":\"https:\/\/www.inseec.com\/wp-content\/uploads\/sites\/32\/2025\/12\/logo-entreprise-partenaire-inseec-vinitech-sifel.webp?w=80\",\"datePublished\":\"2025-12-03T14:15:12+00:00\",\"dateModified\":\"2025-12-03T14:15:16+00:00\",\"breadcrumb\":{\"@id\":\"https:\/\/www.inseec.com\/partenariats-recherche\/#breadcrumb\"},\"inLanguage\":\"fr-FR\",\"potentialAction\":[{\"@type\":\"ReadAction\",\"target\":[\"https:\/\/www.inseec.com\/partenariats-recherche\/\"]}]},{\"@type\":\"ImageObject\",\"inLanguage\":\"fr-FR\",\"@id\":\"https:\/\/www.inseec.com\/partenariats-recherche\/#primaryimage\",\"url\":\"https:\/\/www.inseec.com\/wp-content\/uploads\/sites\/32\/2025\/12\/logo-entreprise-partenaire-inseec-vinitech-sifel.webp\",\"contentUrl\":\"https:\/\/www.inseec.com\/wp-content\/uploads\/sites\/32\/2025\/12\/logo-entreprise-partenaire-inseec-vinitech-sifel.webp\",\"width\":99,\"height\":40},{\"@type\":\"BreadcrumbList\",\"@id\":\"https:\/\/www.inseec.com\/partenariats-recherche\/#breadcrumb\",\"itemListElement\":[{\"@type\":\"ListItem\",\"position\":1,\"name\":\"Home\",\"item\":\"https:\/\/www.inseec.com\/\"},{\"@type\":\"ListItem\",\"position\":2,\"name\":\"Les Partenariats\"}]},{\"@type\":\"WebSite\",\"@id\":\"https:\/\/www.inseec.com\/#website\",\"url\":\"https:\/\/www.inseec.com\/\",\"name\":\"INSEEC\",\"description\":\"\",\"publisher\":{\"@id\":\"https:\/\/www.inseec.com\/#organization\"},\"potentialAction\":[{\"@type\":\"SearchAction\",\"target\":{\"@type\":\"EntryPoint\",\"urlTemplate\":\"https:\/\/www.inseec.com\/?s={search_term_string}\"},\"query-input\":{\"@type\":\"PropertyValueSpecification\",\"valueRequired\":true,\"valueName\":\"search_term_string\"}}],\"inLanguage\":\"fr-FR\"},{\"@type\":\"Organization\",\"@id\":\"https:\/\/www.inseec.com\/#organization\",\"name\":\"INSEEC\",\"url\":\"https:\/\/www.inseec.com\/\",\"logo\":{\"@type\":\"ImageObject\",\"inLanguage\":\"fr-FR\",\"@id\":\"https:\/\/www.inseec.com\/#\/schema\/logo\/image\/\",\"url\":\"https:\/\/www.inseec.com\/wp-content\/uploads\/sites\/32\/2025\/11\/logo.svg\",\"contentUrl\":\"https:\/\/www.inseec.com\/wp-content\/uploads\/sites\/32\/2025\/11\/logo.svg\",\"width\":173,\"height\":36,\"caption\":\"INSEEC\"},\"image\":{\"@id\":\"https:\/\/www.inseec.com\/#\/schema\/logo\/image\/\"}},{\"@context\":\"https:\/\/schema.org\",\"@type\":\"EducationalOrganization\",\"@id\":\"https:\/\/www.inseec.com\/#organization\",\"name\":\"INSEEC\",\"description\":\"\",\"url\":\"https:\/\/www.inseec.com\/\",\"logo\":\"https:\/\/www.inseec.com\/wp-content\/uploads\/sites\/32\/2025\/11\/logo.svg\",\"image\":[\"https:\/\/www.inseec.com\/wp-content\/uploads\/sites\/32\/2025\/11\/campus-hero-barcelone-inseec.jpg\",\"https:\/\/www.inseec.com\/wp-content\/uploads\/sites\/32\/2025\/11\/campus-barcelone-inseec-ville-basilique-notre-dame-de-fourviere.jpg\",\"https:\/\/www.inseec.com\/wp-content\/uploads\/sites\/32\/2025\/11\/campus-barcelone-inseec-photo-portrait.jpg\",\"https:\/\/www.inseec.com\/wp-content\/uploads\/sites\/32\/2025\/11\/campus-slider-vr-campus-barcelone-inseec-etudiants-cours-petite-salle.jpg\",\"https:\/\/www.inseec.com\/wp-content\/uploads\/sites\/32\/2025\/11\/campus-hero-munich-inseec.jpg\",\"https:\/\/www.inseec.com\/wp-content\/uploads\/sites\/32\/2025\/11\/campus-munich-inseec-ville-basilique-notre-dame-de-fourviere.jpg\",\"https:\/\/www.inseec.com\/wp-content\/uploads\/sites\/32\/2025\/11\/campus-hero-munich-inseec.jpg\",\"https:\/\/www.inseec.com\/wp-content\/uploads\/sites\/32\/2025\/11\/campus-slider-vr-campus-munich-inseec-etudiants-theatre-les-celestins.jpg\",\"https:\/\/www.inseec.com\/wp-content\/uploads\/sites\/32\/2025\/11\/campus-hero-londres-inseec.jpg\",\"https:\/\/www.inseec.com\/wp-content\/uploads\/sites\/32\/2025\/11\/campus-londres-inseec-ville-basilique-notre-dame-de-fourviere.jpg\",\"https:\/\/www.inseec.com\/wp-content\/uploads\/sites\/32\/2025\/11\/campus-hero-londres-inseec.jpg\",\"https:\/\/www.inseec.com\/wp-content\/uploads\/sites\/32\/2025\/12\/campus-slider-vr-campus-londres-inseec-bibliotheque.jpg\",\"https:\/\/www.inseec.com\/wp-content\/uploads\/sites\/32\/2025\/11\/campus-hero-chambery-inseec-resize.jpg\",\"https:\/\/www.inseec.com\/wp-content\/uploads\/sites\/32\/2025\/11\/campus-chambery-inseec-ville-horloge.jpg\",\"https:\/\/www.inseec.com\/wp-content\/uploads\/sites\/32\/2025\/11\/campus-slider-vr-campus-chambery-inseec-exterieur.jpg\",\"https:\/\/www.inseec.com\/wp-content\/uploads\/sites\/32\/2025\/11\/campus-slider-vr-campus-chambery-inseec-salle-detente.jpg\",\"https:\/\/www.inseec.com\/wp-content\/uploads\/sites\/32\/2025\/11\/campus-hero-toulouse-inseec.jpg\",\"https:\/\/www.inseec.com\/wp-content\/uploads\/sites\/32\/2025\/11\/campus-toulouse-inseec-photo-portrait.jpg\",\"https:\/\/www.inseec.com\/wp-content\/uploads\/sites\/32\/2025\/11\/campus-slider-vr-campus-toulouse-inseec-projet-de-groupe.jpg\",\"https:\/\/www.inseec.com\/wp-content\/uploads\/sites\/32\/2025\/11\/campus-slider-vr-campus-toulouse-inseec-etudiants-amphitheatre.jpg\",\"https:\/\/www.inseec.com\/wp-content\/uploads\/sites\/32\/2025\/11\/campus-hero-monaco-inseec.jpg\",\"https:\/\/www.inseec.com\/wp-content\/uploads\/sites\/32\/2025\/12\/INSEEC-Monaco-campus.webp\",\"https:\/\/www.inseec.com\/wp-content\/uploads\/sites\/32\/2025\/11\/campus-hero-monaco-inseec.jpg\",\"https:\/\/www.inseec.com\/wp-content\/uploads\/sites\/32\/2025\/11\/campus-monaco-inseec-mosaic-amis.jpg\",\"https:\/\/www.inseec.com\/wp-content\/uploads\/sites\/32\/2025\/11\/campus-hero-online-inseec.jpg\",\"https:\/\/www.inseec.com\/wp-content\/uploads\/sites\/32\/2025\/11\/guide-metier-inseec-photo-illustration-chef-de-publicite_d1bf22.jpg\",\"https:\/\/www.inseec.com\/wp-content\/uploads\/sites\/32\/2025\/11\/guide-metier-inseec-hero-chef-de-projet-evenementiel.jpg\",\"https:\/\/www.inseec.com\/wp-content\/uploads\/sites\/32\/2025\/11\/guide-metier-inseec-hero-chef-de-produit-sportif.jpg\",\"https:\/\/www.inseec.com\/wp-content\/uploads\/sites\/32\/2025\/11\/campus-hero-beaune-inseec.jpg\",\"https:\/\/www.inseec.com\/wp-content\/uploads\/sites\/32\/2025\/11\/campus-beaune-inseec-ville-cave-a-vin.jpg\",\"https:\/\/www.inseec.com\/wp-content\/uploads\/sites\/32\/2025\/11\/campus-slider-vr-campus-beaune-inseec-groupe-etudiants.jpg\",\"https:\/\/www.inseec.com\/wp-content\/uploads\/sites\/32\/2025\/11\/campus-slider-vr-campus-beaune-inseec-etudiants-1.jpg\",\"https:\/\/www.inseec.com\/wp-content\/uploads\/sites\/32\/2025\/11\/campus-hero-marseille-inseec.jpg\",\"https:\/\/www.inseec.com\/wp-content\/uploads\/sites\/32\/2023\/07\/campus2025-marseille.png\",\"https:\/\/www.inseec.com\/wp-content\/uploads\/sites\/32\/2025\/11\/campus-slider-vr-campus-marseille-inseec-canapes-detente.jpg\",\"https:\/\/www.inseec.com\/wp-content\/uploads\/sites\/32\/2025\/11\/campus-slider-vr-campus-marseille-inseec-salle-commune.jpg\",\"https:\/\/www.inseec.com\/wp-content\/uploads\/sites\/32\/2025\/11\/campus-hero-rennes-inseec.jpg\",\"https:\/\/www.inseec.com\/wp-content\/uploads\/sites\/32\/2025\/11\/campus-rennes-inseec-photo-portrait.jpg\",\"https:\/\/www.inseec.com\/wp-content\/uploads\/sites\/32\/2025\/11\/campus-rennes-inseec-mosaic-alcove-repos.jpg\",\"https:\/\/www.inseec.com\/wp-content\/uploads\/sites\/32\/2025\/11\/campus-rennes-inseec-amphitheatre-etudiantes.jpg\",\"https:\/\/www.inseec.com\/wp-content\/uploads\/sites\/32\/2025\/11\/campus-hero-lyon-inseec.webp\",\"https:\/\/www.inseec.com\/wp-content\/uploads\/sites\/32\/2025\/11\/campus-lyon-inseec-photo-portrait.jpg\",\"https:\/\/www.inseec.com\/wp-content\/uploads\/sites\/32\/2025\/11\/campus-slider-vr-campus-lyon-inseec-dalle-detente.jpg\",\"https:\/\/www.inseec.com\/wp-content\/uploads\/sites\/32\/2025\/11\/campus-slider-vr-campus-lyon-inseec-lion-rouge-hall.jpg\",\"https:\/\/www.inseec.com\/wp-content\/uploads\/sites\/32\/2025\/11\/campus-hero-bordeaux-inseec.jpg\",\"https:\/\/www.inseec.com\/wp-content\/uploads\/sites\/32\/2024\/03\/Campus-Bordeaux-Photo-1.jpg\",\"https:\/\/www.inseec.com\/wp-content\/uploads\/sites\/32\/2025\/11\/campus-bordeaux-inseec-cafeteria.jpg\",\"https:\/\/www.inseec.com\/wp-content\/uploads\/sites\/32\/2025\/11\/campus-bordeaux-inseec-terrasse-bord-garonne.jpg\",\"https:\/\/www.inseec.com\/wp-content\/uploads\/sites\/32\/2025\/11\/campus-paris.jpg\",\"https:\/\/www.inseec.com\/wp-content\/uploads\/sites\/32\/2025\/11\/campus-paris-eiffel-inseec-portrait.jpg\",\"https:\/\/www.inseec.com\/wp-content\/uploads\/sites\/32\/2025\/11\/campus-paris-vellefaux-inseec-cafeteria.jpg\",\"https:\/\/www.inseec.com\/wp-content\/uploads\/sites\/32\/2025\/11\/campus-slider-vr-campus-paris-la-defense-inseec-salle-detente.jpg\",\"https:\/\/www.inseec.com\/wp-content\/uploads\/sites\/32\/2025\/11\/campus-hero-londres-inseec.jpg\",\"https:\/\/www.inseec.com\/wp-content\/uploads\/sites\/32\/2025\/11\/campus-londres-inseec-ville-basilique-notre-dame-de-fourviere.jpg\",\"https:\/\/www.inseec.com\/wp-content\/uploads\/sites\/32\/2025\/11\/campus-hero-londres-inseec.jpg\",\"https:\/\/www.inseec.com\/wp-content\/uploads\/sites\/32\/2025\/12\/campus-slider-vr-campus-londres-inseec-bibliotheque.jpg\",\"https:\/\/www.inseec.com\/wp-content\/uploads\/sites\/32\/2025\/11\/campus-hero-monaco-inseec.jpg\",\"https:\/\/www.inseec.com\/wp-content\/uploads\/sites\/32\/2025\/12\/INSEEC-Monaco-campus.webp\",\"https:\/\/www.inseec.com\/wp-content\/uploads\/sites\/32\/2025\/11\/campus-hero-monaco-inseec.jpg\",\"https:\/\/www.inseec.com\/wp-content\/uploads\/sites\/32\/2025\/11\/campus-monaco-inseec-mosaic-amis.jpg\",\"https:\/\/www.inseec.com\/wp-content\/uploads\/sites\/32\/2025\/11\/campus-hero-munich-inseec.jpg\",\"https:\/\/www.inseec.com\/wp-content\/uploads\/sites\/32\/2025\/11\/campus-munich-inseec-ville-basilique-notre-dame-de-fourviere.jpg\",\"https:\/\/www.inseec.com\/wp-content\/uploads\/sites\/32\/2025\/11\/campus-hero-munich-inseec.jpg\",\"https:\/\/www.inseec.com\/wp-content\/uploads\/sites\/32\/2025\/11\/campus-slider-vr-campus-munich-inseec-etudiants-theatre-les-celestins.jpg\",\"https:\/\/www.inseec.com\/wp-content\/uploads\/sites\/32\/2025\/11\/campus-hero-barcelone-inseec.jpg\",\"https:\/\/www.inseec.com\/wp-content\/uploads\/sites\/32\/2025\/11\/campus-barcelone-inseec-ville-basilique-notre-dame-de-fourviere.jpg\",\"https:\/\/www.inseec.com\/wp-content\/uploads\/sites\/32\/2025\/11\/campus-barcelone-inseec-photo-portrait.jpg\",\"https:\/\/www.inseec.com\/wp-content\/uploads\/sites\/32\/2025\/11\/campus-slider-vr-campus-barcelone-inseec-etudiants-cours-petite-salle.jpg\",\"https:\/\/www.inseec.com\/wp-content\/uploads\/sites\/32\/2025\/11\/campus-hero-online-inseec.jpg\",\"https:\/\/www.inseec.com\/wp-content\/uploads\/sites\/32\/2025\/11\/guide-metier-inseec-photo-illustration-chef-de-publicite_d1bf22.jpg\",\"https:\/\/www.inseec.com\/wp-content\/uploads\/sites\/32\/2025\/11\/guide-metier-inseec-hero-chef-de-projet-evenementiel.jpg\",\"https:\/\/www.inseec.com\/wp-content\/uploads\/sites\/32\/2025\/11\/guide-metier-inseec-hero-chef-de-produit-sportif.jpg\",\"https:\/\/www.inseec.com\/wp-content\/uploads\/sites\/32\/2025\/11\/campus-hero-toulouse-inseec.jpg\",\"https:\/\/www.inseec.com\/wp-content\/uploads\/sites\/32\/2025\/11\/campus-toulouse-inseec-photo-portrait.jpg\",\"https:\/\/www.inseec.com\/wp-content\/uploads\/sites\/32\/2025\/11\/campus-slider-vr-campus-toulouse-inseec-projet-de-groupe.jpg\",\"https:\/\/www.inseec.com\/wp-content\/uploads\/sites\/32\/2025\/11\/campus-slider-vr-campus-toulouse-inseec-etudiants-amphitheatre.jpg\",\"https:\/\/www.inseec.com\/wp-content\/uploads\/sites\/32\/2025\/11\/campus-hero-marseille-inseec.jpg\",\"https:\/\/www.inseec.com\/wp-content\/uploads\/sites\/32\/2025\/11\/campus-marseille-inseec-photo-portrait.jpg\",\"https:\/\/www.inseec.com\/wp-content\/uploads\/sites\/32\/2025\/11\/campus-slider-vr-campus-marseille-inseec-canapes-detente.jpg\",\"https:\/\/www.inseec.com\/wp-content\/uploads\/sites\/32\/2025\/11\/campus-slider-vr-campus-marseille-inseec-salle-commune.jpg\",\"https:\/\/www.inseec.com\/wp-content\/uploads\/sites\/32\/2025\/11\/campus-hero-rennes-inseec.jpg\",\"https:\/\/www.inseec.com\/wp-content\/uploads\/sites\/32\/2025\/11\/campus-rennes-inseec-photo-portrait.jpg\",\"https:\/\/www.inseec.com\/wp-content\/uploads\/sites\/32\/2025\/11\/campus-rennes-inseec-mosaic-alcove-repos.jpg\",\"https:\/\/www.inseec.com\/wp-content\/uploads\/sites\/32\/2025\/11\/campus-rennes-inseec-amphitheatre-etudiantes.jpg\",\"https:\/\/www.inseec.com\/wp-content\/uploads\/sites\/32\/2025\/11\/campus-hero-chambery-inseec-resize.jpg\",\"https:\/\/www.inseec.com\/wp-content\/uploads\/sites\/32\/2025\/11\/campus-chambery-inseec-ville-horloge.jpg\",\"https:\/\/www.inseec.com\/wp-content\/uploads\/sites\/32\/2025\/11\/campus-slider-vr-campus-chambery-inseec-exterieur.jpg\",\"https:\/\/www.inseec.com\/wp-content\/uploads\/sites\/32\/2025\/11\/campus-slider-vr-campus-chambery-inseec-salle-detente.jpg\",\"https:\/\/www.inseec.com\/wp-content\/uploads\/sites\/32\/2025\/11\/campus-hero-beaune-inseec.jpg\",\"https:\/\/www.inseec.com\/wp-content\/uploads\/sites\/32\/2025\/11\/campus-beaune-inseec-ville-cave-a-vin.jpg\",\"https:\/\/www.inseec.com\/wp-content\/uploads\/sites\/32\/2025\/11\/campus-slider-vr-campus-beaune-inseec-groupe-etudiants.jpg\",\"https:\/\/www.inseec.com\/wp-content\/uploads\/sites\/32\/2025\/11\/campus-slider-vr-campus-beaune-inseec-etudiants-1.jpg\",\"https:\/\/www.inseec.com\/wp-content\/uploads\/sites\/32\/2025\/11\/campus-hero-bordeaux-inseec.jpg\",\"https:\/\/www.inseec.com\/wp-content\/uploads\/sites\/32\/2025\/11\/campus-bordeaux-inseec-facade.jpg\",\"https:\/\/www.inseec.com\/wp-content\/uploads\/sites\/32\/2025\/11\/campus-bordeaux-inseec-cafeteria.jpg\",\"https:\/\/www.inseec.com\/wp-content\/uploads\/sites\/32\/2025\/11\/campus-bordeaux-inseec-terrasse-bord-garonne.jpg\",\"https:\/\/www.inseec.com\/wp-content\/uploads\/sites\/32\/2025\/11\/campus-hero-lyon-inseec.webp\",\"https:\/\/www.inseec.com\/wp-content\/uploads\/sites\/32\/2025\/11\/campus-lyon-inseec-photo-portrait.jpg\",\"https:\/\/www.inseec.com\/wp-content\/uploads\/sites\/32\/2025\/11\/campus-slider-vr-campus-lyon-inseec-dalle-detente.jpg\",\"https:\/\/www.inseec.com\/wp-content\/uploads\/sites\/32\/2025\/11\/campus-slider-vr-campus-lyon-inseec-lion-rouge-hall.jpg\",\"https:\/\/www.inseec.com\/wp-content\/uploads\/sites\/32\/2025\/11\/campus-paris.jpg\",\"https:\/\/www.inseec.com\/wp-content\/uploads\/sites\/32\/2025\/11\/campus-paris-eiffel-inseec-portrait.jpg\",\"https:\/\/www.inseec.com\/wp-content\/uploads\/sites\/32\/2025\/11\/campus-paris-vellefaux-inseec-cafeteria.jpg\",\"https:\/\/www.inseec.com\/wp-content\/uploads\/sites\/32\/2025\/11\/campus-slider-vr-campus-paris-la-defense-inseec-salle-detente.jpg\"],\"foundingDate\":\"\",\"memberOf\":\"OMNES Education\",\"alumni\":[{\"@type\":\"Person\",\"name\":\"Lasmak Said\",\"description\":\"CEO & Cofounder\"},{\"@type\":\"Person\",\"name\":\"Dauchy Xavier\",\"description\":\"Chief Financial Officer\"},{\"@type\":\"Person\",\"name\":\"Bordeaux Thomas\",\"description\":\"Regional Manager Grand Lyon\"},{\"@type\":\"Person\",\"name\":\"Quillot Romain\",\"description\":\"Co-founder\"},{\"@type\":\"Person\",\"name\":\"Rakotomalala Rindra\",\"description\":\"Head of International Relations\"},{\"@type\":\"Person\",\"name\":\"Lacroix Oscar\",\"description\":\"Partner\"},{\"@type\":\"Person\",\"name\":\"Moderan Olivia\",\"description\":\"Manager for the Paris-South area\"},{\"@type\":\"Person\",\"name\":\"Abdelhalim Nabil\",\"description\":\"Industry Manager\"},{\"@type\":\"Person\",\"name\":\"Duhalde M\u00e9lissa\",\"description\":\"Operational Marketing Product Manager \"},{\"@type\":\"Person\",\"name\":\"M. Matthieu\",\"description\":\"Commercial real estate consultant\"},{\"@type\":\"Person\",\"name\":\"Lusset Marie-Amandine\",\"description\":\"Communications consultant\"},{\"@type\":\"Person\",\"name\":\"R. Lo\u00efc\",\"description\":\"Entrepreneur\"},{\"@type\":\"Person\",\"name\":\"Soskin Lise\",\"description\":\"RevOps\"},{\"@type\":\"Person\",\"name\":\"Estrade Guillaume\",\"description\":\"Regional Manager Grand Lyon\"},{\"@type\":\"Person\",\"name\":\"P. Clara\",\"description\":\"Head of Digital Communications EMEA\"},{\"@type\":\"Person\",\"name\":\"Serryus C\u00e9sar\",\"description\":\"Founder\"},{\"@type\":\"Person\",\"name\":\"Onimus Aur\u00e9lien\",\"description\":\"CEO\"},{\"@type\":\"Person\",\"name\":\"B. Anne-Caroline B.\",\"description\":\"Marketing & Communications Project Manager\"},{\"@type\":\"Person\",\"name\":\"Azim Ana\u00efs\",\"description\":\"Business Controller - Industry Unit\"},{\"@type\":\"Person\",\"name\":\"Viallet Nouhant Alexandre\",\"description\":\"Chief Executive Officer\"},{\"@type\":\"Person\",\"name\":\"Ikouirene Adam\",\"description\":\"Student commercial placement\"}],\"department\":[\"Bachelor\",\"Bachelor\",\"BBA\",\"BBA\",\"BTS\",\"BTS\",\"Grande \u00c9cole\",\"Grande \u00c9cole\",\"International\",\"International\",\"MSc\",\"MSc\"],\"hasCredential\":[\"Bachelor\",\"Bachelor\",\"BBA\",\"BBA\",\"BTS\",\"BTS\",\"Grande \u00c9cole\",\"Grande \u00c9cole\",\"International\",\"International\",\"MSc\",\"MSc\"]}]}<\/script>","yoast_head_json":{"title":"Les Partenariats - INSEEC","robots":{"index":"index","follow":"follow","max-snippet":"max-snippet:-1","max-image-preview":"max-image-preview:large","max-video-preview":"max-video-preview:-1"},"canonical":"https:\/\/www.inseec.com\/partenariats-recherche\/","og_locale":"fr_FR","og_type":"article","og_title":"Les Partenariats - INSEEC","og_description":"Les Partenariats Ces partenariats cr\u00e9ent un lien direct entre nos \u00e9coles et les entreprises, illustrant la vitalit\u00e9 des \u00e9changes entre recherche, innovation et r\u00e9alit\u00e9s socio-\u00e9conomiques. Les Chaires d&#8217;entreprise Ces initiatives visent \u00e0 promouvoir l\u2019excellence acad\u00e9mique, la recherche, et l\u2019innovation pour tous. Ces chaires, men\u00e9es par des laboratoires de recherche des diff\u00e9rentes \u00e9coles, \u00e9ventuellement en collaboration [&hellip;]","og_url":"https:\/\/www.inseec.com\/partenariats-recherche\/","og_site_name":"INSEEC","article_modified_time":"2025-12-03T14:15:16+00:00","og_image":[{"url":"https:\/\/omneseducation.net\/inseec-2025\/wp-content\/uploads\/sites\/32\/2025\/12\/logo-entreprise-partenaire-inseec-vinitech-sifel.webp?w=80","type":"","width":"","height":""}],"twitter_card":"summary_large_image","twitter_misc":{"Est. reading time":"8 minutes"},"schema":{"@context":"https:\/\/schema.org","@graph":[{"@type":"WebPage","@id":"https:\/\/www.inseec.com\/partenariats-recherche\/","url":"https:\/\/www.inseec.com\/partenariats-recherche\/","name":"Les Partenariats - INSEEC","isPartOf":{"@id":"https:\/\/www.inseec.com\/#website"},"primaryImageOfPage":{"@id":"https:\/\/www.inseec.com\/partenariats-recherche\/#primaryimage"},"image":{"@id":"https:\/\/www.inseec.com\/partenariats-recherche\/#primaryimage"},"thumbnailUrl":"https:\/\/www.inseec.com\/wp-content\/uploads\/sites\/32\/2025\/12\/logo-entreprise-partenaire-inseec-vinitech-sifel.webp?w=80","datePublished":"2025-12-03T14:15:12+00:00","dateModified":"2025-12-03T14:15:16+00:00","breadcrumb":{"@id":"https:\/\/www.inseec.com\/partenariats-recherche\/#breadcrumb"},"inLanguage":"fr-FR","potentialAction":[{"@type":"ReadAction","target":["https:\/\/www.inseec.com\/partenariats-recherche\/"]}]},{"@type":"ImageObject","inLanguage":"fr-FR","@id":"https:\/\/www.inseec.com\/partenariats-recherche\/#primaryimage","url":"https:\/\/www.inseec.com\/wp-content\/uploads\/sites\/32\/2025\/12\/logo-entreprise-partenaire-inseec-vinitech-sifel.webp","contentUrl":"https:\/\/www.inseec.com\/wp-content\/uploads\/sites\/32\/2025\/12\/logo-entreprise-partenaire-inseec-vinitech-sifel.webp","width":99,"height":40},{"@type":"BreadcrumbList","@id":"https:\/\/www.inseec.com\/partenariats-recherche\/#breadcrumb","itemListElement":[{"@type":"ListItem","position":1,"name":"Home","item":"https:\/\/www.inseec.com\/"},{"@type":"ListItem","position":2,"name":"Les Partenariats"}]},{"@type":"WebSite","@id":"https:\/\/www.inseec.com\/#website","url":"https:\/\/www.inseec.com\/","name":"INSEEC","description":"","publisher":{"@id":"https:\/\/www.inseec.com\/#organization"},"potentialAction":[{"@type":"SearchAction","target":{"@type":"EntryPoint","urlTemplate":"https:\/\/www.inseec.com\/?s={search_term_string}"},"query-input":{"@type":"PropertyValueSpecification","valueRequired":true,"valueName":"search_term_string"}}],"inLanguage":"fr-FR"},{"@type":"Organization","@id":"https:\/\/www.inseec.com\/#organization","name":"INSEEC","url":"https:\/\/www.inseec.com\/","logo":{"@type":"ImageObject","inLanguage":"fr-FR","@id":"https:\/\/www.inseec.com\/#\/schema\/logo\/image\/","url":"https:\/\/www.inseec.com\/wp-content\/uploads\/sites\/32\/2025\/11\/logo.svg","contentUrl":"https:\/\/www.inseec.com\/wp-content\/uploads\/sites\/32\/2025\/11\/logo.svg","width":173,"height":36,"caption":"INSEEC"},"image":{"@id":"https:\/\/www.inseec.com\/#\/schema\/logo\/image\/"}},{"@context":"https:\/\/schema.org","@type":"EducationalOrganization","@id":"https:\/\/www.inseec.com\/#organization","name":"INSEEC","description":"","url":"https:\/\/www.inseec.com\/","logo":"https:\/\/www.inseec.com\/wp-content\/uploads\/sites\/32\/2025\/11\/logo.svg","image":["https:\/\/www.inseec.com\/wp-content\/uploads\/sites\/32\/2025\/11\/campus-hero-barcelone-inseec.jpg","https:\/\/www.inseec.com\/wp-content\/uploads\/sites\/32\/2025\/11\/campus-barcelone-inseec-ville-basilique-notre-dame-de-fourviere.jpg","https:\/\/www.inseec.com\/wp-content\/uploads\/sites\/32\/2025\/11\/campus-barcelone-inseec-photo-portrait.jpg","https:\/\/www.inseec.com\/wp-content\/uploads\/sites\/32\/2025\/11\/campus-slider-vr-campus-barcelone-inseec-etudiants-cours-petite-salle.jpg","https:\/\/www.inseec.com\/wp-content\/uploads\/sites\/32\/2025\/11\/campus-hero-munich-inseec.jpg","https:\/\/www.inseec.com\/wp-content\/uploads\/sites\/32\/2025\/11\/campus-munich-inseec-ville-basilique-notre-dame-de-fourviere.jpg","https:\/\/www.inseec.com\/wp-content\/uploads\/sites\/32\/2025\/11\/campus-hero-munich-inseec.jpg","https:\/\/www.inseec.com\/wp-content\/uploads\/sites\/32\/2025\/11\/campus-slider-vr-campus-munich-inseec-etudiants-theatre-les-celestins.jpg","https:\/\/www.inseec.com\/wp-content\/uploads\/sites\/32\/2025\/11\/campus-hero-londres-inseec.jpg","https:\/\/www.inseec.com\/wp-content\/uploads\/sites\/32\/2025\/11\/campus-londres-inseec-ville-basilique-notre-dame-de-fourviere.jpg","https:\/\/www.inseec.com\/wp-content\/uploads\/sites\/32\/2025\/11\/campus-hero-londres-inseec.jpg","https:\/\/www.inseec.com\/wp-content\/uploads\/sites\/32\/2025\/12\/campus-slider-vr-campus-londres-inseec-bibliotheque.jpg","https:\/\/www.inseec.com\/wp-content\/uploads\/sites\/32\/2025\/11\/campus-hero-chambery-inseec-resize.jpg","https:\/\/www.inseec.com\/wp-content\/uploads\/sites\/32\/2025\/11\/campus-chambery-inseec-ville-horloge.jpg","https:\/\/www.inseec.com\/wp-content\/uploads\/sites\/32\/2025\/11\/campus-slider-vr-campus-chambery-inseec-exterieur.jpg","https:\/\/www.inseec.com\/wp-content\/uploads\/sites\/32\/2025\/11\/campus-slider-vr-campus-chambery-inseec-salle-detente.jpg","https:\/\/www.inseec.com\/wp-content\/uploads\/sites\/32\/2025\/11\/campus-hero-toulouse-inseec.jpg","https:\/\/www.inseec.com\/wp-content\/uploads\/sites\/32\/2025\/11\/campus-toulouse-inseec-photo-portrait.jpg","https:\/\/www.inseec.com\/wp-content\/uploads\/sites\/32\/2025\/11\/campus-slider-vr-campus-toulouse-inseec-projet-de-groupe.jpg","https:\/\/www.inseec.com\/wp-content\/uploads\/sites\/32\/2025\/11\/campus-slider-vr-campus-toulouse-inseec-etudiants-amphitheatre.jpg","https:\/\/www.inseec.com\/wp-content\/uploads\/sites\/32\/2025\/11\/campus-hero-monaco-inseec.jpg","https:\/\/www.inseec.com\/wp-content\/uploads\/sites\/32\/2025\/12\/INSEEC-Monaco-campus.webp","https:\/\/www.inseec.com\/wp-content\/uploads\/sites\/32\/2025\/11\/campus-hero-monaco-inseec.jpg","https:\/\/www.inseec.com\/wp-content\/uploads\/sites\/32\/2025\/11\/campus-monaco-inseec-mosaic-amis.jpg","https:\/\/www.inseec.com\/wp-content\/uploads\/sites\/32\/2025\/11\/campus-hero-online-inseec.jpg","https:\/\/www.inseec.com\/wp-content\/uploads\/sites\/32\/2025\/11\/guide-metier-inseec-photo-illustration-chef-de-publicite_d1bf22.jpg","https:\/\/www.inseec.com\/wp-content\/uploads\/sites\/32\/2025\/11\/guide-metier-inseec-hero-chef-de-projet-evenementiel.jpg","https:\/\/www.inseec.com\/wp-content\/uploads\/sites\/32\/2025\/11\/guide-metier-inseec-hero-chef-de-produit-sportif.jpg","https:\/\/www.inseec.com\/wp-content\/uploads\/sites\/32\/2025\/11\/campus-hero-beaune-inseec.jpg","https:\/\/www.inseec.com\/wp-content\/uploads\/sites\/32\/2025\/11\/campus-beaune-inseec-ville-cave-a-vin.jpg","https:\/\/www.inseec.com\/wp-content\/uploads\/sites\/32\/2025\/11\/campus-slider-vr-campus-beaune-inseec-groupe-etudiants.jpg","https:\/\/www.inseec.com\/wp-content\/uploads\/sites\/32\/2025\/11\/campus-slider-vr-campus-beaune-inseec-etudiants-1.jpg","https:\/\/www.inseec.com\/wp-content\/uploads\/sites\/32\/2025\/11\/campus-hero-marseille-inseec.jpg","https:\/\/www.inseec.com\/wp-content\/uploads\/sites\/32\/2023\/07\/campus2025-marseille.png","https:\/\/www.inseec.com\/wp-content\/uploads\/sites\/32\/2025\/11\/campus-slider-vr-campus-marseille-inseec-canapes-detente.jpg","https:\/\/www.inseec.com\/wp-content\/uploads\/sites\/32\/2025\/11\/campus-slider-vr-campus-marseille-inseec-salle-commune.jpg","https:\/\/www.inseec.com\/wp-content\/uploads\/sites\/32\/2025\/11\/campus-hero-rennes-inseec.jpg","https:\/\/www.inseec.com\/wp-content\/uploads\/sites\/32\/2025\/11\/campus-rennes-inseec-photo-portrait.jpg","https:\/\/www.inseec.com\/wp-content\/uploads\/sites\/32\/2025\/11\/campus-rennes-inseec-mosaic-alcove-repos.jpg","https:\/\/www.inseec.com\/wp-content\/uploads\/sites\/32\/2025\/11\/campus-rennes-inseec-amphitheatre-etudiantes.jpg","https:\/\/www.inseec.com\/wp-content\/uploads\/sites\/32\/2025\/11\/campus-hero-lyon-inseec.webp","https:\/\/www.inseec.com\/wp-content\/uploads\/sites\/32\/2025\/11\/campus-lyon-inseec-photo-portrait.jpg","https:\/\/www.inseec.com\/wp-content\/uploads\/sites\/32\/2025\/11\/campus-slider-vr-campus-lyon-inseec-dalle-detente.jpg","https:\/\/www.inseec.com\/wp-content\/uploads\/sites\/32\/2025\/11\/campus-slider-vr-campus-lyon-inseec-lion-rouge-hall.jpg","https:\/\/www.inseec.com\/wp-content\/uploads\/sites\/32\/2025\/11\/campus-hero-bordeaux-inseec.jpg","https:\/\/www.inseec.com\/wp-content\/uploads\/sites\/32\/2024\/03\/Campus-Bordeaux-Photo-1.jpg","https:\/\/www.inseec.com\/wp-content\/uploads\/sites\/32\/2025\/11\/campus-bordeaux-inseec-cafeteria.jpg","https:\/\/www.inseec.com\/wp-content\/uploads\/sites\/32\/2025\/11\/campus-bordeaux-inseec-terrasse-bord-garonne.jpg","https:\/\/www.inseec.com\/wp-content\/uploads\/sites\/32\/2025\/11\/campus-paris.jpg","https:\/\/www.inseec.com\/wp-content\/uploads\/sites\/32\/2025\/11\/campus-paris-eiffel-inseec-portrait.jpg","https:\/\/www.inseec.com\/wp-content\/uploads\/sites\/32\/2025\/11\/campus-paris-vellefaux-inseec-cafeteria.jpg","https:\/\/www.inseec.com\/wp-content\/uploads\/sites\/32\/2025\/11\/campus-slider-vr-campus-paris-la-defense-inseec-salle-detente.jpg","https:\/\/www.inseec.com\/wp-content\/uploads\/sites\/32\/2025\/11\/campus-hero-londres-inseec.jpg","https:\/\/www.inseec.com\/wp-content\/uploads\/sites\/32\/2025\/11\/campus-londres-inseec-ville-basilique-notre-dame-de-fourviere.jpg","https:\/\/www.inseec.com\/wp-content\/uploads\/sites\/32\/2025\/11\/campus-hero-londres-inseec.jpg","https:\/\/www.inseec.com\/wp-content\/uploads\/sites\/32\/2025\/12\/campus-slider-vr-campus-londres-inseec-bibliotheque.jpg","https:\/\/www.inseec.com\/wp-content\/uploads\/sites\/32\/2025\/11\/campus-hero-monaco-inseec.jpg","https:\/\/www.inseec.com\/wp-content\/uploads\/sites\/32\/2025\/12\/INSEEC-Monaco-campus.webp","https:\/\/www.inseec.com\/wp-content\/uploads\/sites\/32\/2025\/11\/campus-hero-monaco-inseec.jpg","https:\/\/www.inseec.com\/wp-content\/uploads\/sites\/32\/2025\/11\/campus-monaco-inseec-mosaic-amis.jpg","https:\/\/www.inseec.com\/wp-content\/uploads\/sites\/32\/2025\/11\/campus-hero-munich-inseec.jpg","https:\/\/www.inseec.com\/wp-content\/uploads\/sites\/32\/2025\/11\/campus-munich-inseec-ville-basilique-notre-dame-de-fourviere.jpg","https:\/\/www.inseec.com\/wp-content\/uploads\/sites\/32\/2025\/11\/campus-hero-munich-inseec.jpg","https:\/\/www.inseec.com\/wp-content\/uploads\/sites\/32\/2025\/11\/campus-slider-vr-campus-munich-inseec-etudiants-theatre-les-celestins.jpg","https:\/\/www.inseec.com\/wp-content\/uploads\/sites\/32\/2025\/11\/campus-hero-barcelone-inseec.jpg","https:\/\/www.inseec.com\/wp-content\/uploads\/sites\/32\/2025\/11\/campus-barcelone-inseec-ville-basilique-notre-dame-de-fourviere.jpg","https:\/\/www.inseec.com\/wp-content\/uploads\/sites\/32\/2025\/11\/campus-barcelone-inseec-photo-portrait.jpg","https:\/\/www.inseec.com\/wp-content\/uploads\/sites\/32\/2025\/11\/campus-slider-vr-campus-barcelone-inseec-etudiants-cours-petite-salle.jpg","https:\/\/www.inseec.com\/wp-content\/uploads\/sites\/32\/2025\/11\/campus-hero-online-inseec.jpg","https:\/\/www.inseec.com\/wp-content\/uploads\/sites\/32\/2025\/11\/guide-metier-inseec-photo-illustration-chef-de-publicite_d1bf22.jpg","https:\/\/www.inseec.com\/wp-content\/uploads\/sites\/32\/2025\/11\/guide-metier-inseec-hero-chef-de-projet-evenementiel.jpg","https:\/\/www.inseec.com\/wp-content\/uploads\/sites\/32\/2025\/11\/guide-metier-inseec-hero-chef-de-produit-sportif.jpg","https:\/\/www.inseec.com\/wp-content\/uploads\/sites\/32\/2025\/11\/campus-hero-toulouse-inseec.jpg","https:\/\/www.inseec.com\/wp-content\/uploads\/sites\/32\/2025\/11\/campus-toulouse-inseec-photo-portrait.jpg","https:\/\/www.inseec.com\/wp-content\/uploads\/sites\/32\/2025\/11\/campus-slider-vr-campus-toulouse-inseec-projet-de-groupe.jpg","https:\/\/www.inseec.com\/wp-content\/uploads\/sites\/32\/2025\/11\/campus-slider-vr-campus-toulouse-inseec-etudiants-amphitheatre.jpg","https:\/\/www.inseec.com\/wp-content\/uploads\/sites\/32\/2025\/11\/campus-hero-marseille-inseec.jpg","https:\/\/www.inseec.com\/wp-content\/uploads\/sites\/32\/2025\/11\/campus-marseille-inseec-photo-portrait.jpg","https:\/\/www.inseec.com\/wp-content\/uploads\/sites\/32\/2025\/11\/campus-slider-vr-campus-marseille-inseec-canapes-detente.jpg","https:\/\/www.inseec.com\/wp-content\/uploads\/sites\/32\/2025\/11\/campus-slider-vr-campus-marseille-inseec-salle-commune.jpg","https:\/\/www.inseec.com\/wp-content\/uploads\/sites\/32\/2025\/11\/campus-hero-rennes-inseec.jpg","https:\/\/www.inseec.com\/wp-content\/uploads\/sites\/32\/2025\/11\/campus-rennes-inseec-photo-portrait.jpg","https:\/\/www.inseec.com\/wp-content\/uploads\/sites\/32\/2025\/11\/campus-rennes-inseec-mosaic-alcove-repos.jpg","https:\/\/www.inseec.com\/wp-content\/uploads\/sites\/32\/2025\/11\/campus-rennes-inseec-amphitheatre-etudiantes.jpg","https:\/\/www.inseec.com\/wp-content\/uploads\/sites\/32\/2025\/11\/campus-hero-chambery-inseec-resize.jpg","https:\/\/www.inseec.com\/wp-content\/uploads\/sites\/32\/2025\/11\/campus-chambery-inseec-ville-horloge.jpg","https:\/\/www.inseec.com\/wp-content\/uploads\/sites\/32\/2025\/11\/campus-slider-vr-campus-chambery-inseec-exterieur.jpg","https:\/\/www.inseec.com\/wp-content\/uploads\/sites\/32\/2025\/11\/campus-slider-vr-campus-chambery-inseec-salle-detente.jpg","https:\/\/www.inseec.com\/wp-content\/uploads\/sites\/32\/2025\/11\/campus-hero-beaune-inseec.jpg","https:\/\/www.inseec.com\/wp-content\/uploads\/sites\/32\/2025\/11\/campus-beaune-inseec-ville-cave-a-vin.jpg","https:\/\/www.inseec.com\/wp-content\/uploads\/sites\/32\/2025\/11\/campus-slider-vr-campus-beaune-inseec-groupe-etudiants.jpg","https:\/\/www.inseec.com\/wp-content\/uploads\/sites\/32\/2025\/11\/campus-slider-vr-campus-beaune-inseec-etudiants-1.jpg","https:\/\/www.inseec.com\/wp-content\/uploads\/sites\/32\/2025\/11\/campus-hero-bordeaux-inseec.jpg","https:\/\/www.inseec.com\/wp-content\/uploads\/sites\/32\/2025\/11\/campus-bordeaux-inseec-facade.jpg","https:\/\/www.inseec.com\/wp-content\/uploads\/sites\/32\/2025\/11\/campus-bordeaux-inseec-cafeteria.jpg","https:\/\/www.inseec.com\/wp-content\/uploads\/sites\/32\/2025\/11\/campus-bordeaux-inseec-terrasse-bord-garonne.jpg","https:\/\/www.inseec.com\/wp-content\/uploads\/sites\/32\/2025\/11\/campus-hero-lyon-inseec.webp","https:\/\/www.inseec.com\/wp-content\/uploads\/sites\/32\/2025\/11\/campus-lyon-inseec-photo-portrait.jpg","https:\/\/www.inseec.com\/wp-content\/uploads\/sites\/32\/2025\/11\/campus-slider-vr-campus-lyon-inseec-dalle-detente.jpg","https:\/\/www.inseec.com\/wp-content\/uploads\/sites\/32\/2025\/11\/campus-slider-vr-campus-lyon-inseec-lion-rouge-hall.jpg","https:\/\/www.inseec.com\/wp-content\/uploads\/sites\/32\/2025\/11\/campus-paris.jpg","https:\/\/www.inseec.com\/wp-content\/uploads\/sites\/32\/2025\/11\/campus-paris-eiffel-inseec-portrait.jpg","https:\/\/www.inseec.com\/wp-content\/uploads\/sites\/32\/2025\/11\/campus-paris-vellefaux-inseec-cafeteria.jpg","https:\/\/www.inseec.com\/wp-content\/uploads\/sites\/32\/2025\/11\/campus-slider-vr-campus-paris-la-defense-inseec-salle-detente.jpg"],"foundingDate":"","memberOf":"OMNES Education","alumni":[{"@type":"Person","name":"Lasmak Said","description":"CEO & Cofounder"},{"@type":"Person","name":"Dauchy Xavier","description":"Chief Financial Officer"},{"@type":"Person","name":"Bordeaux Thomas","description":"Regional Manager Grand Lyon"},{"@type":"Person","name":"Quillot Romain","description":"Co-founder"},{"@type":"Person","name":"Rakotomalala Rindra","description":"Head of International Relations"},{"@type":"Person","name":"Lacroix Oscar","description":"Partner"},{"@type":"Person","name":"Moderan Olivia","description":"Manager for the Paris-South area"},{"@type":"Person","name":"Abdelhalim Nabil","description":"Industry Manager"},{"@type":"Person","name":"Duhalde M\u00e9lissa","description":"Operational Marketing Product Manager "},{"@type":"Person","name":"M. Matthieu","description":"Commercial real estate consultant"},{"@type":"Person","name":"Lusset Marie-Amandine","description":"Communications consultant"},{"@type":"Person","name":"R. Lo\u00efc","description":"Entrepreneur"},{"@type":"Person","name":"Soskin Lise","description":"RevOps"},{"@type":"Person","name":"Estrade Guillaume","description":"Regional Manager Grand Lyon"},{"@type":"Person","name":"P. Clara","description":"Head of Digital Communications EMEA"},{"@type":"Person","name":"Serryus C\u00e9sar","description":"Founder"},{"@type":"Person","name":"Onimus Aur\u00e9lien","description":"CEO"},{"@type":"Person","name":"B. Anne-Caroline B.","description":"Marketing & Communications Project Manager"},{"@type":"Person","name":"Azim Ana\u00efs","description":"Business Controller - Industry Unit"},{"@type":"Person","name":"Viallet Nouhant Alexandre","description":"Chief Executive Officer"},{"@type":"Person","name":"Ikouirene Adam","description":"Student commercial placement"}],"department":["Bachelor","Bachelor","BBA","BBA","BTS","BTS","Grande \u00c9cole","Grande \u00c9cole","International","International","MSc","MSc"],"hasCredential":["Bachelor","Bachelor","BBA","BBA","BTS","BTS","Grande \u00c9cole","Grande \u00c9cole","International","International","MSc","MSc"]}]}},"lang":"fr","translations":{"fr":81699,"en":81821},"jetpack_sharing_enabled":true,"pll_sync_post":[],"_links":{"self":[{"href":"https:\/\/www.inseec.com\/wp-json\/wp\/v2\/pages\/81699","targetHints":{"allow":["GET"]}}],"collection":[{"href":"https:\/\/www.inseec.com\/wp-json\/wp\/v2\/pages"}],"about":[{"href":"https:\/\/www.inseec.com\/wp-json\/wp\/v2\/types\/page"}],"author":[{"embeddable":true,"href":"https:\/\/www.inseec.com\/wp-json\/wp\/v2\/users\/66"}],"replies":[{"embeddable":true,"href":"https:\/\/www.inseec.com\/wp-json\/wp\/v2\/comments?post=81699"}],"version-history":[{"count":4,"href":"https:\/\/www.inseec.com\/wp-json\/wp\/v2\/pages\/81699\/revisions"}],"predecessor-version":[{"id":81815,"href":"https:\/\/www.inseec.com\/wp-json\/wp\/v2\/pages\/81699\/revisions\/81815"}],"wp:attachment":[{"href":"https:\/\/www.inseec.com\/wp-json\/wp\/v2\/media?parent=81699"}],"wp:term":[{"taxonomy":"page_type","embeddable":true,"href":"https:\/\/www.inseec.com\/wp-json\/wp\/v2\/page_type?post=81699"},{"taxonomy":"school","embeddable":true,"href":"https:\/\/www.inseec.com\/wp-json\/wp\/v2\/school?post=81699"},{"taxonomy":"specialisation","embeddable":true,"href":"https:\/\/www.inseec.com\/wp-json\/wp\/v2\/specialisation?post=81699"},{"taxonomy":"analytics_tag","embeddable":true,"href":"https:\/\/www.inseec.com\/wp-json\/wp\/v2\/analytics_tag?post=81699"}],"curies":[{"name":"wp","href":"https:\/\/api.w.org\/{rel}","templated":true}]}}